{"id":27639,"date":"2025-05-30T12:16:56","date_gmt":"2025-05-30T10:16:56","guid":{"rendered":"https:\/\/www.ifeas.uni-mainz.de\/?page_id=27639"},"modified":"2026-04-20T12:04:36","modified_gmt":"2026-04-20T10:04:36","slug":"dr-martin-buedel","status":"publish","type":"page","link":"https:\/\/www.ifeas.uni-mainz.de\/en\/dr-martin-buedel\/","title":{"rendered":"Profile &#8211; Martin B\u00fcdel"},"content":{"rendered":"<jgu-base-pageheader react-props=\"{\n    &quot;items&quot;: [\n        {\n            &quot;box&quot;: {\n                &quot;index&quot;: &quot;The Department&quot;,\n                &quot;title&quot;: &quot;ifeas team&quot;,\n                &quot;link&quot;: {\n                    &quot;url&quot;: &quot;&quot;,\n                    &quot;title&quot;: &quot;learn more&quot;\n                }\n            },\n            &quot;color&quot;: &quot;default&quot;,\n            &quot;image&quot;: {\n                &quot;url&quot;: &quot;&quot;\n            },\n            &quot;imgCredit&quot;: &quot;&quot;,\n            &quot;useVideo&quot;: false,\n            &quot;video&quot;: false\n        }\n    ],\n    &quot;type&quot;: &quot;border&quot;,\n    &quot;align&quot;: &quot;full&quot;,\n    &quot;quicklinks&quot;: {\n        &quot;show&quot;: false,\n        &quot;selects&quot;: []\n    },\n    &quot;useBreadcrumb&quot;: false\n}\">\n<\/jgu-base-pageheader><jgu-base-section react-props=\"{&quot;color&quot;:&quot;dark&quot;,&quot;align&quot;:&quot;wide&quot;,&quot;padding&quot;:&quot;medium&quot;}\">\n<div class=\"jgu-bgsection bg bg-dark\"><div class=\"content padding-medium\"><jgu-base-heading react-props=\"{\n    &quot;color&quot;: &quot;default&quot;,\n    &quot;tags&quot;: {\n        &quot;htmlTag&quot;: &quot;h2&quot;,\n        &quot;classTag&quot;: &quot;&quot;,\n        &quot;tag&quot;: &quot;h2&quot;\n    },\n    &quot;heading&quot;: &quot;Dr. Martin B\\u00fcdel&quot;,\n    &quot;textAlign&quot;: &quot;left&quot;,\n    &quot;anchor&quot;: &quot;&quot;,\n    &quot;index&quot;: &quot;&quot;\n}\"><\/jgu-base-heading>\n\n\n\n<div class=\"wp-block-columns is-layout-flex wp-container-core-columns-is-layout-9d6595d7 wp-block-columns-is-layout-flex\">\n<div class=\"wp-block-column is-layout-flow wp-block-column-is-layout-flow\" style=\"flex-basis:15%\"><jgu-base-image react-props=\"{\n    &quot;image&quot;: {\n        &quot;url&quot;: &quot;https:\\\/\\\/cms.zdv.uni-mainz.de\\\/fb07-ifeas\\\/wp-content\\\/uploads\\\/sites\\\/396\\\/2025\\\/02\\\/Martin-Buedel-229x300-2.jpg&quot;,\n        &quot;id&quot;: 13005,\n        &quot;title&quot;: &quot;Martin-Buedel-229x300&quot;,\n        &quot;width&quot;: 229,\n        &quot;height&quot;: 300\n    },\n    &quot;align&quot;: &quot;&quot;,\n    &quot;hasLightbox&quot;: false,\n    &quot;caption&quot;: &quot;&quot;,\n    &quot;imgWidth&quot;: 0,\n    &quot;link&quot;: {\n        &quot;url&quot;: &quot;&quot;,\n        &quot;target&quot;: &quot;&quot;,\n        &quot;rel&quot;: &quot;&quot;\n    }\n}\" class=\"align-\">\n    \n<\/jgu-base-image><\/div>\n\n\n\n<div class=\"wp-block-column is-layout-flow wp-block-column-is-layout-flow\"><jgu-base-collapsiblearea class=\"is-layout-flow wp-block-jgu-collapsible-area-is-layout-flow\" react-props=\"{&quot;visibleLines&quot;:5,&quot;collapse&quot;:&quot;always&quot;,&quot;collapsedHeight&quot;:150,&quot;content&quot;:&quot;\\n\\n&lt;p&gt;&lt;strong&gt;Portrait&lt;\\\/strong&gt;&lt;\\\/p&gt;\\n\\n\\n\\n&lt;p&gt;As an ethnographer, I am interested in music and aesthetic experience, but also in work and economic practices in general. My current research project examines the interrelationship between music and society with a focus on jazz and musical improvisation in Madagascar. Previously, I have worked on everyday life, work and ways of dealing with time in rural France, as well as on cultural education in Germany.   &lt;\\\/p&gt;\\n\\n\\n\\n&lt;p&gt;I am currently lecturer and researcher at ifeas. I studied Cultural Anthropology\\\/Cultural and Social Anthropology, Sociology and African Studies at the universities of Bayreuth and Leiden (Netherlands). In 2019, I obtained a doctoral degree at the Albert-Ludwigs-Universit\\u00e4t Freiburg with a dissertation on everyday life, work and ways of dealing with time in rural France.   &lt;\\\/p&gt;\\n\\n\\n\\n&lt;p&gt;Current research project:  &lt;a href=\\&quot;https:\\\/\\\/anthropologyofmusic.com\\\/jazz-in-madagascar\\\/\\&quot;&gt;&#039;Improvising Culture&#039;. Jazz in Madagascar &lt;\\\/a&gt;&lt;\\\/p&gt;\\n\\n&quot;,&quot;className&quot;:&quot;alignwide &quot;}\"><\/jgu-base-collapsiblearea>\n\n<jgu-base-accordion react-props=\"{&quot;selected&quot;:3,&quot;align&quot;:&quot;wide&quot;,&quot;hasAllOpenButton&quot;:true,&quot;onlyOne&quot;:false,&quot;initAllClosed&quot;:true,&quot;enableSearch&quot;:false}\">\n    \n<jgu-base-accordionitem react-props=\"{&quot;title&quot;:&quot;About&quot;,&quot;init&quot;:false,&quot;slug&quot;:&quot;zur-person&quot;,&quot;align&quot;:&quot;wide&quot;,&quot;customSlug&quot;:false}\">\n    \n\n<figure class=\"wp-block-table\"><table><tbody><tr><td><strong>Since 05\/2022 <br \/><\/strong>Lecturer and researcher at ifeas, Johannes Gutenberg University Mainz<\/td><\/tr><tr><td><strong>01\/2022 &#8211; 04\/2022 <br \/><\/strong>Associate researcher at ifeas, Johannes Gutenberg University Mainz<\/td><\/tr><tr><td><strong>11\/2021 &#8211; 12\/2021 <\/strong><br \/>SoCuM Fellow, Johannes Gutenberg University Mainz <\/td><\/tr><tr><td><strong>2019 &#8211; 2021 <br \/><\/strong>Researcher and project coordinator in the research project &#8220;Metavorhaben zur F\u00f6rderrichtlinie Kulturelle Bildung in l\u00e4ndlichen R\u00e4umen&#8221; in the BMBF funding guideline of the same name, Institute for Political Science, University of Leipzig <\/td><\/tr><tr><td><strong>09\/2019 <br \/><\/strong>Doctorate in Anthropology, University of Freiburg (title of doctoral dissertation: Ohne die Stunden zu z\u00e4hlen. Alltag, Arbeit und der Umgang mit Zeit in Landwirtschaft und Handwerk des Cantal)<\/td><\/tr><tr><td><strong>2017 &#8211; 2019 <br \/><\/strong>Researcher and lecturer at the Institute of Cultural Anthropology, University of Freiburg <\/td><\/tr><tr><td><strong>2013 &#8211; 2017 <br \/><\/strong>Researcher in the research project &#8220;Die Performativit\u00e4t von Mu\u00dfe: Praktiken freier Zeit in zwei b\u00e4uerlichen Gesellschaften&#8221;, subproject of the CRC 1015 &#8220;Mu\u00dfe. Concepts, Spaces and Figures&#8221;, Albert-Ludwigs-Universit\u00e4t Freiburg  <\/td><\/tr><tr><td><strong>05\/2013 <br \/><\/strong>M.A. in Cultural and Social Anthropology, University of Bayreuth (Title of master&#8217;s thesis: &#8216;Everybody has his own ambitions&#8217;. Imagined soccer careers of African migrants in Istanbul)<\/td><\/tr><tr><td><strong>03\/2009 <br \/><\/strong>B.A. in African Studies &#8211; Cultures and Societies of Africa (Cultural Anthropology, Sociology, History and Religions of Africa), University of Bayreuth<\/td><\/tr><tr><td><strong>2005 &#8211; 2013 <br \/><\/strong>Undergraduate and graduate study programs in Cultural Anthropology\/Cultural and Social Anthropology, Sociology and African Studies at the universities of Bayreuth and Leiden (Netherlands)<\/td><\/tr><\/tbody><\/table><\/figure>\n\n\n<\/jgu-base-accordionitem>\n\n<jgu-base-accordionitem react-props=\"{&quot;title&quot;:&quot;Publications&quot;,&quot;init&quot;:false,&quot;slug&quot;:&quot;publikationen&quot;,&quot;align&quot;:&quot;wide&quot;,&quot;customSlug&quot;:false}\">\n    \n<jgu-base-imagegallery react-props=\"{\n    &quot;perPage&quot;: 3,\n    &quot;images&quot;: [\n        {\n            &quot;url&quot;: &quot;https:\\\/\\\/cms.zdv.uni-mainz.de\\\/fb07-ifeas\\\/wp-content\\\/uploads\\\/sites\\\/396\\\/2025\\\/11\\\/cjss20.v051.i03.largecover.jpg&quot;,\n            &quot;id&quot;: 26556,\n            &quot;width&quot;: 555,\n            &quot;href&quot;: &quot;https:\\\/\\\/www.tandfonline.com\\\/doi\\\/full\\\/10.1080\\\/03057070.2025.2562732&quot;,\n            &quot;target&quot;: &quot;_blank&quot;,\n            &quot;rel&quot;: &quot;noreferrer noopener&quot;,\n            &quot;caption&quot;: &quot;&lt;p&gt;2025. &lt;strong&gt;Locating Jazz in Madagascar: A Brief Musical Social History&lt;\\\/strong&gt;, &lt;em&gt;Journal of Southern African Studies&lt;\\\/em&gt;, 51, 3, 309\\u2013329.&lt;\\\/p&gt;&quot;,\n            &quot;title&quot;: &quot;cjss20.v051.i03.largecover&quot;,\n            &quot;height&quot;: 791,\n            &quot;srcset&quot;: &quot;https:\\\/\\\/cms.zdv.uni-mainz.de\\\/fb07-ifeas\\\/wp-content\\\/uploads\\\/sites\\\/396\\\/2025\\\/11\\\/cjss20.v051.i03.largecover.jpg 555w, https:\\\/\\\/cms.zdv.uni-mainz.de\\\/fb07-ifeas\\\/wp-content\\\/uploads\\\/sites\\\/396\\\/2025\\\/11\\\/cjss20.v051.i03.largecover-210x300.jpg 210w&quot;,\n            &quot;src&quot;: &quot;https:\\\/\\\/cms.zdv.uni-mainz.de\\\/fb07-ifeas\\\/wp-content\\\/uploads\\\/sites\\\/396\\\/2025\\\/11\\\/cjss20.v051.i03.largecover.jpg&quot;\n        },\n        {\n            &quot;url&quot;: &quot;https:\\\/\\\/cms.zdv.uni-mainz.de\\\/fb07-ifeas\\\/wp-content\\\/uploads\\\/sites\\\/396\\\/2025\\\/05\\\/large2.png&quot;,\n            &quot;id&quot;: 20770,\n            &quot;width&quot;: 480,\n            &quot;href&quot;: &quot;https:\\\/\\\/www.mohrsiebeck.com\\\/buch\\\/ohne-die-stunden-zu-zaehlen-9783161606434\\\/&quot;,\n            &quot;target&quot;: &quot;_blank&quot;,\n            &quot;rel&quot;: &quot;noreferrer noopener&quot;,\n            &quot;caption&quot;: &quot;&lt;p&gt;2021. &lt;strong&gt;Ohne die Stunden zu z\\u00e4hlen. Alltag, Arbeit und der Umgang mit Zeit im l\\u00e4ndlichen Cantal.&lt;\\\/strong&gt; (Reihe: Otium, 22) T\\u00fcbingen: Mohr Siebeck&lt;\\\/p&gt;&quot;,\n            &quot;title&quot;: &quot;large2&quot;,\n            &quot;height&quot;: 718,\n            &quot;srcset&quot;: &quot;https:\\\/\\\/cms.zdv.uni-mainz.de\\\/fb07-ifeas\\\/wp-content\\\/uploads\\\/sites\\\/396\\\/2025\\\/05\\\/large2.png 480w, https:\\\/\\\/cms.zdv.uni-mainz.de\\\/fb07-ifeas\\\/wp-content\\\/uploads\\\/sites\\\/396\\\/2025\\\/05\\\/large2-201x300.png 201w&quot;,\n            &quot;src&quot;: &quot;https:\\\/\\\/cms.zdv.uni-mainz.de\\\/fb07-ifeas\\\/wp-content\\\/uploads\\\/sites\\\/396\\\/2025\\\/05\\\/large2.png&quot;\n        },\n        {\n            &quot;url&quot;: &quot;https:\\\/\\\/cms.zdv.uni-mainz.de\\\/fb07-ifeas\\\/wp-content\\\/uploads\\\/sites\\\/396\\\/2025\\\/05\\\/978-3-319-74189-5.webp&quot;,\n            &quot;id&quot;: 20782,\n            &quot;width&quot;: 827,\n            &quot;href&quot;: &quot;https:\\\/\\\/link.springer.com\\\/chapter\\\/10.1007\\\/978-3-319-74189-5_12&quot;,\n            &quot;target&quot;: &quot;_blank&quot;,\n            &quot;rel&quot;: &quot;noreferrer noopener&quot;,\n            &quot;caption&quot;: &quot;&lt;p&gt;2018. &lt;strong&gt;Autonomy and Adaptivity. Farmer\\u2019s Work in&lt;\\\/strong&gt; &lt;strong&gt;France&lt;\\\/strong&gt;. In: Spyridakis, Manos (Hrsg.). &lt;em&gt;Market versus Society: Anthropological Insights.&lt;\\\/em&gt; London: Palgrave Macmillan, 209\\u2013226.&lt;\\\/p&gt;&quot;,\n            &quot;title&quot;: &quot;978-3-319-74189-5&quot;,\n            &quot;height&quot;: 1168,\n            &quot;srcset&quot;: &quot;https:\\\/\\\/cms.zdv.uni-mainz.de\\\/fb07-ifeas\\\/wp-content\\\/uploads\\\/sites\\\/396\\\/2025\\\/05\\\/978-3-319-74189-5.webp 827w, https:\\\/\\\/cms.zdv.uni-mainz.de\\\/fb07-ifeas\\\/wp-content\\\/uploads\\\/sites\\\/396\\\/2025\\\/05\\\/978-3-319-74189-5-212x300.webp 212w, https:\\\/\\\/cms.zdv.uni-mainz.de\\\/fb07-ifeas\\\/wp-content\\\/uploads\\\/sites\\\/396\\\/2025\\\/05\\\/978-3-319-74189-5-725x1024.webp 725w, https:\\\/\\\/cms.zdv.uni-mainz.de\\\/fb07-ifeas\\\/wp-content\\\/uploads\\\/sites\\\/396\\\/2025\\\/05\\\/978-3-319-74189-5-768x1085.webp 768w&quot;,\n            &quot;src&quot;: &quot;https:\\\/\\\/cms.zdv.uni-mainz.de\\\/fb07-ifeas\\\/wp-content\\\/uploads\\\/sites\\\/396\\\/2025\\\/05\\\/978-3-319-74189-5.webp&quot;\n        },\n        {\n            &quot;url&quot;: &quot;https:\\\/\\\/cms.zdv.uni-mainz.de\\\/fb07-ifeas\\\/wp-content\\\/uploads\\\/sites\\\/396\\\/2025\\\/05\\\/th-3999574522.jpeg&quot;,\n            &quot;id&quot;: 20788,\n            &quot;width&quot;: 474,\n            &quot;href&quot;: &quot;https:\\\/\\\/www.jstor.org\\\/stable\\\/26384571&quot;,\n            &quot;target&quot;: &quot;_blank&quot;,\n            &quot;rel&quot;: &quot;noreferrer noopener&quot;,\n            &quot;caption&quot;: &quot;&lt;p&gt;2016. (mit Christian Ungruhe). Im Spiel bleiben. Ethnologische Perspektiven auf Fu\\u00dfballmigrationen aus Afrika. &lt;em&gt;Zeitschrift f\\u00fcr Ethnologie &lt;\\\/em&gt;141, 81\\u2013100.&lt;\\\/p&gt;&quot;,\n            &quot;title&quot;: &quot;th-3999574522&quot;,\n            &quot;height&quot;: 692,\n            &quot;srcset&quot;: &quot;https:\\\/\\\/cms.zdv.uni-mainz.de\\\/fb07-ifeas\\\/wp-content\\\/uploads\\\/sites\\\/396\\\/2025\\\/05\\\/th-3999574522.jpeg 474w, https:\\\/\\\/cms.zdv.uni-mainz.de\\\/fb07-ifeas\\\/wp-content\\\/uploads\\\/sites\\\/396\\\/2025\\\/05\\\/th-3999574522-205x300.jpeg 205w&quot;,\n            &quot;src&quot;: &quot;https:\\\/\\\/cms.zdv.uni-mainz.de\\\/fb07-ifeas\\\/wp-content\\\/uploads\\\/sites\\\/396\\\/2025\\\/05\\\/th-3999574522.jpeg&quot;\n        }\n    ],\n    &quot;withThumbs&quot;: false,\n    &quot;aspectRatio&quot;: &quot;auto&quot;,\n    &quot;responsiveSettings&quot;: {\n        &quot;mobile&quot;: {\n            &quot;perPage&quot;: 1,\n            &quot;arrows&quot;: true,\n            &quot;pagination&quot;: false,\n            &quot;width&quot;: &quot;100%&quot;\n        },\n        &quot;tablet&quot;: {\n            &quot;perPage&quot;: 2,\n            &quot;arrows&quot;: true,\n            &quot;pagination&quot;: false,\n            &quot;width&quot;: &quot;100%&quot;\n        },\n        &quot;desktop&quot;: {\n            &quot;perPage&quot;: 2,\n            &quot;arrows&quot;: true,\n            &quot;pagination&quot;: false,\n            &quot;width&quot;: &quot;100%&quot;\n        },\n        &quot;desktop-xl&quot;: {\n            &quot;perPage&quot;: 3,\n            &quot;arrows&quot;: true,\n            &quot;pagination&quot;: false,\n            &quot;width&quot;: &quot;100%&quot;\n        }\n    },\n    &quot;align&quot;: &quot;wide&quot;,\n    &quot;thumbsPosition&quot;: &quot;right&quot;,\n    &quot;initSlide&quot;: 1,\n    &quot;screenwidth&quot;: false,\n    &quot;width&quot;: &quot;100cqw&quot;\n}\">\n\n<\/jgu-base-imagegallery>\n\n\n\n<p><strong>Publications at a glance<\/strong><\/p>\n\n\n<jgu-base-collapsiblearea class=\"is-layout-flow wp-block-jgu-collapsible-area-is-layout-flow\" react-props=\"{&quot;visibleLines&quot;:5,&quot;collapse&quot;:&quot;always&quot;,&quot;collapsedHeight&quot;:150,&quot;content&quot;:&quot;\\n\\n&lt;figure class=\\&quot;wp-block-table\\&quot;&gt;&lt;table&gt;&lt;thead&gt;&lt;tr&gt;&lt;th&gt;&lt;strong&gt;Monograph&lt;\\\/strong&gt;&lt;\\\/th&gt;&lt;\\\/tr&gt;&lt;\\\/thead&gt;&lt;tbody&gt;&lt;tr&gt;&lt;td&gt;2021. Ohne die Stunden zu z\\u00e4hlen. Alltag, Arbeit und der Umgang mit Zeit im l\\u00e4ndlichen Cantal. T\\u00fcbingen: Mohr Siebeck.  &lt;\\\/td&gt;&lt;\\\/tr&gt;&lt;\\\/tbody&gt;&lt;\\\/table&gt;&lt;\\\/figure&gt;\\n\\n\\n\\n&lt;figure class=\\&quot;wp-block-table\\&quot;&gt;&lt;table&gt;&lt;thead&gt;&lt;tr&gt;&lt;th&gt;&lt;strong&gt;Articles in journals (peer-reviewed)&lt;\\\/strong&gt;&lt;\\\/th&gt;&lt;\\\/tr&gt;&lt;\\\/thead&gt;&lt;tbody&gt;&lt;tr&gt;&lt;td&gt;2025. &lt;a href=\\&quot;https:\\\/\\\/www.tandfonline.com\\\/doi\\\/full\\\/10.1080\\\/03057070.2025.2562732\\&quot;&gt;Locating Jazz in Madagascar: A Brief Musical Social History&lt;\\\/a&gt;, &lt;em&gt;Journal of Southern African Studies&lt;\\\/em&gt;, 51, 3, 309-329.&lt;\\\/td&gt;&lt;\\\/tr&gt;&lt;tr&gt;&lt;td&gt;2023. (mit Nina Kolleck). Rahmenbedingungen und Herausforderungen kultureller Bildung in l\\u00e4ndlichen R\\u00e4umen. Ein systematischer Literatur\\u00fcberblick. &lt;em&gt;Zeitschrift f\\u00fcr Erziehungswissenschaft &lt;\\\/em&gt;26, 779\\u2013811.  &lt;\\\/td&gt;&lt;\\\/tr&gt;&lt;tr&gt;&lt;td&gt;2016. (mit Christian Ungruhe). Im Spiel bleiben. Ethnologische Perspektiven auf Fu\\u00dfballmigrationen aus Afrika. &lt;em&gt;Zeitschrift f\\u00fcr Ethnologie &lt;\\\/em&gt;141, 81\\u2013100.  &lt;\\\/td&gt;&lt;\\\/tr&gt;&lt;tr&gt;&lt;td&gt;2013. An Ethnographic View on African Football Migrants in Istanbul. &lt;em&gt;SBF Dergisi&lt;\\\/em&gt; 68, 1, 1-20.&lt;\\\/td&gt;&lt;\\\/tr&gt;&lt;\\\/tbody&gt;&lt;\\\/table&gt;&lt;\\\/figure&gt;\\n\\n\\n\\n&lt;figure class=\\&quot;wp-block-table\\&quot;&gt;&lt;table&gt;&lt;thead&gt;&lt;tr&gt;&lt;th&gt;Edited Volume&lt;\\\/th&gt;&lt;\\\/tr&gt;&lt;\\\/thead&gt;&lt;tbody&gt;&lt;tr&gt;&lt;td&gt;2022. (with Nina Kolleck and Jenny Nolting):  &lt;em&gt;Forschung zu kultureller Bildung in l\\u00e4ndlichen R\\u00e4umen. Theoretische und methodische Herausforderungen.  &lt;\\\/em&gt;Weinheim: Beltz Verlag.&lt;\\\/td&gt;&lt;\\\/tr&gt;&lt;\\\/tbody&gt;&lt;\\\/table&gt;&lt;\\\/figure&gt;\\n\\n\\n\\n&lt;figure class=\\&quot;wp-block-table\\&quot;&gt;&lt;table&gt;&lt;thead&gt;&lt;tr&gt;&lt;th&gt;&lt;strong&gt;Further articles in journals and edited volumes&lt;\\\/strong&gt;&lt;\\\/th&gt;&lt;\\\/tr&gt;&lt;\\\/thead&gt;&lt;tbody&gt;&lt;tr&gt;&lt;td&gt;2025. Kommunikatives Handeln jenseits von Worten. \\u00c4sthetische Erfahrung als Zugang zu Jazzpraxis in Madagaskar. In: Poferl, Angelika et al. (Hg.): Perspektivendifferenz. Zur Ethnographie des kommunikativen Handelns. Essen: Oldib Verlag.     &lt;\\\/td&gt;&lt;\\\/tr&gt;&lt;tr&gt;&lt;td&gt;2023. Mit dem K\\u00f6rper arbeiten. Zug\\u00e4nge zur Arbeitserfahrung von B\\u00e4uerinnen und Bauern in Frankreich. In: Poferl, Angelika et al. (Hrsg.). Leib \\u2013 K\\u00f6rper \\u2013 Ethnographie. Erkundungen zum Leib-Sein und K\\u00f6rper-Haben. Essen: Oldib Verlag.      &lt;\\\/td&gt;&lt;\\\/tr&gt;&lt;tr&gt;&lt;td&gt;2022. (mit Jenny Nolting und Nina Kolleck). Wissenschaftliche Kooperation unter Bedingungen der Covid-19-Pandemie. Ein R\\u00fcckblick auf die Konzeption und Durchf\\u00fchrung einer Online-Tagung zu kultureller Bildung in l\\u00e4ndlichen R\\u00e4umen. In: Kolleck, Nina, Martin B\\u00fcdel, Jenny Nolting (Hrsg.).    &lt;em&gt;Forschung zu kultureller Bildung in l\\u00e4ndlichen R\\u00e4umen.&lt;\\\/em&gt; Weinheim: Beltz Verlag, 418-428.&lt;\\\/td&gt;&lt;\\\/tr&gt;&lt;tr&gt;&lt;td&gt;2022. (mit Lea Fobel und Nina Kolleck). Zur Forschung des Metavorhabens zur F\\u00f6rderrichtlinie kulturelle Bildung in l\\u00e4ndlichen R\\u00e4umen. Herausforderungen und blinde Flecken. In: Kolleck, Nina, Martin B\\u00fcdel, Jenny Nolting (Hrsg.).    &lt;em&gt;Forschung zu kultureller Bildung in l\\u00e4ndlichen R\\u00e4umen. &lt;\\\/em&gt;Weinheim: Beltz Verlag, 402-417.&lt;\\\/td&gt;&lt;\\\/tr&gt;&lt;tr&gt;&lt;td&gt;2022. (mit Nina Kolleck und Jenny Nolting) Forschung zu kultureller Bildung in l\\u00e4ndlichen R\\u00e4umen. Befunde, Methoden, Theorien und Konzepte. In: Kolleck, Nina, Martin B\\u00fcdel, Jenny Nolting (Hrsg.).    &lt;em&gt;Forschung zu kultureller Bildung in l\\u00e4ndlichen R\\u00e4umen. &lt;\\\/em&gt;Weinheim: Beltz Verlag, 9-22.&lt;\\\/td&gt;&lt;\\\/tr&gt;&lt;tr&gt;&lt;td&gt;2020. Willkommen in der Elfenbeinh\\u00f6hle. Frist und Frust in der Universit\\u00e4t.  &lt;em&gt;Mu\\u00dfe. Ein Magazin &lt;\\\/em&gt;  5, 2, 54-61.&lt;\\\/td&gt;&lt;\\\/tr&gt;&lt;tr&gt;&lt;td&gt;2018. Autonomy and Adaptivity. Farmer&#039;s Work in France. In: Spyridakis, Manos (ed.).   &lt;em&gt;Market versus Society: Anthropological Insights.&lt;\\\/em&gt;  London: Palgrave Macmillan, 209-226.&lt;\\\/td&gt;&lt;\\\/tr&gt;&lt;tr&gt;&lt;td&gt;2017. Verschwendung. Thorstein Veblen\\u2019s Theorie der feinen Leute. &lt;em&gt; Mu\\u00dfe. Ein Magazin &lt;\\\/em&gt;  3, 1, 24-28.&lt;\\\/td&gt;&lt;\\\/tr&gt;&lt;\\\/tbody&gt;&lt;\\\/table&gt;&lt;\\\/figure&gt;\\n\\n\\n\\n&lt;figure class=\\&quot;wp-block-table\\&quot;&gt;&lt;table&gt;&lt;thead&gt;&lt;tr&gt;&lt;th&gt;Film&lt;\\\/th&gt;&lt;\\\/tr&gt;&lt;\\\/thead&gt;&lt;tbody&gt;&lt;tr&gt;&lt;td&gt;2016.  &lt;em&gt;Marcel Taill\\u00e9. Herdsman and dairyman  &lt;\\\/em&gt;25 min, France.&lt;br \\\/&gt;&lt;br \\\/&gt;&lt;strong&gt;Selected for the film festivals: &lt;\\\/strong&gt;&lt;em&gt;Days of Ethnographic&lt;\\\/em&gt; Film,&lt;em&gt; &lt;\\\/em&gt;Ljubljana, 6.3.2018, &lt;em&gt;SVA Film and Media Festival&lt;\\\/em&gt;, Washington D.C., 30.11.2017, &lt;em&gt;Ethnografilm&lt;\\\/em&gt;, Paris,15.4.2017.&lt;\\\/td&gt;&lt;\\\/tr&gt;&lt;\\\/tbody&gt;&lt;\\\/table&gt;&lt;\\\/figure&gt;\\n\\n\\n\\n&lt;figure class=\\&quot;wp-block-table\\&quot;&gt;&lt;table&gt;&lt;thead&gt;&lt;tr&gt;&lt;th&gt;&lt;strong&gt;Manuals, blogs, reviews&lt;\\\/strong&gt;&lt;\\\/th&gt;&lt;\\\/tr&gt;&lt;\\\/thead&gt;&lt;tbody&gt;&lt;tr&gt;&lt;td&gt;2024. Music and Digital Media. A Planetary Anthropology. Georgina Born (Hrsg.). London: UCL Press, 2022. &lt;em&gt;Zeitschrift f\\u00fcr Ethnologie&lt;\\\/em&gt;.   &lt;\\\/td&gt;&lt;\\\/tr&gt;&lt;tr&gt;&lt;td&gt;2021. Notwendige Positionen im Wissenschaftsbetrieb - Pl\\u00e4doyer f\\u00fcr mehr Engagement im Ringen um \\u201aGute Arbeit in der Wissenschaft\\u2018. &lt;em&gt;Blog der AG Ethnologische Bildung (DGSKA)&lt;\\\/em&gt;.&lt;\\\/td&gt;&lt;\\\/tr&gt;&lt;tr&gt;&lt;td&gt;2020. Forschungsvorhaben zu \\u201aKulturelle Bildung in l\\u00e4ndlichen R\\u00e4umen\\u2018. Ein \\u00dcberblick. In: Wissensplattform Kulturelle Bildung Online: www.kubi-online.de &lt;\\\/td&gt;&lt;\\\/tr&gt;&lt;tr&gt;&lt;td&gt;2017. With the Saraguros: The Blended Life in a Transnational World. David Syring. Austin: University of Texas Press, 2014 &lt;em&gt;Anthropology of Work Review&lt;\\\/em&gt;, 38, 1: 55-56.  &lt;\\\/td&gt;&lt;\\\/tr&gt;&lt;tr&gt;&lt;td&gt;2015. Spyridakis, Manos. 2013. The liminal worker. An ethnography of work, unemployment and precariousness in contemporary Greece. Farnham: Ashgate. &lt;em&gt;Social Anthropology&lt;\\\/em&gt;, 23, 4: 526-528.  &lt;\\\/td&gt;&lt;\\\/tr&gt;&lt;tr&gt;&lt;td&gt;2015. Mehr arbeiten. Carmen Losmann - Work Hard Play Hard.  &lt;em&gt;Mu\\u00dfe. Ein Magazin  &lt;\\\/em&gt;1, 1: 40-43.&lt;\\\/td&gt;&lt;\\\/tr&gt;&lt;tr&gt;&lt;td&gt;2013. (mit Sophie Knabner und Sabrina Maurus). \\u201eDie Ethnologie sollte selbstbewusster werden\\u201c. Interview mit Prof. Georg Klute.   &lt;em&gt;Cargo - Zeitschrift f\\u00fcr Ethnologie 32.&lt;\\\/em&gt;&lt;\\\/td&gt;&lt;\\\/tr&gt;&lt;\\\/tbody&gt;&lt;\\\/table&gt;&lt;\\\/figure&gt;\\n\\n&quot;,&quot;className&quot;:&quot;alignwide &quot;}\"><\/jgu-base-collapsiblearea>\n\n<\/jgu-base-accordionitem>\n\n<jgu-base-accordionitem react-props=\"{&quot;title&quot;:&quot;Contact&quot;,&quot;init&quot;:false,&quot;slug&quot;:&quot;kontakt&quot;,&quot;align&quot;:&quot;wide&quot;,&quot;customSlug&quot;:false}\">\n    \n\n<p>Dr. Martin B\u00fcdel<br \/>Room 01-695<br \/>Forum universitatis 6<br \/>55099 Mainz<br \/>Tel.: 06131-39 29214<br \/>E-Mail: <a href=\"mailto:buedelma@uni-mainz.de\">buedelma@uni-mainz.de<\/a><\/p>\n\n\n\n<p>Office hours<strong> <\/strong>after registration by e-mail<\/p>\n\n\n<\/jgu-base-accordionitem>\n\n<\/jgu-base-accordion>\n<\/div>\n<\/div>\n<\/div><\/div>\n<\/jgu-base-section>    <div style=\"display: none\">\n        \n    <\/div>","protected":false},"excerpt":{"rendered":"","protected":false},"author":852,"featured_media":0,"parent":0,"menu_order":0,"comment_status":"closed","ping_status":"closed","template":"","meta":{"footnotes":""},"categories":[],"tags":[],"class_list":["post-27639","page","type-page","status-publish","hentry"],"content_raw":"<!-- wp:jgu\/pageheader {\"items\":[{\"box\":{\"index\":\"The Department\",\"title\":\"ifeas team\",\"link\":{\"url\":\"\",\"title\":\"learn more\"}},\"color\":\"default\",\"image\":{\"url\":\"\"},\"imgCredit\":\"\",\"useVideo\":false,\"video\":false}],\"type\":\"border\"} \/--><!-- wp:jgu\/section {\"color\":\"dark\"} -->\n<div class=\"jgu-bgsection bg bg-dark\"><div class=\"content padding-medium\"><!-- wp:jgu\/heading {\"color\":\"default\",\"tags\":{\"htmlTag\":\"h2\",\"classTag\":\"\",\"tag\":\"h2\"},\"heading\":\"Dr. Martin B\u00fcdel\"} \/-->\n\n<!-- wp:columns -->\n<div class=\"wp-block-columns\"><!-- wp:column {\"width\":\"15%\"} -->\n<div class=\"wp-block-column\" style=\"flex-basis:15%\"><!-- wp:jgu\/image {\"image\":{\"url\":null,\"id\":13005}} \/--><\/div>\n<!-- \/wp:column -->\n\n<!-- wp:column -->\n<div class=\"wp-block-column\"><!-- wp:jgu\/collapsible-area -->\n<!-- wp:paragraph {\"translatedWithWPMLTM\":\"1\"} -->\n<p><strong>Portrait<\/strong><\/p>\n<!-- \/wp:paragraph -->\n\n<!-- wp:paragraph {\"translatedWithWPMLTM\":\"1\"} -->\n<p>As an ethnographer, I am interested in music and aesthetic experience, but also in work and economic practices in general. My current research project examines the interrelationship between music and society with a focus on jazz and musical improvisation in Madagascar. Previously, I have worked on everyday life, work and ways of dealing with time in rural France, as well as on cultural education in Germany.   <\/p>\n<!-- \/wp:paragraph -->\n\n<!-- wp:paragraph {\"translatedWithWPMLTM\":\"1\"} -->\n<p>I am currently lecturer and researcher at ifeas. I studied Cultural Anthropology\/Cultural and Social Anthropology, Sociology and African Studies at the universities of Bayreuth and Leiden (Netherlands). In 2019, I obtained a doctoral degree at the Albert-Ludwigs-Universit\u00e4t Freiburg with a dissertation on everyday life, work and ways of dealing with time in rural France.   <\/p>\n<!-- \/wp:paragraph -->\n\n<!-- wp:paragraph {\"translatedWithWPMLTM\":\"1\"} -->\n<p>Current research project:  <a href=\"https:\/\/anthropologyofmusic.com\/jazz-in-madagascar\/\">'Improvising Culture'. Jazz in Madagascar <\/a><\/p>\n<!-- \/wp:paragraph -->\n<!-- \/wp:jgu\/collapsible-area -->\n\n<!-- wp:jgu\/accordion {\"selected\":3} -->\n<!-- wp:jgu\/accordion-item {\"title\":\"About\",\"init\":false,\"slug\":\"zur-person\"} -->\n<!-- wp:table {\"translatedWithWPMLTM\":\"1\"} -->\n<figure class=\"wp-block-table\"><table><tbody><tr><td><strong>Since 05\/2022 <br \/><\/strong>Lecturer and researcher at ifeas, Johannes Gutenberg University Mainz<\/td><\/tr><tr><td><strong>01\/2022 - 04\/2022 <br \/><\/strong>Associate researcher at ifeas, Johannes Gutenberg University Mainz<\/td><\/tr><tr><td><strong>11\/2021 - 12\/2021 <\/strong><br \/>SoCuM Fellow, Johannes Gutenberg University Mainz <\/td><\/tr><tr><td><strong>2019 - 2021 <br \/><\/strong>Researcher and project coordinator in the research project \"Metavorhaben zur F\u00f6rderrichtlinie Kulturelle Bildung in l\u00e4ndlichen R\u00e4umen\" in the BMBF funding guideline of the same name, Institute for Political Science, University of Leipzig <\/td><\/tr><tr><td><strong>09\/2019 <br \/><\/strong>Doctorate in Anthropology, University of Freiburg (title of doctoral dissertation: Ohne die Stunden zu z\u00e4hlen. Alltag, Arbeit und der Umgang mit Zeit in Landwirtschaft und Handwerk des Cantal)<\/td><\/tr><tr><td><strong>2017 - 2019 <br \/><\/strong>Researcher and lecturer at the Institute of Cultural Anthropology, University of Freiburg <\/td><\/tr><tr><td><strong>2013 - 2017 <br \/><\/strong>Researcher in the research project \"Die Performativit\u00e4t von Mu\u00dfe: Praktiken freier Zeit in zwei b\u00e4uerlichen Gesellschaften\", subproject of the CRC 1015 \"Mu\u00dfe. Concepts, Spaces and Figures\", Albert-Ludwigs-Universit\u00e4t Freiburg  <\/td><\/tr><tr><td><strong>05\/2013 <br \/><\/strong>M.A. in Cultural and Social Anthropology, University of Bayreuth (Title of master's thesis: 'Everybody has his own ambitions'. Imagined soccer careers of African migrants in Istanbul)<\/td><\/tr><tr><td><strong>03\/2009 <br \/><\/strong>B.A. in African Studies - Cultures and Societies of Africa (Cultural Anthropology, Sociology, History and Religions of Africa), University of Bayreuth<\/td><\/tr><tr><td><strong>2005 - 2013 <br \/><\/strong>Undergraduate and graduate study programs in Cultural Anthropology\/Cultural and Social Anthropology, Sociology and African Studies at the universities of Bayreuth and Leiden (Netherlands)<\/td><\/tr><\/tbody><\/table><\/figure>\n<!-- \/wp:table -->\n<!-- \/wp:jgu\/accordion-item -->\n\n<!-- wp:jgu\/accordion-item {\"title\":\"Publications\",\"init\":false,\"slug\":\"publikationen\"} -->\n<!-- wp:jgu\/image-gallery {\"perPage\":3,\"images\":[{\"url\":null,\"id\":26556,\"width\":null,\"href\":\"https:\/\/www.tandfonline.com\/doi\/full\/10.1080\/03057070.2025.2562732\",\"target\":\"_blank\",\"rel\":\"noreferrer noopener\"},{\"url\":null,\"id\":20770,\"width\":null,\"href\":\"https:\/\/www.mohrsiebeck.com\/buch\/ohne-die-stunden-zu-zaehlen-9783161606434\/\",\"target\":\"_blank\",\"rel\":\"noreferrer noopener\"},{\"url\":null,\"id\":20782,\"width\":null,\"href\":\"https:\/\/link.springer.com\/chapter\/10.1007\/978-3-319-74189-5_12\",\"target\":\"_blank\",\"rel\":\"noreferrer noopener\"},{\"url\":null,\"id\":20788,\"width\":null,\"href\":\"https:\/\/www.jstor.org\/stable\/26384571\",\"target\":\"_blank\",\"rel\":\"noreferrer noopener\"}],\"withThumbs\":false,\"aspectRatio\":\"auto\",\"responsiveSettings\":{\"mobile\":{\"perPage\":1,\"arrows\":true,\"pagination\":false,\"width\":\"100%\"},\"tablet\":{\"perPage\":2,\"arrows\":true,\"pagination\":false,\"width\":\"100%\"},\"desktop\":{\"perPage\":2,\"arrows\":true,\"pagination\":false,\"width\":\"100%\"},\"desktop-xl\":{\"perPage\":3,\"arrows\":true,\"pagination\":false,\"width\":\"100%\"}}} \/-->\n\n<!-- wp:paragraph {\"translatedWithWPMLTM\":\"1\"} -->\n<p><strong>Publications at a glance<\/strong><\/p>\n<!-- \/wp:paragraph -->\n\n<!-- wp:jgu\/collapsible-area -->\n<!-- wp:table {\"translatedWithWPMLTM\":\"1\"} -->\n<figure class=\"wp-block-table\"><table><thead><tr><th><strong>Monograph<\/strong><\/th><\/tr><\/thead><tbody><tr><td>2021. Ohne die Stunden zu z\u00e4hlen. Alltag, Arbeit und der Umgang mit Zeit im l\u00e4ndlichen Cantal. T\u00fcbingen: Mohr Siebeck.  <\/td><\/tr><\/tbody><\/table><\/figure>\n<!-- \/wp:table -->\n\n<!-- wp:table {\"translatedWithWPMLTM\":\"1\"} -->\n<figure class=\"wp-block-table\"><table><thead><tr><th><strong>Articles in journals (peer-reviewed)<\/strong><\/th><\/tr><\/thead><tbody><tr><td>2025. <a href=\"https:\/\/www.tandfonline.com\/doi\/full\/10.1080\/03057070.2025.2562732\">Locating Jazz in Madagascar: A Brief Musical Social History<\/a>, <em>Journal of Southern African Studies<\/em>, 51, 3, 309-329.<\/td><\/tr><tr><td>2023. (mit Nina Kolleck). Rahmenbedingungen und Herausforderungen kultureller Bildung in l\u00e4ndlichen R\u00e4umen. Ein systematischer Literatur\u00fcberblick. <em>Zeitschrift f\u00fcr Erziehungswissenschaft <\/em>26, 779\u2013811.  <\/td><\/tr><tr><td>2016. (mit Christian Ungruhe). Im Spiel bleiben. Ethnologische Perspektiven auf Fu\u00dfballmigrationen aus Afrika. <em>Zeitschrift f\u00fcr Ethnologie <\/em>141, 81\u2013100.  <\/td><\/tr><tr><td>2013. An Ethnographic View on African Football Migrants in Istanbul. <em>SBF Dergisi<\/em> 68, 1, 1-20.<\/td><\/tr><\/tbody><\/table><\/figure>\n<!-- \/wp:table -->\n\n<!-- wp:table {\"translatedWithWPMLTM\":\"1\"} -->\n<figure class=\"wp-block-table\"><table><thead><tr><th>Edited Volume<\/th><\/tr><\/thead><tbody><tr><td>2022. (with Nina Kolleck and Jenny Nolting):  <em>Forschung zu kultureller Bildung in l\u00e4ndlichen R\u00e4umen. Theoretische und methodische Herausforderungen.  <\/em>Weinheim: Beltz Verlag.<\/td><\/tr><\/tbody><\/table><\/figure>\n<!-- \/wp:table -->\n\n<!-- wp:table {\"translatedWithWPMLTM\":\"1\"} -->\n<figure class=\"wp-block-table\"><table><thead><tr><th><strong>Further articles in journals and edited volumes<\/strong><\/th><\/tr><\/thead><tbody><tr><td>2025. Kommunikatives Handeln jenseits von Worten. \u00c4sthetische Erfahrung als Zugang zu Jazzpraxis in Madagaskar. In: Poferl, Angelika et al. (Hg.): Perspektivendifferenz. Zur Ethnographie des kommunikativen Handelns. Essen: Oldib Verlag.     <\/td><\/tr><tr><td>2023. Mit dem K\u00f6rper arbeiten. Zug\u00e4nge zur Arbeitserfahrung von B\u00e4uerinnen und Bauern in Frankreich. In: Poferl, Angelika et al. (Hrsg.). Leib \u2013 K\u00f6rper \u2013 Ethnographie. Erkundungen zum Leib-Sein und K\u00f6rper-Haben. Essen: Oldib Verlag.      <\/td><\/tr><tr><td>2022. (mit Jenny Nolting und Nina Kolleck). Wissenschaftliche Kooperation unter Bedingungen der Covid-19-Pandemie. Ein R\u00fcckblick auf die Konzeption und Durchf\u00fchrung einer Online-Tagung zu kultureller Bildung in l\u00e4ndlichen R\u00e4umen. In: Kolleck, Nina, Martin B\u00fcdel, Jenny Nolting (Hrsg.).    <em>Forschung zu kultureller Bildung in l\u00e4ndlichen R\u00e4umen.<\/em> Weinheim: Beltz Verlag, 418-428.<\/td><\/tr><tr><td>2022. (mit Lea Fobel und Nina Kolleck). Zur Forschung des Metavorhabens zur F\u00f6rderrichtlinie kulturelle Bildung in l\u00e4ndlichen R\u00e4umen. Herausforderungen und blinde Flecken. In: Kolleck, Nina, Martin B\u00fcdel, Jenny Nolting (Hrsg.).    <em>Forschung zu kultureller Bildung in l\u00e4ndlichen R\u00e4umen. <\/em>Weinheim: Beltz Verlag, 402-417.<\/td><\/tr><tr><td>2022. (mit Nina Kolleck und Jenny Nolting) Forschung zu kultureller Bildung in l\u00e4ndlichen R\u00e4umen. Befunde, Methoden, Theorien und Konzepte. In: Kolleck, Nina, Martin B\u00fcdel, Jenny Nolting (Hrsg.).    <em>Forschung zu kultureller Bildung in l\u00e4ndlichen R\u00e4umen. <\/em>Weinheim: Beltz Verlag, 9-22.<\/td><\/tr><tr><td>2020. Willkommen in der Elfenbeinh\u00f6hle. Frist und Frust in der Universit\u00e4t.  <em>Mu\u00dfe. Ein Magazin <\/em>  5, 2, 54-61.<\/td><\/tr><tr><td>2018. Autonomy and Adaptivity. Farmer's Work in France. In: Spyridakis, Manos (ed.).   <em>Market versus Society: Anthropological Insights.<\/em>  London: Palgrave Macmillan, 209-226.<\/td><\/tr><tr><td>2017. Verschwendung. Thorstein Veblen\u2019s Theorie der feinen Leute. <em> Mu\u00dfe. Ein Magazin <\/em>  3, 1, 24-28.<\/td><\/tr><\/tbody><\/table><\/figure>\n<!-- \/wp:table -->\n\n<!-- wp:table {\"translatedWithWPMLTM\":\"1\"} -->\n<figure class=\"wp-block-table\"><table><thead><tr><th>Film<\/th><\/tr><\/thead><tbody><tr><td>2016.  <em>Marcel Taill\u00e9. Herdsman and dairyman  <\/em>25 min, France.<br \/><br \/><strong>Selected for the film festivals: <\/strong><em>Days of Ethnographic<\/em> Film,<em> <\/em>Ljubljana, 6.3.2018, <em>SVA Film and Media Festival<\/em>, Washington D.C., 30.11.2017, <em>Ethnografilm<\/em>, Paris,15.4.2017.<\/td><\/tr><\/tbody><\/table><\/figure>\n<!-- \/wp:table -->\n\n<!-- wp:table {\"translatedWithWPMLTM\":\"1\"} -->\n<figure class=\"wp-block-table\"><table><thead><tr><th><strong>Manuals, blogs, reviews<\/strong><\/th><\/tr><\/thead><tbody><tr><td>2024. Music and Digital Media. A Planetary Anthropology. Georgina Born (Hrsg.). London: UCL Press, 2022. <em>Zeitschrift f\u00fcr Ethnologie<\/em>.   <\/td><\/tr><tr><td>2021. Notwendige Positionen im Wissenschaftsbetrieb - Pl\u00e4doyer f\u00fcr mehr Engagement im Ringen um \u201aGute Arbeit in der Wissenschaft\u2018. <em>Blog der AG Ethnologische Bildung (DGSKA)<\/em>.<\/td><\/tr><tr><td>2020. Forschungsvorhaben zu \u201aKulturelle Bildung in l\u00e4ndlichen R\u00e4umen\u2018. Ein \u00dcberblick. In: Wissensplattform Kulturelle Bildung Online: www.kubi-online.de <\/td><\/tr><tr><td>2017. With the Saraguros: The Blended Life in a Transnational World. David Syring. Austin: University of Texas Press, 2014 <em>Anthropology of Work Review<\/em>, 38, 1: 55-56.  <\/td><\/tr><tr><td>2015. Spyridakis, Manos. 2013. The liminal worker. An ethnography of work, unemployment and precariousness in contemporary Greece. Farnham: Ashgate. <em>Social Anthropology<\/em>, 23, 4: 526-528.  <\/td><\/tr><tr><td>2015. Mehr arbeiten. Carmen Losmann - Work Hard Play Hard.  <em>Mu\u00dfe. Ein Magazin  <\/em>1, 1: 40-43.<\/td><\/tr><tr><td>2013. (mit Sophie Knabner und Sabrina Maurus). \u201eDie Ethnologie sollte selbstbewusster werden\u201c. Interview mit Prof. Georg Klute.   <em>Cargo - Zeitschrift f\u00fcr Ethnologie 32.<\/em><\/td><\/tr><\/tbody><\/table><\/figure>\n<!-- \/wp:table -->\n<!-- \/wp:jgu\/collapsible-area -->\n<!-- \/wp:jgu\/accordion-item -->\n\n<!-- wp:jgu\/accordion-item {\"title\":\"Contact\",\"init\":false,\"slug\":\"kontakt\"} -->\n<!-- wp:paragraph {\"translatedWithWPMLTM\":\"1\"} -->\n<p>Dr. Martin B\u00fcdel<br \/>Room 01-695<br \/>Forum universitatis 6<br \/>55099 Mainz<br \/>Tel.: 06131-39 29214<br \/>E-Mail: <a href=\"mailto:buedelma@uni-mainz.de\">buedelma@uni-mainz.de<\/a><\/p>\n<!-- \/wp:paragraph -->\n\n<!-- wp:paragraph {\"translatedWithWPMLTM\":\"1\"} -->\n<p>Office hours<strong> <\/strong>after registration by e-mail<\/p>\n<!-- \/wp:paragraph -->\n<!-- \/wp:jgu\/accordion-item -->\n<!-- \/wp:jgu\/accordion --><\/div>\n<!-- \/wp:column --><\/div>\n<!-- \/wp:columns --><\/div><\/div>\n<!-- \/wp:jgu\/section -->","_links":{"self":[{"href":"https:\/\/www.ifeas.uni-mainz.de\/en\/wp-json\/wp\/v2\/pages\/27639","targetHints":{"allow":["GET"]}}],"collection":[{"href":"https:\/\/www.ifeas.uni-mainz.de\/en\/wp-json\/wp\/v2\/pages"}],"about":[{"href":"https:\/\/www.ifeas.uni-mainz.de\/en\/wp-json\/wp\/v2\/types\/page"}],"author":[{"embeddable":true,"href":"https:\/\/www.ifeas.uni-mainz.de\/en\/wp-json\/wp\/v2\/users\/852"}],"replies":[{"embeddable":true,"href":"https:\/\/www.ifeas.uni-mainz.de\/en\/wp-json\/wp\/v2\/comments?post=27639"}],"version-history":[{"count":5,"href":"https:\/\/www.ifeas.uni-mainz.de\/en\/wp-json\/wp\/v2\/pages\/27639\/revisions"}],"predecessor-version":[{"id":27717,"href":"https:\/\/www.ifeas.uni-mainz.de\/en\/wp-json\/wp\/v2\/pages\/27639\/revisions\/27717"}],"wp:attachment":[{"href":"https:\/\/www.ifeas.uni-mainz.de\/en\/wp-json\/wp\/v2\/media?parent=27639"}],"wp:term":[{"taxonomy":"category","embeddable":true,"href":"https:\/\/www.ifeas.uni-mainz.de\/en\/wp-json\/wp\/v2\/categories?post=27639"},{"taxonomy":"post_tag","embeddable":true,"href":"https:\/\/www.ifeas.uni-mainz.de\/en\/wp-json\/wp\/v2\/tags?post=27639"}],"curies":[{"name":"wp","href":"https:\/\/api.w.org\/{rel}","templated":true}]}}