{"id":22453,"date":"2024-10-01T15:11:21","date_gmt":"2024-10-01T13:11:21","guid":{"rendered":"https:\/\/www.ifeas.uni-mainz.de\/?page_id=22453"},"modified":"2026-04-21T11:59:18","modified_gmt":"2026-04-21T09:59:18","slug":"institute","status":"publish","type":"page","link":"https:\/\/www.ifeas.uni-mainz.de\/en\/institute\/","title":{"rendered":"Institute"},"content":{"rendered":"<jgu-base-pageheader react-props=\"{\n    &quot;items&quot;: [\n        {\n            &quot;box&quot;: {\n                &quot;index&quot;: &quot;ifeas&quot;,\n                &quot;title&quot;: &quot;Department&quot;,\n                &quot;link&quot;: {\n                    &quot;url&quot;: &quot;&quot;,\n                    &quot;title&quot;: &quot;learn more&quot;\n                }\n            },\n            &quot;color&quot;: &quot;blue&quot;,\n            &quot;image&quot;: {\n                &quot;url&quot;: &quot;https:\\\/\\\/cms.zdv.uni-mainz.de\\\/fb07-ifeas\\\/wp-content\\\/uploads\\\/sites\\\/396\\\/2025\\\/06\\\/Foto_Fachschaft-scaled.jpg&quot;,\n                &quot;id&quot;: 21199,\n                &quot;credit&quot;: &quot;Photo: Sophia Wimmer&quot;,\n                &quot;title&quot;: &quot;Foto_Fachschaft&quot;,\n                &quot;width&quot;: 2560,\n                &quot;height&quot;: 1440,\n                &quot;srcset&quot;: &quot;https:\\\/\\\/cms.zdv.uni-mainz.de\\\/fb07-ifeas\\\/wp-content\\\/uploads\\\/sites\\\/396\\\/2025\\\/06\\\/Foto_Fachschaft-scaled.jpg 2560w, https:\\\/\\\/cms.zdv.uni-mainz.de\\\/fb07-ifeas\\\/wp-content\\\/uploads\\\/sites\\\/396\\\/2025\\\/06\\\/Foto_Fachschaft-300x169.jpg 300w, https:\\\/\\\/cms.zdv.uni-mainz.de\\\/fb07-ifeas\\\/wp-content\\\/uploads\\\/sites\\\/396\\\/2025\\\/06\\\/Foto_Fachschaft-1024x576.jpg 1024w, https:\\\/\\\/cms.zdv.uni-mainz.de\\\/fb07-ifeas\\\/wp-content\\\/uploads\\\/sites\\\/396\\\/2025\\\/06\\\/Foto_Fachschaft-768x432.jpg 768w, https:\\\/\\\/cms.zdv.uni-mainz.de\\\/fb07-ifeas\\\/wp-content\\\/uploads\\\/sites\\\/396\\\/2025\\\/06\\\/Foto_Fachschaft-1536x864.jpg 1536w, https:\\\/\\\/cms.zdv.uni-mainz.de\\\/fb07-ifeas\\\/wp-content\\\/uploads\\\/sites\\\/396\\\/2025\\\/06\\\/Foto_Fachschaft-2048x1152.jpg 2048w&quot;\n            },\n            &quot;imgCredit&quot;: &quot;&quot;,\n            &quot;useVideo&quot;: false,\n            &quot;video&quot;: false\n        }\n    ],\n    &quot;type&quot;: &quot;default&quot;,\n    &quot;align&quot;: &quot;full&quot;,\n    &quot;quicklinks&quot;: {\n        &quot;show&quot;: false,\n        &quot;selects&quot;: []\n    },\n    &quot;useBreadcrumb&quot;: false\n}\">\n<\/jgu-base-pageheader>\n\n<jgu-base-anchornavigation react-props=\"{\n    &quot;theme&quot;: &quot;default&quot;,\n    &quot;align&quot;: &quot;wide&quot;\n}\">\n    \n<\/jgu-base-anchornavigation>\n\n<jgu-base-section react-props=\"{&quot;color&quot;:&quot;white&quot;,&quot;align&quot;:&quot;wide&quot;,&quot;padding&quot;:&quot;medium&quot;}\">\n<div class=\"jgu-bgsection bg bg-white \"><div class=\"content padding-medium\"><div\n\tclass=\"jgu-anchorpoint\"\n\tid=\"people\"\n\tdata-label=\"People\"\n\tdata-hide-in-nav=\"false\"\n\ttabindex=\"0\"\n\tdata-initial-scroll=\"true\"\n><\/div>\n\n\n<jgu-base-heading react-props=\"{\n    &quot;index&quot;: &quot;Team&quot;,\n    &quot;tags&quot;: {\n        &quot;htmlTag&quot;: &quot;h2&quot;,\n        &quot;classTag&quot;: &quot;&quot;,\n        &quot;tag&quot;: &quot;h2&quot;\n    },\n    &quot;heading&quot;: &quot;People at ifeas&quot;,\n    &quot;textAlign&quot;: &quot;left&quot;,\n    &quot;anchor&quot;: &quot;&quot;,\n    &quot;color&quot;: &quot;red&quot;\n}\"><\/jgu-base-heading>\n\n\n<jgu-base-accordion react-props=\"{&quot;selected&quot;:8,&quot;align&quot;:&quot;wide&quot;,&quot;hasAllOpenButton&quot;:true,&quot;onlyOne&quot;:false,&quot;initAllClosed&quot;:true,&quot;enableSearch&quot;:false}\">\n    \n<jgu-base-accordionitem react-props=\"{&quot;title&quot;:&quot;Managing Director&quot;,&quot;init&quot;:false,&quot;slug&quot;:&quot;managing-director&quot;,&quot;align&quot;:&quot;wide&quot;,&quot;customSlug&quot;:false}\">\n    \n\n<div class=\"wp-block-columns is-layout-flex wp-container-core-columns-is-layout-9d6595d7 wp-block-columns-is-layout-flex\">\n<div class=\"wp-block-column is-layout-flow wp-block-column-is-layout-flow\" style=\"flex-basis:40%\"><jgu-base-contactcard react-props=\"{\n    &quot;name&quot;: &quot;&lt;strong&gt;&lt;a href=\\&quot;https:\\\/\\\/www.ifeas.uni-mainz.de\\\/professuren\\\/prof-dr-matthias-krings\\\/\\&quot; target=\\&quot;_blank\\&quot; rel=\\&quot;noreferrer noopener\\&quot;&gt;Prof. Dr. Markus Verne&lt;\\\/a&gt;&lt;\\\/strong&gt;&quot;,\n    &quot;avatar&quot;: {\n        &quot;id&quot;: 11706,\n        &quot;url&quot;: &quot;https:\\\/\\\/cms.zdv.uni-mainz.de\\\/fb07-ifeas\\\/wp-content\\\/uploads\\\/sites\\\/396\\\/2025\\\/02\\\/MVerne.jpeg&quot;,\n        &quot;title&quot;: &quot;MVerne&quot;,\n        &quot;width&quot;: 300,\n        &quot;height&quot;: 306,\n        &quot;srcset&quot;: &quot;https:\\\/\\\/cms.zdv.uni-mainz.de\\\/fb07-ifeas\\\/wp-content\\\/uploads\\\/sites\\\/396\\\/2025\\\/02\\\/MVerne.jpeg 300w, https:\\\/\\\/cms.zdv.uni-mainz.de\\\/fb07-ifeas\\\/wp-content\\\/uploads\\\/sites\\\/396\\\/2025\\\/02\\\/MVerne-294x300.jpeg 294w&quot;\n    },\n    &quot;align&quot;: &quot;wide&quot;,\n    &quot;actions&quot;: [],\n    &quot;color&quot;: &quot;default&quot;\n}\">\n    \n<jgu-base-listitem react-props=\"{\n    &quot;title&quot;: &quot;&lt;strong&gt;Managing Director ifeas&lt;\\\/strong&gt;&quot;,\n    &quot;uuid&quot;: &quot;1702050773117&quot;,\n    &quot;link&quot;: {\n        &quot;url&quot;: null\n    },\n    &quot;align&quot;: &quot;wide&quot;,\n    &quot;showInActions&quot;: false,\n    &quot;allowNesting&quot;: true,\n    &quot;icon&quot;: &quot;&quot;,\n    &quot;showExpandableContent&quot;: false,\n    &quot;expandableContent&quot;: &quot;&quot;\n}\">\n    \n<\/jgu-base-listitem>\n\n<jgu-base-listitem react-props=\"{\n    &quot;icon&quot;: &quot;envelope-solid&quot;,\n    &quot;title&quot;: &quot;&lt;a href=\\&quot;mailto:mverne@uni-mainz.de\\&quot;&gt;mverne@uni-mainz.de&lt;\\\/a&gt;&quot;,\n    &quot;uuid&quot;: &quot;1699214817526&quot;,\n    &quot;link&quot;: {\n        &quot;url&quot;: &quot;mailto:mverne@uni-mainz.de&quot;\n    },\n    &quot;align&quot;: &quot;wide&quot;,\n    &quot;showInActions&quot;: false,\n    &quot;allowNesting&quot;: true,\n    &quot;showExpandableContent&quot;: false,\n    &quot;expandableContent&quot;: &quot;&quot;\n}\">\n    \n<\/jgu-base-listitem>\n\n<jgu-base-listitem react-props=\"{\n    &quot;icon&quot;: &quot;phone-solid&quot;,\n    &quot;title&quot;: &quot;&lt;a href=\\&quot;tel:+4961313920526\\&quot; target=\\&quot;_blank\\&quot; rel=\\&quot;noreferrer noopener\\&quot;&gt;+49 6131 39-20526&lt;\\\/a&gt;&quot;,\n    &quot;uuid&quot;: &quot;1702050887439&quot;,\n    &quot;link&quot;: {\n        &quot;url&quot;: &quot;tel:+4961313920526&quot;\n    },\n    &quot;align&quot;: &quot;wide&quot;,\n    &quot;showInActions&quot;: false,\n    &quot;allowNesting&quot;: true,\n    &quot;showExpandableContent&quot;: false,\n    &quot;expandableContent&quot;: &quot;&quot;\n}\">\n    \n<\/jgu-base-listitem>\n\n<jgu-base-listitem react-props=\"{\n    &quot;icon&quot;: &quot;external-link-alt-solid&quot;,\n    &quot;title&quot;: &quot;&lt;a href=\\&quot;https:\\\/\\\/www.ifeas.uni-mainz.de\\\/professuren\\\/prof-dr-markus-verne\\\/\\&quot; data-type=\\&quot;page\\&quot; data-id=\\&quot;13166\\&quot;&gt;Profile page&lt;\\\/a&gt;&quot;,\n    &quot;uuid&quot;: &quot;1728307753949&quot;,\n    &quot;link&quot;: {\n        &quot;url&quot;: &quot;https:\\\/\\\/www.ifeas.uni-mainz.de\\\/professuren\\\/prof-dr-markus-verne\\\/&quot;\n    },\n    &quot;align&quot;: &quot;wide&quot;,\n    &quot;showInActions&quot;: false,\n    &quot;allowNesting&quot;: true,\n    &quot;showExpandableContent&quot;: false,\n    &quot;expandableContent&quot;: &quot;&quot;\n}\">\n    \n<\/jgu-base-listitem>\n\n<\/jgu-base-contactcard><\/div>\n\n\n\n<div class=\"wp-block-column is-layout-flow wp-block-column-is-layout-flow\"><\/div>\n<\/div>\n\n\n<\/jgu-base-accordionitem>\n\n<jgu-base-accordionitem react-props=\"{&quot;title&quot;:&quot;Professors&quot;,&quot;init&quot;:false,&quot;slug&quot;:&quot;professors&quot;,&quot;align&quot;:&quot;wide&quot;,&quot;customSlug&quot;:false}\">\n    \n<jgu-base-slider react-props=\"{&quot;perPage&quot;:5,&quot;slidesCount&quot;:6,&quot;responsiveSettings&quot;:{&quot;mobile&quot;:{&quot;perPage&quot;:1,&quot;arrows&quot;:true,&quot;pagination&quot;:false,&quot;width&quot;:&quot;100%&quot;},&quot;tablet&quot;:{&quot;perPage&quot;:2,&quot;arrows&quot;:true,&quot;pagination&quot;:false,&quot;width&quot;:&quot;100%&quot;},&quot;desktop&quot;:{&quot;perPage&quot;:3,&quot;arrows&quot;:true,&quot;pagination&quot;:false,&quot;width&quot;:&quot;100%&quot;},&quot;desktop-xl&quot;:{&quot;perPage&quot;:5,&quot;arrows&quot;:true,&quot;pagination&quot;:false,&quot;width&quot;:&quot;100%&quot;}},&quot;type&quot;:&quot;&quot;,&quot;template&quot;:&quot;&quot;,&quot;useNumbers&quot;:false,&quot;scrollDistance&quot;:&quot;screen&quot;}\">\n    \n<jgu-base-contactcard react-props=\"{\n    &quot;name&quot;: &quot;Prof. Dr. Heike Drotbohm&quot;,\n    &quot;avatar&quot;: {\n        &quot;id&quot;: 15626,\n        &quot;url&quot;: &quot;https:\\\/\\\/cms.zdv.uni-mainz.de\\\/fb07-ifeas\\\/wp-content\\\/uploads\\\/sites\\\/396\\\/2025\\\/03\\\/8R7A5638.sw_-scaled.jpeg&quot;,\n        &quot;caption&quot;: &quot;Heike Drotbohm\\nProfessorin, \\nProjektleiterin (B04) Ethnologie&quot;,\n        &quot;title&quot;: &quot;Heike DrotbohmProfessorin, Projektleiterin (B04) Ethnologie&quot;,\n        &quot;width&quot;: 2048,\n        &quot;height&quot;: 2560,\n        &quot;srcset&quot;: &quot;https:\\\/\\\/cms.zdv.uni-mainz.de\\\/fb07-ifeas\\\/wp-content\\\/uploads\\\/sites\\\/396\\\/2025\\\/03\\\/8R7A5638.sw_-scaled.jpeg 2048w, https:\\\/\\\/cms.zdv.uni-mainz.de\\\/fb07-ifeas\\\/wp-content\\\/uploads\\\/sites\\\/396\\\/2025\\\/03\\\/8R7A5638.sw_-240x300.jpeg 240w, https:\\\/\\\/cms.zdv.uni-mainz.de\\\/fb07-ifeas\\\/wp-content\\\/uploads\\\/sites\\\/396\\\/2025\\\/03\\\/8R7A5638.sw_-819x1024.jpeg 819w, https:\\\/\\\/cms.zdv.uni-mainz.de\\\/fb07-ifeas\\\/wp-content\\\/uploads\\\/sites\\\/396\\\/2025\\\/03\\\/8R7A5638.sw_-768x960.jpeg 768w, https:\\\/\\\/cms.zdv.uni-mainz.de\\\/fb07-ifeas\\\/wp-content\\\/uploads\\\/sites\\\/396\\\/2025\\\/03\\\/8R7A5638.sw_-1229x1536.jpeg 1229w, https:\\\/\\\/cms.zdv.uni-mainz.de\\\/fb07-ifeas\\\/wp-content\\\/uploads\\\/sites\\\/396\\\/2025\\\/03\\\/8R7A5638.sw_-1638x2048.jpeg 1638w&quot;\n    },\n    &quot;align&quot;: &quot;wide&quot;,\n    &quot;actions&quot;: [],\n    &quot;color&quot;: &quot;default&quot;\n}\">\n    \n<jgu-base-listitem react-props=\"{\n    &quot;title&quot;: &quot;&lt;strong&gt;Professor of Social and Cultural Anthropology with a Focus on the African Diaspora and Transnationalism&lt;\\\/strong&gt;&quot;,\n    &quot;uuid&quot;: &quot;1702050773117&quot;,\n    &quot;link&quot;: {\n        &quot;url&quot;: null\n    },\n    &quot;align&quot;: &quot;wide&quot;,\n    &quot;showInActions&quot;: false,\n    &quot;allowNesting&quot;: true,\n    &quot;icon&quot;: &quot;&quot;,\n    &quot;showExpandableContent&quot;: false,\n    &quot;expandableContent&quot;: &quot;&quot;\n}\">\n    \n<\/jgu-base-listitem>\n\n<jgu-base-listitem react-props=\"{\n    &quot;icon&quot;: &quot;envelope-solid&quot;,\n    &quot;title&quot;: &quot;&lt;a href=\\&quot;mailto:drotbohm@uni-mainz.de\\&quot;&gt;drotbohm@uni-mainz.de&lt;\\\/a&gt;&quot;,\n    &quot;uuid&quot;: &quot;1699214817526&quot;,\n    &quot;link&quot;: {\n        &quot;url&quot;: &quot;mailto:drotbohm@uni-mainz.de&quot;\n    },\n    &quot;align&quot;: &quot;wide&quot;,\n    &quot;showInActions&quot;: false,\n    &quot;allowNesting&quot;: true,\n    &quot;showExpandableContent&quot;: false,\n    &quot;expandableContent&quot;: &quot;&quot;\n}\">\n    \n<\/jgu-base-listitem>\n\n<jgu-base-listitem react-props=\"{\n    &quot;icon&quot;: &quot;phone-solid&quot;,\n    &quot;title&quot;: &quot;&lt;a href=\\&quot;tel:+4961313920796\\&quot; target=\\&quot;_blank\\&quot; rel=\\&quot;noreferrer noopener\\&quot;&gt;+49 6131 39-20796&lt;\\\/a&gt;&quot;,\n    &quot;uuid&quot;: &quot;1702050887439&quot;,\n    &quot;link&quot;: {\n        &quot;url&quot;: &quot;tel:+4961313920796&quot;\n    },\n    &quot;align&quot;: &quot;wide&quot;,\n    &quot;showInActions&quot;: false,\n    &quot;allowNesting&quot;: true,\n    &quot;showExpandableContent&quot;: false,\n    &quot;expandableContent&quot;: &quot;&quot;\n}\">\n    \n<\/jgu-base-listitem>\n\n<jgu-base-listitem react-props=\"{\n    &quot;icon&quot;: &quot;external-link-alt-solid&quot;,\n    &quot;title&quot;: &quot;&lt;a href=\\&quot;https:\\\/\\\/www.ifeas.uni-mainz.de\\\/professuren\\\/prof-dr-heike-drotbohm\\\/\\&quot; data-type=\\&quot;page\\&quot; data-id=\\&quot;15437\\&quot;&gt;Profile page&lt;\\\/a&gt;&quot;,\n    &quot;uuid&quot;: &quot;1728307753949&quot;,\n    &quot;link&quot;: {\n        &quot;url&quot;: &quot;https:\\\/\\\/www.ifeas.uni-mainz.de\\\/professuren\\\/prof-dr-heike-drotbohm\\\/&quot;\n    },\n    &quot;align&quot;: &quot;wide&quot;,\n    &quot;showInActions&quot;: false,\n    &quot;allowNesting&quot;: true,\n    &quot;showExpandableContent&quot;: false,\n    &quot;expandableContent&quot;: &quot;&quot;\n}\">\n    \n<\/jgu-base-listitem>\n\n<\/jgu-base-contactcard>\n\n<jgu-base-contactcard react-props=\"{\n    &quot;align&quot;: &quot;&quot;,\n    &quot;name&quot;: &quot;Prof. Dr. Franziska Fay&quot;,\n    &quot;avatar&quot;: {\n        &quot;id&quot;: 15776,\n        &quot;url&quot;: &quot;https:\\\/\\\/cms.zdv.uni-mainz.de\\\/fb07-ifeas\\\/wp-content\\\/uploads\\\/sites\\\/396\\\/2025\\\/03\\\/Unknown-3-scaled.jpeg&quot;,\n        &quot;title&quot;: &quot;Unknown 3&quot;,\n        &quot;width&quot;: 2560,\n        &quot;height&quot;: 2560,\n        &quot;srcset&quot;: &quot;https:\\\/\\\/cms.zdv.uni-mainz.de\\\/fb07-ifeas\\\/wp-content\\\/uploads\\\/sites\\\/396\\\/2025\\\/03\\\/Unknown-3-scaled.jpeg 2560w, https:\\\/\\\/cms.zdv.uni-mainz.de\\\/fb07-ifeas\\\/wp-content\\\/uploads\\\/sites\\\/396\\\/2025\\\/03\\\/Unknown-3-300x300.jpeg 300w, https:\\\/\\\/cms.zdv.uni-mainz.de\\\/fb07-ifeas\\\/wp-content\\\/uploads\\\/sites\\\/396\\\/2025\\\/03\\\/Unknown-3-1024x1024.jpeg 1024w, https:\\\/\\\/cms.zdv.uni-mainz.de\\\/fb07-ifeas\\\/wp-content\\\/uploads\\\/sites\\\/396\\\/2025\\\/03\\\/Unknown-3-150x150.jpeg 150w, https:\\\/\\\/cms.zdv.uni-mainz.de\\\/fb07-ifeas\\\/wp-content\\\/uploads\\\/sites\\\/396\\\/2025\\\/03\\\/Unknown-3-768x768.jpeg 768w, https:\\\/\\\/cms.zdv.uni-mainz.de\\\/fb07-ifeas\\\/wp-content\\\/uploads\\\/sites\\\/396\\\/2025\\\/03\\\/Unknown-3-1536x1536.jpeg 1536w, https:\\\/\\\/cms.zdv.uni-mainz.de\\\/fb07-ifeas\\\/wp-content\\\/uploads\\\/sites\\\/396\\\/2025\\\/03\\\/Unknown-3-2048x2048.jpeg 2048w&quot;\n    },\n    &quot;actions&quot;: [],\n    &quot;color&quot;: &quot;default&quot;\n}\">\n    \n<jgu-base-listitem react-props=\"{\n    &quot;title&quot;: &quot;&lt;strong&gt;Professor of Anthropology with a Focus on Political Anthropology&lt;\\\/strong&gt;&quot;,\n    &quot;uuid&quot;: &quot;1738741777878&quot;,\n    &quot;link&quot;: {\n        &quot;url&quot;: null\n    },\n    &quot;align&quot;: &quot;wide&quot;,\n    &quot;showInActions&quot;: false,\n    &quot;allowNesting&quot;: true,\n    &quot;icon&quot;: &quot;&quot;,\n    &quot;showExpandableContent&quot;: false,\n    &quot;expandableContent&quot;: &quot;&quot;\n}\">\n    \n<\/jgu-base-listitem>\n\n<jgu-base-listitem react-props=\"{\n    &quot;icon&quot;: &quot;envelope-solid&quot;,\n    &quot;title&quot;: &quot;&lt;a href=\\&quot;mailto:franzifa@uni-mainz.de\\&quot;&gt;franzifa@uni-mainz.de&lt;\\\/a&gt;&quot;,\n    &quot;uuid&quot;: &quot;1702288670976&quot;,\n    &quot;link&quot;: {\n        &quot;url&quot;: &quot;mailto:franzifa@uni-mainz.de&quot;\n    },\n    &quot;align&quot;: &quot;wide&quot;,\n    &quot;showInActions&quot;: false,\n    &quot;allowNesting&quot;: true,\n    &quot;showExpandableContent&quot;: false,\n    &quot;expandableContent&quot;: &quot;&quot;\n}\">\n    \n<\/jgu-base-listitem>\n\n<jgu-base-listitem react-props=\"{\n    &quot;icon&quot;: &quot;phone-solid&quot;,\n    &quot;title&quot;: &quot;&lt;a href=\\&quot;tel:+4961313920065\\&quot; target=\\&quot;_blank\\&quot; rel=\\&quot;noreferrer noopener\\&quot;&gt;+49 6131 39-24856&lt;\\\/a&gt;&quot;,\n    &quot;uuid&quot;: &quot;1738831581139&quot;,\n    &quot;link&quot;: {\n        &quot;url&quot;: &quot;tel:+4961313920065&quot;\n    },\n    &quot;align&quot;: &quot;wide&quot;,\n    &quot;showInActions&quot;: false,\n    &quot;allowNesting&quot;: true,\n    &quot;showExpandableContent&quot;: false,\n    &quot;expandableContent&quot;: &quot;&quot;\n}\">\n    \n<\/jgu-base-listitem>\n\n<jgu-base-listitem react-props=\"{\n    &quot;icon&quot;: &quot;external-link-alt-solid&quot;,\n    &quot;title&quot;: &quot;&lt;a href=\\&quot;https:\\\/\\\/www.ifeas.uni-mainz.de\\\/mitarbeiterinnen-jun-prof-dr-franziska-fay\\\/\\&quot; data-type=\\&quot;page\\&quot; data-id=\\&quot;15272\\&quot;&gt;Profile page&lt;\\\/a&gt;&quot;,\n    &quot;uuid&quot;: &quot;1738831583019&quot;,\n    &quot;link&quot;: {\n        &quot;url&quot;: &quot;https:\\\/\\\/www.ifeas.uni-mainz.de\\\/mitarbeiterinnen-jun-prof-dr-franziska-fay\\\/&quot;\n    },\n    &quot;align&quot;: &quot;wide&quot;,\n    &quot;showInActions&quot;: false,\n    &quot;allowNesting&quot;: true,\n    &quot;showExpandableContent&quot;: false,\n    &quot;expandableContent&quot;: &quot;&quot;\n}\">\n    \n<\/jgu-base-listitem>\n\n<\/jgu-base-contactcard>\n\n<jgu-base-contactcard react-props=\"{\n    &quot;name&quot;: &quot;Prof. Dr. Matthias Krings&quot;,\n    &quot;avatar&quot;: {\n        &quot;id&quot;: 10527,\n        &quot;url&quot;: &quot;https:\\\/\\\/cms.zdv.uni-mainz.de\\\/fb07-ifeas\\\/wp-content\\\/uploads\\\/sites\\\/396\\\/2025\\\/02\\\/Krings.png&quot;,\n        &quot;title&quot;: &quot;Krings&quot;,\n        &quot;width&quot;: 174,\n        &quot;height&quot;: 250\n    },\n    &quot;align&quot;: &quot;wide&quot;,\n    &quot;actions&quot;: [],\n    &quot;color&quot;: &quot;default&quot;\n}\">\n    \n<jgu-base-listitem react-props=\"{\n    &quot;title&quot;: &quot;&lt;strong&gt;Professor of Anthropology and Popular Culture of Africa&lt;\\\/strong&gt;&quot;,\n    &quot;uuid&quot;: &quot;1702050773117&quot;,\n    &quot;link&quot;: {\n        &quot;url&quot;: null\n    },\n    &quot;align&quot;: &quot;wide&quot;,\n    &quot;showInActions&quot;: false,\n    &quot;allowNesting&quot;: true,\n    &quot;icon&quot;: &quot;&quot;,\n    &quot;showExpandableContent&quot;: false,\n    &quot;expandableContent&quot;: &quot;&quot;\n}\">\n    \n<\/jgu-base-listitem>\n\n<jgu-base-listitem react-props=\"{\n    &quot;icon&quot;: &quot;envelope-solid&quot;,\n    &quot;title&quot;: &quot;&lt;a href=\\&quot;mailto:krings@uni-mainz.de\\&quot;&gt;krings@uni-mainz.de&lt;\\\/a&gt;&quot;,\n    &quot;uuid&quot;: &quot;1699214817526&quot;,\n    &quot;link&quot;: {\n        &quot;url&quot;: &quot;mailto:krings@uni-mainz.de&quot;\n    },\n    &quot;align&quot;: &quot;wide&quot;,\n    &quot;showInActions&quot;: false,\n    &quot;allowNesting&quot;: true,\n    &quot;showExpandableContent&quot;: false,\n    &quot;expandableContent&quot;: &quot;&quot;\n}\">\n    \n<\/jgu-base-listitem>\n\n<jgu-base-listitem react-props=\"{\n    &quot;icon&quot;: &quot;phone-solid&quot;,\n    &quot;title&quot;: &quot;&lt;a href=\\&quot;tel:+4961313926800\\&quot; target=\\&quot;_blank\\&quot; rel=\\&quot;noreferrer noopener\\&quot;&gt;+49 6131 39-268&lt;\\\/a&gt;&lt;a href=\\&quot;tel:+4961313920065\\&quot; target=\\&quot;_blank\\&quot; rel=\\&quot;noreferrer noopener\\&quot;&gt;00&lt;\\\/a&gt;&quot;,\n    &quot;uuid&quot;: &quot;1702050887439&quot;,\n    &quot;link&quot;: {\n        &quot;url&quot;: &quot;tel:+4961313926800&quot;\n    },\n    &quot;align&quot;: &quot;wide&quot;,\n    &quot;showInActions&quot;: false,\n    &quot;allowNesting&quot;: true,\n    &quot;showExpandableContent&quot;: false,\n    &quot;expandableContent&quot;: &quot;&quot;\n}\">\n    \n<\/jgu-base-listitem>\n\n<jgu-base-listitem react-props=\"{\n    &quot;icon&quot;: &quot;external-link-alt-solid&quot;,\n    &quot;title&quot;: &quot;&lt;a href=\\&quot;https:\\\/\\\/www.ifeas.uni-mainz.de\\\/professuren\\\/prof-dr-matthias-krings\\\/\\&quot; data-type=\\&quot;page\\&quot; data-id=\\&quot;13166\\&quot;&gt;Profile page&lt;\\\/a&gt;&quot;,\n    &quot;uuid&quot;: &quot;1728307753949&quot;,\n    &quot;link&quot;: {\n        &quot;url&quot;: &quot;https:\\\/\\\/www.ifeas.uni-mainz.de\\\/professuren\\\/prof-dr-matthias-krings\\\/&quot;\n    },\n    &quot;align&quot;: &quot;wide&quot;,\n    &quot;showInActions&quot;: false,\n    &quot;allowNesting&quot;: true,\n    &quot;showExpandableContent&quot;: false,\n    &quot;expandableContent&quot;: &quot;&quot;\n}\">\n    \n<\/jgu-base-listitem>\n\n<\/jgu-base-contactcard>\n\n<jgu-base-contactcard react-props=\"{\n    &quot;name&quot;: &quot;Prof. Dr. Nico Nassenstein&quot;,\n    &quot;avatar&quot;: {\n        &quot;id&quot;: 10647,\n        &quot;url&quot;: &quot;https:\\\/\\\/cms.zdv.uni-mainz.de\\\/fb07-ifeas\\\/wp-content\\\/uploads\\\/sites\\\/396\\\/2025\\\/02\\\/Nassenstein-scaled-e1593112039745.jpg&quot;,\n        &quot;title&quot;: &quot;Nassenstein-scaled-e1593112039745&quot;,\n        &quot;width&quot;: 450,\n        &quot;height&quot;: 586,\n        &quot;srcset&quot;: &quot;https:\\\/\\\/cms.zdv.uni-mainz.de\\\/fb07-ifeas\\\/wp-content\\\/uploads\\\/sites\\\/396\\\/2025\\\/02\\\/Nassenstein-scaled-e1593112039745.jpg 450w, https:\\\/\\\/cms.zdv.uni-mainz.de\\\/fb07-ifeas\\\/wp-content\\\/uploads\\\/sites\\\/396\\\/2025\\\/02\\\/Nassenstein-scaled-e1593112039745-230x300.jpg 230w&quot;\n    },\n    &quot;align&quot;: &quot;wide&quot;,\n    &quot;actions&quot;: [],\n    &quot;color&quot;: &quot;default&quot;\n}\">\n    \n<jgu-base-listitem react-props=\"{\n    &quot;title&quot;: &quot;&lt;strong&gt;Professor of African Languages and Linguistics&lt;\\\/strong&gt;&quot;,\n    &quot;uuid&quot;: &quot;1732632794003&quot;,\n    &quot;link&quot;: {\n        &quot;url&quot;: null\n    },\n    &quot;align&quot;: &quot;wide&quot;,\n    &quot;showInActions&quot;: false,\n    &quot;allowNesting&quot;: true,\n    &quot;icon&quot;: &quot;&quot;,\n    &quot;showExpandableContent&quot;: false,\n    &quot;expandableContent&quot;: &quot;&quot;\n}\">\n    \n<\/jgu-base-listitem>\n\n<jgu-base-listitem react-props=\"{\n    &quot;icon&quot;: &quot;envelope-solid&quot;,\n    &quot;title&quot;: &quot;&lt;a href=\\&quot;mailto:nnassens@uni-mainz.de\\&quot;&gt;nnassens@uni-mainz.de&lt;\\\/a&gt;&quot;,\n    &quot;uuid&quot;: &quot;1732632994582&quot;,\n    &quot;link&quot;: {\n        &quot;url&quot;: &quot;mailto:nnassens@uni-mainz.de&quot;\n    },\n    &quot;align&quot;: &quot;wide&quot;,\n    &quot;showInActions&quot;: false,\n    &quot;allowNesting&quot;: true,\n    &quot;showExpandableContent&quot;: false,\n    &quot;expandableContent&quot;: &quot;&quot;\n}\">\n    \n<\/jgu-base-listitem>\n\n<jgu-base-listitem react-props=\"{\n    &quot;icon&quot;: &quot;phone-solid&quot;,\n    &quot;title&quot;: &quot;&lt;a href=\\&quot;tel:+4961313920356\\&quot; target=\\&quot;_blank\\&quot; rel=\\&quot;noreferrer noopener\\&quot;&gt;+49 6131 39-20356&lt;\\\/a&gt;&quot;,\n    &quot;uuid&quot;: &quot;1732633092473&quot;,\n    &quot;link&quot;: {\n        &quot;url&quot;: &quot;tel:+4961313920356&quot;\n    },\n    &quot;align&quot;: &quot;wide&quot;,\n    &quot;showInActions&quot;: false,\n    &quot;allowNesting&quot;: true,\n    &quot;showExpandableContent&quot;: false,\n    &quot;expandableContent&quot;: &quot;&quot;\n}\">\n    \n<\/jgu-base-listitem>\n\n<jgu-base-listitem react-props=\"{\n    &quot;icon&quot;: &quot;external-link-alt-solid&quot;,\n    &quot;title&quot;: &quot;&lt;a href=\\&quot;https:\\\/\\\/www.ifeas.uni-mainz.de\\\/institut\\\/nassenstein\\\/\\&quot; data-type=\\&quot;page\\&quot; data-id=\\&quot;20886\\&quot;&gt;Profile page&lt;\\\/a&gt;&quot;,\n    &quot;uuid&quot;: &quot;1732633157993&quot;,\n    &quot;link&quot;: {\n        &quot;url&quot;: &quot;https:\\\/\\\/www.ifeas.uni-mainz.de\\\/institut\\\/nassenstein\\\/&quot;\n    },\n    &quot;align&quot;: &quot;wide&quot;,\n    &quot;showInActions&quot;: false,\n    &quot;allowNesting&quot;: true,\n    &quot;showExpandableContent&quot;: false,\n    &quot;expandableContent&quot;: &quot;&quot;\n}\">\n    \n<\/jgu-base-listitem>\n\n<\/jgu-base-contactcard>\n\n<jgu-base-contactcard react-props=\"{\n    &quot;name&quot;: &quot;Prof. Dr. Markus Verne&quot;,\n    &quot;avatar&quot;: {\n        &quot;id&quot;: 11703,\n        &quot;url&quot;: &quot;https:\\\/\\\/cms.zdv.uni-mainz.de\\\/fb07-ifeas\\\/wp-content\\\/uploads\\\/sites\\\/396\\\/2025\\\/02\\\/MVerne.jpeg&quot;,\n        &quot;title&quot;: &quot;MVerne&quot;,\n        &quot;width&quot;: 300,\n        &quot;height&quot;: 306,\n        &quot;srcset&quot;: &quot;https:\\\/\\\/cms.zdv.uni-mainz.de\\\/fb07-ifeas\\\/wp-content\\\/uploads\\\/sites\\\/396\\\/2025\\\/02\\\/MVerne.jpeg 300w, https:\\\/\\\/cms.zdv.uni-mainz.de\\\/fb07-ifeas\\\/wp-content\\\/uploads\\\/sites\\\/396\\\/2025\\\/02\\\/MVerne-294x300.jpeg 294w&quot;\n    },\n    &quot;align&quot;: &quot;wide&quot;,\n    &quot;actions&quot;: [],\n    &quot;color&quot;: &quot;default&quot;\n}\">\n    \n<jgu-base-listitem react-props=\"{\n    &quot;title&quot;: &quot;&lt;strong&gt;Professor of Anthropology with a Focus on Aesthetics&lt;\\\/strong&gt;&quot;,\n    &quot;uuid&quot;: &quot;1732632794003&quot;,\n    &quot;link&quot;: {\n        &quot;url&quot;: null\n    },\n    &quot;align&quot;: &quot;wide&quot;,\n    &quot;showInActions&quot;: false,\n    &quot;allowNesting&quot;: true,\n    &quot;icon&quot;: &quot;&quot;,\n    &quot;showExpandableContent&quot;: false,\n    &quot;expandableContent&quot;: &quot;&quot;\n}\">\n    \n<\/jgu-base-listitem>\n\n<jgu-base-listitem react-props=\"{\n    &quot;icon&quot;: &quot;envelope-solid&quot;,\n    &quot;title&quot;: &quot;&lt;a href=\\&quot;mailto:mverne@uni-mainz.de\\&quot;&gt;mverne@uni-mainz.de&lt;\\\/a&gt;&quot;,\n    &quot;uuid&quot;: &quot;1732632994582&quot;,\n    &quot;link&quot;: {\n        &quot;url&quot;: &quot;mailto:mverne@uni-mainz.de&quot;\n    },\n    &quot;align&quot;: &quot;wide&quot;,\n    &quot;showInActions&quot;: false,\n    &quot;allowNesting&quot;: true,\n    &quot;showExpandableContent&quot;: false,\n    &quot;expandableContent&quot;: &quot;&quot;\n}\">\n    \n<\/jgu-base-listitem>\n\n<jgu-base-listitem react-props=\"{\n    &quot;icon&quot;: &quot;phone-solid&quot;,\n    &quot;title&quot;: &quot;&lt;a href=\\&quot;tel:+4961313920526\\&quot; target=\\&quot;_blank\\&quot; rel=\\&quot;noreferrer noopener\\&quot;&gt;+49 6131 39-20526&lt;\\\/a&gt;&quot;,\n    &quot;uuid&quot;: &quot;1732633092473&quot;,\n    &quot;link&quot;: {\n        &quot;url&quot;: &quot;tel:+4961313920526&quot;\n    },\n    &quot;align&quot;: &quot;wide&quot;,\n    &quot;showInActions&quot;: false,\n    &quot;allowNesting&quot;: true,\n    &quot;showExpandableContent&quot;: false,\n    &quot;expandableContent&quot;: &quot;&quot;\n}\">\n    \n<\/jgu-base-listitem>\n\n<jgu-base-listitem react-props=\"{\n    &quot;icon&quot;: &quot;external-link-alt-solid&quot;,\n    &quot;title&quot;: &quot;&lt;a href=\\&quot;https:\\\/\\\/www.ifeas.uni-mainz.de\\\/professuren\\\/prof-dr-markus-verne\\\/\\&quot; data-type=\\&quot;page\\&quot; data-id=\\&quot;13056\\&quot;&gt;Profile page&lt;\\\/a&gt;&quot;,\n    &quot;uuid&quot;: &quot;1732633157993&quot;,\n    &quot;link&quot;: {\n        &quot;url&quot;: &quot;https:\\\/\\\/www.ifeas.uni-mainz.de\\\/professuren\\\/prof-dr-markus-verne\\\/&quot;\n    },\n    &quot;align&quot;: &quot;wide&quot;,\n    &quot;showInActions&quot;: false,\n    &quot;allowNesting&quot;: true,\n    &quot;showExpandableContent&quot;: false,\n    &quot;expandableContent&quot;: &quot;&quot;\n}\">\n    \n<\/jgu-base-listitem>\n\n<\/jgu-base-contactcard>\n\n<jgu-base-contactcard react-props=\"{\n    &quot;name&quot;: &quot;Prof. Dr. Carola Lentz&quot;,\n    &quot;avatar&quot;: {\n        &quot;id&quot;: 10653,\n        &quot;url&quot;: &quot;https:\\\/\\\/cms.zdv.uni-mainz.de\\\/fb07-ifeas\\\/wp-content\\\/uploads\\\/sites\\\/396\\\/2025\\\/02\\\/Lentz2018_187-2.jpeg&quot;,\n        &quot;title&quot;: &quot;Lentz2018_187 2&quot;,\n        &quot;width&quot;: 128,\n        &quot;height&quot;: 148\n    },\n    &quot;align&quot;: &quot;wide&quot;,\n    &quot;actions&quot;: [],\n    &quot;color&quot;: &quot;default&quot;\n}\">\n    \n<jgu-base-listitem react-props=\"{\n    &quot;title&quot;: &quot;&lt;strong&gt;Senior Research Professor of Anthropology&lt;\\\/strong&gt;&quot;,\n    &quot;uuid&quot;: &quot;1702050773117&quot;,\n    &quot;link&quot;: {\n        &quot;url&quot;: null\n    },\n    &quot;align&quot;: &quot;wide&quot;,\n    &quot;showInActions&quot;: false,\n    &quot;allowNesting&quot;: true,\n    &quot;icon&quot;: &quot;&quot;,\n    &quot;showExpandableContent&quot;: false,\n    &quot;expandableContent&quot;: &quot;&quot;\n}\">\n    \n<\/jgu-base-listitem>\n\n<jgu-base-listitem react-props=\"{\n    &quot;icon&quot;: &quot;envelope-solid&quot;,\n    &quot;title&quot;: &quot;&lt;a href=\\&quot;mailto:lentz@uni-mainz.de\\&quot;&gt;lentz@uni-mainz.de&lt;\\\/a&gt;&quot;,\n    &quot;uuid&quot;: &quot;1699214817526&quot;,\n    &quot;link&quot;: {\n        &quot;url&quot;: &quot;mailto:lentz@uni-mainz.de&quot;\n    },\n    &quot;align&quot;: &quot;wide&quot;,\n    &quot;showInActions&quot;: false,\n    &quot;allowNesting&quot;: true,\n    &quot;showExpandableContent&quot;: false,\n    &quot;expandableContent&quot;: &quot;&quot;\n}\">\n    \n<\/jgu-base-listitem>\n\n<jgu-base-listitem react-props=\"{\n    &quot;icon&quot;: &quot;phone-solid&quot;,\n    &quot;title&quot;: &quot;&lt;a href=\\&quot;tel:+4961313920124\\&quot; target=\\&quot;_blank\\&quot; rel=\\&quot;noreferrer noopener\\&quot;&gt;+49 6131 39-20124&lt;\\\/a&gt;&quot;,\n    &quot;uuid&quot;: &quot;1702050887439&quot;,\n    &quot;link&quot;: {\n        &quot;url&quot;: &quot;tel:+4961313920124&quot;\n    },\n    &quot;align&quot;: &quot;wide&quot;,\n    &quot;showInActions&quot;: false,\n    &quot;allowNesting&quot;: true,\n    &quot;showExpandableContent&quot;: false,\n    &quot;expandableContent&quot;: &quot;&quot;\n}\">\n    \n<\/jgu-base-listitem>\n\n<jgu-base-listitem react-props=\"{\n    &quot;icon&quot;: &quot;external-link-alt-solid&quot;,\n    &quot;title&quot;: &quot;&lt;a href=\\&quot;https:\\\/\\\/www.ifeas.uni-mainz.de\\\/professuren\\\/prof-dr-carola-lentz\\\/\\&quot; data-type=\\&quot;page\\&quot; data-id=\\&quot;19379\\&quot;&gt;Profile page&lt;\\\/a&gt;&quot;,\n    &quot;uuid&quot;: &quot;1738840561304&quot;,\n    &quot;link&quot;: {\n        &quot;url&quot;: &quot;https:\\\/\\\/www.ifeas.uni-mainz.de\\\/professuren\\\/prof-dr-carola-lentz\\\/&quot;\n    },\n    &quot;align&quot;: &quot;wide&quot;,\n    &quot;showInActions&quot;: false,\n    &quot;allowNesting&quot;: true,\n    &quot;showExpandableContent&quot;: false,\n    &quot;expandableContent&quot;: &quot;&quot;\n}\">\n    \n<\/jgu-base-listitem>\n\n<\/jgu-base-contactcard>\n\n<\/jgu-base-slider>\n\n\n<\/jgu-base-accordionitem>\n\n<jgu-base-accordionitem react-props=\"{&quot;title&quot;:&quot;Academic Staff (with teaching duties)&quot;,&quot;init&quot;:false,&quot;slug&quot;:&quot;academic-staff-with-teaching-duties&quot;,&quot;align&quot;:&quot;wide&quot;,&quot;customSlug&quot;:false}\">\n    \n<jgu-base-slider react-props=\"{&quot;perPage&quot;:5,&quot;slidesCount&quot;:11,&quot;responsiveSettings&quot;:{&quot;mobile&quot;:{&quot;perPage&quot;:1,&quot;arrows&quot;:true,&quot;pagination&quot;:false,&quot;width&quot;:&quot;100%&quot;},&quot;tablet&quot;:{&quot;perPage&quot;:2,&quot;arrows&quot;:true,&quot;pagination&quot;:false,&quot;width&quot;:&quot;100%&quot;},&quot;desktop&quot;:{&quot;perPage&quot;:3,&quot;arrows&quot;:true,&quot;pagination&quot;:false,&quot;width&quot;:&quot;100%&quot;},&quot;desktop-xl&quot;:{&quot;perPage&quot;:5,&quot;arrows&quot;:true,&quot;pagination&quot;:false,&quot;width&quot;:&quot;100%&quot;}},&quot;type&quot;:&quot;&quot;,&quot;template&quot;:&quot;&quot;,&quot;useNumbers&quot;:false,&quot;scrollDistance&quot;:&quot;screen&quot;}\">\n    \n<jgu-base-contactcard react-props=\"{\n    &quot;align&quot;: &quot;&quot;,\n    &quot;name&quot;: &quot;Dr. Bianca Baumann&quot;,\n    &quot;avatar&quot;: {\n        &quot;id&quot;: 10668,\n        &quot;url&quot;: &quot;https:\\\/\\\/cms.zdv.uni-mainz.de\\\/fb07-ifeas\\\/wp-content\\\/uploads\\\/sites\\\/396\\\/2025\\\/02\\\/Baumann2-218x300-1.png&quot;,\n        &quot;title&quot;: &quot;Baumann2-218x300&quot;,\n        &quot;width&quot;: 218,\n        &quot;height&quot;: 300\n    },\n    &quot;actions&quot;: [],\n    &quot;color&quot;: &quot;default&quot;\n}\">\n    \n<jgu-base-listitem react-props=\"{\n    &quot;title&quot;: &quot;&lt;strong&gt;Director of the Ethnographic Collection&lt;\\\/strong&gt;&quot;,\n    &quot;uuid&quot;: &quot;1738741777878&quot;,\n    &quot;link&quot;: {\n        &quot;url&quot;: null\n    },\n    &quot;align&quot;: &quot;wide&quot;,\n    &quot;showInActions&quot;: false,\n    &quot;allowNesting&quot;: true,\n    &quot;icon&quot;: &quot;&quot;,\n    &quot;showExpandableContent&quot;: false,\n    &quot;expandableContent&quot;: &quot;&quot;\n}\">\n    \n<\/jgu-base-listitem>\n\n<jgu-base-listitem react-props=\"{\n    &quot;icon&quot;: &quot;envelope-solid&quot;,\n    &quot;title&quot;: &quot;&lt;a href=\\&quot;mailto:bbaumann@uni-mainz.de\\&quot;&gt;bbaumann@uni-mainz.de&lt;\\\/a&gt;&quot;,\n    &quot;uuid&quot;: &quot;1702288670976&quot;,\n    &quot;link&quot;: {\n        &quot;url&quot;: &quot;mailto:bbaumann@uni-mainz.de&quot;\n    },\n    &quot;align&quot;: &quot;wide&quot;,\n    &quot;showInActions&quot;: false,\n    &quot;allowNesting&quot;: true,\n    &quot;showExpandableContent&quot;: false,\n    &quot;expandableContent&quot;: &quot;&quot;\n}\">\n    \n<\/jgu-base-listitem>\n\n<jgu-base-listitem react-props=\"{\n    &quot;icon&quot;: &quot;phone-solid&quot;,\n    &quot;title&quot;: &quot;&lt;a href=\\&quot;tel:+4961313928220\\&quot; target=\\&quot;_blank\\&quot; rel=\\&quot;noreferrer noopener\\&quot;&gt;+49 6131 39-28220&lt;\\\/a&gt;&quot;,\n    &quot;uuid&quot;: &quot;1738831581139&quot;,\n    &quot;link&quot;: {\n        &quot;url&quot;: &quot;tel:+4961313928220&quot;\n    },\n    &quot;align&quot;: &quot;wide&quot;,\n    &quot;showInActions&quot;: false,\n    &quot;allowNesting&quot;: true,\n    &quot;showExpandableContent&quot;: false,\n    &quot;expandableContent&quot;: &quot;&quot;\n}\">\n    \n<\/jgu-base-listitem>\n\n<jgu-base-listitem react-props=\"{\n    &quot;icon&quot;: &quot;external-link-alt-solid&quot;,\n    &quot;title&quot;: &quot;&lt;a href=\\&quot;https:\\\/\\\/www.ifeas.uni-mainz.de\\\/baumann\\\/\\&quot; data-type=\\&quot;page\\&quot; data-id=\\&quot;20484\\&quot;&gt;Profile page&lt;\\\/a&gt;&quot;,\n    &quot;uuid&quot;: &quot;1738831583019&quot;,\n    &quot;link&quot;: {\n        &quot;url&quot;: &quot;https:\\\/\\\/www.ifeas.uni-mainz.de\\\/baumann\\\/&quot;\n    },\n    &quot;align&quot;: &quot;wide&quot;,\n    &quot;showInActions&quot;: false,\n    &quot;allowNesting&quot;: true,\n    &quot;showExpandableContent&quot;: false,\n    &quot;expandableContent&quot;: &quot;&quot;\n}\">\n    \n<\/jgu-base-listitem>\n\n<\/jgu-base-contactcard>\n\n<jgu-base-contactcard react-props=\"{\n    &quot;name&quot;: &quot;Dr. Martin B\\u00fcdel&quot;,\n    &quot;avatar&quot;: {\n        &quot;id&quot;: 10674,\n        &quot;url&quot;: &quot;https:\\\/\\\/cms.zdv.uni-mainz.de\\\/fb07-ifeas\\\/wp-content\\\/uploads\\\/sites\\\/396\\\/2025\\\/02\\\/Martin-Buedel-229x300-1.jpeg&quot;,\n        &quot;title&quot;: &quot;Martin-Buedel-229x300&quot;,\n        &quot;width&quot;: 229,\n        &quot;height&quot;: 226\n    },\n    &quot;align&quot;: &quot;wide&quot;,\n    &quot;actions&quot;: [],\n    &quot;color&quot;: &quot;default&quot;\n}\">\n    \n<jgu-base-listitem react-props=\"{\n    &quot;title&quot;: &quot;&lt;strong&gt;Research Associate&lt;\\\/strong&gt;&quot;,\n    &quot;uuid&quot;: &quot;1699374929552&quot;,\n    &quot;link&quot;: {\n        &quot;url&quot;: null\n    },\n    &quot;align&quot;: &quot;wide&quot;,\n    &quot;showInActions&quot;: false,\n    &quot;allowNesting&quot;: true,\n    &quot;icon&quot;: &quot;&quot;,\n    &quot;showExpandableContent&quot;: false,\n    &quot;expandableContent&quot;: &quot;&quot;\n}\">\n    \n<\/jgu-base-listitem>\n\n<jgu-base-listitem react-props=\"{\n    &quot;icon&quot;: &quot;envelope-solid&quot;,\n    &quot;title&quot;: &quot;&lt;a href=\\&quot;mailto:pruefungsamt-fb07-will@uni-mainz.de\\&quot;&gt;buedelma@uni-mainz.de&lt;\\\/a&gt;&quot;,\n    &quot;uuid&quot;: &quot;1702052810510&quot;,\n    &quot;link&quot;: {\n        &quot;url&quot;: &quot;mailto:pruefungsamt-fb07-will@uni-mainz.de&quot;\n    },\n    &quot;align&quot;: &quot;wide&quot;,\n    &quot;showInActions&quot;: false,\n    &quot;allowNesting&quot;: true,\n    &quot;showExpandableContent&quot;: false,\n    &quot;expandableContent&quot;: &quot;&quot;\n}\">\n    \n<\/jgu-base-listitem>\n\n<jgu-base-listitem react-props=\"{\n    &quot;icon&quot;: &quot;phone-solid&quot;,\n    &quot;title&quot;: &quot;&lt;a href=\\&quot;tel:+4961313926048\\&quot; target=\\&quot;_blank\\&quot; rel=\\&quot;noreferrer noopener\\&quot;&gt;+49 6131 39-26048&lt;\\\/a&gt;&quot;,\n    &quot;uuid&quot;: &quot;1702052873712&quot;,\n    &quot;link&quot;: {\n        &quot;url&quot;: &quot;tel:+4961313926048&quot;\n    },\n    &quot;align&quot;: &quot;wide&quot;,\n    &quot;showInActions&quot;: false,\n    &quot;allowNesting&quot;: true,\n    &quot;showExpandableContent&quot;: false,\n    &quot;expandableContent&quot;: &quot;&quot;\n}\">\n    \n<\/jgu-base-listitem>\n\n<jgu-base-listitem react-props=\"{\n    &quot;icon&quot;: &quot;external-link-alt-solid&quot;,\n    &quot;title&quot;: &quot;&lt;a href=\\&quot;https:\\\/\\\/www.ifeas.uni-mainz.de\\\/dr-martin-buedel\\\/\\&quot; data-type=\\&quot;page\\&quot; data-id=\\&quot;12999\\&quot;&gt;Profile page&lt;\\\/a&gt;&quot;,\n    &quot;uuid&quot;: &quot;1728308756011&quot;,\n    &quot;link&quot;: {\n        &quot;url&quot;: &quot;https:\\\/\\\/www.ifeas.uni-mainz.de\\\/dr-martin-buedel\\\/&quot;\n    },\n    &quot;align&quot;: &quot;wide&quot;,\n    &quot;showInActions&quot;: false,\n    &quot;allowNesting&quot;: true,\n    &quot;showExpandableContent&quot;: false,\n    &quot;expandableContent&quot;: &quot;&quot;\n}\">\n    \n<\/jgu-base-listitem>\n\n<\/jgu-base-contactcard>\n\n<jgu-base-contactcard react-props=\"{\n    &quot;align&quot;: &quot;&quot;,\n    &quot;name&quot;: &quot;Melda Demir, M.A.&quot;,\n    &quot;avatar&quot;: {\n        &quot;id&quot;: 24555,\n        &quot;url&quot;: &quot;https:\\\/\\\/cms.zdv.uni-mainz.de\\\/fb07-ifeas\\\/wp-content\\\/uploads\\\/sites\\\/396\\\/2025\\\/09\\\/Profilbild-md-1.jpeg&quot;,\n        &quot;title&quot;: &quot;Profilbild-md&quot;,\n        &quot;width&quot;: 849,\n        &quot;height&quot;: 1280,\n        &quot;srcset&quot;: &quot;https:\\\/\\\/cms.zdv.uni-mainz.de\\\/fb07-ifeas\\\/wp-content\\\/uploads\\\/sites\\\/396\\\/2025\\\/09\\\/Profilbild-md-1.jpeg 849w, https:\\\/\\\/cms.zdv.uni-mainz.de\\\/fb07-ifeas\\\/wp-content\\\/uploads\\\/sites\\\/396\\\/2025\\\/09\\\/Profilbild-md-1-199x300.jpeg 199w, https:\\\/\\\/cms.zdv.uni-mainz.de\\\/fb07-ifeas\\\/wp-content\\\/uploads\\\/sites\\\/396\\\/2025\\\/09\\\/Profilbild-md-1-679x1024.jpeg 679w, https:\\\/\\\/cms.zdv.uni-mainz.de\\\/fb07-ifeas\\\/wp-content\\\/uploads\\\/sites\\\/396\\\/2025\\\/09\\\/Profilbild-md-1-768x1158.jpeg 768w&quot;\n    },\n    &quot;actions&quot;: [],\n    &quot;color&quot;: &quot;default&quot;\n}\">\n    \n<jgu-base-listitem react-props=\"{\n    &quot;title&quot;: &quot;&lt;strong&gt;Research Associate&lt;\\\/strong&gt;&quot;,\n    &quot;uuid&quot;: &quot;1738741777878&quot;,\n    &quot;link&quot;: {\n        &quot;url&quot;: null\n    },\n    &quot;align&quot;: &quot;wide&quot;,\n    &quot;showInActions&quot;: false,\n    &quot;allowNesting&quot;: true,\n    &quot;icon&quot;: &quot;&quot;,\n    &quot;showExpandableContent&quot;: false,\n    &quot;expandableContent&quot;: &quot;&quot;\n}\">\n    \n<\/jgu-base-listitem>\n\n<jgu-base-listitem react-props=\"{\n    &quot;icon&quot;: &quot;envelope-solid&quot;,\n    &quot;title&quot;: &quot;&lt;a href=\\&quot;mailto:medemir@uni-mainz.de\\&quot;&gt;medemir@uni-mainz.de&lt;\\\/a&gt;&quot;,\n    &quot;uuid&quot;: &quot;1702288670976&quot;,\n    &quot;link&quot;: {\n        &quot;url&quot;: &quot;mailto:medemir@uni-mainz.de&quot;\n    },\n    &quot;align&quot;: &quot;wide&quot;,\n    &quot;showInActions&quot;: false,\n    &quot;allowNesting&quot;: true,\n    &quot;showExpandableContent&quot;: false,\n    &quot;expandableContent&quot;: &quot;&quot;\n}\">\n    \n<\/jgu-base-listitem>\n\n<jgu-base-listitem react-props=\"{\n    &quot;icon&quot;: &quot;phone-solid&quot;,\n    &quot;title&quot;: &quot;&lt;a href=\\&quot;tel:+496131390\\&quot; target=\\&quot;_blank\\&quot; rel=\\&quot;noreferrer noopener\\&quot;&gt;+49 6131 39-0&lt;\\\/a&gt;&quot;,\n    &quot;uuid&quot;: &quot;1738831581139&quot;,\n    &quot;link&quot;: {\n        &quot;url&quot;: &quot;tel:+496131390&quot;\n    },\n    &quot;align&quot;: &quot;wide&quot;,\n    &quot;showInActions&quot;: false,\n    &quot;allowNesting&quot;: true,\n    &quot;showExpandableContent&quot;: false,\n    &quot;expandableContent&quot;: &quot;&quot;\n}\">\n    \n<\/jgu-base-listitem>\n\n<jgu-base-listitem react-props=\"{\n    &quot;icon&quot;: &quot;external-link-alt-solid&quot;,\n    &quot;title&quot;: &quot;&lt;a href=\\&quot;https:\\\/\\\/www.ifeas.uni-mainz.de\\\/demir\\\/\\&quot; data-type=\\&quot;link\\&quot; data-id=\\&quot;https:\\\/\\\/www.ifeas.uni-mainz.de\\\/demir\\\/\\&quot;&gt;Profile page&lt;\\\/a&gt;&quot;,\n    &quot;uuid&quot;: &quot;1738831583019&quot;,\n    &quot;link&quot;: {\n        &quot;url&quot;: &quot;https:\\\/\\\/www.ifeas.uni-mainz.de\\\/demir\\\/&quot;\n    },\n    &quot;align&quot;: &quot;wide&quot;,\n    &quot;showInActions&quot;: false,\n    &quot;allowNesting&quot;: true,\n    &quot;showExpandableContent&quot;: false,\n    &quot;expandableContent&quot;: &quot;&quot;\n}\">\n    \n<\/jgu-base-listitem>\n\n<\/jgu-base-contactcard>\n\n<jgu-base-contactcard react-props=\"{\n    &quot;align&quot;: &quot;&quot;,\n    &quot;name&quot;: &quot;Dr. Hauke Dorsch&quot;,\n    &quot;avatar&quot;: {\n        &quot;id&quot;: 10686,\n        &quot;url&quot;: &quot;https:\\\/\\\/cms.zdv.uni-mainz.de\\\/fb07-ifeas\\\/wp-content\\\/uploads\\\/sites\\\/396\\\/2025\\\/02\\\/Hauke-5786-200x300-1.jpeg&quot;,\n        &quot;title&quot;: &quot;Hauke-5786-200x300&quot;,\n        &quot;width&quot;: 200,\n        &quot;height&quot;: 183\n    },\n    &quot;actions&quot;: [],\n    &quot;color&quot;: &quot;default&quot;\n}\">\n    \n<jgu-base-listitem react-props=\"{\n    &quot;title&quot;: &quot;&lt;strong&gt;Director of the African Music Archive&lt;\\\/strong&gt;&quot;,\n    &quot;uuid&quot;: &quot;1738741777878&quot;,\n    &quot;link&quot;: {\n        &quot;url&quot;: null\n    },\n    &quot;align&quot;: &quot;wide&quot;,\n    &quot;showInActions&quot;: false,\n    &quot;allowNesting&quot;: true,\n    &quot;icon&quot;: &quot;&quot;,\n    &quot;showExpandableContent&quot;: false,\n    &quot;expandableContent&quot;: &quot;&quot;\n}\">\n    \n<\/jgu-base-listitem>\n\n<jgu-base-listitem react-props=\"{\n    &quot;icon&quot;: &quot;envelope-solid&quot;,\n    &quot;title&quot;: &quot;&lt;a href=\\&quot;mailto:dorschh@uni-mainz.de\\&quot;&gt;dorschh@uni-mainz.de&lt;\\\/a&gt;&quot;,\n    &quot;uuid&quot;: &quot;1702288670976&quot;,\n    &quot;link&quot;: {\n        &quot;url&quot;: &quot;mailto:dorschh@uni-mainz.de&quot;\n    },\n    &quot;align&quot;: &quot;wide&quot;,\n    &quot;showInActions&quot;: false,\n    &quot;allowNesting&quot;: true,\n    &quot;showExpandableContent&quot;: false,\n    &quot;expandableContent&quot;: &quot;&quot;\n}\">\n    \n<\/jgu-base-listitem>\n\n<jgu-base-listitem react-props=\"{\n    &quot;icon&quot;: &quot;phone-solid&quot;,\n    &quot;title&quot;: &quot;&lt;a href=\\&quot;tel:+4961313923349\\&quot; target=\\&quot;_blank\\&quot; rel=\\&quot;noreferrer noopener\\&quot;&gt;+49 6131 39-23349&lt;\\\/a&gt;&quot;,\n    &quot;uuid&quot;: &quot;1738831581139&quot;,\n    &quot;link&quot;: {\n        &quot;url&quot;: &quot;tel:+4961313923349&quot;\n    },\n    &quot;align&quot;: &quot;wide&quot;,\n    &quot;showInActions&quot;: false,\n    &quot;allowNesting&quot;: true,\n    &quot;showExpandableContent&quot;: false,\n    &quot;expandableContent&quot;: &quot;&quot;\n}\">\n    \n<\/jgu-base-listitem>\n\n<jgu-base-listitem react-props=\"{\n    &quot;icon&quot;: &quot;external-link-alt-solid&quot;,\n    &quot;title&quot;: &quot;&lt;a href=\\&quot;https:\\\/\\\/www.ifeas.uni-mainz.de\\\/dr-hauke-dorsch\\\/\\&quot; data-type=\\&quot;page\\&quot; data-id=\\&quot;16517\\&quot;&gt;Profile page&lt;\\\/a&gt;&quot;,\n    &quot;uuid&quot;: &quot;1738831583019&quot;,\n    &quot;link&quot;: {\n        &quot;url&quot;: &quot;https:\\\/\\\/www.ifeas.uni-mainz.de\\\/dr-hauke-dorsch\\\/&quot;\n    },\n    &quot;align&quot;: &quot;wide&quot;,\n    &quot;showInActions&quot;: false,\n    &quot;allowNesting&quot;: true,\n    &quot;showExpandableContent&quot;: false,\n    &quot;expandableContent&quot;: &quot;&quot;\n}\">\n    \n<\/jgu-base-listitem>\n\n<\/jgu-base-contactcard>\n\n<jgu-base-contactcard react-props=\"{\n    &quot;name&quot;: &quot;Jan Knipping, M.A.&quot;,\n    &quot;avatar&quot;: {\n        &quot;id&quot;: 16469,\n        &quot;url&quot;: &quot;https:\\\/\\\/cms.zdv.uni-mainz.de\\\/fb07-ifeas\\\/wp-content\\\/uploads\\\/sites\\\/396\\\/2025\\\/04\\\/Headshot_JanKnipping_FotoMerleMeier-1-1.png&quot;,\n        &quot;credit&quot;: &quot;&quot;,\n        &quot;title&quot;: &quot;Headshot_JanKnipping_FotoMerleMeier (1)&quot;,\n        &quot;width&quot;: 2820,\n        &quot;height&quot;: 4235,\n        &quot;srcset&quot;: &quot;https:\\\/\\\/cms.zdv.uni-mainz.de\\\/fb07-ifeas\\\/wp-content\\\/uploads\\\/sites\\\/396\\\/2025\\\/04\\\/Headshot_JanKnipping_FotoMerleMeier-1-1.png 2820w, https:\\\/\\\/cms.zdv.uni-mainz.de\\\/fb07-ifeas\\\/wp-content\\\/uploads\\\/sites\\\/396\\\/2025\\\/04\\\/Headshot_JanKnipping_FotoMerleMeier-1-1-200x300.png 200w, https:\\\/\\\/cms.zdv.uni-mainz.de\\\/fb07-ifeas\\\/wp-content\\\/uploads\\\/sites\\\/396\\\/2025\\\/04\\\/Headshot_JanKnipping_FotoMerleMeier-1-1-682x1024.png 682w, https:\\\/\\\/cms.zdv.uni-mainz.de\\\/fb07-ifeas\\\/wp-content\\\/uploads\\\/sites\\\/396\\\/2025\\\/04\\\/Headshot_JanKnipping_FotoMerleMeier-1-1-768x1153.png 768w, https:\\\/\\\/cms.zdv.uni-mainz.de\\\/fb07-ifeas\\\/wp-content\\\/uploads\\\/sites\\\/396\\\/2025\\\/04\\\/Headshot_JanKnipping_FotoMerleMeier-1-1-1023x1536.png 1023w, https:\\\/\\\/cms.zdv.uni-mainz.de\\\/fb07-ifeas\\\/wp-content\\\/uploads\\\/sites\\\/396\\\/2025\\\/04\\\/Headshot_JanKnipping_FotoMerleMeier-1-1-1364x2048.png 1364w&quot;\n    },\n    &quot;align&quot;: &quot;wide&quot;,\n    &quot;actions&quot;: [],\n    &quot;color&quot;: &quot;default&quot;\n}\">\n    \n<jgu-base-listitem react-props=\"{\n    &quot;title&quot;: &quot;&lt;strong&gt;Research Associate&lt;\\\/strong&gt;&lt;strong&gt; &lt;\\\/strong&gt;&quot;,\n    &quot;uuid&quot;: &quot;1732632794003&quot;,\n    &quot;link&quot;: {\n        &quot;url&quot;: null\n    },\n    &quot;align&quot;: &quot;wide&quot;,\n    &quot;showInActions&quot;: false,\n    &quot;allowNesting&quot;: true,\n    &quot;icon&quot;: &quot;&quot;,\n    &quot;showExpandableContent&quot;: false,\n    &quot;expandableContent&quot;: &quot;&quot;\n}\">\n    \n<\/jgu-base-listitem>\n\n<jgu-base-listitem react-props=\"{\n    &quot;icon&quot;: &quot;envelope-solid&quot;,\n    &quot;title&quot;: &quot;&lt;a href=\\&quot;mailto:j.knipping@uni-mainz.de\\&quot;&gt;j.knipping@uni-mainz.de&lt;\\\/a&gt;&quot;,\n    &quot;uuid&quot;: &quot;1732632994582&quot;,\n    &quot;link&quot;: {\n        &quot;url&quot;: &quot;mailto:j.knipping@uni-mainz.de&quot;\n    },\n    &quot;align&quot;: &quot;wide&quot;,\n    &quot;showInActions&quot;: false,\n    &quot;allowNesting&quot;: true,\n    &quot;showExpandableContent&quot;: false,\n    &quot;expandableContent&quot;: &quot;&quot;\n}\">\n    \n<\/jgu-base-listitem>\n\n<jgu-base-listitem react-props=\"{\n    &quot;icon&quot;: &quot;phone-solid&quot;,\n    &quot;title&quot;: &quot;&lt;a href=\\&quot;tel:+4961313922779\\&quot; target=\\&quot;_blank\\&quot; rel=\\&quot;noreferrer noopener\\&quot;&gt;+49 6131 39-22779&lt;\\\/a&gt;&quot;,\n    &quot;uuid&quot;: &quot;1732633092473&quot;,\n    &quot;link&quot;: {\n        &quot;url&quot;: &quot;tel:+4961313922779&quot;\n    },\n    &quot;align&quot;: &quot;wide&quot;,\n    &quot;showInActions&quot;: false,\n    &quot;allowNesting&quot;: true,\n    &quot;showExpandableContent&quot;: false,\n    &quot;expandableContent&quot;: &quot;&quot;\n}\">\n    \n<\/jgu-base-listitem>\n\n<jgu-base-listitem react-props=\"{\n    &quot;icon&quot;: &quot;external-link-alt-solid&quot;,\n    &quot;title&quot;: &quot;&lt;a href=\\&quot;https:\\\/\\\/www.ifeas.uni-mainz.de\\\/jan-knipping-m-a\\\/\\&quot; data-type=\\&quot;page\\&quot; data-id=\\&quot;16109\\&quot;&gt;Profile page&lt;\\\/a&gt;&quot;,\n    &quot;uuid&quot;: &quot;1732633157993&quot;,\n    &quot;link&quot;: {\n        &quot;url&quot;: &quot;https:\\\/\\\/www.ifeas.uni-mainz.de\\\/jan-knipping-m-a\\\/&quot;\n    },\n    &quot;align&quot;: &quot;wide&quot;,\n    &quot;showInActions&quot;: false,\n    &quot;allowNesting&quot;: true,\n    &quot;showExpandableContent&quot;: false,\n    &quot;expandableContent&quot;: &quot;&quot;\n}\">\n    \n<\/jgu-base-listitem>\n\n<\/jgu-base-contactcard>\n\n<jgu-base-contactcard react-props=\"{\n    &quot;name&quot;: &quot;C\\u00e9line Molter, M.A.&quot;,\n    &quot;avatar&quot;: {\n        &quot;id&quot;: 10608,\n        &quot;url&quot;: &quot;https:\\\/\\\/cms.zdv.uni-mainz.de\\\/fb07-ifeas\\\/wp-content\\\/uploads\\\/sites\\\/396\\\/2025\\\/02\\\/Molter_CM2022-230x300-1.jpeg&quot;,\n        &quot;title&quot;: &quot;Molter_CM2022-230x300&quot;,\n        &quot;width&quot;: 230,\n        &quot;height&quot;: 256\n    },\n    &quot;align&quot;: &quot;wide&quot;,\n    &quot;actions&quot;: [],\n    &quot;color&quot;: &quot;default&quot;\n}\">\n    \n<jgu-base-listitem react-props=\"{\n    &quot;title&quot;: &quot;&lt;strong&gt;Head of the Student Advising Office&lt;\\\/strong&gt;&quot;,\n    &quot;uuid&quot;: &quot;1702050773117&quot;,\n    &quot;link&quot;: {\n        &quot;url&quot;: null\n    },\n    &quot;align&quot;: &quot;wide&quot;,\n    &quot;showInActions&quot;: false,\n    &quot;allowNesting&quot;: true,\n    &quot;icon&quot;: &quot;&quot;,\n    &quot;showExpandableContent&quot;: false,\n    &quot;expandableContent&quot;: &quot;&quot;\n}\">\n    \n<\/jgu-base-listitem>\n\n<jgu-base-listitem react-props=\"{\n    &quot;icon&quot;: &quot;envelope-solid&quot;,\n    &quot;title&quot;: &quot;&lt;a href=\\&quot;mailto:molterc@uni-mainz.de\\&quot;&gt;molterc@uni-mainz.de&lt;\\\/a&gt;&quot;,\n    &quot;uuid&quot;: &quot;1699214817526&quot;,\n    &quot;link&quot;: {\n        &quot;url&quot;: &quot;mailto:molterc@uni-mainz.de&quot;\n    },\n    &quot;align&quot;: &quot;wide&quot;,\n    &quot;showInActions&quot;: false,\n    &quot;allowNesting&quot;: true,\n    &quot;showExpandableContent&quot;: false,\n    &quot;expandableContent&quot;: &quot;&quot;\n}\">\n    \n<\/jgu-base-listitem>\n\n<jgu-base-listitem react-props=\"{\n    &quot;icon&quot;: &quot;phone-solid&quot;,\n    &quot;title&quot;: &quot;&lt;a href=\\&quot;tel:+4961313920065\\&quot; target=\\&quot;_blank\\&quot; rel=\\&quot;noreferrer noopener\\&quot;&gt;+49 6131 39-37298&lt;\\\/a&gt;&quot;,\n    &quot;uuid&quot;: &quot;1702050887439&quot;,\n    &quot;link&quot;: {\n        &quot;url&quot;: &quot;tel:+4961313920065&quot;\n    },\n    &quot;align&quot;: &quot;wide&quot;,\n    &quot;showInActions&quot;: false,\n    &quot;allowNesting&quot;: true,\n    &quot;showExpandableContent&quot;: false,\n    &quot;expandableContent&quot;: &quot;&quot;\n}\">\n    \n<\/jgu-base-listitem>\n\n<jgu-base-listitem react-props=\"{\n    &quot;icon&quot;: &quot;external-link-alt-solid&quot;,\n    &quot;title&quot;: &quot;&lt;a href=\\&quot;https:\\\/\\\/www.ifeas.uni-mainz.de\\\/cline-molter-m-a\\\/\\&quot; data-type=\\&quot;page\\&quot; data-id=\\&quot;20638\\&quot;&gt;Profile page&lt;\\\/a&gt;&quot;,\n    &quot;uuid&quot;: &quot;1728307753949&quot;,\n    &quot;link&quot;: {\n        &quot;url&quot;: &quot;https:\\\/\\\/www.ifeas.uni-mainz.de\\\/cline-molter-m-a\\\/&quot;\n    },\n    &quot;align&quot;: &quot;wide&quot;,\n    &quot;showInActions&quot;: false,\n    &quot;allowNesting&quot;: true,\n    &quot;showExpandableContent&quot;: false,\n    &quot;expandableContent&quot;: &quot;&quot;\n}\">\n    \n<\/jgu-base-listitem>\n\n<\/jgu-base-contactcard>\n\n<jgu-base-contactcard react-props=\"{\n    &quot;name&quot;: &quot;Dr. Konstanze N&#039;Guessan&quot;,\n    &quot;avatar&quot;: {\n        &quot;id&quot;: null,\n        &quot;url&quot;: null,\n        &quot;credit&quot;: &quot;&quot;\n    },\n    &quot;align&quot;: &quot;wide&quot;,\n    &quot;actions&quot;: [],\n    &quot;color&quot;: &quot;default&quot;\n}\">\n    \n<jgu-base-listitem react-props=\"{\n    &quot;title&quot;: &quot;&lt;strong&gt;Research Associate&lt;\\\/strong&gt;&quot;,\n    &quot;uuid&quot;: &quot;1702050773117&quot;,\n    &quot;link&quot;: {\n        &quot;url&quot;: null\n    },\n    &quot;align&quot;: &quot;wide&quot;,\n    &quot;showInActions&quot;: false,\n    &quot;allowNesting&quot;: true,\n    &quot;icon&quot;: &quot;&quot;,\n    &quot;showExpandableContent&quot;: false,\n    &quot;expandableContent&quot;: &quot;&quot;\n}\">\n    \n<\/jgu-base-listitem>\n\n<jgu-base-listitem react-props=\"{\n    &quot;icon&quot;: &quot;envelope-solid&quot;,\n    &quot;title&quot;: &quot;&lt;a href=\\&quot;mailto:nguessan@uni-mainz.de\\&quot;&gt;nguessan@uni-mainz.de&lt;\\\/a&gt;&quot;,\n    &quot;uuid&quot;: &quot;1699214817526&quot;,\n    &quot;link&quot;: {\n        &quot;url&quot;: &quot;mailto:nguessan@uni-mainz.de&quot;\n    },\n    &quot;align&quot;: &quot;wide&quot;,\n    &quot;showInActions&quot;: false,\n    &quot;allowNesting&quot;: true,\n    &quot;showExpandableContent&quot;: false,\n    &quot;expandableContent&quot;: &quot;&quot;\n}\">\n    \n<\/jgu-base-listitem>\n\n<jgu-base-listitem react-props=\"{\n    &quot;icon&quot;: &quot;phone-solid&quot;,\n    &quot;title&quot;: &quot;&lt;a href=\\&quot;tel:+4961313926645\\&quot; target=\\&quot;_blank\\&quot; rel=\\&quot;noreferrer noopener\\&quot;&gt;+49 6131 39-26645&lt;\\\/a&gt;&quot;,\n    &quot;uuid&quot;: &quot;1702050887439&quot;,\n    &quot;link&quot;: {\n        &quot;url&quot;: &quot;tel:+4961313926645&quot;\n    },\n    &quot;align&quot;: &quot;wide&quot;,\n    &quot;showInActions&quot;: false,\n    &quot;allowNesting&quot;: true,\n    &quot;showExpandableContent&quot;: false,\n    &quot;expandableContent&quot;: &quot;&quot;\n}\">\n    \n<\/jgu-base-listitem>\n\n<jgu-base-listitem react-props=\"{\n    &quot;icon&quot;: &quot;external-link-alt-solid&quot;,\n    &quot;title&quot;: &quot;&lt;a href=\\&quot;https:\\\/\\\/www.ifeas.uni-mainz.de\\\/dr-konstanze-nguessan\\\/\\&quot; data-type=\\&quot;page\\&quot; data-id=\\&quot;20348\\&quot;&gt;Profile page&lt;\\\/a&gt;&quot;,\n    &quot;uuid&quot;: &quot;1728307753949&quot;,\n    &quot;link&quot;: {\n        &quot;url&quot;: &quot;https:\\\/\\\/www.ifeas.uni-mainz.de\\\/dr-konstanze-nguessan\\\/&quot;\n    },\n    &quot;align&quot;: &quot;wide&quot;,\n    &quot;showInActions&quot;: false,\n    &quot;allowNesting&quot;: true,\n    &quot;showExpandableContent&quot;: false,\n    &quot;expandableContent&quot;: &quot;&quot;\n}\">\n    \n<\/jgu-base-listitem>\n\n<\/jgu-base-contactcard>\n\n<jgu-base-contactcard react-props=\"{\n    &quot;name&quot;: &quot;Dr. Anja Oed&quot;,\n    &quot;avatar&quot;: {\n        &quot;id&quot;: 14591,\n        &quot;url&quot;: &quot;https:\\\/\\\/cms.zdv.uni-mainz.de\\\/fb07-ifeas\\\/wp-content\\\/uploads\\\/sites\\\/396\\\/2025\\\/03\\\/Oed.jpg&quot;,\n        &quot;title&quot;: &quot;Oed&quot;,\n        &quot;width&quot;: 1982,\n        &quot;height&quot;: 2472,\n        &quot;srcset&quot;: &quot;https:\\\/\\\/cms.zdv.uni-mainz.de\\\/fb07-ifeas\\\/wp-content\\\/uploads\\\/sites\\\/396\\\/2025\\\/03\\\/Oed.jpg 1982w, https:\\\/\\\/cms.zdv.uni-mainz.de\\\/fb07-ifeas\\\/wp-content\\\/uploads\\\/sites\\\/396\\\/2025\\\/03\\\/Oed-241x300.jpg 241w, https:\\\/\\\/cms.zdv.uni-mainz.de\\\/fb07-ifeas\\\/wp-content\\\/uploads\\\/sites\\\/396\\\/2025\\\/03\\\/Oed-821x1024.jpg 821w, https:\\\/\\\/cms.zdv.uni-mainz.de\\\/fb07-ifeas\\\/wp-content\\\/uploads\\\/sites\\\/396\\\/2025\\\/03\\\/Oed-768x958.jpg 768w, https:\\\/\\\/cms.zdv.uni-mainz.de\\\/fb07-ifeas\\\/wp-content\\\/uploads\\\/sites\\\/396\\\/2025\\\/03\\\/Oed-1232x1536.jpg 1232w, https:\\\/\\\/cms.zdv.uni-mainz.de\\\/fb07-ifeas\\\/wp-content\\\/uploads\\\/sites\\\/396\\\/2025\\\/03\\\/Oed-1642x2048.jpg 1642w&quot;\n    },\n    &quot;align&quot;: &quot;wide&quot;,\n    &quot;actions&quot;: [],\n    &quot;color&quot;: &quot;default&quot;\n}\">\n    \n<jgu-base-listitem react-props=\"{\n    &quot;title&quot;: &quot;&lt;strong&gt;Director of the Jahn Library&lt;\\\/strong&gt;&quot;,\n    &quot;uuid&quot;: &quot;1702050773117&quot;,\n    &quot;link&quot;: {\n        &quot;url&quot;: null\n    },\n    &quot;align&quot;: &quot;wide&quot;,\n    &quot;showInActions&quot;: false,\n    &quot;allowNesting&quot;: true,\n    &quot;icon&quot;: &quot;&quot;,\n    &quot;showExpandableContent&quot;: false,\n    &quot;expandableContent&quot;: &quot;&quot;\n}\">\n    \n<\/jgu-base-listitem>\n\n<jgu-base-listitem react-props=\"{\n    &quot;icon&quot;: &quot;envelope-solid&quot;,\n    &quot;title&quot;: &quot;&lt;a href=\\&quot;mailto:aoed@uni-mainz.de\\&quot;&gt;aoed@uni-mainz.de&lt;\\\/a&gt;&quot;,\n    &quot;uuid&quot;: &quot;1699214817526&quot;,\n    &quot;link&quot;: {\n        &quot;url&quot;: &quot;mailto:aoed@uni-mainz.de&quot;\n    },\n    &quot;align&quot;: &quot;wide&quot;,\n    &quot;showInActions&quot;: false,\n    &quot;allowNesting&quot;: true,\n    &quot;showExpandableContent&quot;: false,\n    &quot;expandableContent&quot;: &quot;&quot;\n}\">\n    \n<\/jgu-base-listitem>\n\n<jgu-base-listitem react-props=\"{\n    &quot;icon&quot;: &quot;phone-solid&quot;,\n    &quot;title&quot;: &quot;&lt;a href=\\&quot;tel:+4961313925933\\&quot; target=\\&quot;_blank\\&quot; rel=\\&quot;noreferrer noopener\\&quot;&gt;+49 6131 39-25933&lt;\\\/a&gt;&quot;,\n    &quot;uuid&quot;: &quot;1702050887439&quot;,\n    &quot;link&quot;: {\n        &quot;url&quot;: &quot;tel:+4961313925933&quot;\n    },\n    &quot;align&quot;: &quot;wide&quot;,\n    &quot;showInActions&quot;: false,\n    &quot;allowNesting&quot;: true,\n    &quot;showExpandableContent&quot;: false,\n    &quot;expandableContent&quot;: &quot;&quot;\n}\">\n    \n<\/jgu-base-listitem>\n\n<jgu-base-listitem react-props=\"{\n    &quot;icon&quot;: &quot;external-link-alt-solid&quot;,\n    &quot;title&quot;: &quot;&lt;a href=\\&quot;https:\\\/\\\/www.ifeas.uni-mainz.de\\\/dr-anja-oed\\\/\\&quot; data-type=\\&quot;page\\&quot; data-id=\\&quot;14585\\&quot;&gt;Profile page&lt;\\\/a&gt;&quot;,\n    &quot;uuid&quot;: &quot;1728307753949&quot;,\n    &quot;link&quot;: {\n        &quot;url&quot;: &quot;https:\\\/\\\/www.ifeas.uni-mainz.de\\\/dr-anja-oed\\\/&quot;\n    },\n    &quot;align&quot;: &quot;wide&quot;,\n    &quot;showInActions&quot;: false,\n    &quot;allowNesting&quot;: true,\n    &quot;showExpandableContent&quot;: false,\n    &quot;expandableContent&quot;: &quot;&quot;\n}\">\n    \n<\/jgu-base-listitem>\n\n<\/jgu-base-contactcard>\n\n<jgu-base-contactcard react-props=\"{\n    &quot;align&quot;: &quot;&quot;,\n    &quot;name&quot;: &quot;Gis\\u00e8le Oldorff, M.A.&quot;,\n    &quot;avatar&quot;: {\n        &quot;id&quot;: 10719,\n        &quot;url&quot;: &quot;https:\\\/\\\/cms.zdv.uni-mainz.de\\\/fb07-ifeas\\\/wp-content\\\/uploads\\\/sites\\\/396\\\/2025\\\/02\\\/Portrait-Gisele-225x300-1.jpg&quot;,\n        &quot;title&quot;: &quot;Portrait-Gisele--225x300&quot;,\n        &quot;width&quot;: 225,\n        &quot;height&quot;: 300\n    },\n    &quot;actions&quot;: [],\n    &quot;color&quot;: &quot;default&quot;\n}\">\n    \n<jgu-base-listitem react-props=\"{\n    &quot;title&quot;: &quot;&lt;strong&gt;Research Associate&lt;\\\/strong&gt;&quot;,\n    &quot;uuid&quot;: &quot;1738741777878&quot;,\n    &quot;link&quot;: {\n        &quot;url&quot;: null\n    },\n    &quot;align&quot;: &quot;wide&quot;,\n    &quot;showInActions&quot;: false,\n    &quot;allowNesting&quot;: true,\n    &quot;icon&quot;: &quot;&quot;,\n    &quot;showExpandableContent&quot;: false,\n    &quot;expandableContent&quot;: &quot;&quot;\n}\">\n    \n<\/jgu-base-listitem>\n\n<jgu-base-listitem react-props=\"{\n    &quot;icon&quot;: &quot;envelope-solid&quot;,\n    &quot;title&quot;: &quot;&lt;a href=\\&quot;mailto:goldorff@uni-mainz.de\\&quot;&gt;goldorff@uni-mainz.de&lt;\\\/a&gt;&quot;,\n    &quot;uuid&quot;: &quot;1702288670976&quot;,\n    &quot;link&quot;: {\n        &quot;url&quot;: &quot;mailto:goldorff@uni-mainz.de&quot;\n    },\n    &quot;align&quot;: &quot;wide&quot;,\n    &quot;showInActions&quot;: false,\n    &quot;allowNesting&quot;: true,\n    &quot;showExpandableContent&quot;: false,\n    &quot;expandableContent&quot;: &quot;&quot;\n}\">\n    \n<\/jgu-base-listitem>\n\n<jgu-base-listitem react-props=\"{\n    &quot;icon&quot;: &quot;phone-solid&quot;,\n    &quot;title&quot;: &quot;&lt;a href=\\&quot;tel:+4961313922795\\&quot; target=\\&quot;_blank\\&quot; rel=\\&quot;noreferrer noopener\\&quot;&gt;+49 6131 39-22795&lt;\\\/a&gt;&quot;,\n    &quot;uuid&quot;: &quot;1738831581139&quot;,\n    &quot;link&quot;: {\n        &quot;url&quot;: &quot;tel:+4961313922795&quot;\n    },\n    &quot;align&quot;: &quot;wide&quot;,\n    &quot;showInActions&quot;: false,\n    &quot;allowNesting&quot;: true,\n    &quot;showExpandableContent&quot;: false,\n    &quot;expandableContent&quot;: &quot;&quot;\n}\">\n    \n<\/jgu-base-listitem>\n\n<jgu-base-listitem react-props=\"{\n    &quot;icon&quot;: &quot;external-link-alt-solid&quot;,\n    &quot;title&quot;: &quot;Profile page&quot;,\n    &quot;uuid&quot;: &quot;1738831583019&quot;,\n    &quot;align&quot;: &quot;wide&quot;,\n    &quot;showInActions&quot;: false,\n    &quot;allowNesting&quot;: true,\n    &quot;showExpandableContent&quot;: false,\n    &quot;expandableContent&quot;: &quot;&quot;,\n    &quot;link&quot;: {\n        &quot;url&quot;: &quot;&quot;\n    }\n}\">\n    \n<\/jgu-base-listitem>\n\n<\/jgu-base-contactcard>\n\n<jgu-base-contactcard react-props=\"{\n    &quot;align&quot;: &quot;&quot;,\n    &quot;name&quot;: &quot;Lena Scheibinger, M.A.&quot;,\n    &quot;avatar&quot;: {\n        &quot;id&quot;: 10728,\n        &quot;url&quot;: &quot;https:\\\/\\\/cms.zdv.uni-mainz.de\\\/fb07-ifeas\\\/wp-content\\\/uploads\\\/sites\\\/396\\\/2025\\\/02\\\/scheibinger-scaled-e1694439395429.jpeg&quot;,\n        &quot;title&quot;: &quot;scheibinger-scaled-e1694439395429&quot;,\n        &quot;width&quot;: 400,\n        &quot;height&quot;: 487,\n        &quot;srcset&quot;: &quot;https:\\\/\\\/cms.zdv.uni-mainz.de\\\/fb07-ifeas\\\/wp-content\\\/uploads\\\/sites\\\/396\\\/2025\\\/02\\\/scheibinger-scaled-e1694439395429.jpeg 400w, https:\\\/\\\/cms.zdv.uni-mainz.de\\\/fb07-ifeas\\\/wp-content\\\/uploads\\\/sites\\\/396\\\/2025\\\/02\\\/scheibinger-scaled-e1694439395429-246x300.jpeg 246w&quot;\n    },\n    &quot;actions&quot;: [],\n    &quot;color&quot;: &quot;default&quot;\n}\">\n    \n<jgu-base-listitem react-props=\"{\n    &quot;title&quot;: &quot;&lt;strong&gt;Research &lt;strong&gt;Associate&lt;\\\/strong&gt;&lt;\\\/strong&gt;&quot;,\n    &quot;uuid&quot;: &quot;1738741777878&quot;,\n    &quot;link&quot;: {\n        &quot;url&quot;: null\n    },\n    &quot;align&quot;: &quot;wide&quot;,\n    &quot;showInActions&quot;: false,\n    &quot;allowNesting&quot;: true,\n    &quot;icon&quot;: &quot;&quot;,\n    &quot;showExpandableContent&quot;: false,\n    &quot;expandableContent&quot;: &quot;&quot;\n}\">\n    \n<\/jgu-base-listitem>\n\n<jgu-base-listitem react-props=\"{\n    &quot;icon&quot;: &quot;envelope-solid&quot;,\n    &quot;title&quot;: &quot;&lt;a href=\\&quot;mailto:lscheibi@uni-mainz.de\\&quot;&gt;lscheibi@uni-mainz.de&lt;\\\/a&gt;&quot;,\n    &quot;uuid&quot;: &quot;1702288670976&quot;,\n    &quot;link&quot;: {\n        &quot;url&quot;: &quot;mailto:lscheibi@uni-mainz.de&quot;\n    },\n    &quot;align&quot;: &quot;wide&quot;,\n    &quot;showInActions&quot;: false,\n    &quot;allowNesting&quot;: true,\n    &quot;showExpandableContent&quot;: false,\n    &quot;expandableContent&quot;: &quot;&quot;\n}\">\n    \n<\/jgu-base-listitem>\n\n<jgu-base-listitem react-props=\"{\n    &quot;icon&quot;: &quot;phone-solid&quot;,\n    &quot;title&quot;: &quot;&lt;a href=\\&quot;tel:+4961313922795\\&quot; target=\\&quot;_blank\\&quot; rel=\\&quot;noreferrer noopener\\&quot;&gt;+49 6131 39-22795&lt;\\\/a&gt;&quot;,\n    &quot;uuid&quot;: &quot;1738831581139&quot;,\n    &quot;link&quot;: {\n        &quot;url&quot;: &quot;tel:+4961313922795&quot;\n    },\n    &quot;align&quot;: &quot;wide&quot;,\n    &quot;showInActions&quot;: false,\n    &quot;allowNesting&quot;: true,\n    &quot;showExpandableContent&quot;: false,\n    &quot;expandableContent&quot;: &quot;&quot;\n}\">\n    \n<\/jgu-base-listitem>\n\n<jgu-base-listitem react-props=\"{\n    &quot;icon&quot;: &quot;external-link-alt-solid&quot;,\n    &quot;title&quot;: &quot;&lt;a href=\\&quot;https:\\\/\\\/www.ifeas.uni-mainz.de\\\/lena-scheibinger-m-a\\\/\\&quot; data-type=\\&quot;page\\&quot; data-id=\\&quot;15635\\&quot;&gt;Profile page&lt;\\\/a&gt;&quot;,\n    &quot;uuid&quot;: &quot;1738831583019&quot;,\n    &quot;link&quot;: {\n        &quot;url&quot;: &quot;https:\\\/\\\/www.ifeas.uni-mainz.de\\\/lena-scheibinger-m-a\\\/&quot;\n    },\n    &quot;align&quot;: &quot;wide&quot;,\n    &quot;showInActions&quot;: false,\n    &quot;allowNesting&quot;: true,\n    &quot;showExpandableContent&quot;: false,\n    &quot;expandableContent&quot;: &quot;&quot;\n}\">\n    \n<\/jgu-base-listitem>\n\n<\/jgu-base-contactcard>\n\n<jgu-base-contactcard react-props=\"{\n    &quot;name&quot;: &quot;&lt;strong&gt;PD Dr. Holger Tr\\u00f6bs&lt;\\\/strong&gt;&quot;,\n    &quot;avatar&quot;: {\n        &quot;id&quot;: 10596,\n        &quot;url&quot;: &quot;https:\\\/\\\/cms.zdv.uni-mainz.de\\\/fb07-ifeas\\\/wp-content\\\/uploads\\\/sites\\\/396\\\/2025\\\/02\\\/Troebs.jpg&quot;,\n        &quot;title&quot;: &quot;Troebs&quot;,\n        &quot;width&quot;: 150,\n        &quot;height&quot;: 183\n    },\n    &quot;align&quot;: &quot;wide&quot;,\n    &quot;actions&quot;: [],\n    &quot;color&quot;: &quot;default&quot;\n}\">\n    \n<jgu-base-listitem react-props=\"{\n    &quot;title&quot;: &quot;&lt;strong&gt;Research &lt;strong&gt;Associate&lt;\\\/strong&gt;&lt;\\\/strong&gt;&quot;,\n    &quot;uuid&quot;: &quot;1702050773117&quot;,\n    &quot;link&quot;: {\n        &quot;url&quot;: null\n    },\n    &quot;align&quot;: &quot;wide&quot;,\n    &quot;showInActions&quot;: false,\n    &quot;allowNesting&quot;: true,\n    &quot;icon&quot;: &quot;&quot;,\n    &quot;showExpandableContent&quot;: false,\n    &quot;expandableContent&quot;: &quot;&quot;\n}\">\n    \n<\/jgu-base-listitem>\n\n<jgu-base-listitem react-props=\"{\n    &quot;icon&quot;: &quot;envelope-solid&quot;,\n    &quot;title&quot;: &quot;&lt;a href=\\&quot;mailto:troebs@uni-mainz.de\\&quot;&gt;troebs@uni-mainz.de&lt;\\\/a&gt;&quot;,\n    &quot;uuid&quot;: &quot;1699214817526&quot;,\n    &quot;link&quot;: {\n        &quot;url&quot;: &quot;mailto:troebs@uni-mainz.de&quot;\n    },\n    &quot;align&quot;: &quot;wide&quot;,\n    &quot;showInActions&quot;: false,\n    &quot;allowNesting&quot;: true,\n    &quot;showExpandableContent&quot;: false,\n    &quot;expandableContent&quot;: &quot;&quot;\n}\">\n    \n<\/jgu-base-listitem>\n\n<jgu-base-listitem react-props=\"{\n    &quot;icon&quot;: &quot;phone-solid&quot;,\n    &quot;title&quot;: &quot;&lt;a href=\\&quot;tel:+4961313920121\\&quot; target=\\&quot;_blank\\&quot; rel=\\&quot;noreferrer noopener\\&quot;&gt;+49 6131 39-20121&lt;\\\/a&gt;&quot;,\n    &quot;uuid&quot;: &quot;1702050887439&quot;,\n    &quot;link&quot;: {\n        &quot;url&quot;: &quot;tel:+4961313920121&quot;\n    },\n    &quot;align&quot;: &quot;wide&quot;,\n    &quot;showInActions&quot;: false,\n    &quot;allowNesting&quot;: true,\n    &quot;showExpandableContent&quot;: false,\n    &quot;expandableContent&quot;: &quot;&quot;\n}\">\n    \n<\/jgu-base-listitem>\n\n<jgu-base-listitem react-props=\"{\n    &quot;icon&quot;: &quot;external-link-alt-solid&quot;,\n    &quot;title&quot;: &quot;&lt;a href=\\&quot;https:\\\/\\\/www.ifeas.uni-mainz.de\\\/pd-dr-holger-troebs\\\/\\&quot; data-type=\\&quot;page\\&quot; data-id=\\&quot;14219\\&quot;&gt;Profile page&lt;\\\/a&gt;&quot;,\n    &quot;uuid&quot;: &quot;1728307753949&quot;,\n    &quot;link&quot;: {\n        &quot;url&quot;: &quot;https:\\\/\\\/www.ifeas.uni-mainz.de\\\/pd-dr-holger-troebs\\\/&quot;\n    },\n    &quot;align&quot;: &quot;wide&quot;,\n    &quot;showInActions&quot;: false,\n    &quot;allowNesting&quot;: true,\n    &quot;showExpandableContent&quot;: false,\n    &quot;expandableContent&quot;: &quot;&quot;\n}\">\n    \n<\/jgu-base-listitem>\n\n<\/jgu-base-contactcard>\n\n<\/jgu-base-slider>\n\n\n<\/jgu-base-accordionitem>\n\n<jgu-base-accordionitem react-props=\"{&quot;title&quot;:&quot;Academic Staff (externally funded)&quot;,&quot;init&quot;:false,&quot;slug&quot;:&quot;academic-staff-externally-funded&quot;,&quot;align&quot;:&quot;wide&quot;,&quot;customSlug&quot;:false}\">\n    \n<jgu-base-slider react-props=\"{&quot;perPage&quot;:5,&quot;slidesCount&quot;:16,&quot;responsiveSettings&quot;:{&quot;mobile&quot;:{&quot;perPage&quot;:1,&quot;arrows&quot;:true,&quot;pagination&quot;:false,&quot;width&quot;:&quot;100%&quot;},&quot;tablet&quot;:{&quot;perPage&quot;:2,&quot;arrows&quot;:true,&quot;pagination&quot;:false,&quot;width&quot;:&quot;100%&quot;},&quot;desktop&quot;:{&quot;perPage&quot;:3,&quot;arrows&quot;:true,&quot;pagination&quot;:false,&quot;width&quot;:&quot;100%&quot;},&quot;desktop-xl&quot;:{&quot;perPage&quot;:5,&quot;arrows&quot;:true,&quot;pagination&quot;:false,&quot;width&quot;:&quot;100%&quot;}},&quot;type&quot;:&quot;&quot;,&quot;template&quot;:&quot;&quot;,&quot;useNumbers&quot;:false,&quot;scrollDistance&quot;:&quot;screen&quot;}\">\n    \n<jgu-base-contactcard react-props=\"{\n    &quot;name&quot;: &quot;Dr. Jan Beek&quot;,\n    &quot;avatar&quot;: {\n        &quot;id&quot;: 10740,\n        &quot;url&quot;: &quot;https:\\\/\\\/cms.zdv.uni-mainz.de\\\/fb07-ifeas\\\/wp-content\\\/uploads\\\/sites\\\/396\\\/2025\\\/02\\\/Jan_Beek_125-2.jpeg&quot;,\n        &quot;title&quot;: &quot;Jan_Beek_125 2&quot;,\n        &quot;width&quot;: 125,\n        &quot;height&quot;: 135\n    },\n    &quot;align&quot;: &quot;wide&quot;,\n    &quot;actions&quot;: [],\n    &quot;color&quot;: &quot;default&quot;\n}\">\n    \n<jgu-base-listitem react-props=\"{\n    &quot;title&quot;: &quot;&lt;strong&gt;Research Project: Policing as a Practice of&lt;\\\/strong&gt; &lt;strong&gt;Categorisation&lt;\\\/strong&gt;&quot;,\n    &quot;uuid&quot;: &quot;1702050773117&quot;,\n    &quot;link&quot;: {\n        &quot;url&quot;: null\n    },\n    &quot;align&quot;: &quot;wide&quot;,\n    &quot;showInActions&quot;: false,\n    &quot;allowNesting&quot;: true,\n    &quot;icon&quot;: &quot;&quot;,\n    &quot;showExpandableContent&quot;: false,\n    &quot;expandableContent&quot;: &quot;&quot;\n}\">\n    \n<\/jgu-base-listitem>\n\n<jgu-base-listitem react-props=\"{\n    &quot;icon&quot;: &quot;envelope-solid&quot;,\n    &quot;title&quot;: &quot;&lt;a href=\\&quot;mailto:beek@uni-mainz.de\\&quot;&gt;beek@uni-mainz.de&lt;\\\/a&gt;&quot;,\n    &quot;uuid&quot;: &quot;1699214817526&quot;,\n    &quot;link&quot;: {\n        &quot;url&quot;: &quot;mailto:beek@uni-mainz.de&quot;\n    },\n    &quot;align&quot;: &quot;wide&quot;,\n    &quot;showInActions&quot;: false,\n    &quot;allowNesting&quot;: true,\n    &quot;showExpandableContent&quot;: false,\n    &quot;expandableContent&quot;: &quot;&quot;\n}\">\n    \n<\/jgu-base-listitem>\n\n<jgu-base-listitem react-props=\"{\n    &quot;icon&quot;: &quot;phone-solid&quot;,\n    &quot;title&quot;: &quot;&lt;a href=\\&quot;tel:+4961313937295\\&quot; target=\\&quot;_blank\\&quot; rel=\\&quot;noreferrer noopener\\&quot;&gt;+49 6131 39-37295&lt;\\\/a&gt;&quot;,\n    &quot;uuid&quot;: &quot;1702050887439&quot;,\n    &quot;link&quot;: {\n        &quot;url&quot;: &quot;tel:+4961313937295&quot;\n    },\n    &quot;align&quot;: &quot;wide&quot;,\n    &quot;showInActions&quot;: false,\n    &quot;allowNesting&quot;: true,\n    &quot;showExpandableContent&quot;: false,\n    &quot;expandableContent&quot;: &quot;&quot;\n}\">\n    \n<\/jgu-base-listitem>\n\n<jgu-base-listitem react-props=\"{\n    &quot;icon&quot;: &quot;external-link-alt-solid&quot;,\n    &quot;title&quot;: &quot;&lt;a href=\\&quot;https:\\\/\\\/www.ifeas.uni-mainz.de\\\/dr-jan-beek\\\/\\&quot; data-type=\\&quot;page\\&quot; data-id=\\&quot;14885\\&quot;&gt;Profile page&lt;\\\/a&gt;&quot;,\n    &quot;uuid&quot;: &quot;1728307753949&quot;,\n    &quot;link&quot;: {\n        &quot;url&quot;: &quot;https:\\\/\\\/www.ifeas.uni-mainz.de\\\/dr-jan-beek\\\/&quot;\n    },\n    &quot;align&quot;: &quot;wide&quot;,\n    &quot;showInActions&quot;: false,\n    &quot;allowNesting&quot;: true,\n    &quot;showExpandableContent&quot;: false,\n    &quot;expandableContent&quot;: &quot;&quot;\n}\">\n    \n<\/jgu-base-listitem>\n\n<\/jgu-base-contactcard>\n\n<jgu-base-contactcard react-props=\"{\n    &quot;name&quot;: &quot;Rachel Esinam Etse, M.A.&quot;,\n    &quot;avatar&quot;: {\n        &quot;id&quot;: 15785,\n        &quot;url&quot;: &quot;https:\\\/\\\/cms.zdv.uni-mainz.de\\\/fb07-ifeas\\\/wp-content\\\/uploads\\\/sites\\\/396\\\/2025\\\/03\\\/Unknown-2-1.jpeg&quot;,\n        &quot;title&quot;: &quot;Unknown 2&quot;,\n        &quot;width&quot;: 960,\n        &quot;height&quot;: 960,\n        &quot;srcset&quot;: &quot;https:\\\/\\\/cms.zdv.uni-mainz.de\\\/fb07-ifeas\\\/wp-content\\\/uploads\\\/sites\\\/396\\\/2025\\\/03\\\/Unknown-2-1.jpeg 960w, https:\\\/\\\/cms.zdv.uni-mainz.de\\\/fb07-ifeas\\\/wp-content\\\/uploads\\\/sites\\\/396\\\/2025\\\/03\\\/Unknown-2-1-300x300.jpeg 300w, https:\\\/\\\/cms.zdv.uni-mainz.de\\\/fb07-ifeas\\\/wp-content\\\/uploads\\\/sites\\\/396\\\/2025\\\/03\\\/Unknown-2-1-150x150.jpeg 150w, https:\\\/\\\/cms.zdv.uni-mainz.de\\\/fb07-ifeas\\\/wp-content\\\/uploads\\\/sites\\\/396\\\/2025\\\/03\\\/Unknown-2-1-768x768.jpeg 768w&quot;\n    },\n    &quot;align&quot;: &quot;wide&quot;,\n    &quot;actions&quot;: [],\n    &quot;color&quot;: &quot;default&quot;\n}\">\n    \n<jgu-base-listitem react-props=\"{\n    &quot;title&quot;: &quot;&lt;strong&gt;Research Project: Policing as a Practice of &lt;strong&gt;Categorisation&lt;\\\/strong&gt;&lt;\\\/strong&gt;&quot;,\n    &quot;uuid&quot;: &quot;1732632794003&quot;,\n    &quot;link&quot;: {\n        &quot;url&quot;: null\n    },\n    &quot;align&quot;: &quot;wide&quot;,\n    &quot;showInActions&quot;: false,\n    &quot;allowNesting&quot;: true,\n    &quot;icon&quot;: &quot;&quot;,\n    &quot;showExpandableContent&quot;: false,\n    &quot;expandableContent&quot;: &quot;&quot;\n}\">\n    \n<\/jgu-base-listitem>\n\n<jgu-base-listitem react-props=\"{\n    &quot;icon&quot;: &quot;envelope-solid&quot;,\n    &quot;title&quot;: &quot;&lt;a href=\\&quot;mailto:raetse@uni-mainz.de\\&quot;&gt;raetse@uni-mainz.de&lt;\\\/a&gt;&quot;,\n    &quot;uuid&quot;: &quot;1732632994582&quot;,\n    &quot;link&quot;: {\n        &quot;url&quot;: &quot;mailto:raetse@uni-mainz.de&quot;\n    },\n    &quot;align&quot;: &quot;wide&quot;,\n    &quot;showInActions&quot;: false,\n    &quot;allowNesting&quot;: true,\n    &quot;showExpandableContent&quot;: false,\n    &quot;expandableContent&quot;: &quot;&quot;\n}\">\n    \n<\/jgu-base-listitem>\n\n<jgu-base-listitem react-props=\"{\n    &quot;icon&quot;: &quot;phone-solid&quot;,\n    &quot;title&quot;: &quot;&lt;a href=\\&quot;tel:+4961313921986\\&quot; target=\\&quot;_blank\\&quot; rel=\\&quot;noreferrer noopener\\&quot;&gt;+49 6131 39-21986&lt;\\\/a&gt;&quot;,\n    &quot;uuid&quot;: &quot;1732633092473&quot;,\n    &quot;link&quot;: {\n        &quot;url&quot;: &quot;tel:+4961313921986&quot;\n    },\n    &quot;align&quot;: &quot;wide&quot;,\n    &quot;showInActions&quot;: false,\n    &quot;allowNesting&quot;: true,\n    &quot;showExpandableContent&quot;: false,\n    &quot;expandableContent&quot;: &quot;&quot;\n}\">\n    \n<\/jgu-base-listitem>\n\n<jgu-base-listitem react-props=\"{\n    &quot;icon&quot;: &quot;external-link-alt-solid&quot;,\n    &quot;title&quot;: &quot;&lt;a href=\\&quot;https:\\\/\\\/www.ifeas.uni-mainz.de\\\/rachel-esinam-etse-m-a\\\/\\&quot; data-type=\\&quot;page\\&quot; data-id=\\&quot;15683\\&quot;&gt;Profile page&lt;\\\/a&gt;&quot;,\n    &quot;uuid&quot;: &quot;1732633157993&quot;,\n    &quot;link&quot;: {\n        &quot;url&quot;: &quot;https:\\\/\\\/www.ifeas.uni-mainz.de\\\/rachel-esinam-etse-m-a\\\/&quot;\n    },\n    &quot;align&quot;: &quot;wide&quot;,\n    &quot;showInActions&quot;: false,\n    &quot;allowNesting&quot;: true,\n    &quot;showExpandableContent&quot;: false,\n    &quot;expandableContent&quot;: &quot;&quot;\n}\">\n    \n<\/jgu-base-listitem>\n\n<\/jgu-base-contactcard>\n\n<jgu-base-contactcard react-props=\"{\n    &quot;name&quot;: &quot;Antonia Fendt, M.A.&quot;,\n    &quot;avatar&quot;: {\n        &quot;id&quot;: 12708,\n        &quot;url&quot;: &quot;https:\\\/\\\/cms.zdv.uni-mainz.de\\\/fb07-ifeas\\\/wp-content\\\/uploads\\\/sites\\\/396\\\/2025\\\/02\\\/Bild-Antonia-Fendt.jpeg&quot;,\n        &quot;credit&quot;: &quot;&quot;,\n        &quot;title&quot;: &quot;Bild Antonia Fendt&quot;,\n        &quot;width&quot;: 1802,\n        &quot;height&quot;: 1802,\n        &quot;srcset&quot;: &quot;https:\\\/\\\/cms.zdv.uni-mainz.de\\\/fb07-ifeas\\\/wp-content\\\/uploads\\\/sites\\\/396\\\/2025\\\/02\\\/Bild-Antonia-Fendt.jpeg 1802w, https:\\\/\\\/cms.zdv.uni-mainz.de\\\/fb07-ifeas\\\/wp-content\\\/uploads\\\/sites\\\/396\\\/2025\\\/02\\\/Bild-Antonia-Fendt-300x300.jpeg 300w, https:\\\/\\\/cms.zdv.uni-mainz.de\\\/fb07-ifeas\\\/wp-content\\\/uploads\\\/sites\\\/396\\\/2025\\\/02\\\/Bild-Antonia-Fendt-1024x1024.jpeg 1024w, https:\\\/\\\/cms.zdv.uni-mainz.de\\\/fb07-ifeas\\\/wp-content\\\/uploads\\\/sites\\\/396\\\/2025\\\/02\\\/Bild-Antonia-Fendt-150x150.jpeg 150w, https:\\\/\\\/cms.zdv.uni-mainz.de\\\/fb07-ifeas\\\/wp-content\\\/uploads\\\/sites\\\/396\\\/2025\\\/02\\\/Bild-Antonia-Fendt-768x768.jpeg 768w, https:\\\/\\\/cms.zdv.uni-mainz.de\\\/fb07-ifeas\\\/wp-content\\\/uploads\\\/sites\\\/396\\\/2025\\\/02\\\/Bild-Antonia-Fendt-1536x1536.jpeg 1536w, https:\\\/\\\/cms.zdv.uni-mainz.de\\\/fb07-ifeas\\\/wp-content\\\/uploads\\\/sites\\\/396\\\/2025\\\/02\\\/Bild-Antonia-Fendt-400x400.jpeg 400w, https:\\\/\\\/cms.zdv.uni-mainz.de\\\/fb07-ifeas\\\/wp-content\\\/uploads\\\/sites\\\/396\\\/2025\\\/02\\\/Bild-Antonia-Fendt-600x600.jpeg 600w&quot;\n    },\n    &quot;align&quot;: &quot;wide&quot;,\n    &quot;actions&quot;: [],\n    &quot;color&quot;: &quot;default&quot;\n}\">\n    \n<jgu-base-listitem react-props=\"{\n    &quot;title&quot;: &quot;&lt;strong&gt;Research Project: KOSTIMA&lt;\\\/strong&gt;&quot;,\n    &quot;uuid&quot;: &quot;1732632794003&quot;,\n    &quot;link&quot;: {\n        &quot;url&quot;: null\n    },\n    &quot;align&quot;: &quot;wide&quot;,\n    &quot;showInActions&quot;: false,\n    &quot;allowNesting&quot;: true,\n    &quot;icon&quot;: &quot;&quot;,\n    &quot;showExpandableContent&quot;: false,\n    &quot;expandableContent&quot;: &quot;&quot;\n}\">\n    \n<\/jgu-base-listitem>\n\n<jgu-base-listitem react-props=\"{\n    &quot;icon&quot;: &quot;envelope-solid&quot;,\n    &quot;title&quot;: &quot;&lt;a href=\\&quot;mailto:a.fendt@ub.uni-mainz.de\\&quot;&gt;a.fendt@ub.uni-mainz.de&lt;\\\/a&gt;&quot;,\n    &quot;uuid&quot;: &quot;1732632994582&quot;,\n    &quot;link&quot;: {\n        &quot;url&quot;: &quot;mailto:a.fendt@ub.uni-mainz.de&quot;\n    },\n    &quot;align&quot;: &quot;wide&quot;,\n    &quot;showInActions&quot;: false,\n    &quot;allowNesting&quot;: true,\n    &quot;showExpandableContent&quot;: false,\n    &quot;expandableContent&quot;: &quot;&quot;\n}\">\n    \n<\/jgu-base-listitem>\n\n<jgu-base-listitem react-props=\"{\n    &quot;icon&quot;: &quot;phone-solid&quot;,\n    &quot;title&quot;: &quot;&lt;a href=\\&quot;tel:+4961313931343\\&quot; target=\\&quot;_blank\\&quot; rel=\\&quot;noreferrer noopener\\&quot;&gt;+49 6131 39-31343&lt;\\\/a&gt;&quot;,\n    &quot;uuid&quot;: &quot;1744713121472&quot;,\n    &quot;link&quot;: {\n        &quot;url&quot;: &quot;tel:+4961313931343&quot;\n    },\n    &quot;align&quot;: &quot;wide&quot;,\n    &quot;showInActions&quot;: false,\n    &quot;allowNesting&quot;: true,\n    &quot;showExpandableContent&quot;: false,\n    &quot;expandableContent&quot;: &quot;&quot;\n}\">\n    \n<\/jgu-base-listitem>\n\n<jgu-base-listitem react-props=\"{\n    &quot;icon&quot;: &quot;external-link-alt-solid&quot;,\n    &quot;title&quot;: &quot;&lt;a href=\\&quot;https:\\\/\\\/www.ifeas.uni-mainz.de\\\/fendt\\\/\\&quot; data-type=\\&quot;page\\&quot; data-id=\\&quot;16361\\&quot;&gt;Profile page&lt;\\\/a&gt;&quot;,\n    &quot;uuid&quot;: &quot;1732633157993&quot;,\n    &quot;link&quot;: {\n        &quot;url&quot;: &quot;https:\\\/\\\/www.ifeas.uni-mainz.de\\\/fendt\\\/&quot;\n    },\n    &quot;align&quot;: &quot;wide&quot;,\n    &quot;showInActions&quot;: false,\n    &quot;allowNesting&quot;: true,\n    &quot;showExpandableContent&quot;: false,\n    &quot;expandableContent&quot;: &quot;&quot;\n}\">\n    \n<\/jgu-base-listitem>\n\n<\/jgu-base-contactcard>\n\n<jgu-base-contactcard react-props=\"{\n    &quot;name&quot;: &quot;Marion Grimberg, M.A.&quot;,\n    &quot;avatar&quot;: {\n        &quot;id&quot;: 15794,\n        &quot;url&quot;: &quot;https:\\\/\\\/cms.zdv.uni-mainz.de\\\/fb07-ifeas\\\/wp-content\\\/uploads\\\/sites\\\/396\\\/2025\\\/03\\\/8R7A2353-2.jpeg&quot;,\n        &quot;title&quot;: &quot;8R7A2353 2&quot;,\n        &quot;width&quot;: 960,\n        &quot;height&quot;: 960,\n        &quot;srcset&quot;: &quot;https:\\\/\\\/cms.zdv.uni-mainz.de\\\/fb07-ifeas\\\/wp-content\\\/uploads\\\/sites\\\/396\\\/2025\\\/03\\\/8R7A2353-2.jpeg 960w, https:\\\/\\\/cms.zdv.uni-mainz.de\\\/fb07-ifeas\\\/wp-content\\\/uploads\\\/sites\\\/396\\\/2025\\\/03\\\/8R7A2353-2-300x300.jpeg 300w, https:\\\/\\\/cms.zdv.uni-mainz.de\\\/fb07-ifeas\\\/wp-content\\\/uploads\\\/sites\\\/396\\\/2025\\\/03\\\/8R7A2353-2-150x150.jpeg 150w, https:\\\/\\\/cms.zdv.uni-mainz.de\\\/fb07-ifeas\\\/wp-content\\\/uploads\\\/sites\\\/396\\\/2025\\\/03\\\/8R7A2353-2-768x768.jpeg 768w&quot;\n    },\n    &quot;align&quot;: &quot;wide&quot;,\n    &quot;actions&quot;: [],\n    &quot;color&quot;: &quot;default&quot;\n}\">\n    \n<jgu-base-listitem react-props=\"{\n    &quot;title&quot;: &quot;&lt;strong&gt;Research Project: Colour-Based Human Differentiation&lt;\\\/strong&gt;&lt;strong&gt; &lt;\\\/strong&gt;&quot;,\n    &quot;uuid&quot;: &quot;1732632794003&quot;,\n    &quot;link&quot;: {\n        &quot;url&quot;: null\n    },\n    &quot;align&quot;: &quot;wide&quot;,\n    &quot;showInActions&quot;: false,\n    &quot;allowNesting&quot;: true,\n    &quot;icon&quot;: &quot;&quot;,\n    &quot;showExpandableContent&quot;: false,\n    &quot;expandableContent&quot;: &quot;&quot;\n}\">\n    \n<\/jgu-base-listitem>\n\n<jgu-base-listitem react-props=\"{\n    &quot;icon&quot;: &quot;envelope-solid&quot;,\n    &quot;title&quot;: &quot;&lt;a href=\\&quot;mailto:mgrimber@uni-mainz.de\\&quot;&gt;mgrimber@uni-mainz.de&lt;\\\/a&gt;&quot;,\n    &quot;uuid&quot;: &quot;1732632994582&quot;,\n    &quot;link&quot;: {\n        &quot;url&quot;: &quot;mailto:mgrimber@uni-mainz.de&quot;\n    },\n    &quot;align&quot;: &quot;wide&quot;,\n    &quot;showInActions&quot;: false,\n    &quot;allowNesting&quot;: true,\n    &quot;showExpandableContent&quot;: false,\n    &quot;expandableContent&quot;: &quot;&quot;\n}\">\n    \n<\/jgu-base-listitem>\n\n<jgu-base-listitem react-props=\"{\n    &quot;icon&quot;: &quot;phone-solid&quot;,\n    &quot;title&quot;: &quot;&lt;a href=\\&quot;tel:+4961313927442\\&quot; target=\\&quot;_blank\\&quot; rel=\\&quot;noreferrer noopener\\&quot;&gt;+49 6131 39-27442&lt;\\\/a&gt;&quot;,\n    &quot;uuid&quot;: &quot;1732633092473&quot;,\n    &quot;link&quot;: {\n        &quot;url&quot;: &quot;tel:+4961313927442&quot;\n    },\n    &quot;align&quot;: &quot;wide&quot;,\n    &quot;showInActions&quot;: false,\n    &quot;allowNesting&quot;: true,\n    &quot;showExpandableContent&quot;: false,\n    &quot;expandableContent&quot;: &quot;&quot;\n}\">\n    \n<\/jgu-base-listitem>\n\n<jgu-base-listitem react-props=\"{\n    &quot;icon&quot;: &quot;external-link-alt-solid&quot;,\n    &quot;title&quot;: &quot;&lt;a href=\\&quot;https:\\\/\\\/www.ifeas.uni-mainz.de\\\/marion-grimberg\\\/\\&quot; data-type=\\&quot;page\\&quot; data-id=\\&quot;15518\\&quot;&gt;Profile page&lt;\\\/a&gt;&quot;,\n    &quot;uuid&quot;: &quot;1732633157993&quot;,\n    &quot;link&quot;: {\n        &quot;url&quot;: &quot;https:\\\/\\\/www.ifeas.uni-mainz.de\\\/marion-grimberg\\\/&quot;\n    },\n    &quot;align&quot;: &quot;wide&quot;,\n    &quot;showInActions&quot;: false,\n    &quot;allowNesting&quot;: true,\n    &quot;showExpandableContent&quot;: false,\n    &quot;expandableContent&quot;: &quot;&quot;\n}\">\n    \n<\/jgu-base-listitem>\n\n<\/jgu-base-contactcard>\n\n<jgu-base-contactcard react-props=\"{\n    &quot;name&quot;: &quot;Elena Hern\\u00e1ndez, M.A.&quot;,\n    &quot;avatar&quot;: {\n        &quot;id&quot;: 11721,\n        &quot;url&quot;: &quot;https:\\\/\\\/cms.zdv.uni-mainz.de\\\/fb07-ifeas\\\/wp-content\\\/uploads\\\/sites\\\/396\\\/2025\\\/02\\\/Hernandez-683x1024-3.jpeg&quot;,\n        &quot;title&quot;: &quot;Hernandez-683x1024 3&quot;,\n        &quot;width&quot;: 683,\n        &quot;height&quot;: 753,\n        &quot;srcset&quot;: &quot;https:\\\/\\\/cms.zdv.uni-mainz.de\\\/fb07-ifeas\\\/wp-content\\\/uploads\\\/sites\\\/396\\\/2025\\\/02\\\/Hernandez-683x1024-3.jpeg 683w, https:\\\/\\\/cms.zdv.uni-mainz.de\\\/fb07-ifeas\\\/wp-content\\\/uploads\\\/sites\\\/396\\\/2025\\\/02\\\/Hernandez-683x1024-3-272x300.jpeg 272w&quot;\n    },\n    &quot;align&quot;: &quot;wide&quot;,\n    &quot;actions&quot;: [],\n    &quot;color&quot;: &quot;default&quot;\n}\">\n    \n<jgu-base-listitem react-props=\"{\n    &quot;title&quot;: &quot;&lt;strong&gt;Research Project: Aid Providers and Recipients of Aid&lt;\\\/strong&gt;&lt;strong&gt; &lt;\\\/strong&gt;&quot;,\n    &quot;uuid&quot;: &quot;1732632794003&quot;,\n    &quot;link&quot;: {\n        &quot;url&quot;: null\n    },\n    &quot;align&quot;: &quot;wide&quot;,\n    &quot;showInActions&quot;: false,\n    &quot;allowNesting&quot;: true,\n    &quot;icon&quot;: &quot;&quot;,\n    &quot;showExpandableContent&quot;: false,\n    &quot;expandableContent&quot;: &quot;&quot;\n}\">\n    \n<\/jgu-base-listitem>\n\n<jgu-base-listitem react-props=\"{\n    &quot;icon&quot;: &quot;envelope-solid&quot;,\n    &quot;title&quot;: &quot;&lt;a href=\\&quot;mailto:ehernnde@uni-mainz.de\\&quot;&gt;ehernnde@uni-mainz.de&lt;\\\/a&gt;&quot;,\n    &quot;uuid&quot;: &quot;1732632994582&quot;,\n    &quot;link&quot;: {\n        &quot;url&quot;: &quot;mailto:ehernnde@uni-mainz.de&quot;\n    },\n    &quot;align&quot;: &quot;wide&quot;,\n    &quot;showInActions&quot;: false,\n    &quot;allowNesting&quot;: true,\n    &quot;showExpandableContent&quot;: false,\n    &quot;expandableContent&quot;: &quot;&quot;\n}\">\n    \n<\/jgu-base-listitem>\n\n<jgu-base-listitem react-props=\"{\n    &quot;icon&quot;: &quot;phone-solid&quot;,\n    &quot;title&quot;: &quot;&lt;a href=\\&quot;tel:+4961313923730\\&quot; target=\\&quot;_blank\\&quot; rel=\\&quot;noreferrer noopener\\&quot;&gt;+49 6131 39-23730&lt;\\\/a&gt;&quot;,\n    &quot;uuid&quot;: &quot;1732633092473&quot;,\n    &quot;link&quot;: {\n        &quot;url&quot;: &quot;tel:+4961313923730&quot;\n    },\n    &quot;align&quot;: &quot;wide&quot;,\n    &quot;showInActions&quot;: false,\n    &quot;allowNesting&quot;: true,\n    &quot;showExpandableContent&quot;: false,\n    &quot;expandableContent&quot;: &quot;&quot;\n}\">\n    \n<\/jgu-base-listitem>\n\n<jgu-base-listitem react-props=\"{\n    &quot;icon&quot;: &quot;external-link-alt-solid&quot;,\n    &quot;title&quot;: &quot;&lt;a href=\\&quot;https:\\\/\\\/www.ifeas.uni-mainz.de\\\/hernandez\\\/\\&quot; data-type=\\&quot;page\\&quot; data-id=\\&quot;16052\\&quot;&gt;Profile page&lt;\\\/a&gt;&quot;,\n    &quot;uuid&quot;: &quot;1732633157993&quot;,\n    &quot;link&quot;: {\n        &quot;url&quot;: &quot;https:\\\/\\\/www.ifeas.uni-mainz.de\\\/hernandez\\\/&quot;\n    },\n    &quot;align&quot;: &quot;wide&quot;,\n    &quot;showInActions&quot;: false,\n    &quot;allowNesting&quot;: true,\n    &quot;showExpandableContent&quot;: false,\n    &quot;expandableContent&quot;: &quot;&quot;\n}\">\n    \n<\/jgu-base-listitem>\n\n<\/jgu-base-contactcard>\n\n<jgu-base-contactcard react-props=\"{\n    &quot;name&quot;: &quot;Christopher Hohl, M.A.&quot;,\n    &quot;avatar&quot;: {\n        &quot;id&quot;: 15800,\n        &quot;url&quot;: &quot;https:\\\/\\\/cms.zdv.uni-mainz.de\\\/fb07-ifeas\\\/wp-content\\\/uploads\\\/sites\\\/396\\\/2025\\\/03\\\/Hohl-2.jpeg&quot;,\n        &quot;title&quot;: &quot;Hohl 2&quot;,\n        &quot;width&quot;: 960,\n        &quot;height&quot;: 960,\n        &quot;srcset&quot;: &quot;https:\\\/\\\/cms.zdv.uni-mainz.de\\\/fb07-ifeas\\\/wp-content\\\/uploads\\\/sites\\\/396\\\/2025\\\/03\\\/Hohl-2.jpeg 960w, https:\\\/\\\/cms.zdv.uni-mainz.de\\\/fb07-ifeas\\\/wp-content\\\/uploads\\\/sites\\\/396\\\/2025\\\/03\\\/Hohl-2-300x300.jpeg 300w, https:\\\/\\\/cms.zdv.uni-mainz.de\\\/fb07-ifeas\\\/wp-content\\\/uploads\\\/sites\\\/396\\\/2025\\\/03\\\/Hohl-2-150x150.jpeg 150w, https:\\\/\\\/cms.zdv.uni-mainz.de\\\/fb07-ifeas\\\/wp-content\\\/uploads\\\/sites\\\/396\\\/2025\\\/03\\\/Hohl-2-768x768.jpeg 768w&quot;\n    },\n    &quot;align&quot;: &quot;wide&quot;,\n    &quot;actions&quot;: [],\n    &quot;color&quot;: &quot;default&quot;\n}\">\n    \n<jgu-base-listitem react-props=\"{\n    &quot;title&quot;: &quot;&lt;strong&gt;Research Project: Colour-Based Human Differentiation &lt;\\\/strong&gt;&quot;,\n    &quot;uuid&quot;: &quot;1702050773117&quot;,\n    &quot;link&quot;: {\n        &quot;url&quot;: null\n    },\n    &quot;align&quot;: &quot;wide&quot;,\n    &quot;showInActions&quot;: false,\n    &quot;allowNesting&quot;: true,\n    &quot;icon&quot;: &quot;&quot;,\n    &quot;showExpandableContent&quot;: false,\n    &quot;expandableContent&quot;: &quot;&quot;\n}\">\n    \n<\/jgu-base-listitem>\n\n<jgu-base-listitem react-props=\"{\n    &quot;icon&quot;: &quot;envelope-solid&quot;,\n    &quot;title&quot;: &quot;&lt;a href=\\&quot;mailto:chohl@uni-mainz.de\\&quot;&gt;chohl@uni-mainz.de&lt;\\\/a&gt;&quot;,\n    &quot;uuid&quot;: &quot;1699214817526&quot;,\n    &quot;link&quot;: {\n        &quot;url&quot;: &quot;mailto:chohl@uni-mainz.de&quot;\n    },\n    &quot;align&quot;: &quot;wide&quot;,\n    &quot;showInActions&quot;: false,\n    &quot;allowNesting&quot;: true,\n    &quot;showExpandableContent&quot;: false,\n    &quot;expandableContent&quot;: &quot;&quot;\n}\">\n    \n<\/jgu-base-listitem>\n\n<jgu-base-listitem react-props=\"{\n    &quot;icon&quot;: &quot;phone-solid&quot;,\n    &quot;title&quot;: &quot;&lt;a href=\\&quot;tel:+4961313920584\\&quot; target=\\&quot;_blank\\&quot; rel=\\&quot;noreferrer noopener\\&quot;&gt;+49 6131 39-20584&lt;\\\/a&gt;&quot;,\n    &quot;uuid&quot;: &quot;1702050887439&quot;,\n    &quot;link&quot;: {\n        &quot;url&quot;: &quot;tel:+4961313920584&quot;\n    },\n    &quot;align&quot;: &quot;wide&quot;,\n    &quot;showInActions&quot;: false,\n    &quot;allowNesting&quot;: true,\n    &quot;showExpandableContent&quot;: false,\n    &quot;expandableContent&quot;: &quot;&quot;\n}\">\n    \n<\/jgu-base-listitem>\n\n<jgu-base-listitem react-props=\"{\n    &quot;icon&quot;: &quot;external-link-alt-solid&quot;,\n    &quot;title&quot;: &quot;&lt;a href=\\&quot;https:\\\/\\\/www.ifeas.uni-mainz.de\\\/christopher-hohl-m-a\\\/\\&quot; data-type=\\&quot;page\\&quot; data-id=\\&quot;15578\\&quot;&gt;Profile page&lt;\\\/a&gt;&quot;,\n    &quot;uuid&quot;: &quot;1728307753949&quot;,\n    &quot;link&quot;: {\n        &quot;url&quot;: &quot;https:\\\/\\\/www.ifeas.uni-mainz.de\\\/christopher-hohl-m-a\\\/&quot;\n    },\n    &quot;align&quot;: &quot;wide&quot;,\n    &quot;showInActions&quot;: false,\n    &quot;allowNesting&quot;: true,\n    &quot;showExpandableContent&quot;: false,\n    &quot;expandableContent&quot;: &quot;&quot;\n}\">\n    \n<\/jgu-base-listitem>\n\n<\/jgu-base-contactcard>\n\n<jgu-base-contactcard react-props=\"{\n    &quot;name&quot;: &quot;Dr. Bakar Abdul-Rashid Jeduah&quot;,\n    &quot;avatar&quot;: {\n        &quot;id&quot;: 16448,\n        &quot;url&quot;: &quot;https:\\\/\\\/cms.zdv.uni-mainz.de\\\/fb07-ifeas\\\/wp-content\\\/uploads\\\/sites\\\/396\\\/2025\\\/04\\\/photo-scaled.jpg&quot;,\n        &quot;title&quot;: &quot;photo&quot;,\n        &quot;width&quot;: 1920,\n        &quot;height&quot;: 2560,\n        &quot;srcset&quot;: &quot;https:\\\/\\\/cms.zdv.uni-mainz.de\\\/fb07-ifeas\\\/wp-content\\\/uploads\\\/sites\\\/396\\\/2025\\\/04\\\/photo-scaled.jpg 1920w, https:\\\/\\\/cms.zdv.uni-mainz.de\\\/fb07-ifeas\\\/wp-content\\\/uploads\\\/sites\\\/396\\\/2025\\\/04\\\/photo-225x300.jpg 225w, https:\\\/\\\/cms.zdv.uni-mainz.de\\\/fb07-ifeas\\\/wp-content\\\/uploads\\\/sites\\\/396\\\/2025\\\/04\\\/photo-768x1024.jpg 768w, https:\\\/\\\/cms.zdv.uni-mainz.de\\\/fb07-ifeas\\\/wp-content\\\/uploads\\\/sites\\\/396\\\/2025\\\/04\\\/photo-1152x1536.jpg 1152w, https:\\\/\\\/cms.zdv.uni-mainz.de\\\/fb07-ifeas\\\/wp-content\\\/uploads\\\/sites\\\/396\\\/2025\\\/04\\\/photo-1536x2048.jpg 1536w&quot;\n    },\n    &quot;align&quot;: &quot;wide&quot;,\n    &quot;actions&quot;: [],\n    &quot;color&quot;: &quot;default&quot;\n}\">\n    \n<jgu-base-listitem react-props=\"{\n    &quot;title&quot;: &quot;&lt;strong&gt;Research Project: CEDITRAA &lt;\\\/strong&gt;&quot;,\n    &quot;uuid&quot;: &quot;1702050773117&quot;,\n    &quot;link&quot;: {\n        &quot;url&quot;: null\n    },\n    &quot;align&quot;: &quot;wide&quot;,\n    &quot;showInActions&quot;: false,\n    &quot;allowNesting&quot;: true,\n    &quot;icon&quot;: &quot;&quot;,\n    &quot;showExpandableContent&quot;: false,\n    &quot;expandableContent&quot;: &quot;&quot;\n}\">\n    \n<\/jgu-base-listitem>\n\n<jgu-base-listitem react-props=\"{\n    &quot;icon&quot;: &quot;envelope-solid&quot;,\n    &quot;title&quot;: &quot;&lt;a href=\\&quot;mailto:jeduahra@uni-mainz.de\\&quot;&gt;jeduahra@uni-mainz.de&lt;\\\/a&gt;&quot;,\n    &quot;uuid&quot;: &quot;1699214817526&quot;,\n    &quot;link&quot;: {\n        &quot;url&quot;: &quot;mailto:jeduahra@uni-mainz.de&quot;\n    },\n    &quot;align&quot;: &quot;wide&quot;,\n    &quot;showInActions&quot;: false,\n    &quot;allowNesting&quot;: true,\n    &quot;showExpandableContent&quot;: false,\n    &quot;expandableContent&quot;: &quot;&quot;\n}\">\n    \n<\/jgu-base-listitem>\n\n<jgu-base-listitem react-props=\"{\n    &quot;icon&quot;: &quot;phone-solid&quot;,\n    &quot;title&quot;: &quot;&lt;a href=\\&quot;tel:+4961313924976\\&quot; target=\\&quot;_blank\\&quot; rel=\\&quot;noreferrer noopener\\&quot;&gt;+49 6131 39-24976&lt;\\\/a&gt;&quot;,\n    &quot;uuid&quot;: &quot;1702050887439&quot;,\n    &quot;link&quot;: {\n        &quot;url&quot;: &quot;tel:+4961313924976&quot;\n    },\n    &quot;align&quot;: &quot;wide&quot;,\n    &quot;showInActions&quot;: false,\n    &quot;allowNesting&quot;: true,\n    &quot;showExpandableContent&quot;: false,\n    &quot;expandableContent&quot;: &quot;&quot;\n}\">\n    \n<\/jgu-base-listitem>\n\n<jgu-base-listitem react-props=\"{\n    &quot;icon&quot;: &quot;external-link-alt-solid&quot;,\n    &quot;title&quot;: &quot;&lt;a href=\\&quot;https:\\\/\\\/www.ifeas.uni-mainz.de\\\/jeduah\\\/\\&quot; data-type=\\&quot;page\\&quot; data-id=\\&quot;15944\\&quot;&gt;Profile page&lt;\\\/a&gt;&quot;,\n    &quot;uuid&quot;: &quot;1728307753949&quot;,\n    &quot;link&quot;: {\n        &quot;url&quot;: &quot;https:\\\/\\\/www.ifeas.uni-mainz.de\\\/jeduah\\\/&quot;\n    },\n    &quot;align&quot;: &quot;wide&quot;,\n    &quot;showInActions&quot;: false,\n    &quot;allowNesting&quot;: true,\n    &quot;showExpandableContent&quot;: false,\n    &quot;expandableContent&quot;: &quot;&quot;\n}\">\n    \n<\/jgu-base-listitem>\n\n<\/jgu-base-contactcard>\n\n<jgu-base-contactcard react-props=\"{\n    &quot;name&quot;: &quot;Jan Knipping, M.A.&quot;,\n    &quot;avatar&quot;: {\n        &quot;id&quot;: 16469,\n        &quot;url&quot;: &quot;https:\\\/\\\/cms.zdv.uni-mainz.de\\\/fb07-ifeas\\\/wp-content\\\/uploads\\\/sites\\\/396\\\/2025\\\/04\\\/Headshot_JanKnipping_FotoMerleMeier-1-1.png&quot;,\n        &quot;credit&quot;: &quot;&quot;,\n        &quot;title&quot;: &quot;Headshot_JanKnipping_FotoMerleMeier (1)&quot;,\n        &quot;width&quot;: 2820,\n        &quot;height&quot;: 4235,\n        &quot;srcset&quot;: &quot;https:\\\/\\\/cms.zdv.uni-mainz.de\\\/fb07-ifeas\\\/wp-content\\\/uploads\\\/sites\\\/396\\\/2025\\\/04\\\/Headshot_JanKnipping_FotoMerleMeier-1-1.png 2820w, https:\\\/\\\/cms.zdv.uni-mainz.de\\\/fb07-ifeas\\\/wp-content\\\/uploads\\\/sites\\\/396\\\/2025\\\/04\\\/Headshot_JanKnipping_FotoMerleMeier-1-1-200x300.png 200w, https:\\\/\\\/cms.zdv.uni-mainz.de\\\/fb07-ifeas\\\/wp-content\\\/uploads\\\/sites\\\/396\\\/2025\\\/04\\\/Headshot_JanKnipping_FotoMerleMeier-1-1-682x1024.png 682w, https:\\\/\\\/cms.zdv.uni-mainz.de\\\/fb07-ifeas\\\/wp-content\\\/uploads\\\/sites\\\/396\\\/2025\\\/04\\\/Headshot_JanKnipping_FotoMerleMeier-1-1-768x1153.png 768w, https:\\\/\\\/cms.zdv.uni-mainz.de\\\/fb07-ifeas\\\/wp-content\\\/uploads\\\/sites\\\/396\\\/2025\\\/04\\\/Headshot_JanKnipping_FotoMerleMeier-1-1-1023x1536.png 1023w, https:\\\/\\\/cms.zdv.uni-mainz.de\\\/fb07-ifeas\\\/wp-content\\\/uploads\\\/sites\\\/396\\\/2025\\\/04\\\/Headshot_JanKnipping_FotoMerleMeier-1-1-1364x2048.png 1364w&quot;\n    },\n    &quot;align&quot;: &quot;wide&quot;,\n    &quot;actions&quot;: [],\n    &quot;color&quot;: &quot;default&quot;\n}\">\n    \n<jgu-base-listitem react-props=\"{\n    &quot;title&quot;: &quot;&lt;strong&gt;Research Project: KOSTIMA&lt;\\\/strong&gt;&lt;strong&gt; &lt;\\\/strong&gt;&quot;,\n    &quot;uuid&quot;: &quot;1732632794003&quot;,\n    &quot;link&quot;: {\n        &quot;url&quot;: null\n    },\n    &quot;align&quot;: &quot;wide&quot;,\n    &quot;showInActions&quot;: false,\n    &quot;allowNesting&quot;: true,\n    &quot;icon&quot;: &quot;&quot;,\n    &quot;showExpandableContent&quot;: false,\n    &quot;expandableContent&quot;: &quot;&quot;\n}\">\n    \n<\/jgu-base-listitem>\n\n<jgu-base-listitem react-props=\"{\n    &quot;icon&quot;: &quot;envelope-solid&quot;,\n    &quot;title&quot;: &quot;&lt;a href=\\&quot;mailto:j.knipping@uni-mainz.de\\&quot;&gt;j.knipping@uni-mainz.de&lt;\\\/a&gt;&quot;,\n    &quot;uuid&quot;: &quot;1732632994582&quot;,\n    &quot;link&quot;: {\n        &quot;url&quot;: &quot;mailto:j.knipping@uni-mainz.de&quot;\n    },\n    &quot;align&quot;: &quot;wide&quot;,\n    &quot;showInActions&quot;: false,\n    &quot;allowNesting&quot;: true,\n    &quot;showExpandableContent&quot;: false,\n    &quot;expandableContent&quot;: &quot;&quot;\n}\">\n    \n<\/jgu-base-listitem>\n\n<jgu-base-listitem react-props=\"{\n    &quot;icon&quot;: &quot;phone-solid&quot;,\n    &quot;title&quot;: &quot;&lt;a href=\\&quot;tel:+4961313922779\\&quot; target=\\&quot;_blank\\&quot; rel=\\&quot;noreferrer noopener\\&quot;&gt;+49 6131 39-22779&lt;\\\/a&gt;&quot;,\n    &quot;uuid&quot;: &quot;1732633092473&quot;,\n    &quot;link&quot;: {\n        &quot;url&quot;: &quot;tel:+4961313922779&quot;\n    },\n    &quot;align&quot;: &quot;wide&quot;,\n    &quot;showInActions&quot;: false,\n    &quot;allowNesting&quot;: true,\n    &quot;showExpandableContent&quot;: false,\n    &quot;expandableContent&quot;: &quot;&quot;\n}\">\n    \n<\/jgu-base-listitem>\n\n<jgu-base-listitem react-props=\"{\n    &quot;icon&quot;: &quot;external-link-alt-solid&quot;,\n    &quot;title&quot;: &quot;&lt;a href=\\&quot;https:\\\/\\\/www.ifeas.uni-mainz.de\\\/jan-knipping-m-a\\\/\\&quot; data-type=\\&quot;page\\&quot; data-id=\\&quot;16109\\&quot;&gt;Profile page&lt;\\\/a&gt;&quot;,\n    &quot;uuid&quot;: &quot;1732633157993&quot;,\n    &quot;link&quot;: {\n        &quot;url&quot;: &quot;https:\\\/\\\/www.ifeas.uni-mainz.de\\\/jan-knipping-m-a\\\/&quot;\n    },\n    &quot;align&quot;: &quot;wide&quot;,\n    &quot;showInActions&quot;: false,\n    &quot;allowNesting&quot;: true,\n    &quot;showExpandableContent&quot;: false,\n    &quot;expandableContent&quot;: &quot;&quot;\n}\">\n    \n<\/jgu-base-listitem>\n\n<\/jgu-base-contactcard>\n\n<jgu-base-contactcard react-props=\"{\n    &quot;name&quot;: &quot;Dr. Katrin Langewiesche&quot;,\n    &quot;avatar&quot;: {\n        &quot;id&quot;: 12039,\n        &quot;url&quot;: &quot;https:\\\/\\\/cms.zdv.uni-mainz.de\\\/fb07-ifeas\\\/wp-content\\\/uploads\\\/sites\\\/396\\\/2025\\\/02\\\/Langewiesche-photo.jpg&quot;,\n        &quot;title&quot;: &quot;Langewiesche-photo&quot;,\n        &quot;width&quot;: 162,\n        &quot;height&quot;: 200\n    },\n    &quot;align&quot;: &quot;wide&quot;,\n    &quot;actions&quot;: [],\n    &quot;color&quot;: &quot;default&quot;\n}\">\n    \n<jgu-base-listitem react-props=\"{\n    &quot;title&quot;: &quot;&lt;strong&gt;Research Project: DivTradBF&lt;\\\/strong&gt;&lt;strong&gt; &lt;\\\/strong&gt;&quot;,\n    &quot;uuid&quot;: &quot;1732632794003&quot;,\n    &quot;link&quot;: {\n        &quot;url&quot;: null\n    },\n    &quot;align&quot;: &quot;wide&quot;,\n    &quot;showInActions&quot;: false,\n    &quot;allowNesting&quot;: true,\n    &quot;icon&quot;: &quot;&quot;,\n    &quot;showExpandableContent&quot;: false,\n    &quot;expandableContent&quot;: &quot;&quot;\n}\">\n    \n<\/jgu-base-listitem>\n\n<jgu-base-listitem react-props=\"{\n    &quot;icon&quot;: &quot;envelope-solid&quot;,\n    &quot;title&quot;: &quot;&lt;a href=\\&quot;mailto:langewie@uni-mainz.de\\&quot;&gt;langewie@uni-mainz.de&lt;\\\/a&gt;&quot;,\n    &quot;uuid&quot;: &quot;1732632994582&quot;,\n    &quot;link&quot;: {\n        &quot;url&quot;: &quot;mailto:langewie@uni-mainz.de&quot;\n    },\n    &quot;align&quot;: &quot;wide&quot;,\n    &quot;showInActions&quot;: false,\n    &quot;allowNesting&quot;: true,\n    &quot;showExpandableContent&quot;: false,\n    &quot;expandableContent&quot;: &quot;&quot;\n}\">\n    \n<\/jgu-base-listitem>\n\n<jgu-base-listitem react-props=\"{\n    &quot;icon&quot;: &quot;phone-solid&quot;,\n    &quot;title&quot;: &quot;&lt;a href=\\&quot;tel:+4961313922798\\&quot; target=\\&quot;_blank\\&quot; rel=\\&quot;noreferrer noopener\\&quot;&gt;+49 6131 39-22798&lt;\\\/a&gt;&quot;,\n    &quot;uuid&quot;: &quot;1732633092473&quot;,\n    &quot;link&quot;: {\n        &quot;url&quot;: &quot;tel:+4961313922798&quot;\n    },\n    &quot;align&quot;: &quot;wide&quot;,\n    &quot;showInActions&quot;: false,\n    &quot;allowNesting&quot;: true,\n    &quot;showExpandableContent&quot;: false,\n    &quot;expandableContent&quot;: &quot;&quot;\n}\">\n    \n<\/jgu-base-listitem>\n\n<jgu-base-listitem react-props=\"{\n    &quot;icon&quot;: &quot;external-link-alt-solid&quot;,\n    &quot;title&quot;: &quot;&lt;a href=\\&quot;https:\\\/\\\/www.ifeas.uni-mainz.de\\\/langewiesche\\\/\\&quot; data-type=\\&quot;page\\&quot; data-id=\\&quot;20746\\&quot;&gt;Profile page&lt;\\\/a&gt;&quot;,\n    &quot;uuid&quot;: &quot;1732633157993&quot;,\n    &quot;link&quot;: {\n        &quot;url&quot;: &quot;https:\\\/\\\/www.ifeas.uni-mainz.de\\\/langewiesche\\\/&quot;\n    },\n    &quot;align&quot;: &quot;wide&quot;,\n    &quot;showInActions&quot;: false,\n    &quot;allowNesting&quot;: true,\n    &quot;showExpandableContent&quot;: false,\n    &quot;expandableContent&quot;: &quot;&quot;\n}\">\n    \n<\/jgu-base-listitem>\n\n<\/jgu-base-contactcard>\n\n<jgu-base-contactcard react-props=\"{\n    &quot;name&quot;: &quot;Dr. Jeanett Martin&quot;,\n    &quot;avatar&quot;: {\n        &quot;id&quot;: 19359,\n        &quot;url&quot;: &quot;https:\\\/\\\/cms.zdv.uni-mainz.de\\\/fb07-ifeas\\\/wp-content\\\/uploads\\\/sites\\\/396\\\/2025\\\/05\\\/Foto-Martin-aktuell-2.jpeg&quot;,\n        &quot;title&quot;: &quot;Foto Martin aktuell 2&quot;,\n        &quot;width&quot;: 320,\n        &quot;height&quot;: 400,\n        &quot;srcset&quot;: &quot;https:\\\/\\\/cms.zdv.uni-mainz.de\\\/fb07-ifeas\\\/wp-content\\\/uploads\\\/sites\\\/396\\\/2025\\\/05\\\/Foto-Martin-aktuell-2.jpeg 320w, https:\\\/\\\/cms.zdv.uni-mainz.de\\\/fb07-ifeas\\\/wp-content\\\/uploads\\\/sites\\\/396\\\/2025\\\/05\\\/Foto-Martin-aktuell-2-240x300.jpeg 240w&quot;\n    },\n    &quot;align&quot;: &quot;wide&quot;,\n    &quot;actions&quot;: [],\n    &quot;color&quot;: &quot;default&quot;\n}\">\n    \n<jgu-base-listitem react-props=\"{\n    &quot;title&quot;: &quot;&lt;strong&gt;Research Project: African traders&#039; agency on global cloth markets&lt;\\\/strong&gt;&quot;,\n    &quot;uuid&quot;: &quot;1732632794003&quot;,\n    &quot;link&quot;: {\n        &quot;url&quot;: null\n    },\n    &quot;align&quot;: &quot;wide&quot;,\n    &quot;showInActions&quot;: false,\n    &quot;allowNesting&quot;: true,\n    &quot;icon&quot;: &quot;&quot;,\n    &quot;showExpandableContent&quot;: false,\n    &quot;expandableContent&quot;: &quot;&quot;\n}\">\n    \n<\/jgu-base-listitem>\n\n<jgu-base-listitem react-props=\"{\n    &quot;icon&quot;: &quot;envelope-solid&quot;,\n    &quot;title&quot;: &quot;&lt;a href=\\&quot;mailto:jemartin@uni-mainz.de\\&quot;&gt;jemartin@uni-mainz.de&lt;\\\/a&gt;&quot;,\n    &quot;uuid&quot;: &quot;1732632994582&quot;,\n    &quot;link&quot;: {\n        &quot;url&quot;: &quot;mailto:jemartin@uni-mainz.de&quot;\n    },\n    &quot;align&quot;: &quot;wide&quot;,\n    &quot;showInActions&quot;: false,\n    &quot;allowNesting&quot;: true,\n    &quot;showExpandableContent&quot;: false,\n    &quot;expandableContent&quot;: &quot;&quot;\n}\">\n    \n<\/jgu-base-listitem>\n\n<jgu-base-listitem react-props=\"{\n    &quot;icon&quot;: &quot;external-link-alt-solid&quot;,\n    &quot;title&quot;: &quot;&lt;a href=\\&quot;https:\\\/\\\/www.ifeas.uni-mainz.de\\\/martin\\\/\\&quot; data-type=\\&quot;page\\&quot; data-id=\\&quot;19353\\&quot;&gt;Profile page&lt;\\\/a&gt;&quot;,\n    &quot;uuid&quot;: &quot;1732633157993&quot;,\n    &quot;link&quot;: {\n        &quot;url&quot;: &quot;https:\\\/\\\/www.ifeas.uni-mainz.de\\\/martin\\\/&quot;\n    },\n    &quot;align&quot;: &quot;wide&quot;,\n    &quot;showInActions&quot;: false,\n    &quot;allowNesting&quot;: true,\n    &quot;showExpandableContent&quot;: false,\n    &quot;expandableContent&quot;: &quot;&quot;\n}\">\n    \n<\/jgu-base-listitem>\n\n<\/jgu-base-contactcard>\n\n<jgu-base-contactcard react-props=\"{\n    &quot;name&quot;: &quot;Theresa Mentrup, M.A.&quot;,\n    &quot;avatar&quot;: {\n        &quot;id&quot;: 12051,\n        &quot;url&quot;: &quot;https:\\\/\\\/cms.zdv.uni-mainz.de\\\/fb07-ifeas\\\/wp-content\\\/uploads\\\/sites\\\/396\\\/2025\\\/02\\\/Foto-Mentrup-2021-scaled-1.jpeg&quot;,\n        &quot;title&quot;: &quot;Foto-Mentrup-2021-scaled&quot;,\n        &quot;width&quot;: 1800,\n        &quot;height&quot;: 1800,\n        &quot;srcset&quot;: &quot;https:\\\/\\\/cms.zdv.uni-mainz.de\\\/fb07-ifeas\\\/wp-content\\\/uploads\\\/sites\\\/396\\\/2025\\\/02\\\/Foto-Mentrup-2021-scaled-1.jpeg 1800w, https:\\\/\\\/cms.zdv.uni-mainz.de\\\/fb07-ifeas\\\/wp-content\\\/uploads\\\/sites\\\/396\\\/2025\\\/02\\\/Foto-Mentrup-2021-scaled-1-300x300.jpeg 300w, https:\\\/\\\/cms.zdv.uni-mainz.de\\\/fb07-ifeas\\\/wp-content\\\/uploads\\\/sites\\\/396\\\/2025\\\/02\\\/Foto-Mentrup-2021-scaled-1-1024x1024.jpeg 1024w, https:\\\/\\\/cms.zdv.uni-mainz.de\\\/fb07-ifeas\\\/wp-content\\\/uploads\\\/sites\\\/396\\\/2025\\\/02\\\/Foto-Mentrup-2021-scaled-1-150x150.jpeg 150w, https:\\\/\\\/cms.zdv.uni-mainz.de\\\/fb07-ifeas\\\/wp-content\\\/uploads\\\/sites\\\/396\\\/2025\\\/02\\\/Foto-Mentrup-2021-scaled-1-768x768.jpeg 768w, https:\\\/\\\/cms.zdv.uni-mainz.de\\\/fb07-ifeas\\\/wp-content\\\/uploads\\\/sites\\\/396\\\/2025\\\/02\\\/Foto-Mentrup-2021-scaled-1-1536x1536.jpeg 1536w, https:\\\/\\\/cms.zdv.uni-mainz.de\\\/fb07-ifeas\\\/wp-content\\\/uploads\\\/sites\\\/396\\\/2025\\\/02\\\/Foto-Mentrup-2021-scaled-1-400x400.jpeg 400w, https:\\\/\\\/cms.zdv.uni-mainz.de\\\/fb07-ifeas\\\/wp-content\\\/uploads\\\/sites\\\/396\\\/2025\\\/02\\\/Foto-Mentrup-2021-scaled-1-600x600.jpeg 600w&quot;\n    },\n    &quot;align&quot;: &quot;wide&quot;,\n    &quot;actions&quot;: [],\n    &quot;color&quot;: &quot;default&quot;\n}\">\n    \n<jgu-base-listitem react-props=\"{\n    &quot;title&quot;: &quot;&lt;strong&gt;Research Project: The Administration of Loss&lt;\\\/strong&gt;&lt;strong&gt; &lt;\\\/strong&gt;&quot;,\n    &quot;uuid&quot;: &quot;1732632794003&quot;,\n    &quot;link&quot;: {\n        &quot;url&quot;: null\n    },\n    &quot;align&quot;: &quot;wide&quot;,\n    &quot;showInActions&quot;: false,\n    &quot;allowNesting&quot;: true,\n    &quot;icon&quot;: &quot;&quot;,\n    &quot;showExpandableContent&quot;: false,\n    &quot;expandableContent&quot;: &quot;&quot;\n}\">\n    \n<\/jgu-base-listitem>\n\n<jgu-base-listitem react-props=\"{\n    &quot;icon&quot;: &quot;envelope-solid&quot;,\n    &quot;title&quot;: &quot;&lt;a href=\\&quot;mailto:tmentrup@uni-mainz.de\\&quot;&gt;tmentrup@uni-mainz.de&lt;\\\/a&gt;&quot;,\n    &quot;uuid&quot;: &quot;1732632994582&quot;,\n    &quot;link&quot;: {\n        &quot;url&quot;: &quot;mailto:tmentrup@uni-mainz.de&quot;\n    },\n    &quot;align&quot;: &quot;wide&quot;,\n    &quot;showInActions&quot;: false,\n    &quot;allowNesting&quot;: true,\n    &quot;showExpandableContent&quot;: false,\n    &quot;expandableContent&quot;: &quot;&quot;\n}\">\n    \n<\/jgu-base-listitem>\n\n<jgu-base-listitem react-props=\"{\n    &quot;icon&quot;: &quot;phone-solid&quot;,\n    &quot;title&quot;: &quot;&lt;a href=\\&quot;tel:+4961313936077\\&quot; target=\\&quot;_blank\\&quot; rel=\\&quot;noreferrer noopener\\&quot;&gt;+49 6131 39-36077&lt;\\\/a&gt;&quot;,\n    &quot;uuid&quot;: &quot;1732633092473&quot;,\n    &quot;link&quot;: {\n        &quot;url&quot;: &quot;tel:+4961313936077&quot;\n    },\n    &quot;align&quot;: &quot;wide&quot;,\n    &quot;showInActions&quot;: false,\n    &quot;allowNesting&quot;: true,\n    &quot;showExpandableContent&quot;: false,\n    &quot;expandableContent&quot;: &quot;&quot;\n}\">\n    \n<\/jgu-base-listitem>\n\n<jgu-base-listitem react-props=\"{\n    &quot;icon&quot;: &quot;external-link-alt-solid&quot;,\n    &quot;title&quot;: &quot;&lt;a href=\\&quot;https:\\\/\\\/www.ifeas.uni-mainz.de\\\/theresa-mentrup-m-a\\\/\\&quot; data-type=\\&quot;page\\&quot; data-id=\\&quot;16148\\&quot;&gt;Profile page&lt;\\\/a&gt;&quot;,\n    &quot;uuid&quot;: &quot;1732633157993&quot;,\n    &quot;link&quot;: {\n        &quot;url&quot;: &quot;https:\\\/\\\/www.ifeas.uni-mainz.de\\\/theresa-mentrup-m-a\\\/&quot;\n    },\n    &quot;align&quot;: &quot;wide&quot;,\n    &quot;showInActions&quot;: false,\n    &quot;allowNesting&quot;: true,\n    &quot;showExpandableContent&quot;: false,\n    &quot;expandableContent&quot;: &quot;&quot;\n}\">\n    \n<\/jgu-base-listitem>\n\n<\/jgu-base-contactcard>\n\n<jgu-base-contactcard react-props=\"{\n    &quot;name&quot;: &quot;Elena Reichl, M.A.&quot;,\n    &quot;avatar&quot;: {\n        &quot;id&quot;: 15806,\n        &quot;url&quot;: &quot;https:\\\/\\\/cms.zdv.uni-mainz.de\\\/fb07-ifeas\\\/wp-content\\\/uploads\\\/sites\\\/396\\\/2025\\\/03\\\/reichl-bild-2.jpeg&quot;,\n        &quot;title&quot;: &quot;reichl bild 2&quot;,\n        &quot;width&quot;: 960,\n        &quot;height&quot;: 960,\n        &quot;srcset&quot;: &quot;https:\\\/\\\/cms.zdv.uni-mainz.de\\\/fb07-ifeas\\\/wp-content\\\/uploads\\\/sites\\\/396\\\/2025\\\/03\\\/reichl-bild-2.jpeg 960w, https:\\\/\\\/cms.zdv.uni-mainz.de\\\/fb07-ifeas\\\/wp-content\\\/uploads\\\/sites\\\/396\\\/2025\\\/03\\\/reichl-bild-2-300x300.jpeg 300w, https:\\\/\\\/cms.zdv.uni-mainz.de\\\/fb07-ifeas\\\/wp-content\\\/uploads\\\/sites\\\/396\\\/2025\\\/03\\\/reichl-bild-2-150x150.jpeg 150w, https:\\\/\\\/cms.zdv.uni-mainz.de\\\/fb07-ifeas\\\/wp-content\\\/uploads\\\/sites\\\/396\\\/2025\\\/03\\\/reichl-bild-2-768x768.jpeg 768w&quot;\n    },\n    &quot;align&quot;: &quot;wide&quot;,\n    &quot;actions&quot;: [],\n    &quot;color&quot;: &quot;default&quot;\n}\">\n    \n<jgu-base-listitem react-props=\"{\n    &quot;title&quot;: &quot;&lt;strong&gt;Research Project: Aid Providers and Recipients of Aid&lt;\\\/strong&gt;&lt;strong&gt; &lt;\\\/strong&gt;&quot;,\n    &quot;uuid&quot;: &quot;1732632794003&quot;,\n    &quot;link&quot;: {\n        &quot;url&quot;: null\n    },\n    &quot;align&quot;: &quot;wide&quot;,\n    &quot;showInActions&quot;: false,\n    &quot;allowNesting&quot;: true,\n    &quot;icon&quot;: &quot;&quot;,\n    &quot;showExpandableContent&quot;: false,\n    &quot;expandableContent&quot;: &quot;&quot;\n}\">\n    \n<\/jgu-base-listitem>\n\n<jgu-base-listitem react-props=\"{\n    &quot;icon&quot;: &quot;envelope-solid&quot;,\n    &quot;title&quot;: &quot;&lt;a href=\\&quot;mailto:elreichl@uni-mainz.de\\&quot;&gt;elreichl@uni-mainz.de&lt;\\\/a&gt;&quot;,\n    &quot;uuid&quot;: &quot;1732632994582&quot;,\n    &quot;link&quot;: {\n        &quot;url&quot;: &quot;mailto:elreichl@uni-mainz.de&quot;\n    },\n    &quot;align&quot;: &quot;wide&quot;,\n    &quot;showInActions&quot;: false,\n    &quot;allowNesting&quot;: true,\n    &quot;showExpandableContent&quot;: false,\n    &quot;expandableContent&quot;: &quot;&quot;\n}\">\n    \n<\/jgu-base-listitem>\n\n<jgu-base-listitem react-props=\"{\n    &quot;icon&quot;: &quot;phone-solid&quot;,\n    &quot;title&quot;: &quot;&lt;a href=\\&quot;tel:+4961313923730\\&quot; target=\\&quot;_blank\\&quot; rel=\\&quot;noreferrer noopener\\&quot;&gt;+49 6131 39-23730&lt;\\\/a&gt;&quot;,\n    &quot;uuid&quot;: &quot;1732633092473&quot;,\n    &quot;link&quot;: {\n        &quot;url&quot;: &quot;tel:+4961313923730&quot;\n    },\n    &quot;align&quot;: &quot;wide&quot;,\n    &quot;showInActions&quot;: false,\n    &quot;allowNesting&quot;: true,\n    &quot;showExpandableContent&quot;: false,\n    &quot;expandableContent&quot;: &quot;&quot;\n}\">\n    \n<\/jgu-base-listitem>\n\n<jgu-base-listitem react-props=\"{\n    &quot;icon&quot;: &quot;external-link-alt-solid&quot;,\n    &quot;title&quot;: &quot;&lt;a href=\\&quot;https:\\\/\\\/www.ifeas.uni-mainz.de\\\/elena-reichl-b-a\\\/\\&quot; data-type=\\&quot;page\\&quot; data-id=\\&quot;15821\\&quot;&gt;Profile page&lt;\\\/a&gt;&quot;,\n    &quot;uuid&quot;: &quot;1732633157993&quot;,\n    &quot;link&quot;: {\n        &quot;url&quot;: &quot;https:\\\/\\\/www.ifeas.uni-mainz.de\\\/elena-reichl-b-a\\\/&quot;\n    },\n    &quot;align&quot;: &quot;wide&quot;,\n    &quot;showInActions&quot;: false,\n    &quot;allowNesting&quot;: true,\n    &quot;showExpandableContent&quot;: false,\n    &quot;expandableContent&quot;: &quot;&quot;\n}\">\n    \n<\/jgu-base-listitem>\n\n<\/jgu-base-contactcard>\n\n<jgu-base-contactcard react-props=\"{\n    &quot;name&quot;: &quot;Artemis Saleh, M.A.&quot;,\n    &quot;avatar&quot;: {\n        &quot;id&quot;: 12069,\n        &quot;url&quot;: &quot;https:\\\/\\\/cms.zdv.uni-mainz.de\\\/fb07-ifeas\\\/wp-content\\\/uploads\\\/sites\\\/396\\\/2025\\\/02\\\/05_Artemis_Saleh-200x300-1.jpeg&quot;,\n        &quot;title&quot;: &quot;05_Artemis_Saleh-200x300&quot;,\n        &quot;width&quot;: 200,\n        &quot;height&quot;: 200,\n        &quot;srcset&quot;: &quot;https:\\\/\\\/cms.zdv.uni-mainz.de\\\/fb07-ifeas\\\/wp-content\\\/uploads\\\/sites\\\/396\\\/2025\\\/02\\\/05_Artemis_Saleh-200x300-1.jpeg 200w, https:\\\/\\\/cms.zdv.uni-mainz.de\\\/fb07-ifeas\\\/wp-content\\\/uploads\\\/sites\\\/396\\\/2025\\\/02\\\/05_Artemis_Saleh-200x300-1-150x150.jpeg 150w&quot;\n    },\n    &quot;align&quot;: &quot;wide&quot;,\n    &quot;actions&quot;: [],\n    &quot;color&quot;: &quot;default&quot;\n}\">\n    \n<jgu-base-listitem react-props=\"{\n    &quot;title&quot;: &quot;&lt;strong&gt;Research Project: CEDITRAA&lt;\\\/strong&gt;&quot;,\n    &quot;uuid&quot;: &quot;1732632794003&quot;,\n    &quot;link&quot;: {\n        &quot;url&quot;: null\n    },\n    &quot;align&quot;: &quot;wide&quot;,\n    &quot;showInActions&quot;: false,\n    &quot;allowNesting&quot;: true,\n    &quot;icon&quot;: &quot;&quot;,\n    &quot;showExpandableContent&quot;: false,\n    &quot;expandableContent&quot;: &quot;&quot;\n}\">\n    \n<\/jgu-base-listitem>\n\n<jgu-base-listitem react-props=\"{\n    &quot;icon&quot;: &quot;envelope-solid&quot;,\n    &quot;title&quot;: &quot;&lt;a href=\\&quot;mailto:asaleh@uni-mainz.de\\&quot;&gt;asaleh@uni-mainz.de&lt;\\\/a&gt;&quot;,\n    &quot;uuid&quot;: &quot;1732632994582&quot;,\n    &quot;link&quot;: {\n        &quot;url&quot;: &quot;mailto:asaleh@uni-mainz.de&quot;\n    },\n    &quot;align&quot;: &quot;wide&quot;,\n    &quot;showInActions&quot;: false,\n    &quot;allowNesting&quot;: true,\n    &quot;showExpandableContent&quot;: false,\n    &quot;expandableContent&quot;: &quot;&quot;\n}\">\n    \n<\/jgu-base-listitem>\n\n<jgu-base-listitem react-props=\"{\n    &quot;icon&quot;: &quot;phone-solid&quot;,\n    &quot;title&quot;: &quot;&lt;a href=\\&quot;tel:+4961313924968\\&quot; target=\\&quot;_blank\\&quot; rel=\\&quot;noreferrer noopener\\&quot;&gt;+49 6131 39-24968&lt;\\\/a&gt;&quot;,\n    &quot;uuid&quot;: &quot;1738914877756&quot;,\n    &quot;link&quot;: {\n        &quot;url&quot;: &quot;tel:+4961313924968&quot;\n    },\n    &quot;align&quot;: &quot;wide&quot;,\n    &quot;showInActions&quot;: false,\n    &quot;allowNesting&quot;: true,\n    &quot;showExpandableContent&quot;: false,\n    &quot;expandableContent&quot;: &quot;&quot;\n}\">\n    \n<\/jgu-base-listitem>\n\n<jgu-base-listitem react-props=\"{\n    &quot;icon&quot;: &quot;external-link-alt-solid&quot;,\n    &quot;title&quot;: &quot;&lt;a href=\\&quot;https:\\\/\\\/www.ifeas.uni-mainz.de\\\/artemis-saleh-m-a\\\/\\&quot; data-type=\\&quot;page\\&quot; data-id=\\&quot;20605\\&quot;&gt;Profile page&lt;\\\/a&gt;&quot;,\n    &quot;uuid&quot;: &quot;1732633157993&quot;,\n    &quot;link&quot;: {\n        &quot;url&quot;: &quot;https:\\\/\\\/www.ifeas.uni-mainz.de\\\/artemis-saleh-m-a\\\/&quot;\n    },\n    &quot;align&quot;: &quot;wide&quot;,\n    &quot;showInActions&quot;: false,\n    &quot;allowNesting&quot;: true,\n    &quot;showExpandableContent&quot;: false,\n    &quot;expandableContent&quot;: &quot;&quot;\n}\">\n    \n<\/jgu-base-listitem>\n\n<\/jgu-base-contactcard>\n\n<jgu-base-contactcard react-props=\"{\n    &quot;name&quot;: &quot;Dr. Tom Simmert&quot;,\n    &quot;avatar&quot;: {\n        &quot;id&quot;: 12075,\n        &quot;url&quot;: &quot;https:\\\/\\\/cms.zdv.uni-mainz.de\\\/fb07-ifeas\\\/wp-content\\\/uploads\\\/sites\\\/396\\\/2025\\\/02\\\/Tom-scaled-1.jpg&quot;,\n        &quot;title&quot;: &quot;Tom-scaled&quot;,\n        &quot;width&quot;: 2560,\n        &quot;height&quot;: 2560,\n        &quot;srcset&quot;: &quot;https:\\\/\\\/cms.zdv.uni-mainz.de\\\/fb07-ifeas\\\/wp-content\\\/uploads\\\/sites\\\/396\\\/2025\\\/02\\\/Tom-scaled-1.jpg 2560w, https:\\\/\\\/cms.zdv.uni-mainz.de\\\/fb07-ifeas\\\/wp-content\\\/uploads\\\/sites\\\/396\\\/2025\\\/02\\\/Tom-scaled-1-300x300.jpg 300w, https:\\\/\\\/cms.zdv.uni-mainz.de\\\/fb07-ifeas\\\/wp-content\\\/uploads\\\/sites\\\/396\\\/2025\\\/02\\\/Tom-scaled-1-1024x1024.jpg 1024w, https:\\\/\\\/cms.zdv.uni-mainz.de\\\/fb07-ifeas\\\/wp-content\\\/uploads\\\/sites\\\/396\\\/2025\\\/02\\\/Tom-scaled-1-150x150.jpg 150w, https:\\\/\\\/cms.zdv.uni-mainz.de\\\/fb07-ifeas\\\/wp-content\\\/uploads\\\/sites\\\/396\\\/2025\\\/02\\\/Tom-scaled-1-768x768.jpg 768w, https:\\\/\\\/cms.zdv.uni-mainz.de\\\/fb07-ifeas\\\/wp-content\\\/uploads\\\/sites\\\/396\\\/2025\\\/02\\\/Tom-scaled-1-1536x1536.jpg 1536w, https:\\\/\\\/cms.zdv.uni-mainz.de\\\/fb07-ifeas\\\/wp-content\\\/uploads\\\/sites\\\/396\\\/2025\\\/02\\\/Tom-scaled-1-2048x2048.jpg 2048w, https:\\\/\\\/cms.zdv.uni-mainz.de\\\/fb07-ifeas\\\/wp-content\\\/uploads\\\/sites\\\/396\\\/2025\\\/02\\\/Tom-scaled-1-400x400.jpg 400w, https:\\\/\\\/cms.zdv.uni-mainz.de\\\/fb07-ifeas\\\/wp-content\\\/uploads\\\/sites\\\/396\\\/2025\\\/02\\\/Tom-scaled-1-600x600.jpg 600w&quot;\n    },\n    &quot;align&quot;: &quot;wide&quot;,\n    &quot;actions&quot;: [],\n    &quot;color&quot;: &quot;default&quot;\n}\">\n    \n<jgu-base-listitem react-props=\"{\n    &quot;title&quot;: &quot;&lt;strong&gt;Research Project: CEDITRAA&lt;\\\/strong&gt;&quot;,\n    &quot;uuid&quot;: &quot;1732632794003&quot;,\n    &quot;link&quot;: {\n        &quot;url&quot;: null\n    },\n    &quot;align&quot;: &quot;wide&quot;,\n    &quot;showInActions&quot;: false,\n    &quot;allowNesting&quot;: true,\n    &quot;icon&quot;: &quot;&quot;,\n    &quot;showExpandableContent&quot;: false,\n    &quot;expandableContent&quot;: &quot;&quot;\n}\">\n    \n<\/jgu-base-listitem>\n\n<jgu-base-listitem react-props=\"{\n    &quot;icon&quot;: &quot;envelope-solid&quot;,\n    &quot;title&quot;: &quot;&lt;a href=\\&quot;mailto:tsimmert@uni-mainz.de\\&quot;&gt;tsimmert@uni-mainz.de&lt;\\\/a&gt;&quot;,\n    &quot;uuid&quot;: &quot;1732632994582&quot;,\n    &quot;link&quot;: {\n        &quot;url&quot;: &quot;mailto:tsimmert@uni-mainz.de&quot;\n    },\n    &quot;align&quot;: &quot;wide&quot;,\n    &quot;showInActions&quot;: false,\n    &quot;allowNesting&quot;: true,\n    &quot;showExpandableContent&quot;: false,\n    &quot;expandableContent&quot;: &quot;&quot;\n}\">\n    \n<\/jgu-base-listitem>\n\n<jgu-base-listitem react-props=\"{\n    &quot;icon&quot;: &quot;phone-solid&quot;,\n    &quot;title&quot;: &quot;&lt;a href=\\&quot;tel:+4961313920640\\&quot; target=\\&quot;_blank\\&quot; rel=\\&quot;noreferrer noopener\\&quot;&gt;+49 6131 39-20640&lt;\\\/a&gt;&quot;,\n    &quot;uuid&quot;: &quot;1738914877756&quot;,\n    &quot;link&quot;: {\n        &quot;url&quot;: &quot;tel:+4961313920640&quot;\n    },\n    &quot;align&quot;: &quot;wide&quot;,\n    &quot;showInActions&quot;: false,\n    &quot;allowNesting&quot;: true,\n    &quot;showExpandableContent&quot;: false,\n    &quot;expandableContent&quot;: &quot;&quot;\n}\">\n    \n<\/jgu-base-listitem>\n\n<jgu-base-listitem react-props=\"{\n    &quot;icon&quot;: &quot;external-link-alt-solid&quot;,\n    &quot;title&quot;: &quot;&lt;a href=\\&quot;https:\\\/\\\/www.ifeas.uni-mainz.de\\\/tom-simmert-m-a\\\/\\&quot; data-type=\\&quot;page\\&quot; data-id=\\&quot;16010\\&quot;&gt;Profile page&lt;\\\/a&gt;&quot;,\n    &quot;uuid&quot;: &quot;1732633157993&quot;,\n    &quot;link&quot;: {\n        &quot;url&quot;: &quot;https:\\\/\\\/www.ifeas.uni-mainz.de\\\/tom-simmert-m-a\\\/&quot;\n    },\n    &quot;align&quot;: &quot;wide&quot;,\n    &quot;showInActions&quot;: false,\n    &quot;allowNesting&quot;: true,\n    &quot;showExpandableContent&quot;: false,\n    &quot;expandableContent&quot;: &quot;&quot;\n}\">\n    \n<\/jgu-base-listitem>\n\n<\/jgu-base-contactcard>\n\n<jgu-base-contactcard react-props=\"{\n    &quot;name&quot;: &quot;Dr. Iain Walker&quot;,\n    &quot;avatar&quot;: {\n        &quot;id&quot;: 21831,\n        &quot;url&quot;: &quot;https:\\\/\\\/cms.zdv.uni-mainz.de\\\/fb07-ifeas\\\/wp-content\\\/uploads\\\/sites\\\/396\\\/2025\\\/07\\\/iain_walker-1.webp&quot;,\n        &quot;title&quot;: &quot;iain_walker&quot;,\n        &quot;width&quot;: 213,\n        &quot;height&quot;: 274\n    },\n    &quot;align&quot;: &quot;wide&quot;,\n    &quot;actions&quot;: [],\n    &quot;color&quot;: &quot;default&quot;\n}\">\n    \n<jgu-base-listitem react-props=\"{\n    &quot;title&quot;: &quot;&lt;strong&gt;Research Project: Mila na ntsi and la d\\u00e9mocratie: Custom and modernity in the Comoro Islands&lt;\\\/strong&gt;&quot;,\n    &quot;uuid&quot;: &quot;1732632794003&quot;,\n    &quot;link&quot;: {\n        &quot;url&quot;: null\n    },\n    &quot;align&quot;: &quot;wide&quot;,\n    &quot;showInActions&quot;: false,\n    &quot;allowNesting&quot;: true,\n    &quot;icon&quot;: &quot;&quot;,\n    &quot;showExpandableContent&quot;: false,\n    &quot;expandableContent&quot;: &quot;&quot;\n}\">\n    \n<\/jgu-base-listitem>\n\n<jgu-base-listitem react-props=\"{\n    &quot;icon&quot;: &quot;envelope-solid&quot;,\n    &quot;title&quot;: &quot;&lt;a href=\\&quot;mailto:walkeria@uni-mainz.de\\&quot;&gt;walkeria@uni-mainz.de&lt;\\\/a&gt;&quot;,\n    &quot;uuid&quot;: &quot;1732632994582&quot;,\n    &quot;link&quot;: {\n        &quot;url&quot;: &quot;mailto:walkeria@uni-mainz.de&quot;\n    },\n    &quot;align&quot;: &quot;wide&quot;,\n    &quot;showInActions&quot;: false,\n    &quot;allowNesting&quot;: true,\n    &quot;showExpandableContent&quot;: false,\n    &quot;expandableContent&quot;: &quot;&quot;\n}\">\n    \n<\/jgu-base-listitem>\n\n<jgu-base-listitem react-props=\"{\n    &quot;icon&quot;: &quot;phone-solid&quot;,\n    &quot;title&quot;: &quot;&lt;a href=\\&quot;tel:+4961313932867\\&quot; target=\\&quot;_blank\\&quot; rel=\\&quot;noreferrer noopener\\&quot;&gt;+49 6131 39-32867&lt;\\\/a&gt;&quot;,\n    &quot;uuid&quot;: &quot;1738914877756&quot;,\n    &quot;link&quot;: {\n        &quot;url&quot;: &quot;tel:+4961313932867&quot;\n    },\n    &quot;align&quot;: &quot;wide&quot;,\n    &quot;showInActions&quot;: false,\n    &quot;allowNesting&quot;: true,\n    &quot;showExpandableContent&quot;: false,\n    &quot;expandableContent&quot;: &quot;&quot;\n}\">\n    \n<\/jgu-base-listitem>\n\n<jgu-base-listitem react-props=\"{\n    &quot;icon&quot;: &quot;external-link-alt-solid&quot;,\n    &quot;title&quot;: &quot;&lt;a href=\\&quot;https:\\\/\\\/www.ifeas.uni-mainz.de\\\/profil-iain-walker\\\/\\&quot; data-type=\\&quot;page\\&quot; data-id=\\&quot;16010\\&quot;&gt;Profile page&lt;\\\/a&gt;&quot;,\n    &quot;uuid&quot;: &quot;1732633157993&quot;,\n    &quot;link&quot;: {\n        &quot;url&quot;: &quot;https:\\\/\\\/www.ifeas.uni-mainz.de\\\/profil-iain-walker\\\/&quot;\n    },\n    &quot;align&quot;: &quot;wide&quot;,\n    &quot;showInActions&quot;: false,\n    &quot;allowNesting&quot;: true,\n    &quot;showExpandableContent&quot;: false,\n    &quot;expandableContent&quot;: &quot;&quot;\n}\">\n    \n<\/jgu-base-listitem>\n\n<\/jgu-base-contactcard>\n\n<jgu-base-contactcard react-props=\"{\n    &quot;name&quot;: &quot;Deborah Wockelmann, M.A.&quot;,\n    &quot;avatar&quot;: {\n        &quot;id&quot;: 12081,\n        &quot;url&quot;: &quot;https:\\\/\\\/cms.zdv.uni-mainz.de\\\/fb07-ifeas\\\/wp-content\\\/uploads\\\/sites\\\/396\\\/2025\\\/02\\\/8R7A7120-e1694596486570.jpeg&quot;,\n        &quot;credit&quot;: &quot;&quot;,\n        &quot;title&quot;: &quot;8R7A7120-e1694596486570&quot;,\n        &quot;width&quot;: 426,\n        &quot;height&quot;: 526,\n        &quot;srcset&quot;: &quot;https:\\\/\\\/cms.zdv.uni-mainz.de\\\/fb07-ifeas\\\/wp-content\\\/uploads\\\/sites\\\/396\\\/2025\\\/02\\\/8R7A7120-e1694596486570.jpeg 426w, https:\\\/\\\/cms.zdv.uni-mainz.de\\\/fb07-ifeas\\\/wp-content\\\/uploads\\\/sites\\\/396\\\/2025\\\/02\\\/8R7A7120-e1694596486570-243x300.jpeg 243w&quot;\n    },\n    &quot;align&quot;: &quot;wide&quot;,\n    &quot;actions&quot;: [],\n    &quot;color&quot;: &quot;default&quot;\n}\">\n    \n<jgu-base-listitem react-props=\"{\n    &quot;title&quot;: &quot;&lt;strong&gt;Research Project: Contouring and Blurring of Linguistic Human Differentiation &lt;\\\/strong&gt;&quot;,\n    &quot;uuid&quot;: &quot;1702050773117&quot;,\n    &quot;link&quot;: {\n        &quot;url&quot;: null\n    },\n    &quot;align&quot;: &quot;wide&quot;,\n    &quot;showInActions&quot;: false,\n    &quot;allowNesting&quot;: true,\n    &quot;icon&quot;: &quot;&quot;,\n    &quot;showExpandableContent&quot;: false,\n    &quot;expandableContent&quot;: &quot;&quot;\n}\">\n    \n<\/jgu-base-listitem>\n\n<jgu-base-listitem react-props=\"{\n    &quot;icon&quot;: &quot;envelope-solid&quot;,\n    &quot;title&quot;: &quot;&lt;a href=\\&quot;mailto:wockelmann@uni-mainz.de\\&quot;&gt;wockelmann@uni-mainz.de&lt;\\\/a&gt;&quot;,\n    &quot;uuid&quot;: &quot;1699214817526&quot;,\n    &quot;link&quot;: {\n        &quot;url&quot;: &quot;mailto:wockelmann@uni-mainz.de&quot;\n    },\n    &quot;align&quot;: &quot;wide&quot;,\n    &quot;showInActions&quot;: false,\n    &quot;allowNesting&quot;: true,\n    &quot;showExpandableContent&quot;: false,\n    &quot;expandableContent&quot;: &quot;&quot;\n}\">\n    \n<\/jgu-base-listitem>\n\n<jgu-base-listitem react-props=\"{\n    &quot;icon&quot;: &quot;external-link-alt-solid&quot;,\n    &quot;title&quot;: &quot;&lt;a href=\\&quot;https:\\\/\\\/www.ifeas.uni-mainz.de\\\/wockelmann\\\/\\&quot; data-type=\\&quot;page\\&quot; data-id=\\&quot;20583\\&quot;&gt;Profile page&lt;\\\/a&gt;&quot;,\n    &quot;uuid&quot;: &quot;1728307753949&quot;,\n    &quot;link&quot;: {\n        &quot;url&quot;: &quot;https:\\\/\\\/www.ifeas.uni-mainz.de\\\/wockelmann\\\/&quot;\n    },\n    &quot;align&quot;: &quot;wide&quot;,\n    &quot;showInActions&quot;: false,\n    &quot;allowNesting&quot;: true,\n    &quot;showExpandableContent&quot;: false,\n    &quot;expandableContent&quot;: &quot;&quot;\n}\">\n    \n<\/jgu-base-listitem>\n\n<\/jgu-base-contactcard>\n\n<\/jgu-base-slider>\n\n\n<\/jgu-base-accordionitem>\n\n<jgu-base-accordionitem react-props=\"{&quot;title&quot;:&quot;Doctoral Candidates&quot;,&quot;init&quot;:false,&quot;slug&quot;:&quot;doctoral-candidates&quot;,&quot;align&quot;:&quot;wide&quot;,&quot;customSlug&quot;:false}\">\n    \n<jgu-base-slider react-props=\"{&quot;perPage&quot;:5,&quot;slidesCount&quot;:23,&quot;responsiveSettings&quot;:{&quot;mobile&quot;:{&quot;perPage&quot;:1,&quot;arrows&quot;:true,&quot;pagination&quot;:false,&quot;width&quot;:&quot;100%&quot;},&quot;tablet&quot;:{&quot;perPage&quot;:2,&quot;arrows&quot;:true,&quot;pagination&quot;:false,&quot;width&quot;:&quot;100%&quot;},&quot;desktop&quot;:{&quot;perPage&quot;:3,&quot;arrows&quot;:true,&quot;pagination&quot;:false,&quot;width&quot;:&quot;100%&quot;},&quot;desktop-xl&quot;:{&quot;perPage&quot;:5,&quot;arrows&quot;:true,&quot;pagination&quot;:false,&quot;width&quot;:&quot;100%&quot;}},&quot;type&quot;:&quot;&quot;,&quot;template&quot;:&quot;&quot;,&quot;useNumbers&quot;:false,&quot;scrollDistance&quot;:&quot;screen&quot;}\">\n    \n<jgu-base-contactcard react-props=\"{\n    &quot;name&quot;: &quot;Katja Bruchh\\u00e4user, M.A.&quot;,\n    &quot;avatar&quot;: {\n        &quot;id&quot;: 12207,\n        &quot;url&quot;: &quot;https:\\\/\\\/cms.zdv.uni-mainz.de\\\/fb07-ifeas\\\/wp-content\\\/uploads\\\/sites\\\/396\\\/2025\\\/02\\\/Bruchhaeuser-Foto-e1632917560270.jpeg&quot;,\n        &quot;credit&quot;: &quot;&quot;,\n        &quot;title&quot;: &quot;Bruchhaeuser-Foto-e1632917560270&quot;,\n        &quot;width&quot;: 125,\n        &quot;height&quot;: 125\n    },\n    &quot;align&quot;: &quot;wide&quot;,\n    &quot;actions&quot;: [],\n    &quot;color&quot;: &quot;default&quot;\n}\">\n    \n<jgu-base-listitem react-props=\"{\n    &quot;title&quot;: &quot;&lt;strong&gt;Research Project: Clothing as an Expression of Communication&lt;\\\/strong&gt;&quot;,\n    &quot;uuid&quot;: &quot;1732632794003&quot;,\n    &quot;link&quot;: {\n        &quot;url&quot;: null\n    },\n    &quot;align&quot;: &quot;wide&quot;,\n    &quot;showInActions&quot;: false,\n    &quot;allowNesting&quot;: true,\n    &quot;icon&quot;: &quot;&quot;,\n    &quot;showExpandableContent&quot;: false,\n    &quot;expandableContent&quot;: &quot;&quot;\n}\">\n    \n<\/jgu-base-listitem>\n\n<jgu-base-listitem react-props=\"{\n    &quot;icon&quot;: &quot;envelope-solid&quot;,\n    &quot;title&quot;: &quot;&lt;a href=\\&quot;mailto:k.bruchhaeuser@gmx.de\\&quot;&gt;k.bruchhaeuser@gmx.de&lt;\\\/a&gt;&quot;,\n    &quot;uuid&quot;: &quot;1732632994582&quot;,\n    &quot;link&quot;: {\n        &quot;url&quot;: &quot;mailto:k.bruchhaeuser@gmx.de&quot;\n    },\n    &quot;align&quot;: &quot;wide&quot;,\n    &quot;showInActions&quot;: false,\n    &quot;allowNesting&quot;: true,\n    &quot;showExpandableContent&quot;: false,\n    &quot;expandableContent&quot;: &quot;&quot;\n}\">\n    \n<\/jgu-base-listitem>\n\n<jgu-base-listitem react-props=\"{\n    &quot;icon&quot;: &quot;external-link-alt-solid&quot;,\n    &quot;title&quot;: &quot;&lt;a href=\\&quot;https:\\\/\\\/www.ifeas.uni-mainz.de\\\/bruchhaeuser\\\/\\&quot; data-type=\\&quot;page\\&quot; data-id=\\&quot;20739\\&quot;&gt;Profile page&lt;\\\/a&gt;&quot;,\n    &quot;uuid&quot;: &quot;1732633157993&quot;,\n    &quot;link&quot;: {\n        &quot;url&quot;: &quot;https:\\\/\\\/www.ifeas.uni-mainz.de\\\/bruchhaeuser\\\/&quot;\n    },\n    &quot;align&quot;: &quot;wide&quot;,\n    &quot;showInActions&quot;: false,\n    &quot;allowNesting&quot;: true,\n    &quot;showExpandableContent&quot;: false,\n    &quot;expandableContent&quot;: &quot;&quot;\n}\">\n    \n<\/jgu-base-listitem>\n\n<\/jgu-base-contactcard>\n\n<jgu-base-contactcard react-props=\"{\n    &quot;align&quot;: &quot;&quot;,\n    &quot;name&quot;: &quot;Melda Demir, M.A.&quot;,\n    &quot;avatar&quot;: {\n        &quot;id&quot;: 24558,\n        &quot;url&quot;: &quot;https:\\\/\\\/cms.zdv.uni-mainz.de\\\/fb07-ifeas\\\/wp-content\\\/uploads\\\/sites\\\/396\\\/2025\\\/09\\\/Profilbild-md-1.jpeg&quot;,\n        &quot;title&quot;: &quot;Profilbild-md&quot;,\n        &quot;width&quot;: 849,\n        &quot;height&quot;: 1280,\n        &quot;srcset&quot;: &quot;https:\\\/\\\/cms.zdv.uni-mainz.de\\\/fb07-ifeas\\\/wp-content\\\/uploads\\\/sites\\\/396\\\/2025\\\/09\\\/Profilbild-md-1.jpeg 849w, https:\\\/\\\/cms.zdv.uni-mainz.de\\\/fb07-ifeas\\\/wp-content\\\/uploads\\\/sites\\\/396\\\/2025\\\/09\\\/Profilbild-md-1-199x300.jpeg 199w, https:\\\/\\\/cms.zdv.uni-mainz.de\\\/fb07-ifeas\\\/wp-content\\\/uploads\\\/sites\\\/396\\\/2025\\\/09\\\/Profilbild-md-1-679x1024.jpeg 679w, https:\\\/\\\/cms.zdv.uni-mainz.de\\\/fb07-ifeas\\\/wp-content\\\/uploads\\\/sites\\\/396\\\/2025\\\/09\\\/Profilbild-md-1-768x1158.jpeg 768w&quot;\n    },\n    &quot;actions&quot;: [],\n    &quot;color&quot;: &quot;default&quot;\n}\">\n    \n<jgu-base-listitem react-props=\"{\n    &quot;title&quot;: &quot;&lt;strong&gt;Research Project: Feminist Commoning among Female Seaweed Farmers in North-Eastern Zanzibar &lt;\\\/strong&gt;&quot;,\n    &quot;uuid&quot;: &quot;1738741777878&quot;,\n    &quot;link&quot;: {\n        &quot;url&quot;: null\n    },\n    &quot;align&quot;: &quot;wide&quot;,\n    &quot;showInActions&quot;: false,\n    &quot;allowNesting&quot;: true,\n    &quot;icon&quot;: &quot;&quot;,\n    &quot;showExpandableContent&quot;: false,\n    &quot;expandableContent&quot;: &quot;&quot;\n}\">\n    \n<\/jgu-base-listitem>\n\n<jgu-base-listitem react-props=\"{\n    &quot;icon&quot;: &quot;envelope-solid&quot;,\n    &quot;title&quot;: &quot;&lt;a href=\\&quot;mailto:medemir@uni-mainz.de\\&quot;&gt;medemir@uni-mainz.de&lt;\\\/a&gt;&quot;,\n    &quot;uuid&quot;: &quot;1702288670976&quot;,\n    &quot;link&quot;: {\n        &quot;url&quot;: &quot;mailto:medemir@uni-mainz.de&quot;\n    },\n    &quot;align&quot;: &quot;wide&quot;,\n    &quot;showInActions&quot;: false,\n    &quot;allowNesting&quot;: true,\n    &quot;showExpandableContent&quot;: false,\n    &quot;expandableContent&quot;: &quot;&quot;\n}\">\n    \n<\/jgu-base-listitem>\n\n<jgu-base-listitem react-props=\"{\n    &quot;icon&quot;: &quot;external-link-alt-solid&quot;,\n    &quot;title&quot;: &quot;&lt;a href=\\&quot;https:\\\/\\\/www.ifeas.uni-mainz.de\\\/demir\\\/\\&quot; data-type=\\&quot;page\\&quot; data-id=\\&quot;16985\\&quot;&gt;Profile page&lt;\\\/a&gt;&quot;,\n    &quot;uuid&quot;: &quot;1738831583019&quot;,\n    &quot;link&quot;: {\n        &quot;url&quot;: &quot;https:\\\/\\\/www.ifeas.uni-mainz.de\\\/demir\\\/&quot;\n    },\n    &quot;align&quot;: &quot;wide&quot;,\n    &quot;showInActions&quot;: false,\n    &quot;allowNesting&quot;: true,\n    &quot;showExpandableContent&quot;: false,\n    &quot;expandableContent&quot;: &quot;&quot;\n}\">\n    \n<\/jgu-base-listitem>\n\n<\/jgu-base-contactcard>\n\n<jgu-base-contactcard react-props=\"{\n    &quot;align&quot;: &quot;&quot;,\n    &quot;name&quot;: &quot;Corinna Angela Di Stefano, Dipl.-Regionalwiss.&quot;,\n    &quot;avatar&quot;: {\n        &quot;id&quot;: 10680,\n        &quot;url&quot;: &quot;https:\\\/\\\/cms.zdv.uni-mainz.de\\\/fb07-ifeas\\\/wp-content\\\/uploads\\\/sites\\\/396\\\/2025\\\/02\\\/Di-Stefano-223x300-1.jpeg&quot;,\n        &quot;title&quot;: &quot;Di-Stefano-223x300&quot;,\n        &quot;width&quot;: 223,\n        &quot;height&quot;: 222,\n        &quot;srcset&quot;: &quot;https:\\\/\\\/cms.zdv.uni-mainz.de\\\/fb07-ifeas\\\/wp-content\\\/uploads\\\/sites\\\/396\\\/2025\\\/02\\\/Di-Stefano-223x300-1.jpeg 223w, https:\\\/\\\/cms.zdv.uni-mainz.de\\\/fb07-ifeas\\\/wp-content\\\/uploads\\\/sites\\\/396\\\/2025\\\/02\\\/Di-Stefano-223x300-1-150x150.jpeg 150w&quot;\n    },\n    &quot;actions&quot;: [],\n    &quot;color&quot;: &quot;default&quot;\n}\">\n    \n<jgu-base-listitem react-props=\"{\n    &quot;title&quot;: &quot;&lt;strong&gt;Research Project: Human Mobilities and EU Borders in the Lesser Antilles &lt;\\\/strong&gt;&quot;,\n    &quot;uuid&quot;: &quot;1738741777878&quot;,\n    &quot;link&quot;: {\n        &quot;url&quot;: null\n    },\n    &quot;align&quot;: &quot;wide&quot;,\n    &quot;showInActions&quot;: false,\n    &quot;allowNesting&quot;: true,\n    &quot;icon&quot;: &quot;&quot;,\n    &quot;showExpandableContent&quot;: false,\n    &quot;expandableContent&quot;: &quot;&quot;\n}\">\n    \n<\/jgu-base-listitem>\n\n<jgu-base-listitem react-props=\"{\n    &quot;icon&quot;: &quot;envelope-solid&quot;,\n    &quot;title&quot;: &quot;&lt;a href=\\&quot;mailto:cdistefa@uni-mainz.de\\&quot;&gt;cdistefa@uni-mainz.de&lt;\\\/a&gt;&quot;,\n    &quot;uuid&quot;: &quot;1702288670976&quot;,\n    &quot;link&quot;: {\n        &quot;url&quot;: &quot;mailto:cdistefa@uni-mainz.de&quot;\n    },\n    &quot;align&quot;: &quot;wide&quot;,\n    &quot;showInActions&quot;: false,\n    &quot;allowNesting&quot;: true,\n    &quot;showExpandableContent&quot;: false,\n    &quot;expandableContent&quot;: &quot;&quot;\n}\">\n    \n<\/jgu-base-listitem>\n\n<jgu-base-listitem react-props=\"{\n    &quot;icon&quot;: &quot;external-link-alt-solid&quot;,\n    &quot;title&quot;: &quot;&lt;a href=\\&quot;https:\\\/\\\/www.ifeas.uni-mainz.de\\\/corinna-angela-di-stefano-m-a\\\/\\&quot; data-type=\\&quot;page\\&quot; data-id=\\&quot;16985\\&quot;&gt;Profile page&lt;\\\/a&gt;&quot;,\n    &quot;uuid&quot;: &quot;1738831583019&quot;,\n    &quot;link&quot;: {\n        &quot;url&quot;: &quot;https:\\\/\\\/www.ifeas.uni-mainz.de\\\/corinna-angela-di-stefano-m-a\\\/&quot;\n    },\n    &quot;align&quot;: &quot;wide&quot;,\n    &quot;showInActions&quot;: false,\n    &quot;allowNesting&quot;: true,\n    &quot;showExpandableContent&quot;: false,\n    &quot;expandableContent&quot;: &quot;&quot;\n}\">\n    \n<\/jgu-base-listitem>\n\n<\/jgu-base-contactcard>\n\n<jgu-base-contactcard react-props=\"{\n    &quot;name&quot;: &quot;Silvia Abru Enow, M.A.&quot;,\n    &quot;avatar&quot;: {\n        &quot;id&quot;: 14861,\n        &quot;url&quot;: &quot;https:\\\/\\\/cms.zdv.uni-mainz.de\\\/fb07-ifeas\\\/wp-content\\\/uploads\\\/sites\\\/396\\\/2025\\\/03\\\/Silvia-pic_First-choice-2.jpeg&quot;,\n        &quot;credit&quot;: &quot;&quot;,\n        &quot;title&quot;: &quot;Silvia pic_First choice  2&quot;,\n        &quot;width&quot;: 212,\n        &quot;height&quot;: 212,\n        &quot;srcset&quot;: &quot;https:\\\/\\\/cms.zdv.uni-mainz.de\\\/fb07-ifeas\\\/wp-content\\\/uploads\\\/sites\\\/396\\\/2025\\\/03\\\/Silvia-pic_First-choice-2.jpeg 212w, https:\\\/\\\/cms.zdv.uni-mainz.de\\\/fb07-ifeas\\\/wp-content\\\/uploads\\\/sites\\\/396\\\/2025\\\/03\\\/Silvia-pic_First-choice-2-150x150.jpeg 150w&quot;\n    },\n    &quot;align&quot;: &quot;wide&quot;,\n    &quot;actions&quot;: [],\n    &quot;color&quot;: &quot;default&quot;\n}\">\n    \n<jgu-base-listitem react-props=\"{\n    &quot;title&quot;: &quot;&lt;strong&gt;Research Project: The influence of the fashion industry on African hairstyles&lt;\\\/strong&gt;&quot;,\n    &quot;uuid&quot;: &quot;1732632794003&quot;,\n    &quot;link&quot;: {\n        &quot;url&quot;: null\n    },\n    &quot;align&quot;: &quot;wide&quot;,\n    &quot;showInActions&quot;: false,\n    &quot;allowNesting&quot;: true,\n    &quot;icon&quot;: &quot;&quot;,\n    &quot;showExpandableContent&quot;: false,\n    &quot;expandableContent&quot;: &quot;&quot;\n}\">\n    \n<\/jgu-base-listitem>\n\n<jgu-base-listitem react-props=\"{\n    &quot;icon&quot;: &quot;envelope-solid&quot;,\n    &quot;title&quot;: &quot;&lt;a href=\\&quot;mailto:abrusilvi@gmail.com\\&quot;&gt;abrusilvi@gmail.com&lt;\\\/a&gt;&quot;,\n    &quot;uuid&quot;: &quot;1732632994582&quot;,\n    &quot;link&quot;: {\n        &quot;url&quot;: &quot;mailto:abrusilvi@gmail.com&quot;\n    },\n    &quot;align&quot;: &quot;wide&quot;,\n    &quot;showInActions&quot;: false,\n    &quot;allowNesting&quot;: true,\n    &quot;showExpandableContent&quot;: false,\n    &quot;expandableContent&quot;: &quot;&quot;\n}\">\n    \n<\/jgu-base-listitem>\n\n<jgu-base-listitem react-props=\"{\n    &quot;icon&quot;: &quot;external-link-alt-solid&quot;,\n    &quot;title&quot;: &quot;&lt;a href=\\&quot;https:\\\/\\\/www.ifeas.uni-mainz.de\\\/enow\\\/\\&quot; data-type=\\&quot;page\\&quot; data-id=\\&quot;14813\\&quot;&gt;Profile page&lt;\\\/a&gt;&quot;,\n    &quot;uuid&quot;: &quot;1732633157993&quot;,\n    &quot;link&quot;: {\n        &quot;url&quot;: &quot;https:\\\/\\\/www.ifeas.uni-mainz.de\\\/enow\\\/&quot;\n    },\n    &quot;align&quot;: &quot;wide&quot;,\n    &quot;showInActions&quot;: false,\n    &quot;allowNesting&quot;: true,\n    &quot;showExpandableContent&quot;: false,\n    &quot;expandableContent&quot;: &quot;&quot;\n}\">\n    \n<\/jgu-base-listitem>\n\n<\/jgu-base-contactcard>\n\n<jgu-base-contactcard react-props=\"{\n    &quot;name&quot;: &quot;Antonia Fendt, M.A.&quot;,\n    &quot;avatar&quot;: {\n        &quot;id&quot;: 12708,\n        &quot;url&quot;: &quot;https:\\\/\\\/cms.zdv.uni-mainz.de\\\/fb07-ifeas\\\/wp-content\\\/uploads\\\/sites\\\/396\\\/2025\\\/02\\\/Bild-Antonia-Fendt.jpeg&quot;,\n        &quot;credit&quot;: &quot;&quot;,\n        &quot;title&quot;: &quot;Bild Antonia Fendt&quot;,\n        &quot;width&quot;: 1802,\n        &quot;height&quot;: 1802,\n        &quot;srcset&quot;: &quot;https:\\\/\\\/cms.zdv.uni-mainz.de\\\/fb07-ifeas\\\/wp-content\\\/uploads\\\/sites\\\/396\\\/2025\\\/02\\\/Bild-Antonia-Fendt.jpeg 1802w, https:\\\/\\\/cms.zdv.uni-mainz.de\\\/fb07-ifeas\\\/wp-content\\\/uploads\\\/sites\\\/396\\\/2025\\\/02\\\/Bild-Antonia-Fendt-300x300.jpeg 300w, https:\\\/\\\/cms.zdv.uni-mainz.de\\\/fb07-ifeas\\\/wp-content\\\/uploads\\\/sites\\\/396\\\/2025\\\/02\\\/Bild-Antonia-Fendt-1024x1024.jpeg 1024w, https:\\\/\\\/cms.zdv.uni-mainz.de\\\/fb07-ifeas\\\/wp-content\\\/uploads\\\/sites\\\/396\\\/2025\\\/02\\\/Bild-Antonia-Fendt-150x150.jpeg 150w, https:\\\/\\\/cms.zdv.uni-mainz.de\\\/fb07-ifeas\\\/wp-content\\\/uploads\\\/sites\\\/396\\\/2025\\\/02\\\/Bild-Antonia-Fendt-768x768.jpeg 768w, https:\\\/\\\/cms.zdv.uni-mainz.de\\\/fb07-ifeas\\\/wp-content\\\/uploads\\\/sites\\\/396\\\/2025\\\/02\\\/Bild-Antonia-Fendt-1536x1536.jpeg 1536w, https:\\\/\\\/cms.zdv.uni-mainz.de\\\/fb07-ifeas\\\/wp-content\\\/uploads\\\/sites\\\/396\\\/2025\\\/02\\\/Bild-Antonia-Fendt-400x400.jpeg 400w, https:\\\/\\\/cms.zdv.uni-mainz.de\\\/fb07-ifeas\\\/wp-content\\\/uploads\\\/sites\\\/396\\\/2025\\\/02\\\/Bild-Antonia-Fendt-600x600.jpeg 600w&quot;\n    },\n    &quot;align&quot;: &quot;wide&quot;,\n    &quot;actions&quot;: [],\n    &quot;color&quot;: &quot;default&quot;\n}\">\n    \n<jgu-base-listitem react-props=\"{\n    &quot;title&quot;: &quot;&lt;strong&gt;Research Project: KOSTIMA&lt;\\\/strong&gt;&quot;,\n    &quot;uuid&quot;: &quot;1732632794003&quot;,\n    &quot;link&quot;: {\n        &quot;url&quot;: null\n    },\n    &quot;align&quot;: &quot;wide&quot;,\n    &quot;showInActions&quot;: false,\n    &quot;allowNesting&quot;: true,\n    &quot;icon&quot;: &quot;&quot;,\n    &quot;showExpandableContent&quot;: false,\n    &quot;expandableContent&quot;: &quot;&quot;\n}\">\n    \n<\/jgu-base-listitem>\n\n<jgu-base-listitem react-props=\"{\n    &quot;icon&quot;: &quot;envelope-solid&quot;,\n    &quot;title&quot;: &quot;&lt;a href=\\&quot;mailto:a.fendt@ub.uni-mainz.de\\&quot;&gt;a.fendt@ub.uni-mainz.de&lt;\\\/a&gt;&quot;,\n    &quot;uuid&quot;: &quot;1732632994582&quot;,\n    &quot;link&quot;: {\n        &quot;url&quot;: &quot;mailto:a.fendt@ub.uni-mainz.de&quot;\n    },\n    &quot;align&quot;: &quot;wide&quot;,\n    &quot;showInActions&quot;: false,\n    &quot;allowNesting&quot;: true,\n    &quot;showExpandableContent&quot;: false,\n    &quot;expandableContent&quot;: &quot;&quot;\n}\">\n    \n<\/jgu-base-listitem>\n\n<jgu-base-listitem react-props=\"{\n    &quot;icon&quot;: &quot;phone-solid&quot;,\n    &quot;title&quot;: &quot;&lt;a href=\\&quot;tel:+4961313931343\\&quot; target=\\&quot;_blank\\&quot; rel=\\&quot;noreferrer noopener\\&quot;&gt;+49 6131 39-31343&lt;\\\/a&gt;&quot;,\n    &quot;uuid&quot;: &quot;1744713121472&quot;,\n    &quot;link&quot;: {\n        &quot;url&quot;: &quot;tel:+4961313931343&quot;\n    },\n    &quot;align&quot;: &quot;wide&quot;,\n    &quot;showInActions&quot;: false,\n    &quot;allowNesting&quot;: true,\n    &quot;showExpandableContent&quot;: false,\n    &quot;expandableContent&quot;: &quot;&quot;\n}\">\n    \n<\/jgu-base-listitem>\n\n<jgu-base-listitem react-props=\"{\n    &quot;icon&quot;: &quot;external-link-alt-solid&quot;,\n    &quot;title&quot;: &quot;&lt;a href=\\&quot;https:\\\/\\\/www.ifeas.uni-mainz.de\\\/fendt\\\/\\&quot; data-type=\\&quot;page\\&quot; data-id=\\&quot;16361\\&quot;&gt;Profile page&lt;\\\/a&gt;&quot;,\n    &quot;uuid&quot;: &quot;1732633157993&quot;,\n    &quot;link&quot;: {\n        &quot;url&quot;: &quot;https:\\\/\\\/www.ifeas.uni-mainz.de\\\/fendt\\\/&quot;\n    },\n    &quot;align&quot;: &quot;wide&quot;,\n    &quot;showInActions&quot;: false,\n    &quot;allowNesting&quot;: true,\n    &quot;showExpandableContent&quot;: false,\n    &quot;expandableContent&quot;: &quot;&quot;\n}\">\n    \n<\/jgu-base-listitem>\n\n<\/jgu-base-contactcard>\n\n<jgu-base-contactcard react-props=\"{\n    &quot;name&quot;: &quot;Janis Geschke, M.Sc.&quot;,\n    &quot;avatar&quot;: {\n        &quot;id&quot;: 10689,\n        &quot;url&quot;: &quot;https:\\\/\\\/cms.zdv.uni-mainz.de\\\/fb07-ifeas\\\/wp-content\\\/uploads\\\/sites\\\/396\\\/2025\\\/02\\\/Geschke-1.jpg&quot;,\n        &quot;title&quot;: &quot;Geschke-1&quot;,\n        &quot;width&quot;: 937,\n        &quot;height&quot;: 1314,\n        &quot;srcset&quot;: &quot;https:\\\/\\\/cms.zdv.uni-mainz.de\\\/fb07-ifeas\\\/wp-content\\\/uploads\\\/sites\\\/396\\\/2025\\\/02\\\/Geschke-1.jpg 937w, https:\\\/\\\/cms.zdv.uni-mainz.de\\\/fb07-ifeas\\\/wp-content\\\/uploads\\\/sites\\\/396\\\/2025\\\/02\\\/Geschke-1-214x300.jpg 214w, https:\\\/\\\/cms.zdv.uni-mainz.de\\\/fb07-ifeas\\\/wp-content\\\/uploads\\\/sites\\\/396\\\/2025\\\/02\\\/Geschke-1-730x1024.jpg 730w, https:\\\/\\\/cms.zdv.uni-mainz.de\\\/fb07-ifeas\\\/wp-content\\\/uploads\\\/sites\\\/396\\\/2025\\\/02\\\/Geschke-1-768x1077.jpg 768w&quot;\n    },\n    &quot;align&quot;: &quot;wide&quot;,\n    &quot;actions&quot;: [],\n    &quot;color&quot;: &quot;default&quot;\n}\">\n    \n<jgu-base-listitem react-props=\"{\n    &quot;title&quot;: &quot;&lt;strong&gt;Research Project: On the permeability and cementation of national borders&lt;\\\/strong&gt;&quot;,\n    &quot;uuid&quot;: &quot;1699374929552&quot;,\n    &quot;link&quot;: {\n        &quot;url&quot;: null\n    },\n    &quot;align&quot;: &quot;wide&quot;,\n    &quot;showInActions&quot;: false,\n    &quot;allowNesting&quot;: true,\n    &quot;icon&quot;: &quot;&quot;,\n    &quot;showExpandableContent&quot;: false,\n    &quot;expandableContent&quot;: &quot;&quot;\n}\">\n    \n<\/jgu-base-listitem>\n\n<jgu-base-listitem react-props=\"{\n    &quot;icon&quot;: &quot;envelope-solid&quot;,\n    &quot;title&quot;: &quot;&lt;a href=\\&quot;mailto:jgeschke@uni-mainz.de\\&quot;&gt;jgeschke@uni-mainz.de&lt;\\\/a&gt;&quot;,\n    &quot;uuid&quot;: &quot;1702052810510&quot;,\n    &quot;link&quot;: {\n        &quot;url&quot;: &quot;mailto:jgeschke@uni-mainz.de&quot;\n    },\n    &quot;align&quot;: &quot;wide&quot;,\n    &quot;showInActions&quot;: false,\n    &quot;allowNesting&quot;: true,\n    &quot;showExpandableContent&quot;: false,\n    &quot;expandableContent&quot;: &quot;&quot;\n}\">\n    \n<\/jgu-base-listitem>\n\n<jgu-base-listitem react-props=\"{\n    &quot;icon&quot;: &quot;external-link-alt-solid&quot;,\n    &quot;title&quot;: &quot;&lt;a href=\\&quot;https:\\\/\\\/www.ifeas.uni-mainz.de\\\/janis-geschke-m-sc\\\/\\&quot; data-type=\\&quot;page\\&quot; data-id=\\&quot;20722\\&quot;&gt;Profile page&lt;\\\/a&gt;&quot;,\n    &quot;uuid&quot;: &quot;1738840824468&quot;,\n    &quot;link&quot;: {\n        &quot;url&quot;: &quot;https:\\\/\\\/www.ifeas.uni-mainz.de\\\/janis-geschke-m-sc\\\/&quot;\n    },\n    &quot;align&quot;: &quot;wide&quot;,\n    &quot;showInActions&quot;: false,\n    &quot;allowNesting&quot;: true,\n    &quot;showExpandableContent&quot;: false,\n    &quot;expandableContent&quot;: &quot;&quot;\n}\">\n    \n<\/jgu-base-listitem>\n\n<\/jgu-base-contactcard>\n\n<jgu-base-contactcard react-props=\"{\n    &quot;name&quot;: &quot;Marion Grimberg, M.A.&quot;,\n    &quot;avatar&quot;: {\n        &quot;id&quot;: 15812,\n        &quot;url&quot;: &quot;https:\\\/\\\/cms.zdv.uni-mainz.de\\\/fb07-ifeas\\\/wp-content\\\/uploads\\\/sites\\\/396\\\/2025\\\/03\\\/8R7A2353-2-1.jpeg&quot;,\n        &quot;title&quot;: &quot;8R7A2353 2&quot;,\n        &quot;width&quot;: 960,\n        &quot;height&quot;: 960,\n        &quot;srcset&quot;: &quot;https:\\\/\\\/cms.zdv.uni-mainz.de\\\/fb07-ifeas\\\/wp-content\\\/uploads\\\/sites\\\/396\\\/2025\\\/03\\\/8R7A2353-2-1.jpeg 960w, https:\\\/\\\/cms.zdv.uni-mainz.de\\\/fb07-ifeas\\\/wp-content\\\/uploads\\\/sites\\\/396\\\/2025\\\/03\\\/8R7A2353-2-1-300x300.jpeg 300w, https:\\\/\\\/cms.zdv.uni-mainz.de\\\/fb07-ifeas\\\/wp-content\\\/uploads\\\/sites\\\/396\\\/2025\\\/03\\\/8R7A2353-2-1-150x150.jpeg 150w, https:\\\/\\\/cms.zdv.uni-mainz.de\\\/fb07-ifeas\\\/wp-content\\\/uploads\\\/sites\\\/396\\\/2025\\\/03\\\/8R7A2353-2-1-768x768.jpeg 768w&quot;\n    },\n    &quot;align&quot;: &quot;wide&quot;,\n    &quot;actions&quot;: [],\n    &quot;color&quot;: &quot;default&quot;\n}\">\n    \n<jgu-base-listitem react-props=\"{\n    &quot;title&quot;: &quot;&lt;strong&gt;Research Project: Melanin Matters&lt;\\\/strong&gt;&lt;strong&gt; &lt;\\\/strong&gt;&quot;,\n    &quot;uuid&quot;: &quot;1732632794003&quot;,\n    &quot;link&quot;: {\n        &quot;url&quot;: null\n    },\n    &quot;align&quot;: &quot;wide&quot;,\n    &quot;showInActions&quot;: false,\n    &quot;allowNesting&quot;: true,\n    &quot;icon&quot;: &quot;&quot;,\n    &quot;showExpandableContent&quot;: false,\n    &quot;expandableContent&quot;: &quot;&quot;\n}\">\n    \n<\/jgu-base-listitem>\n\n<jgu-base-listitem react-props=\"{\n    &quot;icon&quot;: &quot;envelope-solid&quot;,\n    &quot;title&quot;: &quot;&lt;a href=\\&quot;mailto:mgrimber@uni-mainz.de\\&quot;&gt;mgrimber@uni-mainz.de&lt;\\\/a&gt;&quot;,\n    &quot;uuid&quot;: &quot;1732632994582&quot;,\n    &quot;link&quot;: {\n        &quot;url&quot;: &quot;mailto:mgrimber@uni-mainz.de&quot;\n    },\n    &quot;align&quot;: &quot;wide&quot;,\n    &quot;showInActions&quot;: false,\n    &quot;allowNesting&quot;: true,\n    &quot;showExpandableContent&quot;: false,\n    &quot;expandableContent&quot;: &quot;&quot;\n}\">\n    \n<\/jgu-base-listitem>\n\n<jgu-base-listitem react-props=\"{\n    &quot;icon&quot;: &quot;phone-solid&quot;,\n    &quot;title&quot;: &quot;&lt;a href=\\&quot;tel:+4961313927442\\&quot; target=\\&quot;_blank\\&quot; rel=\\&quot;noreferrer noopener\\&quot;&gt;+49 6131 39-27442&lt;\\\/a&gt;&quot;,\n    &quot;uuid&quot;: &quot;1732633092473&quot;,\n    &quot;link&quot;: {\n        &quot;url&quot;: &quot;tel:+4961313927442&quot;\n    },\n    &quot;align&quot;: &quot;wide&quot;,\n    &quot;showInActions&quot;: false,\n    &quot;allowNesting&quot;: true,\n    &quot;showExpandableContent&quot;: false,\n    &quot;expandableContent&quot;: &quot;&quot;\n}\">\n    \n<\/jgu-base-listitem>\n\n<jgu-base-listitem react-props=\"{\n    &quot;icon&quot;: &quot;external-link-alt-solid&quot;,\n    &quot;title&quot;: &quot;&lt;a href=\\&quot;https:\\\/\\\/www.ifeas.uni-mainz.de\\\/marion-grimberg\\\/\\&quot; data-type=\\&quot;page\\&quot; data-id=\\&quot;15518\\&quot;&gt;Profile page&lt;\\\/a&gt;&quot;,\n    &quot;uuid&quot;: &quot;1732633157993&quot;,\n    &quot;link&quot;: {\n        &quot;url&quot;: &quot;https:\\\/\\\/www.ifeas.uni-mainz.de\\\/marion-grimberg\\\/&quot;\n    },\n    &quot;align&quot;: &quot;wide&quot;,\n    &quot;showInActions&quot;: false,\n    &quot;allowNesting&quot;: true,\n    &quot;showExpandableContent&quot;: false,\n    &quot;expandableContent&quot;: &quot;&quot;\n}\">\n    \n<\/jgu-base-listitem>\n\n<\/jgu-base-contactcard>\n\n<jgu-base-contactcard react-props=\"{\n    &quot;name&quot;: &quot;Tesfahun Haddis Hailu, M.A.&quot;,\n    &quot;avatar&quot;: {\n        &quot;id&quot;: 12195,\n        &quot;url&quot;: &quot;https:\\\/\\\/cms.zdv.uni-mainz.de\\\/fb07-ifeas\\\/wp-content\\\/uploads\\\/sites\\\/396\\\/2025\\\/02\\\/1656584093908-scaled-e1656602003104.jpeg&quot;,\n        &quot;title&quot;: &quot;1656584093908-scaled-e1656602003104&quot;,\n        &quot;width&quot;: 300,\n        &quot;height&quot;: 300,\n        &quot;srcset&quot;: &quot;https:\\\/\\\/cms.zdv.uni-mainz.de\\\/fb07-ifeas\\\/wp-content\\\/uploads\\\/sites\\\/396\\\/2025\\\/02\\\/1656584093908-scaled-e1656602003104.jpeg 300w, https:\\\/\\\/cms.zdv.uni-mainz.de\\\/fb07-ifeas\\\/wp-content\\\/uploads\\\/sites\\\/396\\\/2025\\\/02\\\/1656584093908-scaled-e1656602003104-150x150.jpeg 150w&quot;\n    },\n    &quot;align&quot;: &quot;wide&quot;,\n    &quot;actions&quot;: [],\n    &quot;color&quot;: &quot;default&quot;\n}\">\n    \n<jgu-base-listitem react-props=\"{\n    &quot;title&quot;: &quot;&lt;strong&gt;Research Project: Farming on the Edge &lt;\\\/strong&gt;&quot;,\n    &quot;uuid&quot;: &quot;1702050773117&quot;,\n    &quot;link&quot;: {\n        &quot;url&quot;: null\n    },\n    &quot;align&quot;: &quot;wide&quot;,\n    &quot;showInActions&quot;: false,\n    &quot;allowNesting&quot;: true,\n    &quot;icon&quot;: &quot;&quot;,\n    &quot;showExpandableContent&quot;: false,\n    &quot;expandableContent&quot;: &quot;&quot;\n}\">\n    \n<\/jgu-base-listitem>\n\n<jgu-base-listitem react-props=\"{\n    &quot;icon&quot;: &quot;envelope-solid&quot;,\n    &quot;title&quot;: &quot;&lt;a href=\\&quot;mailto:thailu@students.uni-mainz.de\\&quot;&gt;thailu@students.uni-mainz.de&lt;\\\/a&gt;&quot;,\n    &quot;uuid&quot;: &quot;1699214817526&quot;,\n    &quot;link&quot;: {\n        &quot;url&quot;: &quot;mailto:thailu@students.uni-mainz.de&quot;\n    },\n    &quot;align&quot;: &quot;wide&quot;,\n    &quot;showInActions&quot;: false,\n    &quot;allowNesting&quot;: true,\n    &quot;showExpandableContent&quot;: false,\n    &quot;expandableContent&quot;: &quot;&quot;\n}\">\n    \n<\/jgu-base-listitem>\n\n<jgu-base-listitem react-props=\"{\n    &quot;icon&quot;: &quot;external-link-alt-solid&quot;,\n    &quot;title&quot;: &quot;&lt;a href=\\&quot;https:\\\/\\\/www.ifeas.uni-mainz.de\\\/tesfahun\\\/\\&quot; data-type=\\&quot;page\\&quot; data-id=\\&quot;20700\\&quot;&gt;Profile page&lt;\\\/a&gt;&quot;,\n    &quot;uuid&quot;: &quot;1728307753949&quot;,\n    &quot;link&quot;: {\n        &quot;url&quot;: &quot;https:\\\/\\\/www.ifeas.uni-mainz.de\\\/tesfahun\\\/&quot;\n    },\n    &quot;align&quot;: &quot;wide&quot;,\n    &quot;showInActions&quot;: false,\n    &quot;allowNesting&quot;: true,\n    &quot;showExpandableContent&quot;: false,\n    &quot;expandableContent&quot;: &quot;&quot;\n}\">\n    \n<\/jgu-base-listitem>\n\n<\/jgu-base-contactcard>\n\n<jgu-base-contactcard react-props=\"{\n    &quot;name&quot;: &quot;Elena Hern\\u00e1ndez, M.A.&quot;,\n    &quot;avatar&quot;: {\n        &quot;id&quot;: 11721,\n        &quot;url&quot;: &quot;https:\\\/\\\/cms.zdv.uni-mainz.de\\\/fb07-ifeas\\\/wp-content\\\/uploads\\\/sites\\\/396\\\/2025\\\/02\\\/Hernandez-683x1024-3.jpeg&quot;,\n        &quot;title&quot;: &quot;Hernandez-683x1024 3&quot;,\n        &quot;width&quot;: 683,\n        &quot;height&quot;: 753,\n        &quot;srcset&quot;: &quot;https:\\\/\\\/cms.zdv.uni-mainz.de\\\/fb07-ifeas\\\/wp-content\\\/uploads\\\/sites\\\/396\\\/2025\\\/02\\\/Hernandez-683x1024-3.jpeg 683w, https:\\\/\\\/cms.zdv.uni-mainz.de\\\/fb07-ifeas\\\/wp-content\\\/uploads\\\/sites\\\/396\\\/2025\\\/02\\\/Hernandez-683x1024-3-272x300.jpeg 272w&quot;\n    },\n    &quot;align&quot;: &quot;wide&quot;,\n    &quot;actions&quot;: [],\n    &quot;color&quot;: &quot;default&quot;\n}\">\n    \n<jgu-base-listitem react-props=\"{\n    &quot;title&quot;: &quot;&lt;strong&gt;Research Project: Aid Providers and Recipients of Aid&lt;\\\/strong&gt;&lt;strong&gt; &lt;\\\/strong&gt;&quot;,\n    &quot;uuid&quot;: &quot;1732632794003&quot;,\n    &quot;link&quot;: {\n        &quot;url&quot;: null\n    },\n    &quot;align&quot;: &quot;wide&quot;,\n    &quot;showInActions&quot;: false,\n    &quot;allowNesting&quot;: true,\n    &quot;icon&quot;: &quot;&quot;,\n    &quot;showExpandableContent&quot;: false,\n    &quot;expandableContent&quot;: &quot;&quot;\n}\">\n    \n<\/jgu-base-listitem>\n\n<jgu-base-listitem react-props=\"{\n    &quot;icon&quot;: &quot;envelope-solid&quot;,\n    &quot;title&quot;: &quot;&lt;a href=\\&quot;mailto:ehernnde@uni-mainz.de\\&quot;&gt;ehernnde@uni-mainz.de&lt;\\\/a&gt;&quot;,\n    &quot;uuid&quot;: &quot;1732632994582&quot;,\n    &quot;link&quot;: {\n        &quot;url&quot;: &quot;mailto:ehernnde@uni-mainz.de&quot;\n    },\n    &quot;align&quot;: &quot;wide&quot;,\n    &quot;showInActions&quot;: false,\n    &quot;allowNesting&quot;: true,\n    &quot;showExpandableContent&quot;: false,\n    &quot;expandableContent&quot;: &quot;&quot;\n}\">\n    \n<\/jgu-base-listitem>\n\n<jgu-base-listitem react-props=\"{\n    &quot;icon&quot;: &quot;phone-solid&quot;,\n    &quot;title&quot;: &quot;&lt;a href=\\&quot;tel:+4961313923730\\&quot; target=\\&quot;_blank\\&quot; rel=\\&quot;noreferrer noopener\\&quot;&gt;+49 6131 39-23730&lt;\\\/a&gt;&quot;,\n    &quot;uuid&quot;: &quot;1732633092473&quot;,\n    &quot;link&quot;: {\n        &quot;url&quot;: &quot;tel:+4961313923730&quot;\n    },\n    &quot;align&quot;: &quot;wide&quot;,\n    &quot;showInActions&quot;: false,\n    &quot;allowNesting&quot;: true,\n    &quot;showExpandableContent&quot;: false,\n    &quot;expandableContent&quot;: &quot;&quot;\n}\">\n    \n<\/jgu-base-listitem>\n\n<jgu-base-listitem react-props=\"{\n    &quot;icon&quot;: &quot;external-link-alt-solid&quot;,\n    &quot;title&quot;: &quot;&lt;a href=\\&quot;https:\\\/\\\/www.ifeas.uni-mainz.de\\\/hernandez\\\/\\&quot; data-type=\\&quot;page\\&quot; data-id=\\&quot;16052\\&quot;&gt;Profile page&lt;\\\/a&gt;&quot;,\n    &quot;uuid&quot;: &quot;1732633157993&quot;,\n    &quot;link&quot;: {\n        &quot;url&quot;: &quot;https:\\\/\\\/www.ifeas.uni-mainz.de\\\/hernandez\\\/&quot;\n    },\n    &quot;align&quot;: &quot;wide&quot;,\n    &quot;showInActions&quot;: false,\n    &quot;allowNesting&quot;: true,\n    &quot;showExpandableContent&quot;: false,\n    &quot;expandableContent&quot;: &quot;&quot;\n}\">\n    \n<\/jgu-base-listitem>\n\n<\/jgu-base-contactcard>\n\n<jgu-base-contactcard react-props=\"{\n    &quot;name&quot;: &quot;Christopher Hohl, M.A.&quot;,\n    &quot;avatar&quot;: {\n        &quot;id&quot;: 16478,\n        &quot;url&quot;: &quot;https:\\\/\\\/cms.zdv.uni-mainz.de\\\/fb07-ifeas\\\/wp-content\\\/uploads\\\/sites\\\/396\\\/2025\\\/04\\\/Hohl-2.jpeg&quot;,\n        &quot;title&quot;: &quot;Hohl 2&quot;,\n        &quot;width&quot;: 960,\n        &quot;height&quot;: 960,\n        &quot;srcset&quot;: &quot;https:\\\/\\\/cms.zdv.uni-mainz.de\\\/fb07-ifeas\\\/wp-content\\\/uploads\\\/sites\\\/396\\\/2025\\\/04\\\/Hohl-2.jpeg 960w, https:\\\/\\\/cms.zdv.uni-mainz.de\\\/fb07-ifeas\\\/wp-content\\\/uploads\\\/sites\\\/396\\\/2025\\\/04\\\/Hohl-2-300x300.jpeg 300w, https:\\\/\\\/cms.zdv.uni-mainz.de\\\/fb07-ifeas\\\/wp-content\\\/uploads\\\/sites\\\/396\\\/2025\\\/04\\\/Hohl-2-150x150.jpeg 150w, https:\\\/\\\/cms.zdv.uni-mainz.de\\\/fb07-ifeas\\\/wp-content\\\/uploads\\\/sites\\\/396\\\/2025\\\/04\\\/Hohl-2-768x768.jpeg 768w&quot;\n    },\n    &quot;align&quot;: &quot;wide&quot;,\n    &quot;actions&quot;: [],\n    &quot;color&quot;: &quot;default&quot;\n}\">\n    \n<jgu-base-listitem react-props=\"{\n    &quot;title&quot;: &quot;&lt;strong&gt;Research Project: The Other White Body in Past and Present &lt;\\\/strong&gt;&quot;,\n    &quot;uuid&quot;: &quot;1702050773117&quot;,\n    &quot;link&quot;: {\n        &quot;url&quot;: null\n    },\n    &quot;align&quot;: &quot;wide&quot;,\n    &quot;showInActions&quot;: false,\n    &quot;allowNesting&quot;: true,\n    &quot;icon&quot;: &quot;&quot;,\n    &quot;showExpandableContent&quot;: false,\n    &quot;expandableContent&quot;: &quot;&quot;\n}\">\n    \n<\/jgu-base-listitem>\n\n<jgu-base-listitem react-props=\"{\n    &quot;icon&quot;: &quot;envelope-solid&quot;,\n    &quot;title&quot;: &quot;&lt;a href=\\&quot;mailto:chohl@uni-mainz.de\\&quot;&gt;chohl@uni-mainz.de&lt;\\\/a&gt;&quot;,\n    &quot;uuid&quot;: &quot;1699214817526&quot;,\n    &quot;link&quot;: {\n        &quot;url&quot;: &quot;mailto:chohl@uni-mainz.de&quot;\n    },\n    &quot;align&quot;: &quot;wide&quot;,\n    &quot;showInActions&quot;: false,\n    &quot;allowNesting&quot;: true,\n    &quot;showExpandableContent&quot;: false,\n    &quot;expandableContent&quot;: &quot;&quot;\n}\">\n    \n<\/jgu-base-listitem>\n\n<jgu-base-listitem react-props=\"{\n    &quot;icon&quot;: &quot;phone-solid&quot;,\n    &quot;title&quot;: &quot;&lt;a href=\\&quot;tel:+4961313920584\\&quot; target=\\&quot;_blank\\&quot; rel=\\&quot;noreferrer noopener\\&quot;&gt;+49 6131 39-20584&lt;\\\/a&gt;&quot;,\n    &quot;uuid&quot;: &quot;1702050887439&quot;,\n    &quot;link&quot;: {\n        &quot;url&quot;: &quot;tel:+4961313920584&quot;\n    },\n    &quot;align&quot;: &quot;wide&quot;,\n    &quot;showInActions&quot;: false,\n    &quot;allowNesting&quot;: true,\n    &quot;showExpandableContent&quot;: false,\n    &quot;expandableContent&quot;: &quot;&quot;\n}\">\n    \n<\/jgu-base-listitem>\n\n<jgu-base-listitem react-props=\"{\n    &quot;icon&quot;: &quot;external-link-alt-solid&quot;,\n    &quot;title&quot;: &quot;&lt;a href=\\&quot;https:\\\/\\\/www.ifeas.uni-mainz.de\\\/christopher-hohl-m-a\\\/\\&quot; data-type=\\&quot;page\\&quot; data-id=\\&quot;15578\\&quot;&gt;Profile page&lt;\\\/a&gt;&quot;,\n    &quot;uuid&quot;: &quot;1728307753949&quot;,\n    &quot;link&quot;: {\n        &quot;url&quot;: &quot;https:\\\/\\\/www.ifeas.uni-mainz.de\\\/christopher-hohl-m-a\\\/&quot;\n    },\n    &quot;align&quot;: &quot;wide&quot;,\n    &quot;showInActions&quot;: false,\n    &quot;allowNesting&quot;: true,\n    &quot;showExpandableContent&quot;: false,\n    &quot;expandableContent&quot;: &quot;&quot;\n}\">\n    \n<\/jgu-base-listitem>\n\n<\/jgu-base-contactcard>\n\n<jgu-base-contactcard react-props=\"{\n    &quot;name&quot;: &quot;Daniel J\\u00e1kli, M.A.&quot;,\n    &quot;avatar&quot;: {\n        &quot;id&quot;: 12183,\n        &quot;url&quot;: &quot;https:\\\/\\\/cms.zdv.uni-mainz.de\\\/fb07-ifeas\\\/wp-content\\\/uploads\\\/sites\\\/396\\\/2025\\\/02\\\/Daniel187.jpg&quot;,\n        &quot;credit&quot;: &quot;&quot;,\n        &quot;title&quot;: &quot;Daniel187&quot;,\n        &quot;width&quot;: 187,\n        &quot;height&quot;: 187,\n        &quot;srcset&quot;: &quot;https:\\\/\\\/cms.zdv.uni-mainz.de\\\/fb07-ifeas\\\/wp-content\\\/uploads\\\/sites\\\/396\\\/2025\\\/02\\\/Daniel187.jpg 187w, https:\\\/\\\/cms.zdv.uni-mainz.de\\\/fb07-ifeas\\\/wp-content\\\/uploads\\\/sites\\\/396\\\/2025\\\/02\\\/Daniel187-150x150.jpg 150w&quot;\n    },\n    &quot;align&quot;: &quot;wide&quot;,\n    &quot;actions&quot;: [],\n    &quot;color&quot;: &quot;default&quot;\n}\">\n    \n<jgu-base-listitem react-props=\"{\n    &quot;title&quot;: &quot;&lt;strong&gt;Research Project: The Sound of Freedom&lt;\\\/strong&gt;&lt;strong&gt; &lt;\\\/strong&gt;&quot;,\n    &quot;uuid&quot;: &quot;1732632794003&quot;,\n    &quot;link&quot;: {\n        &quot;url&quot;: null\n    },\n    &quot;align&quot;: &quot;wide&quot;,\n    &quot;showInActions&quot;: false,\n    &quot;allowNesting&quot;: true,\n    &quot;icon&quot;: &quot;&quot;,\n    &quot;showExpandableContent&quot;: false,\n    &quot;expandableContent&quot;: &quot;&quot;\n}\">\n    \n<\/jgu-base-listitem>\n\n<jgu-base-listitem react-props=\"{\n    &quot;icon&quot;: &quot;envelope-solid&quot;,\n    &quot;title&quot;: &quot;&lt;a href=\\&quot;mailto:djkli@uni-mainz.de\\&quot;&gt;djkli@uni-mainz.de&lt;\\\/a&gt;&quot;,\n    &quot;uuid&quot;: &quot;1732632994582&quot;,\n    &quot;link&quot;: {\n        &quot;url&quot;: &quot;mailto:djkli@uni-mainz.de&quot;\n    },\n    &quot;align&quot;: &quot;wide&quot;,\n    &quot;showInActions&quot;: false,\n    &quot;allowNesting&quot;: true,\n    &quot;showExpandableContent&quot;: false,\n    &quot;expandableContent&quot;: &quot;&quot;\n}\">\n    \n<\/jgu-base-listitem>\n\n<jgu-base-listitem react-props=\"{\n    &quot;icon&quot;: &quot;phone-solid&quot;,\n    &quot;title&quot;: &quot;&lt;a href=\\&quot;tel:+4961313920792\\&quot; target=\\&quot;_blank\\&quot; rel=\\&quot;noreferrer noopener\\&quot;&gt;+49 6131 39-20792&lt;\\\/a&gt;&quot;,\n    &quot;uuid&quot;: &quot;1732633092473&quot;,\n    &quot;link&quot;: {\n        &quot;url&quot;: &quot;tel:+4961313920792&quot;\n    },\n    &quot;align&quot;: &quot;wide&quot;,\n    &quot;showInActions&quot;: false,\n    &quot;allowNesting&quot;: true,\n    &quot;showExpandableContent&quot;: false,\n    &quot;expandableContent&quot;: &quot;&quot;\n}\">\n    \n<\/jgu-base-listitem>\n\n<jgu-base-listitem react-props=\"{\n    &quot;icon&quot;: &quot;external-link-alt-solid&quot;,\n    &quot;title&quot;: &quot;&lt;a href=\\&quot;https:\\\/\\\/www.ifeas.uni-mainz.de\\\/daniel-jakli-m-a\\\/\\&quot; data-type=\\&quot;page\\&quot; data-id=\\&quot;20688\\&quot;&gt;Profile page&lt;\\\/a&gt;&quot;,\n    &quot;uuid&quot;: &quot;1732633157993&quot;,\n    &quot;link&quot;: {\n        &quot;url&quot;: &quot;https:\\\/\\\/www.ifeas.uni-mainz.de\\\/daniel-jakli-m-a\\\/&quot;\n    },\n    &quot;align&quot;: &quot;wide&quot;,\n    &quot;showInActions&quot;: false,\n    &quot;allowNesting&quot;: true,\n    &quot;showExpandableContent&quot;: false,\n    &quot;expandableContent&quot;: &quot;&quot;\n}\">\n    \n<\/jgu-base-listitem>\n\n<\/jgu-base-contactcard>\n\n<jgu-base-contactcard react-props=\"{\n    &quot;name&quot;: &quot;Jan Knipping, M.A.&quot;,\n    &quot;avatar&quot;: {\n        &quot;id&quot;: 16469,\n        &quot;url&quot;: &quot;https:\\\/\\\/cms.zdv.uni-mainz.de\\\/fb07-ifeas\\\/wp-content\\\/uploads\\\/sites\\\/396\\\/2025\\\/04\\\/Headshot_JanKnipping_FotoMerleMeier-1-1.png&quot;,\n        &quot;credit&quot;: &quot;&quot;,\n        &quot;title&quot;: &quot;Headshot_JanKnipping_FotoMerleMeier (1)&quot;,\n        &quot;width&quot;: 2820,\n        &quot;height&quot;: 4235,\n        &quot;srcset&quot;: &quot;https:\\\/\\\/cms.zdv.uni-mainz.de\\\/fb07-ifeas\\\/wp-content\\\/uploads\\\/sites\\\/396\\\/2025\\\/04\\\/Headshot_JanKnipping_FotoMerleMeier-1-1.png 2820w, https:\\\/\\\/cms.zdv.uni-mainz.de\\\/fb07-ifeas\\\/wp-content\\\/uploads\\\/sites\\\/396\\\/2025\\\/04\\\/Headshot_JanKnipping_FotoMerleMeier-1-1-200x300.png 200w, https:\\\/\\\/cms.zdv.uni-mainz.de\\\/fb07-ifeas\\\/wp-content\\\/uploads\\\/sites\\\/396\\\/2025\\\/04\\\/Headshot_JanKnipping_FotoMerleMeier-1-1-682x1024.png 682w, https:\\\/\\\/cms.zdv.uni-mainz.de\\\/fb07-ifeas\\\/wp-content\\\/uploads\\\/sites\\\/396\\\/2025\\\/04\\\/Headshot_JanKnipping_FotoMerleMeier-1-1-768x1153.png 768w, https:\\\/\\\/cms.zdv.uni-mainz.de\\\/fb07-ifeas\\\/wp-content\\\/uploads\\\/sites\\\/396\\\/2025\\\/04\\\/Headshot_JanKnipping_FotoMerleMeier-1-1-1023x1536.png 1023w, https:\\\/\\\/cms.zdv.uni-mainz.de\\\/fb07-ifeas\\\/wp-content\\\/uploads\\\/sites\\\/396\\\/2025\\\/04\\\/Headshot_JanKnipping_FotoMerleMeier-1-1-1364x2048.png 1364w&quot;\n    },\n    &quot;align&quot;: &quot;wide&quot;,\n    &quot;actions&quot;: [],\n    &quot;color&quot;: &quot;default&quot;\n}\">\n    \n<jgu-base-listitem react-props=\"{\n    &quot;title&quot;: &quot;&lt;strong&gt;Research Project: A semiotic study of drinks and drinking&lt;\\\/strong&gt;&lt;strong&gt; &lt;\\\/strong&gt;&quot;,\n    &quot;uuid&quot;: &quot;1732632794003&quot;,\n    &quot;link&quot;: {\n        &quot;url&quot;: null\n    },\n    &quot;align&quot;: &quot;wide&quot;,\n    &quot;showInActions&quot;: false,\n    &quot;allowNesting&quot;: true,\n    &quot;icon&quot;: &quot;&quot;,\n    &quot;showExpandableContent&quot;: false,\n    &quot;expandableContent&quot;: &quot;&quot;\n}\">\n    \n<\/jgu-base-listitem>\n\n<jgu-base-listitem react-props=\"{\n    &quot;icon&quot;: &quot;envelope-solid&quot;,\n    &quot;title&quot;: &quot;&lt;a href=\\&quot;mailto:j.knipping@uni-mainz.de\\&quot;&gt;j.knipping@uni-mainz.de&lt;\\\/a&gt;&quot;,\n    &quot;uuid&quot;: &quot;1732632994582&quot;,\n    &quot;link&quot;: {\n        &quot;url&quot;: &quot;mailto:j.knipping@uni-mainz.de&quot;\n    },\n    &quot;align&quot;: &quot;wide&quot;,\n    &quot;showInActions&quot;: false,\n    &quot;allowNesting&quot;: true,\n    &quot;showExpandableContent&quot;: false,\n    &quot;expandableContent&quot;: &quot;&quot;\n}\">\n    \n<\/jgu-base-listitem>\n\n<jgu-base-listitem react-props=\"{\n    &quot;icon&quot;: &quot;phone-solid&quot;,\n    &quot;title&quot;: &quot;&lt;a href=\\&quot;tel:+4961313922779\\&quot; target=\\&quot;_blank\\&quot; rel=\\&quot;noreferrer noopener\\&quot;&gt;+49 6131 39-22779&lt;\\\/a&gt;&quot;,\n    &quot;uuid&quot;: &quot;1732633092473&quot;,\n    &quot;link&quot;: {\n        &quot;url&quot;: &quot;tel:+4961313922779&quot;\n    },\n    &quot;align&quot;: &quot;wide&quot;,\n    &quot;showInActions&quot;: false,\n    &quot;allowNesting&quot;: true,\n    &quot;showExpandableContent&quot;: false,\n    &quot;expandableContent&quot;: &quot;&quot;\n}\">\n    \n<\/jgu-base-listitem>\n\n<jgu-base-listitem react-props=\"{\n    &quot;icon&quot;: &quot;external-link-alt-solid&quot;,\n    &quot;title&quot;: &quot;&lt;a href=\\&quot;https:\\\/\\\/www.ifeas.uni-mainz.de\\\/jan-knipping-m-a\\\/\\&quot; data-type=\\&quot;page\\&quot; data-id=\\&quot;16109\\&quot;&gt;Profile page&lt;\\\/a&gt;&quot;,\n    &quot;uuid&quot;: &quot;1732633157993&quot;,\n    &quot;link&quot;: {\n        &quot;url&quot;: &quot;https:\\\/\\\/www.ifeas.uni-mainz.de\\\/jan-knipping-m-a\\\/&quot;\n    },\n    &quot;align&quot;: &quot;wide&quot;,\n    &quot;showInActions&quot;: false,\n    &quot;allowNesting&quot;: true,\n    &quot;showExpandableContent&quot;: false,\n    &quot;expandableContent&quot;: &quot;&quot;\n}\">\n    \n<\/jgu-base-listitem>\n\n<\/jgu-base-contactcard>\n\n<jgu-base-contactcard react-props=\"{\n    &quot;align&quot;: &quot;&quot;,\n    &quot;name&quot;: &quot;Janika Kunzmann, M.A.&quot;,\n    &quot;avatar&quot;: {\n        &quot;id&quot;: 12177,\n        &quot;url&quot;: &quot;https:\\\/\\\/cms.zdv.uni-mainz.de\\\/fb07-ifeas\\\/wp-content\\\/uploads\\\/sites\\\/396\\\/2025\\\/02\\\/Janika-Kunzmann-200x300-1.jpg&quot;,\n        &quot;title&quot;: &quot;Janika-Kunzmann-200x300&quot;,\n        &quot;width&quot;: 200,\n        &quot;height&quot;: 300\n    },\n    &quot;actions&quot;: [],\n    &quot;color&quot;: &quot;default&quot;\n}\">\n    \n<jgu-base-listitem react-props=\"{\n    &quot;title&quot;: &quot;&lt;strong&gt;Research Project: A grammar of Mbum&lt;\\\/strong&gt;&quot;,\n    &quot;uuid&quot;: &quot;1738741777878&quot;,\n    &quot;link&quot;: {\n        &quot;url&quot;: null\n    },\n    &quot;align&quot;: &quot;wide&quot;,\n    &quot;showInActions&quot;: false,\n    &quot;allowNesting&quot;: true,\n    &quot;icon&quot;: &quot;&quot;,\n    &quot;showExpandableContent&quot;: false,\n    &quot;expandableContent&quot;: &quot;&quot;\n}\">\n    \n<\/jgu-base-listitem>\n\n<jgu-base-listitem react-props=\"{\n    &quot;icon&quot;: &quot;envelope-solid&quot;,\n    &quot;title&quot;: &quot;&lt;a href=\\&quot;mailto:jakunzma@uni-mainz.de\\&quot;&gt;jakunzma@uni-mainz.de&lt;\\\/a&gt;&quot;,\n    &quot;uuid&quot;: &quot;1702288670976&quot;,\n    &quot;link&quot;: {\n        &quot;url&quot;: &quot;mailto:jakunzma@uni-mainz.de&quot;\n    },\n    &quot;align&quot;: &quot;wide&quot;,\n    &quot;showInActions&quot;: false,\n    &quot;allowNesting&quot;: true,\n    &quot;showExpandableContent&quot;: false,\n    &quot;expandableContent&quot;: &quot;&quot;\n}\">\n    \n<\/jgu-base-listitem>\n\n<jgu-base-listitem react-props=\"{\n    &quot;icon&quot;: &quot;external-link-alt-solid&quot;,\n    &quot;title&quot;: &quot;&lt;a href=\\&quot;https:\\\/\\\/www.ifeas.uni-mainz.de\\\/kunzmann\\\/\\&quot; data-type=\\&quot;page\\&quot; data-id=\\&quot;20667\\&quot;&gt;Profile page&lt;\\\/a&gt;&quot;,\n    &quot;uuid&quot;: &quot;1738831583019&quot;,\n    &quot;link&quot;: {\n        &quot;url&quot;: &quot;https:\\\/\\\/www.ifeas.uni-mainz.de\\\/kunzmann\\\/&quot;\n    },\n    &quot;align&quot;: &quot;wide&quot;,\n    &quot;showInActions&quot;: false,\n    &quot;allowNesting&quot;: true,\n    &quot;showExpandableContent&quot;: false,\n    &quot;expandableContent&quot;: &quot;&quot;\n}\">\n    \n<\/jgu-base-listitem>\n\n<\/jgu-base-contactcard>\n\n<jgu-base-contactcard react-props=\"{\n    &quot;name&quot;: &quot;Theresa Mentrup, M.A.&quot;,\n    &quot;avatar&quot;: {\n        &quot;id&quot;: 12051,\n        &quot;url&quot;: &quot;https:\\\/\\\/cms.zdv.uni-mainz.de\\\/fb07-ifeas\\\/wp-content\\\/uploads\\\/sites\\\/396\\\/2025\\\/02\\\/Foto-Mentrup-2021-scaled-1.jpeg&quot;,\n        &quot;title&quot;: &quot;Foto-Mentrup-2021-scaled&quot;,\n        &quot;width&quot;: 1800,\n        &quot;height&quot;: 1800,\n        &quot;srcset&quot;: &quot;https:\\\/\\\/cms.zdv.uni-mainz.de\\\/fb07-ifeas\\\/wp-content\\\/uploads\\\/sites\\\/396\\\/2025\\\/02\\\/Foto-Mentrup-2021-scaled-1.jpeg 1800w, https:\\\/\\\/cms.zdv.uni-mainz.de\\\/fb07-ifeas\\\/wp-content\\\/uploads\\\/sites\\\/396\\\/2025\\\/02\\\/Foto-Mentrup-2021-scaled-1-300x300.jpeg 300w, https:\\\/\\\/cms.zdv.uni-mainz.de\\\/fb07-ifeas\\\/wp-content\\\/uploads\\\/sites\\\/396\\\/2025\\\/02\\\/Foto-Mentrup-2021-scaled-1-1024x1024.jpeg 1024w, https:\\\/\\\/cms.zdv.uni-mainz.de\\\/fb07-ifeas\\\/wp-content\\\/uploads\\\/sites\\\/396\\\/2025\\\/02\\\/Foto-Mentrup-2021-scaled-1-150x150.jpeg 150w, https:\\\/\\\/cms.zdv.uni-mainz.de\\\/fb07-ifeas\\\/wp-content\\\/uploads\\\/sites\\\/396\\\/2025\\\/02\\\/Foto-Mentrup-2021-scaled-1-768x768.jpeg 768w, https:\\\/\\\/cms.zdv.uni-mainz.de\\\/fb07-ifeas\\\/wp-content\\\/uploads\\\/sites\\\/396\\\/2025\\\/02\\\/Foto-Mentrup-2021-scaled-1-1536x1536.jpeg 1536w, https:\\\/\\\/cms.zdv.uni-mainz.de\\\/fb07-ifeas\\\/wp-content\\\/uploads\\\/sites\\\/396\\\/2025\\\/02\\\/Foto-Mentrup-2021-scaled-1-400x400.jpeg 400w, https:\\\/\\\/cms.zdv.uni-mainz.de\\\/fb07-ifeas\\\/wp-content\\\/uploads\\\/sites\\\/396\\\/2025\\\/02\\\/Foto-Mentrup-2021-scaled-1-600x600.jpeg 600w&quot;\n    },\n    &quot;align&quot;: &quot;wide&quot;,\n    &quot;actions&quot;: [],\n    &quot;color&quot;: &quot;default&quot;\n}\">\n    \n<jgu-base-listitem react-props=\"{\n    &quot;title&quot;: &quot;&lt;strong&gt;Research Project: The Administration of Loss&lt;\\\/strong&gt;&lt;strong&gt; &lt;\\\/strong&gt;&quot;,\n    &quot;uuid&quot;: &quot;1732632794003&quot;,\n    &quot;link&quot;: {\n        &quot;url&quot;: null\n    },\n    &quot;align&quot;: &quot;wide&quot;,\n    &quot;showInActions&quot;: false,\n    &quot;allowNesting&quot;: true,\n    &quot;icon&quot;: &quot;&quot;,\n    &quot;showExpandableContent&quot;: false,\n    &quot;expandableContent&quot;: &quot;&quot;\n}\">\n    \n<\/jgu-base-listitem>\n\n<jgu-base-listitem react-props=\"{\n    &quot;icon&quot;: &quot;envelope-solid&quot;,\n    &quot;title&quot;: &quot;&lt;a href=\\&quot;mailto:tmentrup@uni-mainz.de\\&quot;&gt;tmentrup@uni-mainz.de&lt;\\\/a&gt;&quot;,\n    &quot;uuid&quot;: &quot;1732632994582&quot;,\n    &quot;link&quot;: {\n        &quot;url&quot;: &quot;mailto:tmentrup@uni-mainz.de&quot;\n    },\n    &quot;align&quot;: &quot;wide&quot;,\n    &quot;showInActions&quot;: false,\n    &quot;allowNesting&quot;: true,\n    &quot;showExpandableContent&quot;: false,\n    &quot;expandableContent&quot;: &quot;&quot;\n}\">\n    \n<\/jgu-base-listitem>\n\n<jgu-base-listitem react-props=\"{\n    &quot;icon&quot;: &quot;phone-solid&quot;,\n    &quot;title&quot;: &quot;&lt;a href=\\&quot;tel:+4961313936077\\&quot; target=\\&quot;_blank\\&quot; rel=\\&quot;noreferrer noopener\\&quot;&gt;+49 6131 39-36077&lt;\\\/a&gt;&quot;,\n    &quot;uuid&quot;: &quot;1732633092473&quot;,\n    &quot;link&quot;: {\n        &quot;url&quot;: &quot;tel:+4961313936077&quot;\n    },\n    &quot;align&quot;: &quot;wide&quot;,\n    &quot;showInActions&quot;: false,\n    &quot;allowNesting&quot;: true,\n    &quot;showExpandableContent&quot;: false,\n    &quot;expandableContent&quot;: &quot;&quot;\n}\">\n    \n<\/jgu-base-listitem>\n\n<jgu-base-listitem react-props=\"{\n    &quot;icon&quot;: &quot;external-link-alt-solid&quot;,\n    &quot;title&quot;: &quot;&lt;a href=\\&quot;https:\\\/\\\/www.ifeas.uni-mainz.de\\\/theresa-mentrup-m-a\\\/\\&quot; data-type=\\&quot;page\\&quot; data-id=\\&quot;16148\\&quot;&gt;Profile page&lt;\\\/a&gt;&quot;,\n    &quot;uuid&quot;: &quot;1732633157993&quot;,\n    &quot;link&quot;: {\n        &quot;url&quot;: &quot;https:\\\/\\\/www.ifeas.uni-mainz.de\\\/theresa-mentrup-m-a\\\/&quot;\n    },\n    &quot;align&quot;: &quot;wide&quot;,\n    &quot;showInActions&quot;: false,\n    &quot;allowNesting&quot;: true,\n    &quot;showExpandableContent&quot;: false,\n    &quot;expandableContent&quot;: &quot;&quot;\n}\">\n    \n<\/jgu-base-listitem>\n\n<\/jgu-base-contactcard>\n\n<jgu-base-contactcard react-props=\"{\n    &quot;align&quot;: &quot;&quot;,\n    &quot;name&quot;: &quot;Maike Meurer, M.A.&quot;,\n    &quot;avatar&quot;: {\n        &quot;id&quot;: 12171,\n        &quot;url&quot;: &quot;https:\\\/\\\/cms.zdv.uni-mainz.de\\\/fb07-ifeas\\\/wp-content\\\/uploads\\\/sites\\\/396\\\/2025\\\/02\\\/Meurer-Maike-2.jpeg&quot;,\n        &quot;title&quot;: &quot;Meurer-Maike 2&quot;,\n        &quot;width&quot;: 187,\n        &quot;height&quot;: 187,\n        &quot;srcset&quot;: &quot;https:\\\/\\\/cms.zdv.uni-mainz.de\\\/fb07-ifeas\\\/wp-content\\\/uploads\\\/sites\\\/396\\\/2025\\\/02\\\/Meurer-Maike-2.jpeg 187w, https:\\\/\\\/cms.zdv.uni-mainz.de\\\/fb07-ifeas\\\/wp-content\\\/uploads\\\/sites\\\/396\\\/2025\\\/02\\\/Meurer-Maike-2-150x150.jpeg 150w&quot;\n    },\n    &quot;actions&quot;: [],\n    &quot;color&quot;: &quot;default&quot;\n}\">\n    \n<jgu-base-listitem react-props=\"{\n    &quot;title&quot;: &quot;&lt;strong&gt;Research Project: Poetry in Madagascar&lt;\\\/strong&gt;&quot;,\n    &quot;uuid&quot;: &quot;1738741777878&quot;,\n    &quot;link&quot;: {\n        &quot;url&quot;: null\n    },\n    &quot;align&quot;: &quot;wide&quot;,\n    &quot;showInActions&quot;: false,\n    &quot;allowNesting&quot;: true,\n    &quot;icon&quot;: &quot;&quot;,\n    &quot;showExpandableContent&quot;: false,\n    &quot;expandableContent&quot;: &quot;&quot;\n}\">\n    \n<\/jgu-base-listitem>\n\n<jgu-base-listitem react-props=\"{\n    &quot;icon&quot;: &quot;envelope-solid&quot;,\n    &quot;title&quot;: &quot;&lt;a href=\\&quot;mailto:meurer@uni-mainz.de\\&quot;&gt;meurer@uni-mainz.de&lt;\\\/a&gt;&quot;,\n    &quot;uuid&quot;: &quot;1702288670976&quot;,\n    &quot;link&quot;: {\n        &quot;url&quot;: &quot;mailto:meurer@uni-mainz.de&quot;\n    },\n    &quot;align&quot;: &quot;wide&quot;,\n    &quot;showInActions&quot;: false,\n    &quot;allowNesting&quot;: true,\n    &quot;showExpandableContent&quot;: false,\n    &quot;expandableContent&quot;: &quot;&quot;\n}\">\n    \n<\/jgu-base-listitem>\n\n<jgu-base-listitem react-props=\"{\n    &quot;icon&quot;: &quot;external-link-alt-solid&quot;,\n    &quot;title&quot;: &quot;&lt;a href=\\&quot;https:\\\/\\\/www.ifeas.uni-mainz.de\\\/meurer\\\/\\&quot; data-type=\\&quot;page\\&quot; data-id=\\&quot;20655\\&quot;&gt;Profile page&lt;\\\/a&gt;&quot;,\n    &quot;uuid&quot;: &quot;1738831583019&quot;,\n    &quot;link&quot;: {\n        &quot;url&quot;: &quot;https:\\\/\\\/www.ifeas.uni-mainz.de\\\/meurer\\\/&quot;\n    },\n    &quot;align&quot;: &quot;wide&quot;,\n    &quot;showInActions&quot;: false,\n    &quot;allowNesting&quot;: true,\n    &quot;showExpandableContent&quot;: false,\n    &quot;expandableContent&quot;: &quot;&quot;\n}\">\n    \n<\/jgu-base-listitem>\n\n<\/jgu-base-contactcard>\n\n<jgu-base-contactcard react-props=\"{\n    &quot;name&quot;: &quot;C\\u00e9line Molter, M.A.&quot;,\n    &quot;avatar&quot;: {\n        &quot;id&quot;: 10608,\n        &quot;url&quot;: &quot;https:\\\/\\\/cms.zdv.uni-mainz.de\\\/fb07-ifeas\\\/wp-content\\\/uploads\\\/sites\\\/396\\\/2025\\\/02\\\/Molter_CM2022-230x300-1.jpeg&quot;,\n        &quot;title&quot;: &quot;Molter_CM2022-230x300&quot;,\n        &quot;width&quot;: 230,\n        &quot;height&quot;: 256\n    },\n    &quot;align&quot;: &quot;wide&quot;,\n    &quot;actions&quot;: [],\n    &quot;color&quot;: &quot;default&quot;\n}\">\n    \n<jgu-base-listitem react-props=\"{\n    &quot;title&quot;: &quot;&lt;strong&gt;Research Project: Representation and Experience in Religious Theme Parks and Passion Plays&lt;\\\/strong&gt;&quot;,\n    &quot;uuid&quot;: &quot;1702050773117&quot;,\n    &quot;link&quot;: {\n        &quot;url&quot;: null\n    },\n    &quot;align&quot;: &quot;wide&quot;,\n    &quot;showInActions&quot;: false,\n    &quot;allowNesting&quot;: true,\n    &quot;icon&quot;: &quot;&quot;,\n    &quot;showExpandableContent&quot;: false,\n    &quot;expandableContent&quot;: &quot;&quot;\n}\">\n    \n<\/jgu-base-listitem>\n\n<jgu-base-listitem react-props=\"{\n    &quot;icon&quot;: &quot;envelope-solid&quot;,\n    &quot;title&quot;: &quot;&lt;a href=\\&quot;mailto:molterc@uni-mainz.de\\&quot;&gt;molterc@uni-mainz.de&lt;\\\/a&gt;&quot;,\n    &quot;uuid&quot;: &quot;1699214817526&quot;,\n    &quot;link&quot;: {\n        &quot;url&quot;: &quot;mailto:molterc@uni-mainz.de&quot;\n    },\n    &quot;align&quot;: &quot;wide&quot;,\n    &quot;showInActions&quot;: false,\n    &quot;allowNesting&quot;: true,\n    &quot;showExpandableContent&quot;: false,\n    &quot;expandableContent&quot;: &quot;&quot;\n}\">\n    \n<\/jgu-base-listitem>\n\n<jgu-base-listitem react-props=\"{\n    &quot;icon&quot;: &quot;phone-solid&quot;,\n    &quot;title&quot;: &quot;&lt;a href=\\&quot;tel:+4961313920065\\&quot; target=\\&quot;_blank\\&quot; rel=\\&quot;noreferrer noopener\\&quot;&gt;+49 6131 39-37298&lt;\\\/a&gt;&quot;,\n    &quot;uuid&quot;: &quot;1702050887439&quot;,\n    &quot;link&quot;: {\n        &quot;url&quot;: &quot;tel:+4961313920065&quot;\n    },\n    &quot;align&quot;: &quot;wide&quot;,\n    &quot;showInActions&quot;: false,\n    &quot;allowNesting&quot;: true,\n    &quot;showExpandableContent&quot;: false,\n    &quot;expandableContent&quot;: &quot;&quot;\n}\">\n    \n<\/jgu-base-listitem>\n\n<jgu-base-listitem react-props=\"{\n    &quot;icon&quot;: &quot;external-link-alt-solid&quot;,\n    &quot;title&quot;: &quot;&lt;a href=\\&quot;https:\\\/\\\/www.ifeas.uni-mainz.de\\\/cline-molter-m-a\\\/\\&quot; data-type=\\&quot;page\\&quot; data-id=\\&quot;20638\\&quot;&gt;Profile page&lt;\\\/a&gt;&quot;,\n    &quot;uuid&quot;: &quot;1728307753949&quot;,\n    &quot;link&quot;: {\n        &quot;url&quot;: &quot;https:\\\/\\\/www.ifeas.uni-mainz.de\\\/cline-molter-m-a\\\/&quot;\n    },\n    &quot;align&quot;: &quot;wide&quot;,\n    &quot;showInActions&quot;: false,\n    &quot;allowNesting&quot;: true,\n    &quot;showExpandableContent&quot;: false,\n    &quot;expandableContent&quot;: &quot;&quot;\n}\">\n    \n<\/jgu-base-listitem>\n\n<\/jgu-base-contactcard>\n\n<jgu-base-contactcard react-props=\"{\n    &quot;name&quot;: &quot;In\\u00e8s Neubauer, M.A.&quot;,\n    &quot;avatar&quot;: {\n        &quot;id&quot;: null,\n        &quot;url&quot;: null,\n        &quot;credit&quot;: &quot;&quot;\n    },\n    &quot;align&quot;: &quot;wide&quot;,\n    &quot;actions&quot;: [],\n    &quot;color&quot;: &quot;default&quot;\n}\">\n    \n<jgu-base-listitem react-props=\"{\n    &quot;title&quot;: &quot;&lt;strong&gt;Research Project: Economic Groups and Boundaries&lt;\\\/strong&gt;&quot;,\n    &quot;uuid&quot;: &quot;1732632794003&quot;,\n    &quot;link&quot;: {\n        &quot;url&quot;: null\n    },\n    &quot;align&quot;: &quot;wide&quot;,\n    &quot;showInActions&quot;: false,\n    &quot;allowNesting&quot;: true,\n    &quot;icon&quot;: &quot;&quot;,\n    &quot;showExpandableContent&quot;: false,\n    &quot;expandableContent&quot;: &quot;&quot;\n}\">\n    \n<\/jgu-base-listitem>\n\n<jgu-base-listitem react-props=\"{\n    &quot;icon&quot;: &quot;envelope-solid&quot;,\n    &quot;title&quot;: &quot;&lt;a href=\\&quot;mailto:Ines-neubauer@gmx.de\\&quot;&gt;Ines-neubauer@gmx.de&lt;\\\/a&gt;&quot;,\n    &quot;uuid&quot;: &quot;1732632994582&quot;,\n    &quot;link&quot;: {\n        &quot;url&quot;: &quot;mailto:Ines-neubauer@gmx.de&quot;\n    },\n    &quot;align&quot;: &quot;wide&quot;,\n    &quot;showInActions&quot;: false,\n    &quot;allowNesting&quot;: true,\n    &quot;showExpandableContent&quot;: false,\n    &quot;expandableContent&quot;: &quot;&quot;\n}\">\n    \n<\/jgu-base-listitem>\n\n<jgu-base-listitem react-props=\"{\n    &quot;icon&quot;: &quot;external-link-alt-solid&quot;,\n    &quot;title&quot;: &quot;&lt;a href=\\&quot;https:\\\/\\\/www.ifeas.uni-mainz.de\\\/neubauer\\\/\\&quot; data-type=\\&quot;page\\&quot; data-id=\\&quot;20631\\&quot;&gt;Profile page&lt;\\\/a&gt;&quot;,\n    &quot;uuid&quot;: &quot;1732633157993&quot;,\n    &quot;link&quot;: {\n        &quot;url&quot;: &quot;https:\\\/\\\/www.ifeas.uni-mainz.de\\\/neubauer\\\/&quot;\n    },\n    &quot;align&quot;: &quot;wide&quot;,\n    &quot;showInActions&quot;: false,\n    &quot;allowNesting&quot;: true,\n    &quot;showExpandableContent&quot;: false,\n    &quot;expandableContent&quot;: &quot;&quot;\n}\">\n    \n<\/jgu-base-listitem>\n\n<\/jgu-base-contactcard>\n\n<jgu-base-contactcard react-props=\"{\n    &quot;align&quot;: &quot;&quot;,\n    &quot;name&quot;: &quot;Gis\\u00e8le Oldorff, M.A.&quot;,\n    &quot;avatar&quot;: {\n        &quot;id&quot;: 10719,\n        &quot;url&quot;: &quot;https:\\\/\\\/cms.zdv.uni-mainz.de\\\/fb07-ifeas\\\/wp-content\\\/uploads\\\/sites\\\/396\\\/2025\\\/02\\\/Portrait-Gisele-225x300-1.jpg&quot;,\n        &quot;title&quot;: &quot;Portrait-Gisele--225x300&quot;,\n        &quot;width&quot;: 225,\n        &quot;height&quot;: 300\n    },\n    &quot;actions&quot;: [],\n    &quot;color&quot;: &quot;default&quot;\n}\">\n    \n<jgu-base-listitem react-props=\"{\n    &quot;title&quot;: &quot;&lt;strong&gt;Research Project: Negotiating Agaciro&lt;\\\/strong&gt;&quot;,\n    &quot;uuid&quot;: &quot;1738741777878&quot;,\n    &quot;link&quot;: {\n        &quot;url&quot;: null\n    },\n    &quot;align&quot;: &quot;wide&quot;,\n    &quot;showInActions&quot;: false,\n    &quot;allowNesting&quot;: true,\n    &quot;icon&quot;: &quot;&quot;,\n    &quot;showExpandableContent&quot;: false,\n    &quot;expandableContent&quot;: &quot;&quot;\n}\">\n    \n<\/jgu-base-listitem>\n\n<jgu-base-listitem react-props=\"{\n    &quot;icon&quot;: &quot;envelope-solid&quot;,\n    &quot;title&quot;: &quot;&lt;a href=\\&quot;mailto:goldorff@uni-mainz.de\\&quot;&gt;goldorff@uni-mainz.de&lt;\\\/a&gt;&quot;,\n    &quot;uuid&quot;: &quot;1702288670976&quot;,\n    &quot;link&quot;: {\n        &quot;url&quot;: &quot;mailto:goldorff@uni-mainz.de&quot;\n    },\n    &quot;align&quot;: &quot;wide&quot;,\n    &quot;showInActions&quot;: false,\n    &quot;allowNesting&quot;: true,\n    &quot;showExpandableContent&quot;: false,\n    &quot;expandableContent&quot;: &quot;&quot;\n}\">\n    \n<\/jgu-base-listitem>\n\n<jgu-base-listitem react-props=\"{\n    &quot;icon&quot;: &quot;phone-solid&quot;,\n    &quot;title&quot;: &quot;&lt;a href=\\&quot;tel:+4961313922795\\&quot; target=\\&quot;_blank\\&quot; rel=\\&quot;noreferrer noopener\\&quot;&gt;+49 6131 39-22795&lt;\\\/a&gt;&quot;,\n    &quot;uuid&quot;: &quot;1738831581139&quot;,\n    &quot;link&quot;: {\n        &quot;url&quot;: &quot;tel:+4961313922795&quot;\n    },\n    &quot;align&quot;: &quot;wide&quot;,\n    &quot;showInActions&quot;: false,\n    &quot;allowNesting&quot;: true,\n    &quot;showExpandableContent&quot;: false,\n    &quot;expandableContent&quot;: &quot;&quot;\n}\">\n    \n<\/jgu-base-listitem>\n\n<jgu-base-listitem react-props=\"{\n    &quot;icon&quot;: &quot;external-link-alt-solid&quot;,\n    &quot;title&quot;: &quot;&lt;a href=\\&quot;https:\\\/\\\/www.ifeas.uni-mainz.de\\\/gisele-oldorff-m-a\\\/\\&quot; data-type=\\&quot;page\\&quot; data-id=\\&quot;20614\\&quot;&gt;Profile page&lt;\\\/a&gt;&quot;,\n    &quot;uuid&quot;: &quot;1738831583019&quot;,\n    &quot;link&quot;: {\n        &quot;url&quot;: &quot;https:\\\/\\\/www.ifeas.uni-mainz.de\\\/gisele-oldorff-m-a\\\/&quot;\n    },\n    &quot;align&quot;: &quot;wide&quot;,\n    &quot;showInActions&quot;: false,\n    &quot;allowNesting&quot;: true,\n    &quot;showExpandableContent&quot;: false,\n    &quot;expandableContent&quot;: &quot;&quot;\n}\">\n    \n<\/jgu-base-listitem>\n\n<\/jgu-base-contactcard>\n\n<jgu-base-contactcard react-props=\"{\n    &quot;name&quot;: &quot;Elena Reichl, M.A.&quot;,\n    &quot;avatar&quot;: {\n        &quot;id&quot;: 16487,\n        &quot;url&quot;: &quot;https:\\\/\\\/cms.zdv.uni-mainz.de\\\/fb07-ifeas\\\/wp-content\\\/uploads\\\/sites\\\/396\\\/2025\\\/04\\\/reichl-bild-scaled.jpg&quot;,\n        &quot;caption&quot;: &quot;Elena Reichl\\rDoc, (B04) Ethnologie&quot;,\n        &quot;title&quot;: &quot;Elena Reichl\\rDoc, (B04) Ethnologie&quot;,\n        &quot;width&quot;: 1707,\n        &quot;height&quot;: 2560,\n        &quot;srcset&quot;: &quot;https:\\\/\\\/cms.zdv.uni-mainz.de\\\/fb07-ifeas\\\/wp-content\\\/uploads\\\/sites\\\/396\\\/2025\\\/04\\\/reichl-bild-scaled.jpg 1707w, https:\\\/\\\/cms.zdv.uni-mainz.de\\\/fb07-ifeas\\\/wp-content\\\/uploads\\\/sites\\\/396\\\/2025\\\/04\\\/reichl-bild-200x300.jpg 200w, https:\\\/\\\/cms.zdv.uni-mainz.de\\\/fb07-ifeas\\\/wp-content\\\/uploads\\\/sites\\\/396\\\/2025\\\/04\\\/reichl-bild-683x1024.jpg 683w, https:\\\/\\\/cms.zdv.uni-mainz.de\\\/fb07-ifeas\\\/wp-content\\\/uploads\\\/sites\\\/396\\\/2025\\\/04\\\/reichl-bild-768x1152.jpg 768w, https:\\\/\\\/cms.zdv.uni-mainz.de\\\/fb07-ifeas\\\/wp-content\\\/uploads\\\/sites\\\/396\\\/2025\\\/04\\\/reichl-bild-1024x1536.jpg 1024w, https:\\\/\\\/cms.zdv.uni-mainz.de\\\/fb07-ifeas\\\/wp-content\\\/uploads\\\/sites\\\/396\\\/2025\\\/04\\\/reichl-bild-1365x2048.jpg 1365w&quot;\n    },\n    &quot;align&quot;: &quot;wide&quot;,\n    &quot;actions&quot;: [],\n    &quot;color&quot;: &quot;default&quot;\n}\">\n    \n<jgu-base-listitem react-props=\"{\n    &quot;title&quot;: &quot;&lt;strong&gt;Research Project: Aid Providers and Recipients of Aid&lt;\\\/strong&gt;&lt;strong&gt; &lt;\\\/strong&gt;&quot;,\n    &quot;uuid&quot;: &quot;1732632794003&quot;,\n    &quot;link&quot;: {\n        &quot;url&quot;: null\n    },\n    &quot;align&quot;: &quot;wide&quot;,\n    &quot;showInActions&quot;: false,\n    &quot;allowNesting&quot;: true,\n    &quot;icon&quot;: &quot;&quot;,\n    &quot;showExpandableContent&quot;: false,\n    &quot;expandableContent&quot;: &quot;&quot;\n}\">\n    \n<\/jgu-base-listitem>\n\n<jgu-base-listitem react-props=\"{\n    &quot;icon&quot;: &quot;envelope-solid&quot;,\n    &quot;title&quot;: &quot;&lt;a href=\\&quot;mailto:elreichl@uni-mainz.de\\&quot;&gt;elreichl@uni-mainz.de&lt;\\\/a&gt;&quot;,\n    &quot;uuid&quot;: &quot;1732632994582&quot;,\n    &quot;link&quot;: {\n        &quot;url&quot;: &quot;mailto:elreichl@uni-mainz.de&quot;\n    },\n    &quot;align&quot;: &quot;wide&quot;,\n    &quot;showInActions&quot;: false,\n    &quot;allowNesting&quot;: true,\n    &quot;showExpandableContent&quot;: false,\n    &quot;expandableContent&quot;: &quot;&quot;\n}\">\n    \n<\/jgu-base-listitem>\n\n<jgu-base-listitem react-props=\"{\n    &quot;icon&quot;: &quot;phone-solid&quot;,\n    &quot;title&quot;: &quot;&lt;a href=\\&quot;tel:+4961313923730\\&quot; target=\\&quot;_blank\\&quot; rel=\\&quot;noreferrer noopener\\&quot;&gt;+49 6131 39-23730&lt;\\\/a&gt;&quot;,\n    &quot;uuid&quot;: &quot;1732633092473&quot;,\n    &quot;link&quot;: {\n        &quot;url&quot;: &quot;tel:+4961313923730&quot;\n    },\n    &quot;align&quot;: &quot;wide&quot;,\n    &quot;showInActions&quot;: false,\n    &quot;allowNesting&quot;: true,\n    &quot;showExpandableContent&quot;: false,\n    &quot;expandableContent&quot;: &quot;&quot;\n}\">\n    \n<\/jgu-base-listitem>\n\n<jgu-base-listitem react-props=\"{\n    &quot;icon&quot;: &quot;external-link-alt-solid&quot;,\n    &quot;title&quot;: &quot;&lt;a href=\\&quot;https:\\\/\\\/www.ifeas.uni-mainz.de\\\/elena-reichl-b-a\\\/\\&quot; data-type=\\&quot;page\\&quot; data-id=\\&quot;15821\\&quot;&gt;Profile page&lt;\\\/a&gt;&quot;,\n    &quot;uuid&quot;: &quot;1732633157993&quot;,\n    &quot;link&quot;: {\n        &quot;url&quot;: &quot;https:\\\/\\\/www.ifeas.uni-mainz.de\\\/elena-reichl-b-a\\\/&quot;\n    },\n    &quot;align&quot;: &quot;wide&quot;,\n    &quot;showInActions&quot;: false,\n    &quot;allowNesting&quot;: true,\n    &quot;showExpandableContent&quot;: false,\n    &quot;expandableContent&quot;: &quot;&quot;\n}\">\n    \n<\/jgu-base-listitem>\n\n<\/jgu-base-contactcard>\n\n<jgu-base-contactcard react-props=\"{\n    &quot;name&quot;: &quot;Artemis Saleh, M.A.&quot;,\n    &quot;avatar&quot;: {\n        &quot;id&quot;: 12069,\n        &quot;url&quot;: &quot;https:\\\/\\\/cms.zdv.uni-mainz.de\\\/fb07-ifeas\\\/wp-content\\\/uploads\\\/sites\\\/396\\\/2025\\\/02\\\/05_Artemis_Saleh-200x300-1.jpeg&quot;,\n        &quot;title&quot;: &quot;05_Artemis_Saleh-200x300&quot;,\n        &quot;width&quot;: 200,\n        &quot;height&quot;: 200,\n        &quot;srcset&quot;: &quot;https:\\\/\\\/cms.zdv.uni-mainz.de\\\/fb07-ifeas\\\/wp-content\\\/uploads\\\/sites\\\/396\\\/2025\\\/02\\\/05_Artemis_Saleh-200x300-1.jpeg 200w, https:\\\/\\\/cms.zdv.uni-mainz.de\\\/fb07-ifeas\\\/wp-content\\\/uploads\\\/sites\\\/396\\\/2025\\\/02\\\/05_Artemis_Saleh-200x300-1-150x150.jpeg 150w&quot;\n    },\n    &quot;align&quot;: &quot;wide&quot;,\n    &quot;actions&quot;: [],\n    &quot;color&quot;: &quot;default&quot;\n}\">\n    \n<jgu-base-listitem react-props=\"{\n    &quot;title&quot;: &quot;&lt;strong&gt;Research Project: The Re-Invention of Womxn&lt;\\\/strong&gt;&quot;,\n    &quot;uuid&quot;: &quot;1732632794003&quot;,\n    &quot;link&quot;: {\n        &quot;url&quot;: null\n    },\n    &quot;align&quot;: &quot;wide&quot;,\n    &quot;showInActions&quot;: false,\n    &quot;allowNesting&quot;: true,\n    &quot;icon&quot;: &quot;&quot;,\n    &quot;showExpandableContent&quot;: false,\n    &quot;expandableContent&quot;: &quot;&quot;\n}\">\n    \n<\/jgu-base-listitem>\n\n<jgu-base-listitem react-props=\"{\n    &quot;icon&quot;: &quot;envelope-solid&quot;,\n    &quot;title&quot;: &quot;&lt;a href=\\&quot;mailto:asaleh@uni-mainz.de\\&quot;&gt;asaleh@uni-mainz.de&lt;\\\/a&gt;&quot;,\n    &quot;uuid&quot;: &quot;1732632994582&quot;,\n    &quot;link&quot;: {\n        &quot;url&quot;: &quot;mailto:asaleh@uni-mainz.de&quot;\n    },\n    &quot;align&quot;: &quot;wide&quot;,\n    &quot;showInActions&quot;: false,\n    &quot;allowNesting&quot;: true,\n    &quot;showExpandableContent&quot;: false,\n    &quot;expandableContent&quot;: &quot;&quot;\n}\">\n    \n<\/jgu-base-listitem>\n\n<jgu-base-listitem react-props=\"{\n    &quot;icon&quot;: &quot;phone-solid&quot;,\n    &quot;title&quot;: &quot;&lt;a href=\\&quot;tel:+4961313924968\\&quot; target=\\&quot;_blank\\&quot; rel=\\&quot;noreferrer noopener\\&quot;&gt;+49 6131 39-24968&lt;\\\/a&gt;&quot;,\n    &quot;uuid&quot;: &quot;1738914877756&quot;,\n    &quot;link&quot;: {\n        &quot;url&quot;: &quot;tel:+4961313924968&quot;\n    },\n    &quot;align&quot;: &quot;wide&quot;,\n    &quot;showInActions&quot;: false,\n    &quot;allowNesting&quot;: true,\n    &quot;showExpandableContent&quot;: false,\n    &quot;expandableContent&quot;: &quot;&quot;\n}\">\n    \n<\/jgu-base-listitem>\n\n<jgu-base-listitem react-props=\"{\n    &quot;icon&quot;: &quot;external-link-alt-solid&quot;,\n    &quot;title&quot;: &quot;&lt;a href=\\&quot;https:\\\/\\\/www.ifeas.uni-mainz.de\\\/artemis-saleh-m-a\\\/\\&quot; data-type=\\&quot;page\\&quot; data-id=\\&quot;20605\\&quot;&gt;Profile page&lt;\\\/a&gt;&quot;,\n    &quot;uuid&quot;: &quot;1732633157993&quot;,\n    &quot;link&quot;: {\n        &quot;url&quot;: &quot;https:\\\/\\\/www.ifeas.uni-mainz.de\\\/artemis-saleh-m-a\\\/&quot;\n    },\n    &quot;align&quot;: &quot;wide&quot;,\n    &quot;showInActions&quot;: false,\n    &quot;allowNesting&quot;: true,\n    &quot;showExpandableContent&quot;: false,\n    &quot;expandableContent&quot;: &quot;&quot;\n}\">\n    \n<\/jgu-base-listitem>\n\n<\/jgu-base-contactcard>\n\n<jgu-base-contactcard react-props=\"{\n    &quot;align&quot;: &quot;&quot;,\n    &quot;name&quot;: &quot;Lena Scheibinger, M.A.&quot;,\n    &quot;avatar&quot;: {\n        &quot;id&quot;: 10728,\n        &quot;url&quot;: &quot;https:\\\/\\\/cms.zdv.uni-mainz.de\\\/fb07-ifeas\\\/wp-content\\\/uploads\\\/sites\\\/396\\\/2025\\\/02\\\/scheibinger-scaled-e1694439395429.jpeg&quot;,\n        &quot;title&quot;: &quot;scheibinger-scaled-e1694439395429&quot;,\n        &quot;width&quot;: 400,\n        &quot;height&quot;: 487,\n        &quot;srcset&quot;: &quot;https:\\\/\\\/cms.zdv.uni-mainz.de\\\/fb07-ifeas\\\/wp-content\\\/uploads\\\/sites\\\/396\\\/2025\\\/02\\\/scheibinger-scaled-e1694439395429.jpeg 400w, https:\\\/\\\/cms.zdv.uni-mainz.de\\\/fb07-ifeas\\\/wp-content\\\/uploads\\\/sites\\\/396\\\/2025\\\/02\\\/scheibinger-scaled-e1694439395429-246x300.jpeg 246w&quot;\n    },\n    &quot;actions&quot;: [],\n    &quot;color&quot;: &quot;default&quot;\n}\">\n    \n<jgu-base-listitem react-props=\"{\n    &quot;title&quot;: &quot;&lt;strong&gt;Research Project: Collected Relationships&lt;\\\/strong&gt;&quot;,\n    &quot;uuid&quot;: &quot;1738741777878&quot;,\n    &quot;link&quot;: {\n        &quot;url&quot;: null\n    },\n    &quot;align&quot;: &quot;wide&quot;,\n    &quot;showInActions&quot;: false,\n    &quot;allowNesting&quot;: true,\n    &quot;icon&quot;: &quot;&quot;,\n    &quot;showExpandableContent&quot;: false,\n    &quot;expandableContent&quot;: &quot;&quot;\n}\">\n    \n<\/jgu-base-listitem>\n\n<jgu-base-listitem react-props=\"{\n    &quot;icon&quot;: &quot;envelope-solid&quot;,\n    &quot;title&quot;: &quot;&lt;a href=\\&quot;mailto:lscheibi@uni-mainz.de\\&quot;&gt;lscheibi@uni-mainz.de&lt;\\\/a&gt;&quot;,\n    &quot;uuid&quot;: &quot;1702288670976&quot;,\n    &quot;link&quot;: {\n        &quot;url&quot;: &quot;mailto:lscheibi@uni-mainz.de&quot;\n    },\n    &quot;align&quot;: &quot;wide&quot;,\n    &quot;showInActions&quot;: false,\n    &quot;allowNesting&quot;: true,\n    &quot;showExpandableContent&quot;: false,\n    &quot;expandableContent&quot;: &quot;&quot;\n}\">\n    \n<\/jgu-base-listitem>\n\n<jgu-base-listitem react-props=\"{\n    &quot;icon&quot;: &quot;phone-solid&quot;,\n    &quot;title&quot;: &quot;&lt;a href=\\&quot;tel:+4961313922795\\&quot; target=\\&quot;_blank\\&quot; rel=\\&quot;noreferrer noopener\\&quot;&gt;+49 6131 39-22795&lt;\\\/a&gt;&quot;,\n    &quot;uuid&quot;: &quot;1738831581139&quot;,\n    &quot;link&quot;: {\n        &quot;url&quot;: &quot;tel:+4961313922795&quot;\n    },\n    &quot;align&quot;: &quot;wide&quot;,\n    &quot;showInActions&quot;: false,\n    &quot;allowNesting&quot;: true,\n    &quot;showExpandableContent&quot;: false,\n    &quot;expandableContent&quot;: &quot;&quot;\n}\">\n    \n<\/jgu-base-listitem>\n\n<jgu-base-listitem react-props=\"{\n    &quot;icon&quot;: &quot;external-link-alt-solid&quot;,\n    &quot;title&quot;: &quot;&lt;a href=\\&quot;https:\\\/\\\/www.ifeas.uni-mainz.de\\\/lena-scheibinger-m-a\\\/\\&quot; data-type=\\&quot;page\\&quot; data-id=\\&quot;15635\\&quot;&gt;Profile page&lt;\\\/a&gt;&quot;,\n    &quot;uuid&quot;: &quot;1738831583019&quot;,\n    &quot;link&quot;: {\n        &quot;url&quot;: &quot;https:\\\/\\\/www.ifeas.uni-mainz.de\\\/lena-scheibinger-m-a\\\/&quot;\n    },\n    &quot;align&quot;: &quot;wide&quot;,\n    &quot;showInActions&quot;: false,\n    &quot;allowNesting&quot;: true,\n    &quot;showExpandableContent&quot;: false,\n    &quot;expandableContent&quot;: &quot;&quot;\n}\">\n    \n<\/jgu-base-listitem>\n\n<\/jgu-base-contactcard>\n\n<jgu-base-contactcard react-props=\"{\n    &quot;name&quot;: &quot;Deborah Wockelmann, M.A.&quot;,\n    &quot;avatar&quot;: {\n        &quot;id&quot;: 12081,\n        &quot;url&quot;: &quot;https:\\\/\\\/cms.zdv.uni-mainz.de\\\/fb07-ifeas\\\/wp-content\\\/uploads\\\/sites\\\/396\\\/2025\\\/02\\\/8R7A7120-e1694596486570.jpeg&quot;,\n        &quot;credit&quot;: &quot;&quot;,\n        &quot;title&quot;: &quot;8R7A7120-e1694596486570&quot;,\n        &quot;width&quot;: 426,\n        &quot;height&quot;: 526,\n        &quot;srcset&quot;: &quot;https:\\\/\\\/cms.zdv.uni-mainz.de\\\/fb07-ifeas\\\/wp-content\\\/uploads\\\/sites\\\/396\\\/2025\\\/02\\\/8R7A7120-e1694596486570.jpeg 426w, https:\\\/\\\/cms.zdv.uni-mainz.de\\\/fb07-ifeas\\\/wp-content\\\/uploads\\\/sites\\\/396\\\/2025\\\/02\\\/8R7A7120-e1694596486570-243x300.jpeg 243w&quot;\n    },\n    &quot;align&quot;: &quot;wide&quot;,\n    &quot;actions&quot;: [],\n    &quot;color&quot;: &quot;default&quot;\n}\">\n    \n<jgu-base-listitem react-props=\"{\n    &quot;title&quot;: &quot;&lt;strong&gt;Research Project: Socio-Linguistics of Migration &lt;\\\/strong&gt;&quot;,\n    &quot;uuid&quot;: &quot;1702050773117&quot;,\n    &quot;link&quot;: {\n        &quot;url&quot;: null\n    },\n    &quot;align&quot;: &quot;wide&quot;,\n    &quot;showInActions&quot;: false,\n    &quot;allowNesting&quot;: true,\n    &quot;icon&quot;: &quot;&quot;,\n    &quot;showExpandableContent&quot;: false,\n    &quot;expandableContent&quot;: &quot;&quot;\n}\">\n    \n<\/jgu-base-listitem>\n\n<jgu-base-listitem react-props=\"{\n    &quot;icon&quot;: &quot;envelope-solid&quot;,\n    &quot;title&quot;: &quot;&lt;a href=\\&quot;mailto:wockelmann@uni-mainz.de\\&quot;&gt;wockelmann@uni-mainz.de&lt;\\\/a&gt;&quot;,\n    &quot;uuid&quot;: &quot;1699214817526&quot;,\n    &quot;link&quot;: {\n        &quot;url&quot;: &quot;mailto:wockelmann@uni-mainz.de&quot;\n    },\n    &quot;align&quot;: &quot;wide&quot;,\n    &quot;showInActions&quot;: false,\n    &quot;allowNesting&quot;: true,\n    &quot;showExpandableContent&quot;: false,\n    &quot;expandableContent&quot;: &quot;&quot;\n}\">\n    \n<\/jgu-base-listitem>\n\n<jgu-base-listitem react-props=\"{\n    &quot;icon&quot;: &quot;external-link-alt-solid&quot;,\n    &quot;title&quot;: &quot;&lt;a href=\\&quot;https:\\\/\\\/www.ifeas.uni-mainz.de\\\/wockelmann\\\/\\&quot; data-type=\\&quot;page\\&quot; data-id=\\&quot;20583\\&quot;&gt;Profile page&lt;\\\/a&gt;&quot;,\n    &quot;uuid&quot;: &quot;1728307753949&quot;,\n    &quot;link&quot;: {\n        &quot;url&quot;: &quot;https:\\\/\\\/www.ifeas.uni-mainz.de\\\/wockelmann\\\/&quot;\n    },\n    &quot;align&quot;: &quot;wide&quot;,\n    &quot;showInActions&quot;: false,\n    &quot;allowNesting&quot;: true,\n    &quot;showExpandableContent&quot;: false,\n    &quot;expandableContent&quot;: &quot;&quot;\n}\">\n    \n<\/jgu-base-listitem>\n\n<\/jgu-base-contactcard>\n\n\n<p class=\"has-big-font-size\"><\/p>\n\n\n<\/jgu-base-slider>\n\n\n<\/jgu-base-accordionitem>\n\n<jgu-base-accordionitem react-props=\"{&quot;title&quot;:&quot;Associate Researchers&quot;,&quot;init&quot;:false,&quot;slug&quot;:&quot;associate-researchers&quot;,&quot;align&quot;:&quot;wide&quot;,&quot;customSlug&quot;:false}\">\n    \n<jgu-base-slider react-props=\"{&quot;perPage&quot;:3,&quot;slidesCount&quot;:3,&quot;type&quot;:&quot;&quot;,&quot;template&quot;:&quot;&quot;,&quot;useNumbers&quot;:false,&quot;scrollDistance&quot;:&quot;screen&quot;,&quot;responsiveSettings&quot;:{}}\">\n    \n<jgu-base-contactcard react-props=\"{\n    &quot;name&quot;: &quot;Dr. Anna-Maria Brandstetter&quot;,\n    &quot;avatar&quot;: {\n        &quot;id&quot;: 12231,\n        &quot;url&quot;: &quot;https:\\\/\\\/cms.zdv.uni-mainz.de\\\/fb07-ifeas\\\/wp-content\\\/uploads\\\/sites\\\/396\\\/2025\\\/02\\\/Anne.jpeg&quot;,\n        &quot;credit&quot;: &quot;&quot;,\n        &quot;title&quot;: &quot;Anne&quot;,\n        &quot;width&quot;: 187,\n        &quot;height&quot;: 187,\n        &quot;srcset&quot;: &quot;https:\\\/\\\/cms.zdv.uni-mainz.de\\\/fb07-ifeas\\\/wp-content\\\/uploads\\\/sites\\\/396\\\/2025\\\/02\\\/Anne.jpeg 187w, https:\\\/\\\/cms.zdv.uni-mainz.de\\\/fb07-ifeas\\\/wp-content\\\/uploads\\\/sites\\\/396\\\/2025\\\/02\\\/Anne-150x150.jpeg 150w&quot;\n    },\n    &quot;align&quot;: &quot;wide&quot;,\n    &quot;actions&quot;: [],\n    &quot;color&quot;: &quot;default&quot;\n}\">\n    \n<jgu-base-listitem react-props=\"{\n    &quot;title&quot;: &quot;&lt;strong&gt;Retired Academic Director&lt;\\\/strong&gt;&quot;,\n    &quot;uuid&quot;: &quot;1732632794003&quot;,\n    &quot;link&quot;: {\n        &quot;url&quot;: null\n    },\n    &quot;align&quot;: &quot;wide&quot;,\n    &quot;showInActions&quot;: false,\n    &quot;allowNesting&quot;: true,\n    &quot;icon&quot;: &quot;&quot;,\n    &quot;showExpandableContent&quot;: false,\n    &quot;expandableContent&quot;: &quot;&quot;\n}\">\n    \n<\/jgu-base-listitem>\n\n<jgu-base-listitem react-props=\"{\n    &quot;icon&quot;: &quot;envelope-solid&quot;,\n    &quot;title&quot;: &quot;&lt;a href=\\&quot;mailto:brandste@uni-mainz.de\\&quot;&gt;brandste@uni-mainz.de&lt;\\\/a&gt;&quot;,\n    &quot;uuid&quot;: &quot;1732632994582&quot;,\n    &quot;link&quot;: {\n        &quot;url&quot;: &quot;mailto:brandste@uni-mainz.de&quot;\n    },\n    &quot;align&quot;: &quot;wide&quot;,\n    &quot;showInActions&quot;: false,\n    &quot;allowNesting&quot;: true,\n    &quot;showExpandableContent&quot;: false,\n    &quot;expandableContent&quot;: &quot;&quot;\n}\">\n    \n<\/jgu-base-listitem>\n\n<jgu-base-listitem react-props=\"{\n    &quot;icon&quot;: &quot;external-link-alt-solid&quot;,\n    &quot;title&quot;: &quot;&lt;a href=\\&quot;https:\\\/\\\/www.ifeas.uni-mainz.de\\\/dr-anna-maria-brandstetter\\\/\\&quot; data-type=\\&quot;page\\&quot; data-id=\\&quot;20566\\&quot;&gt;Profile page&lt;\\\/a&gt;&quot;,\n    &quot;uuid&quot;: &quot;1732633157993&quot;,\n    &quot;link&quot;: {\n        &quot;url&quot;: &quot;https:\\\/\\\/www.ifeas.uni-mainz.de\\\/dr-anna-maria-brandstetter\\\/&quot;\n    },\n    &quot;align&quot;: &quot;wide&quot;,\n    &quot;showInActions&quot;: false,\n    &quot;allowNesting&quot;: true,\n    &quot;showExpandableContent&quot;: false,\n    &quot;expandableContent&quot;: &quot;&quot;\n}\">\n    \n<\/jgu-base-listitem>\n\n<\/jgu-base-contactcard>\n\n<jgu-base-contactcard react-props=\"{\n    &quot;name&quot;: &quot;Dr. Jutta MacConnell&quot;,\n    &quot;avatar&quot;: {\n        &quot;id&quot;: 12237,\n        &quot;url&quot;: &quot;https:\\\/\\\/cms.zdv.uni-mainz.de\\\/fb07-ifeas\\\/wp-content\\\/uploads\\\/sites\\\/396\\\/2025\\\/02\\\/MacConnell.jpg&quot;,\n        &quot;credit&quot;: &quot;&quot;,\n        &quot;title&quot;: &quot;MacConnell&quot;,\n        &quot;width&quot;: 256,\n        &quot;height&quot;: 200\n    },\n    &quot;align&quot;: &quot;wide&quot;,\n    &quot;actions&quot;: [],\n    &quot;color&quot;: &quot;default&quot;\n}\">\n    \n<jgu-base-listitem react-props=\"{\n    &quot;title&quot;: &quot;&lt;strong&gt;Associate Researcher&lt;\\\/strong&gt;&quot;,\n    &quot;uuid&quot;: &quot;1732632794003&quot;,\n    &quot;link&quot;: {\n        &quot;url&quot;: null\n    },\n    &quot;align&quot;: &quot;wide&quot;,\n    &quot;showInActions&quot;: false,\n    &quot;allowNesting&quot;: true,\n    &quot;icon&quot;: &quot;&quot;,\n    &quot;showExpandableContent&quot;: false,\n    &quot;expandableContent&quot;: &quot;&quot;\n}\">\n    \n<\/jgu-base-listitem>\n\n<jgu-base-listitem react-props=\"{\n    &quot;icon&quot;: &quot;envelope-solid&quot;,\n    &quot;title&quot;: &quot;&lt;a href=\\&quot;mailto:jmacconn@uni-mainz.de\\&quot;&gt;jmacconn@uni-mainz.de&lt;\\\/a&gt;&quot;,\n    &quot;uuid&quot;: &quot;1732632994582&quot;,\n    &quot;link&quot;: {\n        &quot;url&quot;: &quot;mailto:jmacconn@uni-mainz.de&quot;\n    },\n    &quot;align&quot;: &quot;wide&quot;,\n    &quot;showInActions&quot;: false,\n    &quot;allowNesting&quot;: true,\n    &quot;showExpandableContent&quot;: false,\n    &quot;expandableContent&quot;: &quot;&quot;\n}\">\n    \n<\/jgu-base-listitem>\n\n<jgu-base-listitem react-props=\"{\n    &quot;icon&quot;: &quot;external-link-alt-solid&quot;,\n    &quot;title&quot;: &quot;&lt;a href=\\&quot;https:\\\/\\\/www.ifeas.uni-mainz.de\\\/macconnell\\\/\\&quot; data-type=\\&quot;page\\&quot; data-id=\\&quot;20547\\&quot;&gt;Profile page&lt;\\\/a&gt;&quot;,\n    &quot;uuid&quot;: &quot;1732633157993&quot;,\n    &quot;link&quot;: {\n        &quot;url&quot;: &quot;https:\\\/\\\/www.ifeas.uni-mainz.de\\\/macconnell\\\/&quot;\n    },\n    &quot;align&quot;: &quot;wide&quot;,\n    &quot;showInActions&quot;: false,\n    &quot;allowNesting&quot;: true,\n    &quot;showExpandableContent&quot;: false,\n    &quot;expandableContent&quot;: &quot;&quot;\n}\">\n    \n<\/jgu-base-listitem>\n\n<\/jgu-base-contactcard>\n\n<jgu-base-contactcard react-props=\"{\n    &quot;name&quot;: &quot;Dr. Solomon Waliaula&quot;,\n    &quot;avatar&quot;: {\n        &quot;id&quot;: 12243,\n        &quot;url&quot;: &quot;https:\\\/\\\/cms.zdv.uni-mainz.de\\\/fb07-ifeas\\\/wp-content\\\/uploads\\\/sites\\\/396\\\/2025\\\/02\\\/Waliaula-3-profile-1.jpeg&quot;,\n        &quot;credit&quot;: &quot;&quot;,\n        &quot;title&quot;: &quot;Waliaula-3-profile-1&quot;,\n        &quot;width&quot;: 289,\n        &quot;height&quot;: 289,\n        &quot;srcset&quot;: &quot;https:\\\/\\\/cms.zdv.uni-mainz.de\\\/fb07-ifeas\\\/wp-content\\\/uploads\\\/sites\\\/396\\\/2025\\\/02\\\/Waliaula-3-profile-1.jpeg 289w, https:\\\/\\\/cms.zdv.uni-mainz.de\\\/fb07-ifeas\\\/wp-content\\\/uploads\\\/sites\\\/396\\\/2025\\\/02\\\/Waliaula-3-profile-1-150x150.jpeg 150w&quot;\n    },\n    &quot;align&quot;: &quot;wide&quot;,\n    &quot;actions&quot;: [],\n    &quot;color&quot;: &quot;default&quot;\n}\">\n    \n<jgu-base-listitem react-props=\"{\n    &quot;title&quot;: &quot;&lt;strong&gt;Associate Researcher&lt;\\\/strong&gt;&quot;,\n    &quot;uuid&quot;: &quot;1732632794003&quot;,\n    &quot;link&quot;: {\n        &quot;url&quot;: null\n    },\n    &quot;align&quot;: &quot;wide&quot;,\n    &quot;showInActions&quot;: false,\n    &quot;allowNesting&quot;: true,\n    &quot;icon&quot;: &quot;&quot;,\n    &quot;showExpandableContent&quot;: false,\n    &quot;expandableContent&quot;: &quot;&quot;\n}\">\n    \n<\/jgu-base-listitem>\n\n<jgu-base-listitem react-props=\"{\n    &quot;icon&quot;: &quot;envelope-solid&quot;,\n    &quot;title&quot;: &quot;&lt;a href=\\&quot;mailto:swaliaul@uni-mainz.de\\&quot;&gt;swaliaul@uni-mainz.de&lt;\\\/a&gt;&quot;,\n    &quot;uuid&quot;: &quot;1732632994582&quot;,\n    &quot;link&quot;: {\n        &quot;url&quot;: &quot;mailto:swaliaul@uni-mainz.de&quot;\n    },\n    &quot;align&quot;: &quot;wide&quot;,\n    &quot;showInActions&quot;: false,\n    &quot;allowNesting&quot;: true,\n    &quot;showExpandableContent&quot;: false,\n    &quot;expandableContent&quot;: &quot;&quot;\n}\">\n    \n<\/jgu-base-listitem>\n\n<jgu-base-listitem react-props=\"{\n    &quot;icon&quot;: &quot;external-link-alt-solid&quot;,\n    &quot;title&quot;: &quot;&lt;a href=\\&quot;https:\\\/\\\/www.ifeas.uni-mainz.de\\\/waliaula\\\/\\&quot; data-type=\\&quot;page\\&quot; data-id=\\&quot;20520\\&quot;&gt;Profile page&lt;\\\/a&gt;&quot;,\n    &quot;uuid&quot;: &quot;1732633157993&quot;,\n    &quot;link&quot;: {\n        &quot;url&quot;: &quot;https:\\\/\\\/www.ifeas.uni-mainz.de\\\/waliaula\\\/&quot;\n    },\n    &quot;align&quot;: &quot;wide&quot;,\n    &quot;showInActions&quot;: false,\n    &quot;allowNesting&quot;: true,\n    &quot;showExpandableContent&quot;: false,\n    &quot;expandableContent&quot;: &quot;&quot;\n}\">\n    \n<\/jgu-base-listitem>\n\n<\/jgu-base-contactcard>\n\n<\/jgu-base-slider>\n\n\n<\/jgu-base-accordionitem>\n\n<jgu-base-accordionitem react-props=\"{&quot;title&quot;:&quot;Retired Professors \\\/ Honorary Professors&quot;,&quot;init&quot;:false,&quot;slug&quot;:&quot;retired-professors-honorary-professors&quot;,&quot;align&quot;:&quot;wide&quot;,&quot;customSlug&quot;:false}\">\n    \n<jgu-base-slider react-props=\"{&quot;perPage&quot;:5,&quot;slidesCount&quot;:5,&quot;responsiveSettings&quot;:{&quot;mobile&quot;:{&quot;perPage&quot;:1,&quot;arrows&quot;:true,&quot;pagination&quot;:false,&quot;width&quot;:&quot;100%&quot;},&quot;tablet&quot;:{&quot;perPage&quot;:2,&quot;arrows&quot;:true,&quot;pagination&quot;:false,&quot;width&quot;:&quot;100%&quot;},&quot;desktop&quot;:{&quot;perPage&quot;:3,&quot;arrows&quot;:true,&quot;pagination&quot;:false,&quot;width&quot;:&quot;100%&quot;},&quot;desktop-xl&quot;:{&quot;perPage&quot;:5,&quot;arrows&quot;:true,&quot;pagination&quot;:false,&quot;width&quot;:&quot;100%&quot;}},&quot;type&quot;:&quot;&quot;,&quot;template&quot;:&quot;&quot;,&quot;useNumbers&quot;:false,&quot;scrollDistance&quot;:&quot;screen&quot;}\">\n    \n<jgu-base-contactcard react-props=\"{\n    &quot;align&quot;: &quot;&quot;,\n    &quot;name&quot;: &quot;Prof. Dr. Helmut Asche&quot;,\n    &quot;avatar&quot;: {\n        &quot;id&quot;: 20505,\n        &quot;url&quot;: &quot;https:\\\/\\\/cms.zdv.uni-mainz.de\\\/fb07-ifeas\\\/wp-content\\\/uploads\\\/sites\\\/396\\\/2025\\\/05\\\/Asche.jpeg&quot;,\n        &quot;title&quot;: &quot;Asche&quot;,\n        &quot;width&quot;: 146,\n        &quot;height&quot;: 183\n    },\n    &quot;actions&quot;: [],\n    &quot;color&quot;: &quot;default&quot;\n}\">\n    \n<jgu-base-listitem react-props=\"{\n    &quot;title&quot;: &quot;&lt;strong&gt;Honorary Professor (retired)&lt;\\\/strong&gt;&quot;,\n    &quot;uuid&quot;: &quot;1738741777878&quot;,\n    &quot;link&quot;: {\n        &quot;url&quot;: null\n    },\n    &quot;align&quot;: &quot;wide&quot;,\n    &quot;showInActions&quot;: false,\n    &quot;allowNesting&quot;: true,\n    &quot;icon&quot;: &quot;&quot;,\n    &quot;showExpandableContent&quot;: false,\n    &quot;expandableContent&quot;: &quot;&quot;\n}\">\n    \n<\/jgu-base-listitem>\n\n<jgu-base-listitem react-props=\"{\n    &quot;icon&quot;: &quot;envelope-solid&quot;,\n    &quot;title&quot;: &quot;&lt;a href=\\&quot;mailto:asche@uni-mainz.de\\&quot;&gt;asche@uni-mainz.de&lt;\\\/a&gt;&quot;,\n    &quot;uuid&quot;: &quot;1702288670976&quot;,\n    &quot;link&quot;: {\n        &quot;url&quot;: &quot;mailto:asche@uni-mainz.de&quot;\n    },\n    &quot;align&quot;: &quot;wide&quot;,\n    &quot;showInActions&quot;: false,\n    &quot;allowNesting&quot;: true,\n    &quot;showExpandableContent&quot;: false,\n    &quot;expandableContent&quot;: &quot;&quot;\n}\">\n    \n<\/jgu-base-listitem>\n\n<jgu-base-listitem react-props=\"{\n    &quot;icon&quot;: &quot;external-link-alt-solid&quot;,\n    &quot;title&quot;: &quot;&lt;a href=\\&quot;https:\\\/\\\/www.ifeas.uni-mainz.de\\\/prof-dr-helmut-asche\\\/\\&quot;&gt;Profile page&lt;\\\/a&gt;&quot;,\n    &quot;uuid&quot;: &quot;1738831583019&quot;,\n    &quot;link&quot;: {\n        &quot;url&quot;: &quot;https:\\\/\\\/www.ifeas.uni-mainz.de\\\/prof-dr-helmut-asche\\\/&quot;\n    },\n    &quot;align&quot;: &quot;wide&quot;,\n    &quot;showInActions&quot;: false,\n    &quot;allowNesting&quot;: true,\n    &quot;showExpandableContent&quot;: false,\n    &quot;expandableContent&quot;: &quot;&quot;\n}\">\n    \n<jgu-base-listitem react-props=\"{\n    &quot;uuid&quot;: &quot;1752263653280&quot;,\n    &quot;align&quot;: &quot;wide&quot;,\n    &quot;showInActions&quot;: false,\n    &quot;allowNesting&quot;: true,\n    &quot;icon&quot;: &quot;&quot;,\n    &quot;title&quot;: &quot;&quot;,\n    &quot;showExpandableContent&quot;: false,\n    &quot;expandableContent&quot;: &quot;&quot;,\n    &quot;link&quot;: {\n        &quot;url&quot;: &quot;&quot;\n    }\n}\">\n    \n<\/jgu-base-listitem>\n\n<\/jgu-base-listitem>\n\n<\/jgu-base-contactcard>\n\n<jgu-base-contactcard react-props=\"{\n    &quot;align&quot;: &quot;&quot;,\n    &quot;name&quot;: &quot;Prof. Dr. Thomas Bierschenk&quot;,\n    &quot;avatar&quot;: {\n        &quot;id&quot;: 12255,\n        &quot;url&quot;: &quot;https:\\\/\\\/cms.zdv.uni-mainz.de\\\/fb07-ifeas\\\/wp-content\\\/uploads\\\/sites\\\/396\\\/2025\\\/02\\\/TB_Venice.jpeg&quot;,\n        &quot;title&quot;: &quot;TB_Venice&quot;,\n        &quot;width&quot;: 190,\n        &quot;height&quot;: 190,\n        &quot;srcset&quot;: &quot;https:\\\/\\\/cms.zdv.uni-mainz.de\\\/fb07-ifeas\\\/wp-content\\\/uploads\\\/sites\\\/396\\\/2025\\\/02\\\/TB_Venice.jpeg 190w, https:\\\/\\\/cms.zdv.uni-mainz.de\\\/fb07-ifeas\\\/wp-content\\\/uploads\\\/sites\\\/396\\\/2025\\\/02\\\/TB_Venice-150x150.jpeg 150w&quot;\n    },\n    &quot;actions&quot;: [],\n    &quot;color&quot;: &quot;default&quot;\n}\">\n    \n<jgu-base-listitem react-props=\"{\n    &quot;title&quot;: &quot;&lt;strong&gt;Professor of African Cultures and Societies (retired)&lt;\\\/strong&gt;&quot;,\n    &quot;uuid&quot;: &quot;1738741777878&quot;,\n    &quot;link&quot;: {\n        &quot;url&quot;: null\n    },\n    &quot;align&quot;: &quot;wide&quot;,\n    &quot;showInActions&quot;: false,\n    &quot;allowNesting&quot;: true,\n    &quot;icon&quot;: &quot;&quot;,\n    &quot;showExpandableContent&quot;: false,\n    &quot;expandableContent&quot;: &quot;&quot;\n}\">\n    \n<\/jgu-base-listitem>\n\n<jgu-base-listitem react-props=\"{\n    &quot;icon&quot;: &quot;envelope-solid&quot;,\n    &quot;title&quot;: &quot;&lt;a href=\\&quot;mailto:biersche@uni-mainz.de\\&quot;&gt;biersche@uni-mainz.de&lt;\\\/a&gt;&quot;,\n    &quot;uuid&quot;: &quot;1702288670976&quot;,\n    &quot;link&quot;: {\n        &quot;url&quot;: &quot;mailto:biersche@uni-mainz.de&quot;\n    },\n    &quot;align&quot;: &quot;wide&quot;,\n    &quot;showInActions&quot;: false,\n    &quot;allowNesting&quot;: true,\n    &quot;showExpandableContent&quot;: false,\n    &quot;expandableContent&quot;: &quot;&quot;\n}\">\n    \n<\/jgu-base-listitem>\n\n<jgu-base-listitem react-props=\"{\n    &quot;icon&quot;: &quot;phone-solid&quot;,\n    &quot;title&quot;: &quot;&lt;a href=\\&quot;tel:+4961313923978\\&quot; target=\\&quot;_blank\\&quot; rel=\\&quot;noreferrer noopener\\&quot;&gt;+49 6131 39-23978&lt;\\\/a&gt;&quot;,\n    &quot;uuid&quot;: &quot;1738831581139&quot;,\n    &quot;link&quot;: {\n        &quot;url&quot;: &quot;tel:+4961313923978&quot;\n    },\n    &quot;align&quot;: &quot;wide&quot;,\n    &quot;showInActions&quot;: false,\n    &quot;allowNesting&quot;: true,\n    &quot;showExpandableContent&quot;: false,\n    &quot;expandableContent&quot;: &quot;&quot;\n}\">\n    \n<\/jgu-base-listitem>\n\n<jgu-base-listitem react-props=\"{\n    &quot;icon&quot;: &quot;external-link-alt-solid&quot;,\n    &quot;title&quot;: &quot;&lt;a href=\\&quot;https:\\\/\\\/www.ifeas.uni-mainz.de\\\/prof-dr-thomas-bierschenk\\\/\\&quot; data-type=\\&quot;page\\&quot; data-id=\\&quot;20440\\&quot;&gt;Profile page&lt;\\\/a&gt;&quot;,\n    &quot;uuid&quot;: &quot;1738831583019&quot;,\n    &quot;link&quot;: {\n        &quot;url&quot;: &quot;https:\\\/\\\/www.ifeas.uni-mainz.de\\\/prof-dr-thomas-bierschenk\\\/&quot;\n    },\n    &quot;align&quot;: &quot;wide&quot;,\n    &quot;showInActions&quot;: false,\n    &quot;allowNesting&quot;: true,\n    &quot;showExpandableContent&quot;: false,\n    &quot;expandableContent&quot;: &quot;&quot;\n}\">\n    \n<\/jgu-base-listitem>\n\n<\/jgu-base-contactcard>\n\n<jgu-base-contactcard react-props=\"{\n    &quot;align&quot;: &quot;&quot;,\n    &quot;name&quot;: &quot;Prof. Dr. Raimund Kastenholz&quot;,\n    &quot;avatar&quot;: {\n        &quot;id&quot;: 12261,\n        &quot;url&quot;: &quot;https:\\\/\\\/cms.zdv.uni-mainz.de\\\/fb07-ifeas\\\/wp-content\\\/uploads\\\/sites\\\/396\\\/2025\\\/02\\\/Kastenholz.jpg&quot;,\n        &quot;title&quot;: &quot;Kastenholz&quot;,\n        &quot;width&quot;: 150,\n        &quot;height&quot;: 183\n    },\n    &quot;actions&quot;: [],\n    &quot;color&quot;: &quot;default&quot;\n}\">\n    \n<jgu-base-listitem react-props=\"{\n    &quot;title&quot;: &quot;&lt;strong&gt;Professor of African Languages and Linguistics (retired)&lt;\\\/strong&gt;&quot;,\n    &quot;uuid&quot;: &quot;1738741777878&quot;,\n    &quot;link&quot;: {\n        &quot;url&quot;: null\n    },\n    &quot;align&quot;: &quot;wide&quot;,\n    &quot;showInActions&quot;: false,\n    &quot;allowNesting&quot;: true,\n    &quot;icon&quot;: &quot;&quot;,\n    &quot;showExpandableContent&quot;: false,\n    &quot;expandableContent&quot;: &quot;&quot;\n}\">\n    \n<\/jgu-base-listitem>\n\n<jgu-base-listitem react-props=\"{\n    &quot;icon&quot;: &quot;envelope-solid&quot;,\n    &quot;title&quot;: &quot;&lt;a href=\\&quot;mailto:kastenho@uni-mainz.de\\&quot;&gt;kastenho@uni-mainz.de&lt;\\\/a&gt;&quot;,\n    &quot;uuid&quot;: &quot;1702288670976&quot;,\n    &quot;link&quot;: {\n        &quot;url&quot;: &quot;mailto:kastenho@uni-mainz.de&quot;\n    },\n    &quot;align&quot;: &quot;wide&quot;,\n    &quot;showInActions&quot;: false,\n    &quot;allowNesting&quot;: true,\n    &quot;showExpandableContent&quot;: false,\n    &quot;expandableContent&quot;: &quot;&quot;\n}\">\n    \n<\/jgu-base-listitem>\n\n<jgu-base-listitem react-props=\"{\n    &quot;icon&quot;: &quot;external-link-alt-solid&quot;,\n    &quot;title&quot;: &quot;&lt;a href=\\&quot;https:\\\/\\\/www.ifeas.uni-mainz.de\\\/prof-dr-raimund-kastenholz\\\/\\&quot; data-type=\\&quot;page\\&quot; data-id=\\&quot;20406\\&quot;&gt;Profile page&lt;\\\/a&gt;&quot;,\n    &quot;uuid&quot;: &quot;1738831583019&quot;,\n    &quot;link&quot;: {\n        &quot;url&quot;: &quot;https:\\\/\\\/www.ifeas.uni-mainz.de\\\/prof-dr-raimund-kastenholz\\\/&quot;\n    },\n    &quot;align&quot;: &quot;wide&quot;,\n    &quot;showInActions&quot;: false,\n    &quot;allowNesting&quot;: true,\n    &quot;showExpandableContent&quot;: false,\n    &quot;expandableContent&quot;: &quot;&quot;\n}\">\n    \n<\/jgu-base-listitem>\n\n<\/jgu-base-contactcard>\n\n<jgu-base-contactcard react-props=\"{\n    &quot;align&quot;: &quot;&quot;,\n    &quot;name&quot;: &quot;Apl.-Prof. Dr. Ute R\\u00f6schenthaler \\u2020&quot;,\n    &quot;avatar&quot;: {\n        &quot;id&quot;: 12267,\n        &quot;url&quot;: &quot;https:\\\/\\\/cms.zdv.uni-mainz.de\\\/fb07-ifeas\\\/wp-content\\\/uploads\\\/sites\\\/396\\\/2025\\\/02\\\/Foto_Ausschnitt_3605.jpg&quot;,\n        &quot;title&quot;: &quot;Foto_Ausschnitt_3605&quot;,\n        &quot;width&quot;: 143,\n        &quot;height&quot;: 156\n    },\n    &quot;actions&quot;: [],\n    &quot;color&quot;: &quot;default&quot;\n}\">\n    \n<jgu-base-listitem react-props=\"{\n    &quot;title&quot;: &quot;&lt;strong&gt;Adjunct Professor of Anthropology&lt;\\\/strong&gt;&quot;,\n    &quot;uuid&quot;: &quot;1738741777878&quot;,\n    &quot;link&quot;: {\n        &quot;url&quot;: null\n    },\n    &quot;align&quot;: &quot;wide&quot;,\n    &quot;showInActions&quot;: false,\n    &quot;allowNesting&quot;: true,\n    &quot;icon&quot;: &quot;&quot;,\n    &quot;showExpandableContent&quot;: false,\n    &quot;expandableContent&quot;: &quot;&quot;\n}\">\n    \n<\/jgu-base-listitem>\n\n<jgu-base-listitem react-props=\"{\n    &quot;icon&quot;: &quot;external-link-alt-solid&quot;,\n    &quot;title&quot;: &quot;&lt;a href=\\&quot;https:\\\/\\\/www.ifeas.uni-mainz.de\\\/roeschenthaler\\\/\\&quot; data-type=\\&quot;page\\&quot; data-id=\\&quot;20285\\&quot;&gt;Profile page&lt;\\\/a&gt;&quot;,\n    &quot;uuid&quot;: &quot;1738831583019&quot;,\n    &quot;link&quot;: {\n        &quot;url&quot;: &quot;https:\\\/\\\/www.ifeas.uni-mainz.de\\\/roeschenthaler\\\/&quot;\n    },\n    &quot;align&quot;: &quot;wide&quot;,\n    &quot;showInActions&quot;: false,\n    &quot;allowNesting&quot;: true,\n    &quot;showExpandableContent&quot;: false,\n    &quot;expandableContent&quot;: &quot;&quot;\n}\">\n    \n<\/jgu-base-listitem>\n\n<\/jgu-base-contactcard>\n\n<jgu-base-contactcard react-props=\"{\n    &quot;align&quot;: &quot;&quot;,\n    &quot;name&quot;: &quot;Prof. Dr. Ivo Strecker&quot;,\n    &quot;avatar&quot;: {\n        &quot;id&quot;: 12276,\n        &quot;url&quot;: &quot;https:\\\/\\\/cms.zdv.uni-mainz.de\\\/fb07-ifeas\\\/wp-content\\\/uploads\\\/sites\\\/396\\\/2025\\\/02\\\/Ivo2kl.jpeg&quot;,\n        &quot;title&quot;: &quot;Ivo2kl&quot;,\n        &quot;width&quot;: 127,\n        &quot;height&quot;: 127\n    },\n    &quot;actions&quot;: [],\n    &quot;color&quot;: &quot;default&quot;\n}\">\n    \n<jgu-base-listitem react-props=\"{\n    &quot;title&quot;: &quot;&lt;strong&gt;Professor of Anthropology (retired) &lt;\\\/strong&gt;&quot;,\n    &quot;uuid&quot;: &quot;1738741777878&quot;,\n    &quot;link&quot;: {\n        &quot;url&quot;: null\n    },\n    &quot;align&quot;: &quot;wide&quot;,\n    &quot;showInActions&quot;: false,\n    &quot;allowNesting&quot;: true,\n    &quot;icon&quot;: &quot;&quot;,\n    &quot;showExpandableContent&quot;: false,\n    &quot;expandableContent&quot;: &quot;&quot;\n}\">\n    \n<\/jgu-base-listitem>\n\n<jgu-base-listitem react-props=\"{\n    &quot;icon&quot;: &quot;envelope-solid&quot;,\n    &quot;title&quot;: &quot;&lt;a href=\\&quot;mailto:istreck@uni-mainz.de\\&quot;&gt;istreck@uni-mainz.de&lt;\\\/a&gt;&quot;,\n    &quot;uuid&quot;: &quot;1702288670976&quot;,\n    &quot;link&quot;: {\n        &quot;url&quot;: &quot;mailto:istreck@uni-mainz.de&quot;\n    },\n    &quot;align&quot;: &quot;wide&quot;,\n    &quot;showInActions&quot;: false,\n    &quot;allowNesting&quot;: true,\n    &quot;showExpandableContent&quot;: false,\n    &quot;expandableContent&quot;: &quot;&quot;\n}\">\n    \n<\/jgu-base-listitem>\n\n<jgu-base-listitem react-props=\"{\n    &quot;icon&quot;: &quot;external-link-alt-solid&quot;,\n    &quot;title&quot;: &quot;&lt;a href=\\&quot;https:\\\/\\\/www.ifeas.uni-mainz.de\\\/prof-dr-ivo-strecker\\\/\\&quot; data-type=\\&quot;page\\&quot; data-id=\\&quot;20270\\&quot;&gt;Profile page&lt;\\\/a&gt;&quot;,\n    &quot;uuid&quot;: &quot;1738831583019&quot;,\n    &quot;link&quot;: {\n        &quot;url&quot;: &quot;https:\\\/\\\/www.ifeas.uni-mainz.de\\\/prof-dr-ivo-strecker\\\/&quot;\n    },\n    &quot;align&quot;: &quot;wide&quot;,\n    &quot;showInActions&quot;: false,\n    &quot;allowNesting&quot;: true,\n    &quot;showExpandableContent&quot;: false,\n    &quot;expandableContent&quot;: &quot;&quot;\n}\">\n    \n<\/jgu-base-listitem>\n\n<\/jgu-base-contactcard>\n\n<\/jgu-base-slider>\n\n\n<\/jgu-base-accordionitem>\n\n<jgu-base-accordionitem react-props=\"{&quot;title&quot;:&quot;Administration&quot;,&quot;init&quot;:false,&quot;slug&quot;:&quot;administration&quot;,&quot;align&quot;:&quot;wide&quot;,&quot;customSlug&quot;:false}\">\n    \n<jgu-base-slider react-props=\"{&quot;perPage&quot;:3,&quot;slidesCount&quot;:3,&quot;type&quot;:&quot;&quot;,&quot;template&quot;:&quot;&quot;,&quot;useNumbers&quot;:false,&quot;scrollDistance&quot;:&quot;screen&quot;,&quot;responsiveSettings&quot;:{}}\">\n    \n<jgu-base-contactcard react-props=\"{\n    &quot;name&quot;: &quot;Stefanie Wallen&quot;,\n    &quot;align&quot;: &quot;wide&quot;,\n    &quot;actions&quot;: [],\n    &quot;color&quot;: &quot;default&quot;\n}\">\n    \n<jgu-base-listitem react-props=\"{\n    &quot;title&quot;: &quot;&lt;strong&gt;Office&lt;\\\/strong&gt;&quot;,\n    &quot;uuid&quot;: &quot;1702050773117&quot;,\n    &quot;link&quot;: {\n        &quot;url&quot;: null\n    },\n    &quot;align&quot;: &quot;wide&quot;,\n    &quot;showInActions&quot;: false,\n    &quot;allowNesting&quot;: true,\n    &quot;icon&quot;: &quot;&quot;,\n    &quot;showExpandableContent&quot;: false,\n    &quot;expandableContent&quot;: &quot;&quot;\n}\">\n    \n<\/jgu-base-listitem>\n\n<jgu-base-listitem react-props=\"{\n    &quot;icon&quot;: &quot;envelope-solid&quot;,\n    &quot;title&quot;: &quot;&lt;a href=\\&quot;mailto:wallen@uni-mainz.de\\&quot;&gt;wallen@uni-mainz.de&lt;\\\/a&gt;&quot;,\n    &quot;uuid&quot;: &quot;1699214817526&quot;,\n    &quot;link&quot;: {\n        &quot;url&quot;: &quot;mailto:wallen@uni-mainz.de&quot;\n    },\n    &quot;align&quot;: &quot;wide&quot;,\n    &quot;showInActions&quot;: false,\n    &quot;allowNesting&quot;: true,\n    &quot;showExpandableContent&quot;: false,\n    &quot;expandableContent&quot;: &quot;&quot;\n}\">\n    \n<\/jgu-base-listitem>\n\n<jgu-base-listitem react-props=\"{\n    &quot;icon&quot;: &quot;phone-solid&quot;,\n    &quot;title&quot;: &quot;&lt;a href=\\&quot;tel:+4961313920117\\&quot; target=\\&quot;_blank\\&quot; rel=\\&quot;noreferrer noopener\\&quot;&gt;+49 6131 39-20&lt;\\\/a&gt;&lt;a href=\\&quot;tel:+4961313920065\\&quot; target=\\&quot;_blank\\&quot; rel=\\&quot;noreferrer noopener\\&quot;&gt;117&lt;\\\/a&gt;&quot;,\n    &quot;uuid&quot;: &quot;1702050887439&quot;,\n    &quot;link&quot;: {\n        &quot;url&quot;: &quot;tel:+4961313920117&quot;\n    },\n    &quot;align&quot;: &quot;wide&quot;,\n    &quot;showInActions&quot;: false,\n    &quot;allowNesting&quot;: true,\n    &quot;showExpandableContent&quot;: false,\n    &quot;expandableContent&quot;: &quot;&quot;\n}\">\n    \n<\/jgu-base-listitem>\n\n<\/jgu-base-contactcard>\n\n<jgu-base-contactcard react-props=\"{\n    &quot;name&quot;: &quot;Christine Weil&quot;,\n    &quot;avatar&quot;: {\n        &quot;id&quot;: 21394,\n        &quot;url&quot;: &quot;https:\\\/\\\/cms.zdv.uni-mainz.de\\\/fb07-ifeas\\\/wp-content\\\/uploads\\\/sites\\\/396\\\/2025\\\/06\\\/Christine2-scaled.jpg&quot;,\n        &quot;title&quot;: &quot;Christine2&quot;,\n        &quot;width&quot;: 2458,\n        &quot;height&quot;: 2560,\n        &quot;srcset&quot;: &quot;https:\\\/\\\/cms.zdv.uni-mainz.de\\\/fb07-ifeas\\\/wp-content\\\/uploads\\\/sites\\\/396\\\/2025\\\/06\\\/Christine2-scaled.jpg 2458w, https:\\\/\\\/cms.zdv.uni-mainz.de\\\/fb07-ifeas\\\/wp-content\\\/uploads\\\/sites\\\/396\\\/2025\\\/06\\\/Christine2-288x300.jpg 288w, https:\\\/\\\/cms.zdv.uni-mainz.de\\\/fb07-ifeas\\\/wp-content\\\/uploads\\\/sites\\\/396\\\/2025\\\/06\\\/Christine2-983x1024.jpg 983w, https:\\\/\\\/cms.zdv.uni-mainz.de\\\/fb07-ifeas\\\/wp-content\\\/uploads\\\/sites\\\/396\\\/2025\\\/06\\\/Christine2-768x800.jpg 768w, https:\\\/\\\/cms.zdv.uni-mainz.de\\\/fb07-ifeas\\\/wp-content\\\/uploads\\\/sites\\\/396\\\/2025\\\/06\\\/Christine2-1475x1536.jpg 1475w, https:\\\/\\\/cms.zdv.uni-mainz.de\\\/fb07-ifeas\\\/wp-content\\\/uploads\\\/sites\\\/396\\\/2025\\\/06\\\/Christine2-1967x2048.jpg 1967w&quot;\n    },\n    &quot;align&quot;: &quot;wide&quot;,\n    &quot;actions&quot;: [],\n    &quot;color&quot;: &quot;default&quot;\n}\">\n    \n<jgu-base-listitem react-props=\"{\n    &quot;title&quot;: &quot;&lt;strong&gt;&lt;strong&gt;Office&lt;\\\/strong&gt;&lt;\\\/strong&gt;&quot;,\n    &quot;uuid&quot;: &quot;1738748639961&quot;,\n    &quot;link&quot;: {\n        &quot;url&quot;: null\n    },\n    &quot;align&quot;: &quot;wide&quot;,\n    &quot;showInActions&quot;: false,\n    &quot;allowNesting&quot;: true,\n    &quot;icon&quot;: &quot;&quot;,\n    &quot;showExpandableContent&quot;: false,\n    &quot;expandableContent&quot;: &quot;&quot;\n}\">\n    \n<\/jgu-base-listitem>\n\n<jgu-base-listitem react-props=\"{\n    &quot;icon&quot;: &quot;envelope-solid&quot;,\n    &quot;title&quot;: &quot;&lt;a href=\\&quot;mailto:chweil@uni-mainz.de\\&quot;&gt;chweil@uni-mainz.de&lt;\\\/a&gt;&quot;,\n    &quot;uuid&quot;: &quot;1738748701550&quot;,\n    &quot;link&quot;: {\n        &quot;url&quot;: &quot;mailto:chweil@uni-mainz.de&quot;\n    },\n    &quot;align&quot;: &quot;wide&quot;,\n    &quot;showInActions&quot;: false,\n    &quot;allowNesting&quot;: true,\n    &quot;showExpandableContent&quot;: false,\n    &quot;expandableContent&quot;: &quot;&quot;\n}\">\n    \n<\/jgu-base-listitem>\n\n<jgu-base-listitem react-props=\"{\n    &quot;icon&quot;: &quot;phone-solid&quot;,\n    &quot;title&quot;: &quot;&lt;a href=\\&quot;tel:+4961313922798\\&quot; target=\\&quot;_blank\\&quot; rel=\\&quot;noreferrer noopener\\&quot;&gt;+49 6131 39-22798&lt;\\\/a&gt; (mornings)&quot;,\n    &quot;uuid&quot;: &quot;1738748756422&quot;,\n    &quot;link&quot;: {\n        &quot;url&quot;: &quot;tel:+4961313922798&quot;\n    },\n    &quot;align&quot;: &quot;wide&quot;,\n    &quot;showInActions&quot;: false,\n    &quot;allowNesting&quot;: true,\n    &quot;showExpandableContent&quot;: false,\n    &quot;expandableContent&quot;: &quot;&quot;\n}\">\n    \n<\/jgu-base-listitem>\n\n<\/jgu-base-contactcard>\n\n<jgu-base-contactcard react-props=\"{\n    &quot;name&quot;: &quot;Elke R\\u00f6ssler&quot;,\n    &quot;align&quot;: &quot;wide&quot;,\n    &quot;actions&quot;: [],\n    &quot;color&quot;: &quot;default&quot;\n}\">\n    \n<jgu-base-listitem react-props=\"{\n    &quot;title&quot;: &quot;&lt;strong&gt;Room Management \\\/ Web Page&lt;\\\/strong&gt;&quot;,\n    &quot;uuid&quot;: &quot;1738748225377&quot;,\n    &quot;link&quot;: {\n        &quot;url&quot;: null\n    },\n    &quot;align&quot;: &quot;wide&quot;,\n    &quot;showInActions&quot;: false,\n    &quot;allowNesting&quot;: true,\n    &quot;icon&quot;: &quot;&quot;,\n    &quot;showExpandableContent&quot;: false,\n    &quot;expandableContent&quot;: &quot;&quot;\n}\">\n    \n<\/jgu-base-listitem>\n\n<jgu-base-listitem react-props=\"{\n    &quot;icon&quot;: &quot;envelope-solid&quot;,\n    &quot;title&quot;: &quot;&lt;a href=\\&quot;mailto:roessler@uni-mainz.de\\&quot;&gt;roessler@uni-mainz.de&lt;\\\/a&gt; &quot;,\n    &quot;uuid&quot;: &quot;1738748297953&quot;,\n    &quot;link&quot;: {\n        &quot;url&quot;: &quot;mailto:roessler@uni-mainz.de&quot;\n    },\n    &quot;align&quot;: &quot;wide&quot;,\n    &quot;showInActions&quot;: false,\n    &quot;allowNesting&quot;: true,\n    &quot;showExpandableContent&quot;: false,\n    &quot;expandableContent&quot;: &quot;&quot;\n}\">\n    \n<\/jgu-base-listitem>\n\n<\/jgu-base-contactcard>\n\n<\/jgu-base-slider>\n\n\n<\/jgu-base-accordionitem>\n\n<jgu-base-accordionitem react-props=\"{&quot;title&quot;:&quot;Student Advising Office&quot;,&quot;init&quot;:false,&quot;slug&quot;:&quot;student-advising-office&quot;,&quot;align&quot;:&quot;wide&quot;,&quot;customSlug&quot;:false}\">\n    \n<jgu-base-slider react-props=\"{&quot;perPage&quot;:3,&quot;slidesCount&quot;:3,&quot;type&quot;:&quot;&quot;,&quot;template&quot;:&quot;&quot;,&quot;useNumbers&quot;:false,&quot;scrollDistance&quot;:&quot;screen&quot;,&quot;responsiveSettings&quot;:{}}\">\n    \n<jgu-base-contactcard react-props=\"{\n    &quot;name&quot;: &quot;C\\u00e9line Molter, M.A.&quot;,\n    &quot;avatar&quot;: {\n        &quot;id&quot;: 10608,\n        &quot;url&quot;: &quot;https:\\\/\\\/cms.zdv.uni-mainz.de\\\/fb07-ifeas\\\/wp-content\\\/uploads\\\/sites\\\/396\\\/2025\\\/02\\\/Molter_CM2022-230x300-1.jpeg&quot;,\n        &quot;title&quot;: &quot;Molter_CM2022-230x300&quot;,\n        &quot;width&quot;: 230,\n        &quot;height&quot;: 256\n    },\n    &quot;align&quot;: &quot;wide&quot;,\n    &quot;actions&quot;: [],\n    &quot;color&quot;: &quot;default&quot;\n}\">\n    \n<jgu-base-listitem react-props=\"{\n    &quot;title&quot;: &quot;&lt;strong&gt;Student Advisor Anthropology&lt;\\\/strong&gt;&quot;,\n    &quot;uuid&quot;: &quot;1702050773117&quot;,\n    &quot;link&quot;: {\n        &quot;url&quot;: null\n    },\n    &quot;align&quot;: &quot;wide&quot;,\n    &quot;showInActions&quot;: false,\n    &quot;allowNesting&quot;: true,\n    &quot;icon&quot;: &quot;&quot;,\n    &quot;showExpandableContent&quot;: false,\n    &quot;expandableContent&quot;: &quot;&quot;\n}\">\n    \n<\/jgu-base-listitem>\n\n<jgu-base-listitem react-props=\"{\n    &quot;icon&quot;: &quot;envelope-solid&quot;,\n    &quot;title&quot;: &quot;&lt;a href=\\&quot;mailto:molterc@uni-mainz.de\\&quot;&gt;molterc@uni-mainz.de&lt;\\\/a&gt;&quot;,\n    &quot;uuid&quot;: &quot;1699214817526&quot;,\n    &quot;link&quot;: {\n        &quot;url&quot;: &quot;mailto:molterc@uni-mainz.de&quot;\n    },\n    &quot;align&quot;: &quot;wide&quot;,\n    &quot;showInActions&quot;: false,\n    &quot;allowNesting&quot;: true,\n    &quot;showExpandableContent&quot;: false,\n    &quot;expandableContent&quot;: &quot;&quot;\n}\">\n    \n<\/jgu-base-listitem>\n\n<jgu-base-listitem react-props=\"{\n    &quot;icon&quot;: &quot;phone-solid&quot;,\n    &quot;title&quot;: &quot;&lt;a href=\\&quot;tel:+4961313937298\\&quot; target=\\&quot;_blank\\&quot; rel=\\&quot;noreferrer noopener\\&quot;&gt;+49 6131 39-37298&lt;\\\/a&gt;&quot;,\n    &quot;uuid&quot;: &quot;1702050887439&quot;,\n    &quot;link&quot;: {\n        &quot;url&quot;: &quot;tel:+4961313937298&quot;\n    },\n    &quot;align&quot;: &quot;wide&quot;,\n    &quot;showInActions&quot;: false,\n    &quot;allowNesting&quot;: true,\n    &quot;showExpandableContent&quot;: false,\n    &quot;expandableContent&quot;: &quot;&quot;\n}\">\n    \n<\/jgu-base-listitem>\n\n<jgu-base-listitem react-props=\"{\n    &quot;icon&quot;: &quot;external-link-alt-solid&quot;,\n    &quot;title&quot;: &quot;&lt;a href=\\&quot;https:\\\/\\\/www.ifeas.uni-mainz.de\\\/cline-molter-m-a\\\/\\&quot; data-type=\\&quot;page\\&quot; data-id=\\&quot;20638\\&quot;&gt;Profile page&lt;\\\/a&gt;&quot;,\n    &quot;uuid&quot;: &quot;1728307753949&quot;,\n    &quot;link&quot;: {\n        &quot;url&quot;: &quot;https:\\\/\\\/www.ifeas.uni-mainz.de\\\/cline-molter-m-a\\\/&quot;\n    },\n    &quot;align&quot;: &quot;wide&quot;,\n    &quot;showInActions&quot;: false,\n    &quot;allowNesting&quot;: true,\n    &quot;showExpandableContent&quot;: false,\n    &quot;expandableContent&quot;: &quot;&quot;\n}\">\n    \n<\/jgu-base-listitem>\n\n<\/jgu-base-contactcard>\n\n<jgu-base-contactcard react-props=\"{\n    &quot;name&quot;: &quot;&lt;strong&gt;PD Dr. Holger Tr\\u00f6bs&lt;\\\/strong&gt;&quot;,\n    &quot;avatar&quot;: {\n        &quot;id&quot;: 10596,\n        &quot;url&quot;: &quot;https:\\\/\\\/cms.zdv.uni-mainz.de\\\/fb07-ifeas\\\/wp-content\\\/uploads\\\/sites\\\/396\\\/2025\\\/02\\\/Troebs.jpg&quot;,\n        &quot;title&quot;: &quot;Troebs&quot;,\n        &quot;width&quot;: 150,\n        &quot;height&quot;: 183\n    },\n    &quot;align&quot;: &quot;wide&quot;,\n    &quot;actions&quot;: [],\n    &quot;color&quot;: &quot;default&quot;\n}\">\n    \n<jgu-base-listitem react-props=\"{\n    &quot;title&quot;: &quot;&lt;strong&gt;Student Advisor African Languages and Linguistics&lt;\\\/strong&gt;&quot;,\n    &quot;uuid&quot;: &quot;1702050773117&quot;,\n    &quot;link&quot;: {\n        &quot;url&quot;: null\n    },\n    &quot;align&quot;: &quot;wide&quot;,\n    &quot;showInActions&quot;: false,\n    &quot;allowNesting&quot;: true,\n    &quot;icon&quot;: &quot;&quot;,\n    &quot;showExpandableContent&quot;: false,\n    &quot;expandableContent&quot;: &quot;&quot;\n}\">\n    \n<\/jgu-base-listitem>\n\n<jgu-base-listitem react-props=\"{\n    &quot;icon&quot;: &quot;envelope-solid&quot;,\n    &quot;title&quot;: &quot;&lt;a href=\\&quot;mailto:troebs@uni-mainz.de\\&quot;&gt;troebs@uni-mainz.de&lt;\\\/a&gt;&quot;,\n    &quot;uuid&quot;: &quot;1699214817526&quot;,\n    &quot;link&quot;: {\n        &quot;url&quot;: &quot;mailto:troebs@uni-mainz.de&quot;\n    },\n    &quot;align&quot;: &quot;wide&quot;,\n    &quot;showInActions&quot;: false,\n    &quot;allowNesting&quot;: true,\n    &quot;showExpandableContent&quot;: false,\n    &quot;expandableContent&quot;: &quot;&quot;\n}\">\n    \n<\/jgu-base-listitem>\n\n<jgu-base-listitem react-props=\"{\n    &quot;icon&quot;: &quot;phone-solid&quot;,\n    &quot;title&quot;: &quot;&lt;a href=\\&quot;tel:+4961313920065\\&quot; target=\\&quot;_blank\\&quot; rel=\\&quot;noreferrer noopener\\&quot;&gt;+49 6131 39-20121&lt;\\\/a&gt;&quot;,\n    &quot;uuid&quot;: &quot;1702050887439&quot;,\n    &quot;link&quot;: {\n        &quot;url&quot;: &quot;tel:+4961313920065&quot;\n    },\n    &quot;align&quot;: &quot;wide&quot;,\n    &quot;showInActions&quot;: false,\n    &quot;allowNesting&quot;: true,\n    &quot;showExpandableContent&quot;: false,\n    &quot;expandableContent&quot;: &quot;&quot;\n}\">\n    \n<\/jgu-base-listitem>\n\n<jgu-base-listitem react-props=\"{\n    &quot;icon&quot;: &quot;external-link-alt-solid&quot;,\n    &quot;title&quot;: &quot;&lt;a href=\\&quot;https:\\\/\\\/www.ifeas.uni-mainz.de\\\/pd-dr-holger-troebs\\\/\\&quot; data-type=\\&quot;page\\&quot; data-id=\\&quot;14219\\&quot;&gt;Profile page&lt;\\\/a&gt;&quot;,\n    &quot;uuid&quot;: &quot;1728307753949&quot;,\n    &quot;link&quot;: {\n        &quot;url&quot;: &quot;https:\\\/\\\/www.ifeas.uni-mainz.de\\\/pd-dr-holger-troebs\\\/&quot;\n    },\n    &quot;align&quot;: &quot;wide&quot;,\n    &quot;showInActions&quot;: false,\n    &quot;allowNesting&quot;: true,\n    &quot;showExpandableContent&quot;: false,\n    &quot;expandableContent&quot;: &quot;&quot;\n}\">\n    \n<\/jgu-base-listitem>\n\n<\/jgu-base-contactcard>\n\n<jgu-base-contactcard react-props=\"{\n    &quot;name&quot;: &quot;Britta Will&quot;,\n    &quot;align&quot;: &quot;wide&quot;,\n    &quot;actions&quot;: [],\n    &quot;color&quot;: &quot;default&quot;\n}\">\n    \n<jgu-base-listitem react-props=\"{\n    &quot;title&quot;: &quot;&lt;strong&gt;Examination Manager&lt;\\\/strong&gt;&quot;,\n    &quot;uuid&quot;: &quot;1699374929552&quot;,\n    &quot;link&quot;: {\n        &quot;url&quot;: null\n    },\n    &quot;align&quot;: &quot;wide&quot;,\n    &quot;showInActions&quot;: false,\n    &quot;allowNesting&quot;: true,\n    &quot;icon&quot;: &quot;&quot;,\n    &quot;showExpandableContent&quot;: false,\n    &quot;expandableContent&quot;: &quot;&quot;\n}\">\n    \n<\/jgu-base-listitem>\n\n<jgu-base-listitem react-props=\"{\n    &quot;icon&quot;: &quot;envelope-solid&quot;,\n    &quot;title&quot;: &quot;&lt;a href=\\&quot;mailto:pruefungsamt-fb07-will@uni-mainz.de\\&quot;&gt;pruefungsamt-fb07-will@uni-mainz.de&lt;\\\/a&gt;&quot;,\n    &quot;uuid&quot;: &quot;1702052810510&quot;,\n    &quot;link&quot;: {\n        &quot;url&quot;: &quot;mailto:pruefungsamt-fb07-will@uni-mainz.de&quot;\n    },\n    &quot;align&quot;: &quot;wide&quot;,\n    &quot;showInActions&quot;: false,\n    &quot;allowNesting&quot;: true,\n    &quot;showExpandableContent&quot;: false,\n    &quot;expandableContent&quot;: &quot;&quot;\n}\">\n    \n<\/jgu-base-listitem>\n\n<jgu-base-listitem react-props=\"{\n    &quot;icon&quot;: &quot;phone-solid&quot;,\n    &quot;title&quot;: &quot;&lt;a href=\\&quot;tel:+4961313926048\\&quot; target=\\&quot;_blank\\&quot; rel=\\&quot;noreferrer noopener\\&quot;&gt;+49 6131 39-26048&lt;\\\/a&gt;&quot;,\n    &quot;uuid&quot;: &quot;1702052873712&quot;,\n    &quot;link&quot;: {\n        &quot;url&quot;: &quot;tel:+4961313926048&quot;\n    },\n    &quot;align&quot;: &quot;wide&quot;,\n    &quot;showInActions&quot;: false,\n    &quot;allowNesting&quot;: true,\n    &quot;showExpandableContent&quot;: false,\n    &quot;expandableContent&quot;: &quot;&quot;\n}\">\n    \n<\/jgu-base-listitem>\n\n<\/jgu-base-contactcard>\n\n<\/jgu-base-slider>\n\n\n<\/jgu-base-accordionitem>\n\n<\/jgu-base-accordion>\n<\/div><\/div>\n<\/jgu-base-section>\n\n<jgu-base-section react-props=\"{&quot;color&quot;:&quot;light&quot;,&quot;align&quot;:&quot;wide&quot;,&quot;padding&quot;:&quot;medium&quot;}\">\n<div class=\"jgu-bgsection bg bg-light \"><div class=\"content padding-medium\"><div\n\tclass=\"jgu-anchorpoint\"\n\tid=\"collections-and-archives\"\n\tdata-label=\"Collections and archives\"\n\tdata-hide-in-nav=\"false\"\n\ttabindex=\"0\"\n\tdata-initial-scroll=\"true\"\n><\/div>\n\n\n<jgu-base-heading react-props=\"{\n    &quot;index&quot;: &quot;Music, Literature, Objects and Images&quot;,\n    &quot;tags&quot;: {\n        &quot;htmlTag&quot;: &quot;h2&quot;,\n        &quot;classTag&quot;: &quot;&quot;,\n        &quot;tag&quot;: &quot;h2&quot;\n    },\n    &quot;heading&quot;: &quot;Collections and archives&quot;,\n    &quot;textAlign&quot;: &quot;left&quot;,\n    &quot;anchor&quot;: &quot;&quot;,\n    &quot;color&quot;: &quot;red&quot;\n}\"><\/jgu-base-heading>\n\n\n\n<p class=\"has-big-font-size\">Among the approximately 30 <a href=\"https:\/\/www.ub.uni-mainz.de\/de\/universitaetssammlungen\" data-type=\"link\" data-id=\"https:\/\/www.ub.uni-mainz.de\/de\/universitaetssammlungen\" target=\"_blank\" rel=\"noreferrer noopener\">university collections at JGU Mainz<\/a>, three archives or collections are affiliated with the ifeas: the African Music Archives (AMA), the Jahn Library for African Literatures and the Ethnographic Collection. <\/p>\n\n\n\n<p class=\"has-big-font-size\">In addition, ifeas houses several smaller archives: the Leo Stappers Archive, which includes the research library of the former Professor of African Philology Leo Stappers (*June 6, 1919 &#8211; \u2020April 18, 1977); an Image Archive on African independence celebrations, and an archive on West African settlement history.<\/p>\n\n\n\n<div class=\"wp-block-columns is-layout-flex wp-container-core-columns-is-layout-9d6595d7 wp-block-columns-is-layout-flex\">\n<div class=\"wp-block-column is-layout-flow wp-block-column-is-layout-flow\"><jgu-base-teaserbox react-props=\"{\n    &quot;headline&quot;: {\n        &quot;htmlTag&quot;: &quot;h2&quot;,\n        &quot;classTag&quot;: &quot;&quot;,\n        &quot;tag&quot;: &quot;h2&quot;\n    },\n    &quot;image&quot;: {\n        &quot;id&quot;: 11742,\n        &quot;url&quot;: &quot;https:\\\/\\\/cms.zdv.uni-mainz.de\\\/fb07-ifeas\\\/wp-content\\\/uploads\\\/sites\\\/396\\\/2025\\\/02\\\/IMG_7644.jpg&quot;,\n        &quot;credit&quot;: &quot;Sophia Wimmer&quot;,\n        &quot;caption&quot;: &quot;Screenshot&quot;,\n        &quot;title&quot;: &quot;Screenshot&quot;,\n        &quot;width&quot;: 1203,\n        &quot;height&quot;: 2149,\n        &quot;srcset&quot;: &quot;https:\\\/\\\/cms.zdv.uni-mainz.de\\\/fb07-ifeas\\\/wp-content\\\/uploads\\\/sites\\\/396\\\/2025\\\/02\\\/IMG_7644.jpg 1203w, https:\\\/\\\/cms.zdv.uni-mainz.de\\\/fb07-ifeas\\\/wp-content\\\/uploads\\\/sites\\\/396\\\/2025\\\/02\\\/IMG_7644-168x300.jpg 168w, https:\\\/\\\/cms.zdv.uni-mainz.de\\\/fb07-ifeas\\\/wp-content\\\/uploads\\\/sites\\\/396\\\/2025\\\/02\\\/IMG_7644-573x1024.jpg 573w, https:\\\/\\\/cms.zdv.uni-mainz.de\\\/fb07-ifeas\\\/wp-content\\\/uploads\\\/sites\\\/396\\\/2025\\\/02\\\/IMG_7644-768x1372.jpg 768w, https:\\\/\\\/cms.zdv.uni-mainz.de\\\/fb07-ifeas\\\/wp-content\\\/uploads\\\/sites\\\/396\\\/2025\\\/02\\\/IMG_7644-860x1536.jpg 860w, https:\\\/\\\/cms.zdv.uni-mainz.de\\\/fb07-ifeas\\\/wp-content\\\/uploads\\\/sites\\\/396\\\/2025\\\/02\\\/IMG_7644-1146x2048.jpg 1146w&quot;\n    },\n    &quot;color&quot;: &quot;red&quot;,\n    &quot;index&quot;: &quot;&lt;br&gt;&quot;,\n    &quot;title&quot;: &quot;African Music Archives&quot;,\n    &quot;linkTitle&quot;: &quot;learn more&quot;,\n    &quot;link&quot;: {\n        &quot;url&quot;: &quot;https:\\\/\\\/www.ama.ifeas.uni-mainz.de&quot;,\n        &quot;opensInNewTab&quot;: true\n    },\n    &quot;template&quot;: &quot;red_h4&quot;,\n    &quot;align&quot;: &quot;wide&quot;,\n    &quot;icon&quot;: &quot;&quot;,\n    &quot;iconColor&quot;: &quot;default&quot;,\n    &quot;isCalendar&quot;: false,\n    &quot;iconBoxed&quot;: false,\n    &quot;useLinkList&quot;: false,\n    &quot;linkList&quot;: {},\n    &quot;hideThumbnail&quot;: false,\n    &quot;type&quot;: &quot;boxed&quot;,\n    &quot;excerpt&quot;: &quot;&quot;,\n    &quot;linkStyle&quot;: &quot;default&quot;,\n    &quot;overboxImage&quot;: false,\n    &quot;differingHeadlineColor&quot;: false,\n    &quot;headlineColor&quot;: &quot;&quot;,\n    &quot;textPositionBottom&quot;: false,\n    &quot;video&quot;: {\n        &quot;provider&quot;: &quot;youtube&quot;,\n        &quot;id&quot;: &quot;&quot;,\n        &quot;poster&quot;: &quot;&quot;\n    },\n    &quot;audioUrl&quot;: &quot;&quot;,\n    &quot;unbound&quot;: false\n}\">\n    \n<\/jgu-base-teaserbox><\/div>\n\n\n\n<div class=\"wp-block-column is-layout-flow wp-block-column-is-layout-flow\"><jgu-base-teaserbox react-props=\"{\n    &quot;headline&quot;: {\n        &quot;htmlTag&quot;: &quot;h2&quot;,\n        &quot;classTag&quot;: &quot;&quot;,\n        &quot;tag&quot;: &quot;h2&quot;\n    },\n    &quot;image&quot;: {\n        &quot;id&quot;: 11787,\n        &quot;url&quot;: &quot;https:\\\/\\\/cms.zdv.uni-mainz.de\\\/fb07-ifeas\\\/wp-content\\\/uploads\\\/sites\\\/396\\\/2025\\\/02\\\/Bild_Abani_600x250.jpg&quot;,\n        &quot;credit&quot;: &quot;Peter Pulkowski&quot;,\n        &quot;title&quot;: &quot;Bild_Abani_600x250&quot;,\n        &quot;width&quot;: 600,\n        &quot;height&quot;: 250,\n        &quot;srcset&quot;: &quot;https:\\\/\\\/cms.zdv.uni-mainz.de\\\/fb07-ifeas\\\/wp-content\\\/uploads\\\/sites\\\/396\\\/2025\\\/02\\\/Bild_Abani_600x250.jpg 600w, https:\\\/\\\/cms.zdv.uni-mainz.de\\\/fb07-ifeas\\\/wp-content\\\/uploads\\\/sites\\\/396\\\/2025\\\/02\\\/Bild_Abani_600x250-300x125.jpg 300w&quot;\n    },\n    &quot;color&quot;: &quot;blue&quot;,\n    &quot;index&quot;: &quot;&lt;br&gt;&quot;,\n    &quot;title&quot;: &quot;Jahn Library for African Literatures&quot;,\n    &quot;linkTitle&quot;: &quot;learn more&quot;,\n    &quot;link&quot;: {\n        &quot;url&quot;: &quot;https:\\\/\\\/www.jahn-bibliothek.ifeas.uni-mainz.de&quot;,\n        &quot;opensInNewTab&quot;: true\n    },\n    &quot;template&quot;: &quot;red_h4&quot;,\n    &quot;align&quot;: &quot;wide&quot;,\n    &quot;icon&quot;: &quot;&quot;,\n    &quot;iconColor&quot;: &quot;default&quot;,\n    &quot;isCalendar&quot;: false,\n    &quot;iconBoxed&quot;: false,\n    &quot;useLinkList&quot;: false,\n    &quot;linkList&quot;: {},\n    &quot;hideThumbnail&quot;: false,\n    &quot;type&quot;: &quot;boxed&quot;,\n    &quot;excerpt&quot;: &quot;&quot;,\n    &quot;linkStyle&quot;: &quot;default&quot;,\n    &quot;overboxImage&quot;: false,\n    &quot;differingHeadlineColor&quot;: false,\n    &quot;headlineColor&quot;: &quot;&quot;,\n    &quot;textPositionBottom&quot;: false,\n    &quot;video&quot;: {\n        &quot;provider&quot;: &quot;youtube&quot;,\n        &quot;id&quot;: &quot;&quot;,\n        &quot;poster&quot;: &quot;&quot;\n    },\n    &quot;audioUrl&quot;: &quot;&quot;,\n    &quot;unbound&quot;: false\n}\">\n    \n<\/jgu-base-teaserbox><\/div>\n\n\n\n<div class=\"wp-block-column is-layout-flow wp-block-column-is-layout-flow\"><jgu-base-teaserbox react-props=\"{\n    &quot;headline&quot;: {\n        &quot;htmlTag&quot;: &quot;h2&quot;,\n        &quot;classTag&quot;: &quot;&quot;,\n        &quot;tag&quot;: &quot;h2&quot;\n    },\n    &quot;image&quot;: {\n        &quot;id&quot;: 19728,\n        &quot;url&quot;: &quot;https:\\\/\\\/cms.zdv.uni-mainz.de\\\/fb07-ifeas\\\/wp-content\\\/uploads\\\/sites\\\/396\\\/2025\\\/05\\\/Kannen836_334.jpg&quot;,\n        &quot;title&quot;: &quot;Kannen836_334&quot;,\n        &quot;width&quot;: 836,\n        &quot;height&quot;: 393,\n        &quot;srcset&quot;: &quot;https:\\\/\\\/cms.zdv.uni-mainz.de\\\/fb07-ifeas\\\/wp-content\\\/uploads\\\/sites\\\/396\\\/2025\\\/05\\\/Kannen836_334.jpg 836w, https:\\\/\\\/cms.zdv.uni-mainz.de\\\/fb07-ifeas\\\/wp-content\\\/uploads\\\/sites\\\/396\\\/2025\\\/05\\\/Kannen836_334-300x141.jpg 300w, https:\\\/\\\/cms.zdv.uni-mainz.de\\\/fb07-ifeas\\\/wp-content\\\/uploads\\\/sites\\\/396\\\/2025\\\/05\\\/Kannen836_334-768x361.jpg 768w&quot;\n    },\n    &quot;color&quot;: &quot;red&quot;,\n    &quot;index&quot;: &quot;&lt;br&gt;&quot;,\n    &quot;title&quot;: &quot;Ethnographic Collection&quot;,\n    &quot;linkTitle&quot;: &quot;learn more&quot;,\n    &quot;link&quot;: {\n        &quot;url&quot;: &quot;https:\\\/\\\/cms.zdv.uni-mainz.de\\\/fb07-ifeas\\\/institut\\\/ethnografische-studiensammlung\\\/&quot;\n    },\n    &quot;template&quot;: &quot;red_h4&quot;,\n    &quot;align&quot;: &quot;wide&quot;,\n    &quot;icon&quot;: &quot;&quot;,\n    &quot;iconColor&quot;: &quot;default&quot;,\n    &quot;isCalendar&quot;: false,\n    &quot;iconBoxed&quot;: false,\n    &quot;useLinkList&quot;: false,\n    &quot;linkList&quot;: {},\n    &quot;hideThumbnail&quot;: false,\n    &quot;type&quot;: &quot;boxed&quot;,\n    &quot;excerpt&quot;: &quot;&quot;,\n    &quot;linkStyle&quot;: &quot;default&quot;,\n    &quot;overboxImage&quot;: false,\n    &quot;differingHeadlineColor&quot;: false,\n    &quot;headlineColor&quot;: &quot;&quot;,\n    &quot;textPositionBottom&quot;: false,\n    &quot;video&quot;: {\n        &quot;provider&quot;: &quot;youtube&quot;,\n        &quot;id&quot;: &quot;&quot;,\n        &quot;poster&quot;: &quot;&quot;\n    },\n    &quot;audioUrl&quot;: &quot;&quot;,\n    &quot;unbound&quot;: false\n}\">\n    \n<\/jgu-base-teaserbox><\/div>\n\n\n\n<div class=\"wp-block-column is-layout-flow wp-block-column-is-layout-flow\"><jgu-base-teaserbox react-props=\"{\n    &quot;headline&quot;: {\n        &quot;htmlTag&quot;: &quot;h2&quot;,\n        &quot;classTag&quot;: &quot;&quot;,\n        &quot;tag&quot;: &quot;h2&quot;\n    },\n    &quot;image&quot;: {\n        &quot;id&quot;: 11805,\n        &quot;url&quot;: &quot;https:\\\/\\\/cms.zdv.uni-mainz.de\\\/fb07-ifeas\\\/wp-content\\\/uploads\\\/sites\\\/396\\\/2025\\\/02\\\/IfEAS_VIDeo2.jpg&quot;,\n        &quot;title&quot;: &quot;IfEAS_VIDeo2&quot;,\n        &quot;width&quot;: 840,\n        &quot;height&quot;: 424,\n        &quot;srcset&quot;: &quot;https:\\\/\\\/cms.zdv.uni-mainz.de\\\/fb07-ifeas\\\/wp-content\\\/uploads\\\/sites\\\/396\\\/2025\\\/02\\\/IfEAS_VIDeo2.jpg 840w, https:\\\/\\\/cms.zdv.uni-mainz.de\\\/fb07-ifeas\\\/wp-content\\\/uploads\\\/sites\\\/396\\\/2025\\\/02\\\/IfEAS_VIDeo2-300x151.jpg 300w, https:\\\/\\\/cms.zdv.uni-mainz.de\\\/fb07-ifeas\\\/wp-content\\\/uploads\\\/sites\\\/396\\\/2025\\\/02\\\/IfEAS_VIDeo2-768x388.jpg 768w&quot;\n    },\n    &quot;color&quot;: &quot;blue&quot;,\n    &quot;index&quot;: &quot;&lt;br&gt;&quot;,\n    &quot;title&quot;: &quot;Further Archives and Collections at ifeas&quot;,\n    &quot;linkTitle&quot;: &quot;learn more&quot;,\n    &quot;link&quot;: {\n        &quot;url&quot;: &quot;https:\\\/\\\/cms.zdv.uni-mainz.de\\\/fb07-ifeas\\\/institut\\\/archive-am-ifeas\\\/&quot;,\n        &quot;id&quot;: 12312,\n        &quot;title&quot;: &quot;Archive am ifeas&quot;,\n        &quot;type&quot;: &quot;page&quot;,\n        &quot;kind&quot;: &quot;post-type&quot;\n    },\n    &quot;template&quot;: &quot;red_h4&quot;,\n    &quot;align&quot;: &quot;wide&quot;,\n    &quot;icon&quot;: &quot;&quot;,\n    &quot;iconColor&quot;: &quot;default&quot;,\n    &quot;isCalendar&quot;: false,\n    &quot;iconBoxed&quot;: false,\n    &quot;useLinkList&quot;: false,\n    &quot;linkList&quot;: {},\n    &quot;hideThumbnail&quot;: false,\n    &quot;type&quot;: &quot;boxed&quot;,\n    &quot;excerpt&quot;: &quot;&quot;,\n    &quot;linkStyle&quot;: &quot;default&quot;,\n    &quot;overboxImage&quot;: false,\n    &quot;differingHeadlineColor&quot;: false,\n    &quot;headlineColor&quot;: &quot;&quot;,\n    &quot;textPositionBottom&quot;: false,\n    &quot;video&quot;: {\n        &quot;provider&quot;: &quot;youtube&quot;,\n        &quot;id&quot;: &quot;&quot;,\n        &quot;poster&quot;: &quot;&quot;\n    },\n    &quot;audioUrl&quot;: &quot;&quot;,\n    &quot;unbound&quot;: false\n}\">\n    \n<\/jgu-base-teaserbox><\/div>\n<\/div>\n<\/div><\/div>\n<\/jgu-base-section>\n\n<jgu-base-section react-props=\"{&quot;color&quot;:&quot;dark&quot;,&quot;align&quot;:&quot;wide&quot;,&quot;padding&quot;:&quot;medium&quot;}\">\n<div class=\"jgu-bgsection bg bg-dark \"><div class=\"content padding-medium\"><div\n\tclass=\"jgu-anchorpoint\"\n\tid=\"foundations\"\n\tdata-label=\"Foundations\"\n\tdata-hide-in-nav=\"false\"\n\ttabindex=\"0\"\n\tdata-initial-scroll=\"true\"\n><\/div>\n\n\n<jgu-base-heading react-props=\"{\n    &quot;color&quot;: &quot;default&quot;,\n    &quot;tags&quot;: {\n        &quot;htmlTag&quot;: &quot;h2&quot;,\n        &quot;classTag&quot;: &quot;&quot;,\n        &quot;tag&quot;: &quot;h2&quot;\n    },\n    &quot;heading&quot;: &quot;Foundations&quot;,\n    &quot;textAlign&quot;: &quot;left&quot;,\n    &quot;anchor&quot;: &quot;&quot;,\n    &quot;index&quot;: &quot;&quot;\n}\"><\/jgu-base-heading>\n\n\n\n<p class=\"has-big-font-size\"><strong>Ernst Wilhelm M\u00fcller Foundation<\/strong><\/p>\n\n\n\n<p class=\"has-big-font-size\"><\/p>\n\n\n\n<div class=\"wp-block-columns is-layout-flex wp-container-core-columns-is-layout-9d6595d7 wp-block-columns-is-layout-flex\">\n<div class=\"wp-block-column is-layout-flow wp-block-column-is-layout-flow\" style=\"flex-basis:50%\"><jgu-base-imagegallery react-props=\"{\n    &quot;images&quot;: [\n        {\n            &quot;url&quot;: &quot;https:\\\/\\\/cms.zdv.uni-mainz.de\\\/fb07-ifeas\\\/wp-content\\\/uploads\\\/sites\\\/396\\\/2025\\\/02\\\/JGU-ES-00_A_03-scaled-e1704301432263.jpg&quot;,\n            &quot;id&quot;: 11841,\n            &quot;credit&quot;: &quot;Foto: Stefan Schmitt&quot;,\n            &quot;caption&quot;: &quot;W\\u00fcrdestab, der E.W. M\\u00fcller w\\u00e4hrend der Kongo-Forschungsreise \\u00fcberreicht wurde.&quot;,\n            &quot;title&quot;: &quot;JGU-ES-00_A_03-scaled-e1704301432263&quot;,\n            &quot;width&quot;: 2560,\n            &quot;height&quot;: 1105,\n            &quot;srcset&quot;: &quot;https:\\\/\\\/cms.zdv.uni-mainz.de\\\/fb07-ifeas\\\/wp-content\\\/uploads\\\/sites\\\/396\\\/2025\\\/02\\\/JGU-ES-00_A_03-scaled-e1704301432263.jpg 2560w, https:\\\/\\\/cms.zdv.uni-mainz.de\\\/fb07-ifeas\\\/wp-content\\\/uploads\\\/sites\\\/396\\\/2025\\\/02\\\/JGU-ES-00_A_03-scaled-e1704301432263-300x129.jpg 300w, https:\\\/\\\/cms.zdv.uni-mainz.de\\\/fb07-ifeas\\\/wp-content\\\/uploads\\\/sites\\\/396\\\/2025\\\/02\\\/JGU-ES-00_A_03-scaled-e1704301432263-1024x442.jpg 1024w, https:\\\/\\\/cms.zdv.uni-mainz.de\\\/fb07-ifeas\\\/wp-content\\\/uploads\\\/sites\\\/396\\\/2025\\\/02\\\/JGU-ES-00_A_03-scaled-e1704301432263-768x332.jpg 768w, https:\\\/\\\/cms.zdv.uni-mainz.de\\\/fb07-ifeas\\\/wp-content\\\/uploads\\\/sites\\\/396\\\/2025\\\/02\\\/JGU-ES-00_A_03-scaled-e1704301432263-1536x663.jpg 1536w, https:\\\/\\\/cms.zdv.uni-mainz.de\\\/fb07-ifeas\\\/wp-content\\\/uploads\\\/sites\\\/396\\\/2025\\\/02\\\/JGU-ES-00_A_03-scaled-e1704301432263-2048x884.jpg 2048w&quot;,\n            &quot;src&quot;: &quot;https:\\\/\\\/cms.zdv.uni-mainz.de\\\/fb07-ifeas\\\/wp-content\\\/uploads\\\/sites\\\/396\\\/2025\\\/02\\\/JGU-ES-00_A_03-scaled-e1704301432263.jpg&quot;\n        },\n        {\n            &quot;url&quot;: &quot;https:\\\/\\\/cms.zdv.uni-mainz.de\\\/fb07-ifeas\\\/wp-content\\\/uploads\\\/sites\\\/396\\\/2025\\\/02\\\/Tagebuch-ES-1-1-scaled-e1622633554539.jpg&quot;,\n            &quot;id&quot;: 11847,\n            &quot;credit&quot;: &quot;Foto: unbekannt&quot;,\n            &quot;caption&quot;: &quot;E.W. M\\u00fcller mit Mitarbeitern w\\u00e4hrend seiner Kongo-Forschungsreise&quot;,\n            &quot;title&quot;: &quot;Tagebuch-ES-1-1-scaled-e1622633554539&quot;,\n            &quot;width&quot;: 626,\n            &quot;height&quot;: 269,\n            &quot;srcset&quot;: &quot;https:\\\/\\\/cms.zdv.uni-mainz.de\\\/fb07-ifeas\\\/wp-content\\\/uploads\\\/sites\\\/396\\\/2025\\\/02\\\/Tagebuch-ES-1-1-scaled-e1622633554539.jpg 626w, https:\\\/\\\/cms.zdv.uni-mainz.de\\\/fb07-ifeas\\\/wp-content\\\/uploads\\\/sites\\\/396\\\/2025\\\/02\\\/Tagebuch-ES-1-1-scaled-e1622633554539-300x129.jpg 300w&quot;,\n            &quot;src&quot;: &quot;https:\\\/\\\/cms.zdv.uni-mainz.de\\\/fb07-ifeas\\\/wp-content\\\/uploads\\\/sites\\\/396\\\/2025\\\/02\\\/Tagebuch-ES-1-1-scaled-e1622633554539.jpg&quot;\n        },\n        {\n            &quot;url&quot;: &quot;https:\\\/\\\/cms.zdv.uni-mainz.de\\\/fb07-ifeas\\\/wp-content\\\/uploads\\\/sites\\\/396\\\/2025\\\/02\\\/im-Auto-e1622633896279.gif&quot;,\n            &quot;id&quot;: 11835,\n            &quot;credit&quot;: &quot;Foto: unbekannt&quot;,\n            &quot;caption&quot;: &quot;W.E. M\\u00fcller mit E. Sulzmann w\\u00e4hrend der Forschungsreise mit ihrem Kleinbus&quot;,\n            &quot;title&quot;: &quot;im-Auto-e1622633896279&quot;,\n            &quot;width&quot;: 1008,\n            &quot;height&quot;: 435,\n            &quot;src&quot;: &quot;https:\\\/\\\/cms.zdv.uni-mainz.de\\\/fb07-ifeas\\\/wp-content\\\/uploads\\\/sites\\\/396\\\/2025\\\/02\\\/im-Auto-e1622633896279.gif&quot;\n        },\n        {\n            &quot;url&quot;: &quot;https:\\\/\\\/cms.zdv.uni-mainz.de\\\/fb07-ifeas\\\/wp-content\\\/uploads\\\/sites\\\/396\\\/2025\\\/02\\\/Verleihung-e1623396460656.gif&quot;,\n            &quot;id&quot;: 11853,\n            &quot;credit&quot;: &quot;Foto: unbekannt&quot;,\n            &quot;caption&quot;: &quot;E.W. M\\u00fcller bei einem Besuch von L.S. Senghor in Mainz, 1977&quot;,\n            &quot;title&quot;: &quot;Verleihung-e1623396460656&quot;,\n            &quot;width&quot;: 625,\n            &quot;height&quot;: 269,\n            &quot;src&quot;: &quot;https:\\\/\\\/cms.zdv.uni-mainz.de\\\/fb07-ifeas\\\/wp-content\\\/uploads\\\/sites\\\/396\\\/2025\\\/02\\\/Verleihung-e1623396460656.gif&quot;\n        },\n        {\n            &quot;url&quot;: &quot;https:\\\/\\\/cms.zdv.uni-mainz.de\\\/fb07-ifeas\\\/wp-content\\\/uploads\\\/sites\\\/396\\\/2025\\\/02\\\/Bild2-e1623846469391.jpg&quot;,\n            &quot;id&quot;: 11829,\n            &quot;credit&quot;: &quot;Foto: unbekannt&quot;,\n            &quot;caption&quot;: &quot;E.W. M\\u00fcller beim 60. Jubil\\u00e4um des Instituts f\\u00fcr Ethnologie und Afrikastudien&quot;,\n            &quot;title&quot;: &quot;Bild2-e1623846469391&quot;,\n            &quot;width&quot;: 625,\n            &quot;height&quot;: 268,\n            &quot;srcset&quot;: &quot;https:\\\/\\\/cms.zdv.uni-mainz.de\\\/fb07-ifeas\\\/wp-content\\\/uploads\\\/sites\\\/396\\\/2025\\\/02\\\/Bild2-e1623846469391.jpg 625w, https:\\\/\\\/cms.zdv.uni-mainz.de\\\/fb07-ifeas\\\/wp-content\\\/uploads\\\/sites\\\/396\\\/2025\\\/02\\\/Bild2-e1623846469391-300x129.jpg 300w&quot;,\n            &quot;src&quot;: &quot;https:\\\/\\\/cms.zdv.uni-mainz.de\\\/fb07-ifeas\\\/wp-content\\\/uploads\\\/sites\\\/396\\\/2025\\\/02\\\/Bild2-e1623846469391.jpg&quot;\n        },\n        {\n            &quot;url&quot;: &quot;https:\\\/\\\/cms.zdv.uni-mainz.de\\\/fb07-ifeas\\\/wp-content\\\/uploads\\\/sites\\\/396\\\/2025\\\/02\\\/022-Group-photograph-e1623397178547.jpg&quot;,\n            &quot;id&quot;: 11823,\n            &quot;credit&quot;: &quot;Foto: Janheinz Jahn Bibliothek&quot;,\n            &quot;caption&quot;: &quot;E.W. M\\u00fcller beim 8. Internationalen Janheinz Jahn-Symposium, 2004&quot;,\n            &quot;title&quot;: &quot;022-Group-photograph-e1623397178547&quot;,\n            &quot;width&quot;: 625,\n            &quot;height&quot;: 268,\n            &quot;srcset&quot;: &quot;https:\\\/\\\/cms.zdv.uni-mainz.de\\\/fb07-ifeas\\\/wp-content\\\/uploads\\\/sites\\\/396\\\/2025\\\/02\\\/022-Group-photograph-e1623397178547.jpg 625w, https:\\\/\\\/cms.zdv.uni-mainz.de\\\/fb07-ifeas\\\/wp-content\\\/uploads\\\/sites\\\/396\\\/2025\\\/02\\\/022-Group-photograph-e1623397178547-300x129.jpg 300w&quot;,\n            &quot;src&quot;: &quot;https:\\\/\\\/cms.zdv.uni-mainz.de\\\/fb07-ifeas\\\/wp-content\\\/uploads\\\/sites\\\/396\\\/2025\\\/02\\\/022-Group-photograph-e1623397178547.jpg&quot;\n        }\n    ],\n    &quot;withThumbs&quot;: false,\n    &quot;initSlide&quot;: 3,\n    &quot;align&quot;: &quot;wide&quot;,\n    &quot;thumbsPosition&quot;: &quot;right&quot;,\n    &quot;aspectRatio&quot;: &quot;16-9&quot;,\n    &quot;screenwidth&quot;: false,\n    &quot;width&quot;: &quot;100cqw&quot;,\n    &quot;perPage&quot;: 1\n}\">\n\n<\/jgu-base-imagegallery>\n<\/div>\n\n\n\n<div class=\"wp-block-column is-layout-flow wp-block-column-is-layout-flow\" style=\"flex-basis:50%\"><jgu-base-accordion react-props=\"{&quot;selected&quot;:4,&quot;align&quot;:&quot;wide&quot;,&quot;hasAllOpenButton&quot;:true,&quot;onlyOne&quot;:false,&quot;initAllClosed&quot;:true,&quot;enableSearch&quot;:false}\">\n    \n<jgu-base-accordionitem react-props=\"{&quot;title&quot;:&quot;Funding and Support&quot;,&quot;init&quot;:false,&quot;slug&quot;:&quot;funding-and-support&quot;,&quot;align&quot;:&quot;wide&quot;,&quot;customSlug&quot;:false}\">\n    \n\n<p class=\"has-big-font-size\">The Ernst Wilhelm M\u00fcller Foundation supports projects of the African Music Archives, the Ethnographic Collection, and the Jahn Library for African Literatures at the ifeas, JGU Mainz.<\/p>\n\n\n\n<p class=\"has-big-font-size\">Ernst Wilhelm M\u00fcller established the foundation in his will of 15 November, 2013. His final wish was to support the three respective collections. <\/p>\n\n\n<\/jgu-base-accordionitem>\n\n<jgu-base-accordionitem react-props=\"{&quot;title&quot;:&quot;Ernst Wilhelm M\\u00fcller (1925-2013)&quot;,&quot;init&quot;:false,&quot;slug&quot;:&quot;ernst-wilhelm-muller-1925-2013&quot;,&quot;align&quot;:&quot;wide&quot;,&quot;customSlug&quot;:false}\">\n    \n\n<p class=\"has-big-font-size\">Ernst Wilhelm M\u00fcller (1925-2013) was closely associated to the Johannes Gutenberg University for many years, first as a student, doctoral candidate, and research assistant (1948-1958), and later, until his retirement, as a Professor of Anthropology (1969-1986) with a strong commitment regarding higher education policy. As head of the Department of Anthropology and African Studies, he was a driving force behind the establishment of the Jahn Library for African Literatures, and the African Music Archives. <\/p>\n\n\n\n<p class=\"has-big-font-size\">After beginning his studies in Munich, Ernst Wilhelm M\u00fcller transferred to the Johannes Gutenberg University Mainz for the winter semester of 1948\/49, where he studied Anthropology and African Studies. From 1949 to 1951, he held a position as the first student assistant at the Department of Anthropology. In 1951, M\u00fcller was accepted into the German National Academic Foundation. As a student and later as a doctoral candidate, he took part in field research among the Ekonda and Bolia in what was then the Belgian Congo between 1951 and 1954. The so-called Mainz Congo Expedition, one of the first major German field research trips in the immediate post-war period, was led by Erika Sulzmann. The more than 500 objects collected during this expedition formed the foundation of today&#8217;s Ethnographic Collection. Due to serious illnesses suffered during the expedition, this would remain the only field research trip of M\u00fcller\u2019s academic career. During the expedition, he was presented with the dignitary staff <em>(ensina<\/em>) pictured on the left. Among the Ekonda, such dignitary staffs were mainly used by older men. The fact that Ernst Wilhelm M\u00fcller received one despite his young age at the time was considered a particular honour.         <\/p>\n\n\n\n<p class=\"has-big-font-size\">In 1955, M\u00fcller completed his doctoral dissertation, titled &#8220;Das F\u00fcrstentum bei den S\u00fcdwest-Mongo (Belgisch Kongo)&#8221; under the supervision of the cultural morphologist Adolf Friedrich, who was then the director of the institute. In 1956 and again in 1958, he worked as a research assistant at the Department of Anthropology in Mainz. In 1960, he joined Wilhelm E. M\u00fchlmann as a research assistant at the Department of Sociology and Anthropology at the University of Heidelberg, where he remained until 1967 and completed his habilitation with a thesis entitled (&#8220;Der Begriff der Verwandtschaft in der modernen Ethnosoziologie&#8221;). In 1969, he was appointed Professor of Anthropology at JGU Mainz and became director of the institute. He became emeritus professor in 1986.    <\/p>\n\n\n\n<p class=\"has-big-font-size\">In her obituary, the Mainz-based anthropologist Carola Lentz described Ernst Wilhelm M\u00fcller as an &#8220;important pioneer of a modern, social science-oriented, and interdisciplinarily open anthropology grounded in solid empirical fieldwork.&#8221; Ute Luig, who was Professor of Anthropology in Berlin until her retirement, likewise noted that with the death of Ernst Wilhelm M\u00fcller, &#8220;German Anthropology lost one of its most significant modernisers of the post-war period.&#8221; For M\u00fcller, Anthropology was the comparative humanities discipline <em>par excellence<\/em>. This understanding of the field underpinned his consistently interdisciplinary approach, which he implemented at ifeas in exemplary fashion. He actively sought collaboration with other disciplines, such as literary studies, economics, and history, and placed particular emphasis on the connection between Anthropology and Sociology.    <\/p>\n\n\n<\/jgu-base-accordionitem>\n\n<jgu-base-accordionitem react-props=\"{&quot;title&quot;:&quot;Funded Projects&quot;,&quot;init&quot;:false,&quot;slug&quot;:&quot;funded-projects&quot;,&quot;align&quot;:&quot;wide&quot;,&quot;customSlug&quot;:false}\">\n    \n\n<p class=\"has-big-font-size\">01\/2025<br><strong>AMA Concert by the Malagasy Bands Erick Manana and Jenny Fuhr feat. Solofo \/\/ Ralah&#8217; Trio at the Institut fran\u00e7ais, Mainz  <\/strong><\/p>\n\n\n\n<p class=\"has-big-font-size\">12\/2024<br><a href=\"https:\/\/www.ifeas.uni-mainz.de\/files\/2025\/01\/Poster_Film_Soyinka.pdf\"><strong>Public screening of the film &#8220;A Childhood in Nigeria: Wole Soyinka. A Film by Vera Botterbusch with and about Wole Soyinka&#8221; (BR 2000) in the presence of the filmmaker, followed by a discussion<\/strong><\/a><\/p>\n\n\n\n<p class=\"has-big-font-size\">06\/2024<br>AMA concert <strong>by the Malagasy Band Ralah&#8217; Trio at Kulturclub schon sch\u00f6n, Mainz <\/strong> <\/p>\n\n\n\n<p class=\"has-big-font-size\">10\/2022 &#8211; 03\/2023<br><strong>Digitisation of objects from Colonial Contexts in the Ethnographic Collection at JGU Mainz (renewal proposal)<\/strong><\/p>\n\n\n\n<p class=\"has-big-font-size\">01\/2022 &#8211; 10\/2022<br><strong>Digitisation of objects from Colonial Contexts in the Ethnographic Collection at JGU Mainz (renewal proposal)<\/strong><\/p>\n\n\n\n<p class=\"has-big-font-size\">09\/2022<br><strong>Research on stoneware jugs from the Westerwald Region (ca. 18th century) in West and West Central Africa <\/strong><strong>(invitation of guest researchers)<\/strong><\/p>\n\n\n\n<p class=\"has-big-font-size\">09\/2022<br><a href=\"https:\/\/www.ifeas.uni-mainz.de\/files\/2022\/10\/Flyer-CCAMA-Workshop.pdf\"><strong>Funding for the participation of a guest researcher in the conference &#8220;Copyright CARE and African Music Archives&#8221;<\/strong><\/a><\/p>\n\n\n\n<p class=\"has-big-font-size\">07\/2022<br><strong><a href=\"https:\/\/www.ifeas.uni-mainz.de\/files\/2022\/10\/AMA-Er%C3%B6ffnung-Flyer.jpg\">&#8220;AMA Opening&#8221;: Artists in Residence at the AMA &#8211; Opening ceremony<\/a> <\/strong> <\/p>\n\n\n\n<p class=\"has-big-font-size\">07\/2022<br><strong>Support of the special issue &#8220;Musikethnologie&#8221; of <em>Cargo &#8211; Journal for Cultural Anthropology<\/em><\/strong><\/p>\n\n\n\n<p class=\"has-big-font-size\">04\/2022<br><strong>Provenance research on the Cameroon collection of the Ethnographic Collection of JGU Mainz (invitation of a guest researcher)<\/strong><\/p>\n\n\n\n<p class=\"has-big-font-size\">04\/2022 &#8211; 05\/2022<br><a href=\"https:\/\/african-cassettes.uni-mainz.de\/wiki\/Welcome_to_African_Cassettes\" target=\"_blank\" rel=\"noreferrer noopener\"><strong>&#8220;African Cassettes&#8221;: Creation of an online cassettography<\/strong><\/a><\/p>\n\n\n\n<p class=\"has-big-font-size\">11\/2021 &#8211; 03\/2023<br><a href=\"https:\/\/www.ifeas.uni-mainz.de\/ewms\/gefoerderte-projekte\/afrikanische-schriftstellerinnen-und-musikerinnen-des-20-jahrhunderts-im-o-ton\/\" target=\"_blank\" rel=\"noreferrer noopener\"><strong>African writers and musicians of the 20th century in original sound: Digitisation of historical audio tapes by the German Africa journalist Gerd Meuer (1941-2017)<\/strong><\/a><\/p>\n\n\n\n<p class=\"has-big-font-size\">06\/2021 &#8211; 12\/2021<br><strong>Digitisation of objects from the Ethnographic Collection of JGU Mainz from colonial contexts<\/strong><\/p>\n\n\n<\/jgu-base-accordionitem>\n\n<jgu-base-accordionitem react-props=\"{&quot;title&quot;:&quot;Further links&quot;,&quot;init&quot;:false,&quot;slug&quot;:&quot;further-links&quot;,&quot;align&quot;:&quot;wide&quot;,&quot;customSlug&quot;:false}\">\n    \n<jgu-base-button style=\"display: flex; flex-wrap: wrap; column-gap: 30px; max-width: 100%; flex-direction: row; justify-content: right\">\n  \n<jgu-base-buttonitem react-props=\"{\n    &quot;text&quot;: &quot;Web Page in Honour of Ernst Wilhelm M\\u00fcller&quot;,\n    &quot;styling&quot;: &quot;default&quot;,\n    &quot;link&quot;: {\n        &quot;url&quot;: &quot;https:\\\/\\\/download.uni-mainz.de\\\/fb07-ifeas\\\/Mueller\\\/mueller.htm&quot;,\n        &quot;linkTarget&quot;: &quot;&quot;,\n        &quot;rel&quot;: &quot;&quot;\n    },\n    &quot;align&quot;: &quot;left&quot;,\n    &quot;icon&quot;: &quot;arrow-right-solid&quot;,\n    &quot;type&quot;: &quot;default&quot;,\n    &quot;iconBefore&quot;: false,\n    &quot;isSmall&quot;: false,\n    &quot;fullWidth&quot;: false,\n    &quot;className&quot;: &quot;&quot;\n}\"><\/jgu-base-buttonitem>\n\n<\/jgu-base-button>\n\n<jgu-base-button style=\"display: flex; flex-wrap: wrap; column-gap: 30px; max-width: 100%; flex-direction: row; justify-content: right\">\n  \n<jgu-base-buttonitem react-props=\"{\n    &quot;text&quot;: &quot;Statutes of the Ernst Wilhelm M\\u00fcller Foundation&quot;,\n    &quot;styling&quot;: &quot;default&quot;,\n    &quot;icon&quot;: &quot;download-solid&quot;,\n    &quot;link&quot;: {\n        &quot;url&quot;: &quot;https:\\\/\\\/cms.zdv.uni-mainz.de\\\/fb07-ifeas\\\/wp-content\\\/uploads\\\/sites\\\/396\\\/2025\\\/02\\\/Satzung-Mueller-Stiftung.pdf&quot;,\n        &quot;linkTarget&quot;: &quot;&quot;,\n        &quot;rel&quot;: &quot;&quot;,\n        &quot;opensInNewTab&quot;: true\n    },\n    &quot;align&quot;: &quot;left&quot;,\n    &quot;type&quot;: &quot;default&quot;,\n    &quot;iconBefore&quot;: false,\n    &quot;isSmall&quot;: false,\n    &quot;fullWidth&quot;: false,\n    &quot;className&quot;: &quot;&quot;\n}\"><\/jgu-base-buttonitem>\n\n<\/jgu-base-button>\n\n<jgu-base-button style=\"display: flex; flex-wrap: wrap; column-gap: 30px; max-width: 100%; flex-direction: row; justify-content: right\">\n  \n<jgu-base-buttonitem react-props=\"{\n    &quot;text&quot;: &quot;Obituary by Prof. Dr. Carola Lentz&quot;,\n    &quot;styling&quot;: &quot;default&quot;,\n    &quot;icon&quot;: &quot;download-solid&quot;,\n    &quot;link&quot;: {\n        &quot;url&quot;: &quot;https:\\\/\\\/cms.zdv.uni-mainz.de\\\/fb07-ifeas\\\/wp-content\\\/uploads\\\/sites\\\/396\\\/2025\\\/02\\\/Nachruf_Ernst_Wilhelm_Mueller_DGV_Mitteilungen.pdf&quot;,\n        &quot;linkTarget&quot;: &quot;&quot;,\n        &quot;rel&quot;: &quot;&quot;,\n        &quot;opensInNewTab&quot;: true\n    },\n    &quot;align&quot;: &quot;left&quot;,\n    &quot;type&quot;: &quot;default&quot;,\n    &quot;iconBefore&quot;: false,\n    &quot;isSmall&quot;: false,\n    &quot;fullWidth&quot;: false,\n    &quot;className&quot;: &quot;&quot;\n}\"><\/jgu-base-buttonitem>\n\n<\/jgu-base-button>\n\n<jgu-base-button style=\"display: flex; flex-wrap: wrap; column-gap: 30px; max-width: 100%; flex-direction: row; justify-content: right\">\n  \n<jgu-base-buttonitem react-props=\"{\n    &quot;text&quot;: &quot;Obituary by Prof. Dr. Ute Luig&quot;,\n    &quot;styling&quot;: &quot;default&quot;,\n    &quot;link&quot;: {\n        &quot;url&quot;: &quot;https:\\\/\\\/www.jstor.org\\\/stable\\\/44242867?seq=1&quot;,\n        &quot;linkTarget&quot;: &quot;&quot;,\n        &quot;rel&quot;: &quot;&quot;,\n        &quot;opensInNewTab&quot;: true\n    },\n    &quot;align&quot;: &quot;left&quot;,\n    &quot;icon&quot;: &quot;arrow-right-solid&quot;,\n    &quot;type&quot;: &quot;default&quot;,\n    &quot;iconBefore&quot;: false,\n    &quot;isSmall&quot;: false,\n    &quot;fullWidth&quot;: false,\n    &quot;className&quot;: &quot;&quot;\n}\"><\/jgu-base-buttonitem>\n\n<\/jgu-base-button>\n\n<\/jgu-base-accordionitem>\n\n<jgu-base-accordionitem react-props=\"{&quot;title&quot;:&quot;Board and contact&quot;,&quot;init&quot;:false,&quot;slug&quot;:&quot;board-and-contact&quot;,&quot;align&quot;:&quot;wide&quot;,&quot;customSlug&quot;:false}\">\n    \n<jgu-base-slider react-props=\"{&quot;perPage&quot;:1,&quot;slidesCount&quot;:3,&quot;responsiveSettings&quot;:{&quot;mobile&quot;:{&quot;perPage&quot;:1,&quot;arrows&quot;:true,&quot;pagination&quot;:false,&quot;width&quot;:&quot;100%&quot;},&quot;tablet&quot;:{&quot;perPage&quot;:1,&quot;arrows&quot;:true,&quot;pagination&quot;:false,&quot;width&quot;:&quot;100%&quot;},&quot;desktop&quot;:{&quot;perPage&quot;:1,&quot;arrows&quot;:true,&quot;pagination&quot;:false,&quot;width&quot;:&quot;100%&quot;},&quot;desktop-xl&quot;:{&quot;perPage&quot;:1,&quot;arrows&quot;:true,&quot;pagination&quot;:false,&quot;width&quot;:&quot;100%&quot;}},&quot;type&quot;:&quot;&quot;,&quot;template&quot;:&quot;&quot;,&quot;useNumbers&quot;:false,&quot;scrollDistance&quot;:&quot;screen&quot;}\">\n    \n<jgu-base-contactcard react-props=\"{\n    &quot;name&quot;: &quot;Dr. Anna-Maria Brandstetter&quot;,\n    &quot;avatar&quot;: {\n        &quot;id&quot;: 12231,\n        &quot;url&quot;: &quot;https:\\\/\\\/cms.zdv.uni-mainz.de\\\/fb07-ifeas\\\/wp-content\\\/uploads\\\/sites\\\/396\\\/2025\\\/02\\\/Anne.jpeg&quot;,\n        &quot;credit&quot;: &quot;&quot;,\n        &quot;title&quot;: &quot;Anne&quot;,\n        &quot;width&quot;: 187,\n        &quot;height&quot;: 187,\n        &quot;srcset&quot;: &quot;https:\\\/\\\/cms.zdv.uni-mainz.de\\\/fb07-ifeas\\\/wp-content\\\/uploads\\\/sites\\\/396\\\/2025\\\/02\\\/Anne.jpeg 187w, https:\\\/\\\/cms.zdv.uni-mainz.de\\\/fb07-ifeas\\\/wp-content\\\/uploads\\\/sites\\\/396\\\/2025\\\/02\\\/Anne-150x150.jpeg 150w&quot;\n    },\n    &quot;align&quot;: &quot;wide&quot;,\n    &quot;actions&quot;: [],\n    &quot;color&quot;: &quot;default&quot;\n}\">\n    \n<jgu-base-listitem react-props=\"{\n    &quot;title&quot;: &quot;&lt;strong&gt;Academic Director (retired)&lt;\\\/strong&gt;&quot;,\n    &quot;uuid&quot;: &quot;1732632794003&quot;,\n    &quot;link&quot;: {\n        &quot;url&quot;: null\n    },\n    &quot;align&quot;: &quot;wide&quot;,\n    &quot;showInActions&quot;: false,\n    &quot;allowNesting&quot;: true,\n    &quot;icon&quot;: &quot;&quot;,\n    &quot;showExpandableContent&quot;: false,\n    &quot;expandableContent&quot;: &quot;&quot;\n}\">\n    \n<\/jgu-base-listitem>\n\n<jgu-base-listitem react-props=\"{\n    &quot;icon&quot;: &quot;envelope-solid&quot;,\n    &quot;title&quot;: &quot;&lt;a href=\\&quot;mailto:brandste@uni-mainz.de\\&quot;&gt;brandste@uni-mainz.de&lt;\\\/a&gt;&quot;,\n    &quot;uuid&quot;: &quot;1732632994582&quot;,\n    &quot;link&quot;: {\n        &quot;url&quot;: &quot;mailto:brandste@uni-mainz.de&quot;\n    },\n    &quot;align&quot;: &quot;wide&quot;,\n    &quot;showInActions&quot;: false,\n    &quot;allowNesting&quot;: true,\n    &quot;showExpandableContent&quot;: false,\n    &quot;expandableContent&quot;: &quot;&quot;\n}\">\n    \n<\/jgu-base-listitem>\n\n<jgu-base-listitem react-props=\"{\n    &quot;icon&quot;: &quot;external-link-alt-solid&quot;,\n    &quot;title&quot;: &quot;&lt;a href=\\&quot;https:\\\/\\\/www.ifeas.uni-mainz.de\\\/dr-anna-maria-brandstetter\\\/\\&quot; data-type=\\&quot;page\\&quot; data-id=\\&quot;20566\\&quot;&gt;Profile page&lt;\\\/a&gt;&quot;,\n    &quot;uuid&quot;: &quot;1732633157993&quot;,\n    &quot;link&quot;: {\n        &quot;url&quot;: &quot;https:\\\/\\\/www.ifeas.uni-mainz.de\\\/dr-anna-maria-brandstetter\\\/&quot;\n    },\n    &quot;align&quot;: &quot;wide&quot;,\n    &quot;showInActions&quot;: false,\n    &quot;allowNesting&quot;: true,\n    &quot;showExpandableContent&quot;: false,\n    &quot;expandableContent&quot;: &quot;&quot;\n}\">\n    \n<\/jgu-base-listitem>\n\n<\/jgu-base-contactcard>\n\n<jgu-base-contactcard react-props=\"{\n    &quot;name&quot;: &quot;Dr. Anja Oed&quot;,\n    &quot;avatar&quot;: {\n        &quot;id&quot;: 10701,\n        &quot;url&quot;: &quot;https:\\\/\\\/cms.zdv.uni-mainz.de\\\/fb07-ifeas\\\/wp-content\\\/uploads\\\/sites\\\/396\\\/2025\\\/02\\\/AOFoto180H.jpeg&quot;,\n        &quot;title&quot;: &quot;AOFoto180H&quot;,\n        &quot;width&quot;: 122,\n        &quot;height&quot;: 127\n    },\n    &quot;align&quot;: &quot;wide&quot;,\n    &quot;actions&quot;: [],\n    &quot;color&quot;: &quot;default&quot;\n}\">\n    \n<jgu-base-listitem react-props=\"{\n    &quot;title&quot;: &quot;&lt;strong&gt;Academic Director of the Jahn Library&lt;\\\/strong&gt;&quot;,\n    &quot;uuid&quot;: &quot;1702050773117&quot;,\n    &quot;link&quot;: {\n        &quot;url&quot;: null\n    },\n    &quot;align&quot;: &quot;wide&quot;,\n    &quot;showInActions&quot;: false,\n    &quot;allowNesting&quot;: true,\n    &quot;icon&quot;: &quot;&quot;,\n    &quot;showExpandableContent&quot;: false,\n    &quot;expandableContent&quot;: &quot;&quot;\n}\">\n    \n<\/jgu-base-listitem>\n\n<jgu-base-listitem react-props=\"{\n    &quot;icon&quot;: &quot;envelope-solid&quot;,\n    &quot;title&quot;: &quot;&lt;a href=\\&quot;mailto:aoed@uni-mainz.de\\&quot;&gt;aoed@uni-mainz.de&lt;\\\/a&gt;&quot;,\n    &quot;uuid&quot;: &quot;1699214817526&quot;,\n    &quot;link&quot;: {\n        &quot;url&quot;: &quot;mailto:aoed@uni-mainz.de&quot;\n    },\n    &quot;align&quot;: &quot;wide&quot;,\n    &quot;showInActions&quot;: false,\n    &quot;allowNesting&quot;: true,\n    &quot;showExpandableContent&quot;: false,\n    &quot;expandableContent&quot;: &quot;&quot;\n}\">\n    \n<\/jgu-base-listitem>\n\n<jgu-base-listitem react-props=\"{\n    &quot;icon&quot;: &quot;phone-solid&quot;,\n    &quot;title&quot;: &quot;&lt;a href=\\&quot;tel:+4961313925933\\&quot; target=\\&quot;_blank\\&quot; rel=\\&quot;noreferrer noopener\\&quot;&gt;+49 6131 39-25933&lt;\\\/a&gt;&quot;,\n    &quot;uuid&quot;: &quot;1702050887439&quot;,\n    &quot;link&quot;: {\n        &quot;url&quot;: &quot;tel:+4961313925933&quot;\n    },\n    &quot;align&quot;: &quot;wide&quot;,\n    &quot;showInActions&quot;: false,\n    &quot;allowNesting&quot;: true,\n    &quot;showExpandableContent&quot;: false,\n    &quot;expandableContent&quot;: &quot;&quot;\n}\">\n    \n<\/jgu-base-listitem>\n\n<jgu-base-listitem react-props=\"{\n    &quot;icon&quot;: &quot;external-link-alt-solid&quot;,\n    &quot;title&quot;: &quot;Profile page&quot;,\n    &quot;uuid&quot;: &quot;1728307753949&quot;,\n    &quot;align&quot;: &quot;wide&quot;,\n    &quot;showInActions&quot;: false,\n    &quot;allowNesting&quot;: true,\n    &quot;showExpandableContent&quot;: false,\n    &quot;expandableContent&quot;: &quot;&quot;,\n    &quot;link&quot;: {\n        &quot;url&quot;: &quot;&quot;\n    }\n}\">\n    \n<\/jgu-base-listitem>\n\n<\/jgu-base-contactcard>\n\n<jgu-base-contactcard react-props=\"{\n    &quot;align&quot;: &quot;&quot;,\n    &quot;name&quot;: &quot;Dr. Hauke Dorsch&quot;,\n    &quot;avatar&quot;: {\n        &quot;id&quot;: 10686,\n        &quot;url&quot;: &quot;https:\\\/\\\/cms.zdv.uni-mainz.de\\\/fb07-ifeas\\\/wp-content\\\/uploads\\\/sites\\\/396\\\/2025\\\/02\\\/Hauke-5786-200x300-1.jpeg&quot;,\n        &quot;title&quot;: &quot;Hauke-5786-200x300&quot;,\n        &quot;width&quot;: 200,\n        &quot;height&quot;: 183\n    },\n    &quot;actions&quot;: [],\n    &quot;color&quot;: &quot;default&quot;\n}\">\n    \n<jgu-base-listitem react-props=\"{\n    &quot;title&quot;: &quot;&lt;strong&gt;Scientific Head of the African Music Archive&lt;\\\/strong&gt;&quot;,\n    &quot;uuid&quot;: &quot;1738741777878&quot;,\n    &quot;link&quot;: {\n        &quot;url&quot;: null\n    },\n    &quot;align&quot;: &quot;wide&quot;,\n    &quot;showInActions&quot;: false,\n    &quot;allowNesting&quot;: true,\n    &quot;icon&quot;: &quot;&quot;,\n    &quot;showExpandableContent&quot;: false,\n    &quot;expandableContent&quot;: &quot;&quot;\n}\">\n    \n<\/jgu-base-listitem>\n\n<jgu-base-listitem react-props=\"{\n    &quot;icon&quot;: &quot;envelope-solid&quot;,\n    &quot;title&quot;: &quot;&lt;a href=\\&quot;mailto:dorschh@uni-mainz.de\\&quot;&gt;dorschh@uni-mainz.de&lt;\\\/a&gt;&quot;,\n    &quot;uuid&quot;: &quot;1702288670976&quot;,\n    &quot;link&quot;: {\n        &quot;url&quot;: &quot;mailto:dorschh@uni-mainz.de&quot;\n    },\n    &quot;align&quot;: &quot;wide&quot;,\n    &quot;showInActions&quot;: false,\n    &quot;allowNesting&quot;: true,\n    &quot;showExpandableContent&quot;: false,\n    &quot;expandableContent&quot;: &quot;&quot;\n}\">\n    \n<\/jgu-base-listitem>\n\n<jgu-base-listitem react-props=\"{\n    &quot;icon&quot;: &quot;phone-solid&quot;,\n    &quot;title&quot;: &quot;&lt;a href=\\&quot;tel:+4961313923349\\&quot; target=\\&quot;_blank\\&quot; rel=\\&quot;noreferrer noopener\\&quot;&gt;+49 6131 39-23349&lt;\\\/a&gt;&quot;,\n    &quot;uuid&quot;: &quot;1738831581139&quot;,\n    &quot;link&quot;: {\n        &quot;url&quot;: &quot;tel:+4961313923349&quot;\n    },\n    &quot;align&quot;: &quot;wide&quot;,\n    &quot;showInActions&quot;: false,\n    &quot;allowNesting&quot;: true,\n    &quot;showExpandableContent&quot;: false,\n    &quot;expandableContent&quot;: &quot;&quot;\n}\">\n    \n<\/jgu-base-listitem>\n\n<jgu-base-listitem react-props=\"{\n    &quot;icon&quot;: &quot;external-link-alt-solid&quot;,\n    &quot;title&quot;: &quot;Profile page&quot;,\n    &quot;uuid&quot;: &quot;1738831583019&quot;,\n    &quot;align&quot;: &quot;wide&quot;,\n    &quot;showInActions&quot;: false,\n    &quot;allowNesting&quot;: true,\n    &quot;showExpandableContent&quot;: false,\n    &quot;expandableContent&quot;: &quot;&quot;,\n    &quot;link&quot;: {\n        &quot;url&quot;: &quot;&quot;\n    }\n}\">\n    \n<\/jgu-base-listitem>\n\n<\/jgu-base-contactcard>\n\n<\/jgu-base-slider>\n\n\n<\/jgu-base-accordionitem>\n\n<\/jgu-base-accordion>\n<\/div>\n<\/div>\n\n\n\n<div style=\"height:90px\" aria-hidden=\"true\" class=\"wp-block-spacer\"><\/div>\n\n\n\n<p class=\"has-big-font-size\"><strong>Sulzmann Foundation<\/strong><\/p>\n\n\n\n<p class=\"has-big-font-size\">Founded by Dr. Erika Sulzmann, Irma Sulzmann, and Roselore Sulzmann, the Sulzmann Foundation promotes field research by young scientists in Africa; it assists in the analysis of the results of field research and supports training in the aforementioned areas. In addition, it presents awards for outstanding theses in relevant fields of research.<\/p>\n<\/div><\/div>\n<\/jgu-base-section>\n\n<jgu-base-section react-props=\"{&quot;color&quot;:&quot;light&quot;,&quot;align&quot;:&quot;wide&quot;,&quot;padding&quot;:&quot;medium&quot;}\">\n<div class=\"jgu-bgsection bg bg-light \"><div class=\"content padding-medium\"><div\n\tclass=\"jgu-anchorpoint\"\n\tid=\"ifeas-international\"\n\tdata-label=\"ifeas international\"\n\tdata-hide-in-nav=\"false\"\n\ttabindex=\"0\"\n\tdata-initial-scroll=\"true\"\n><\/div>\n\n\n<jgu-base-heading react-props=\"{\n    &quot;index&quot;: &quot;Internationalisation&quot;,\n    &quot;tags&quot;: {\n        &quot;htmlTag&quot;: &quot;h2&quot;,\n        &quot;classTag&quot;: &quot;&quot;,\n        &quot;tag&quot;: &quot;h2&quot;\n    },\n    &quot;heading&quot;: &quot;Visiting scholars and collaborations&quot;,\n    &quot;className&quot;: &quot;alignwide&quot;,\n    &quot;textAlign&quot;: &quot;left&quot;,\n    &quot;anchor&quot;: &quot;&quot;,\n    &quot;color&quot;: &quot;red&quot;\n}\"><\/jgu-base-heading>\n\n\n\n<p class=\"has-big-font-size\">The ifeas is cooperating internationally on many different levels, not only in research: alongside its <a href=\"https:\/\/www.ifeas.uni-mainz.de\/en\/?page_id=19079\" data-type=\"page\" data-id=\"9925\">research projects<\/a>, the institute regularly hosts international visiting scholars, colloquia, conferences, and other events <a href=\"https:\/\/www.ifeas.uni-mainz.de\/\" data-type=\"page\" data-id=\"6\">(See current events<\/a>) at the institute and its collections.<\/p>\n\n\n\n<div class=\"wp-block-columns is-layout-flex wp-container-core-columns-is-layout-9d6595d7 wp-block-columns-is-layout-flex\">\n<div class=\"wp-block-column is-layout-flow wp-block-column-is-layout-flow\"><jgu-base-teaserbox react-props=\"{\n    &quot;headline&quot;: {\n        &quot;htmlTag&quot;: &quot;h2&quot;,\n        &quot;classTag&quot;: &quot;&quot;,\n        &quot;tag&quot;: &quot;h2&quot;\n    },\n    &quot;type&quot;: &quot;default&quot;,\n    &quot;title&quot;: &quot;Guests&quot;,\n    &quot;linkTitle&quot;: &quot;learn more&quot;,\n    &quot;link&quot;: {\n        &quot;url&quot;: &quot;https:\\\/\\\/cms.zdv.uni-mainz.de\\\/fb07-ifeas\\\/institut\\\/gaeste\\\/&quot;,\n        &quot;id&quot;: &quot;https:\\\/\\\/cms.zdv.uni-mainz.de\\\/fb07-ifeas\\\/institut\\\/gaeste&quot;,\n        &quot;title&quot;: &quot;https:\\\/\\\/cms.zdv.uni-mainz.de\\\/fb07-ifeas\\\/institut\\\/gaeste&quot;,\n        &quot;type&quot;: &quot;link&quot;,\n        &quot;opensInNewTab&quot;: true\n    },\n    &quot;template&quot;: &quot;default&quot;,\n    &quot;align&quot;: &quot;wide&quot;,\n    &quot;icon&quot;: &quot;&quot;,\n    &quot;iconColor&quot;: &quot;default&quot;,\n    &quot;isCalendar&quot;: false,\n    &quot;iconBoxed&quot;: false,\n    &quot;useLinkList&quot;: false,\n    &quot;linkList&quot;: {},\n    &quot;hideThumbnail&quot;: false,\n    &quot;color&quot;: &quot;light&quot;,\n    &quot;index&quot;: &quot;&quot;,\n    &quot;excerpt&quot;: &quot;&quot;,\n    &quot;linkStyle&quot;: &quot;default&quot;,\n    &quot;overboxImage&quot;: false,\n    &quot;differingHeadlineColor&quot;: false,\n    &quot;headlineColor&quot;: &quot;&quot;,\n    &quot;textPositionBottom&quot;: false,\n    &quot;video&quot;: {\n        &quot;provider&quot;: &quot;youtube&quot;,\n        &quot;id&quot;: &quot;&quot;,\n        &quot;poster&quot;: &quot;&quot;\n    },\n    &quot;audioUrl&quot;: &quot;&quot;,\n    &quot;unbound&quot;: false\n}\">\n    \n<\/jgu-base-teaserbox><\/div>\n\n\n\n<div class=\"wp-block-column is-layout-flow wp-block-column-is-layout-flow\"><jgu-base-teaserbox react-props=\"{\n    &quot;headline&quot;: {\n        &quot;htmlTag&quot;: &quot;h2&quot;,\n        &quot;classTag&quot;: &quot;&quot;,\n        &quot;tag&quot;: &quot;h2&quot;\n    },\n    &quot;type&quot;: &quot;default&quot;,\n    &quot;title&quot;: &quot;Cooperation with the University of Rwanda&quot;,\n    &quot;linkTitle&quot;: &quot;learn more&quot;,\n    &quot;link&quot;: {\n        &quot;url&quot;: &quot;https:\\\/\\\/cms.zdv.uni-mainz.de\\\/fb07-ifeas\\\/institut\\\/rwanda&quot;\n    },\n    &quot;template&quot;: &quot;default&quot;,\n    &quot;align&quot;: &quot;wide&quot;,\n    &quot;icon&quot;: &quot;&quot;,\n    &quot;iconColor&quot;: &quot;default&quot;,\n    &quot;isCalendar&quot;: false,\n    &quot;iconBoxed&quot;: false,\n    &quot;useLinkList&quot;: false,\n    &quot;linkList&quot;: {},\n    &quot;hideThumbnail&quot;: false,\n    &quot;color&quot;: &quot;light&quot;,\n    &quot;index&quot;: &quot;&quot;,\n    &quot;excerpt&quot;: &quot;&quot;,\n    &quot;linkStyle&quot;: &quot;default&quot;,\n    &quot;overboxImage&quot;: false,\n    &quot;differingHeadlineColor&quot;: false,\n    &quot;headlineColor&quot;: &quot;&quot;,\n    &quot;textPositionBottom&quot;: false,\n    &quot;video&quot;: {\n        &quot;provider&quot;: &quot;youtube&quot;,\n        &quot;id&quot;: &quot;&quot;,\n        &quot;poster&quot;: &quot;&quot;\n    },\n    &quot;audioUrl&quot;: &quot;&quot;,\n    &quot;unbound&quot;: false\n}\">\n    \n<\/jgu-base-teaserbox><\/div>\n\n\n\n<div class=\"wp-block-column is-layout-flow wp-block-column-is-layout-flow\"><jgu-base-teaserbox react-props=\"{\n    &quot;headline&quot;: {\n        &quot;htmlTag&quot;: &quot;h2&quot;,\n        &quot;classTag&quot;: &quot;&quot;,\n        &quot;tag&quot;: &quot;h2&quot;\n    },\n    &quot;type&quot;: &quot;default&quot;,\n    &quot;title&quot;: &quot;Further International Cooperations&quot;,\n    &quot;linkTitle&quot;: &quot;learn more&quot;,\n    &quot;link&quot;: {\n        &quot;url&quot;: &quot;https:\\\/\\\/www.ifeas.uni-mainz.de\\\/weitere-internationale-kooperationen-des-ifeas\\\/&quot;\n    },\n    &quot;template&quot;: &quot;default&quot;,\n    &quot;align&quot;: &quot;wide&quot;,\n    &quot;icon&quot;: &quot;&quot;,\n    &quot;iconColor&quot;: &quot;default&quot;,\n    &quot;isCalendar&quot;: false,\n    &quot;iconBoxed&quot;: false,\n    &quot;useLinkList&quot;: false,\n    &quot;linkList&quot;: {},\n    &quot;hideThumbnail&quot;: false,\n    &quot;color&quot;: &quot;light&quot;,\n    &quot;index&quot;: &quot;&quot;,\n    &quot;excerpt&quot;: &quot;&quot;,\n    &quot;linkStyle&quot;: &quot;default&quot;,\n    &quot;overboxImage&quot;: false,\n    &quot;differingHeadlineColor&quot;: false,\n    &quot;headlineColor&quot;: &quot;&quot;,\n    &quot;textPositionBottom&quot;: false,\n    &quot;video&quot;: {\n        &quot;provider&quot;: &quot;youtube&quot;,\n        &quot;id&quot;: &quot;&quot;,\n        &quot;poster&quot;: &quot;&quot;\n    },\n    &quot;audioUrl&quot;: &quot;&quot;,\n    &quot;unbound&quot;: false\n}\">\n    \n<\/jgu-base-teaserbox><\/div>\n<\/div>\n<\/div><\/div>\n<\/jgu-base-section>\n\n<jgu-base-section react-props=\"{&quot;color&quot;:&quot;white&quot;,&quot;align&quot;:&quot;wide&quot;,&quot;padding&quot;:&quot;medium&quot;}\">\n<div class=\"jgu-bgsection bg bg-white \"><div class=\"content padding-medium\"><div\n\tclass=\"jgu-anchorpoint\"\n\tid=\"news-archive-and-annual-reports\"\n\tdata-label=\"News archive and annual reports\"\n\tdata-hide-in-nav=\"false\"\n\ttabindex=\"0\"\n\tdata-initial-scroll=\"true\"\n><\/div>\n\n\n<jgu-base-heading react-props=\"{\n    &quot;index&quot;: &quot;ifeas&quot;,\n    &quot;tags&quot;: {\n        &quot;htmlTag&quot;: &quot;h2&quot;,\n        &quot;classTag&quot;: &quot;&quot;,\n        &quot;tag&quot;: &quot;h2&quot;\n    },\n    &quot;heading&quot;: &quot;News archive and annual reports&quot;,\n    &quot;textAlign&quot;: &quot;left&quot;,\n    &quot;anchor&quot;: &quot;&quot;,\n    &quot;color&quot;: &quot;red&quot;\n}\"><\/jgu-base-heading>\n\n\n\n<p class=\"has-big-font-size\"><strong>News \/\/ Events<\/strong><\/p>\n\n\n<jgu-base-imagegallery react-props=\"{\n    &quot;images&quot;: [\n        {\n            &quot;url&quot;: &quot;https:\\\/\\\/cms.zdv.uni-mainz.de\\\/fb07-ifeas\\\/wp-content\\\/uploads\\\/sites\\\/396\\\/2025\\\/07\\\/African-Music-Archive-Party_Final-scaled.jpg&quot;,\n            &quot;id&quot;: 21649,\n            &quot;width&quot;: 1810,\n            &quot;href&quot;: &quot;https:\\\/\\\/cms.zdv.uni-mainz.de\\\/fb07-ifeas\\\/wp-content\\\/uploads\\\/sites\\\/396\\\/2025\\\/07\\\/African-Music-Archive-Party_Final-scaled.jpg&quot;,\n            &quot;title&quot;: &quot;African Music Archive Party_Final&quot;,\n            &quot;height&quot;: 2560,\n            &quot;srcset&quot;: &quot;https:\\\/\\\/cms.zdv.uni-mainz.de\\\/fb07-ifeas\\\/wp-content\\\/uploads\\\/sites\\\/396\\\/2025\\\/07\\\/African-Music-Archive-Party_Final-scaled.jpg 1810w, https:\\\/\\\/cms.zdv.uni-mainz.de\\\/fb07-ifeas\\\/wp-content\\\/uploads\\\/sites\\\/396\\\/2025\\\/07\\\/African-Music-Archive-Party_Final-212x300.jpg 212w, https:\\\/\\\/cms.zdv.uni-mainz.de\\\/fb07-ifeas\\\/wp-content\\\/uploads\\\/sites\\\/396\\\/2025\\\/07\\\/African-Music-Archive-Party_Final-724x1024.jpg 724w, https:\\\/\\\/cms.zdv.uni-mainz.de\\\/fb07-ifeas\\\/wp-content\\\/uploads\\\/sites\\\/396\\\/2025\\\/07\\\/African-Music-Archive-Party_Final-768x1086.jpg 768w, https:\\\/\\\/cms.zdv.uni-mainz.de\\\/fb07-ifeas\\\/wp-content\\\/uploads\\\/sites\\\/396\\\/2025\\\/07\\\/African-Music-Archive-Party_Final-1086x1536.jpg 1086w, https:\\\/\\\/cms.zdv.uni-mainz.de\\\/fb07-ifeas\\\/wp-content\\\/uploads\\\/sites\\\/396\\\/2025\\\/07\\\/African-Music-Archive-Party_Final-1448x2048.jpg 1448w&quot;,\n            &quot;src&quot;: &quot;https:\\\/\\\/cms.zdv.uni-mainz.de\\\/fb07-ifeas\\\/wp-content\\\/uploads\\\/sites\\\/396\\\/2025\\\/07\\\/African-Music-Archive-Party_Final-scaled.jpg&quot;\n        },\n        {\n            &quot;url&quot;: &quot;https:\\\/\\\/cms.zdv.uni-mainz.de\\\/fb07-ifeas\\\/wp-content\\\/uploads\\\/sites\\\/396\\\/2025\\\/06\\\/Plakat-4-2.png&quot;,\n            &quot;id&quot;: 21544,\n            &quot;width&quot;: 776,\n            &quot;href&quot;: &quot;https:\\\/\\\/cms.zdv.uni-mainz.de\\\/fb07-ifeas\\\/wp-content\\\/uploads\\\/sites\\\/396\\\/2025\\\/06\\\/Plakat-4-2.png&quot;,\n            &quot;title&quot;: &quot;Plakat-4-2&quot;,\n            &quot;height&quot;: 1200,\n            &quot;srcset&quot;: &quot;https:\\\/\\\/cms.zdv.uni-mainz.de\\\/fb07-ifeas\\\/wp-content\\\/uploads\\\/sites\\\/396\\\/2025\\\/06\\\/Plakat-4-2.png 776w, https:\\\/\\\/cms.zdv.uni-mainz.de\\\/fb07-ifeas\\\/wp-content\\\/uploads\\\/sites\\\/396\\\/2025\\\/06\\\/Plakat-4-2-194x300.png 194w, https:\\\/\\\/cms.zdv.uni-mainz.de\\\/fb07-ifeas\\\/wp-content\\\/uploads\\\/sites\\\/396\\\/2025\\\/06\\\/Plakat-4-2-662x1024.png 662w, https:\\\/\\\/cms.zdv.uni-mainz.de\\\/fb07-ifeas\\\/wp-content\\\/uploads\\\/sites\\\/396\\\/2025\\\/06\\\/Plakat-4-2-768x1188.png 768w&quot;,\n            &quot;src&quot;: &quot;https:\\\/\\\/cms.zdv.uni-mainz.de\\\/fb07-ifeas\\\/wp-content\\\/uploads\\\/sites\\\/396\\\/2025\\\/06\\\/Plakat-4-2.png&quot;\n        },\n        {\n            &quot;url&quot;: &quot;https:\\\/\\\/cms.zdv.uni-mainz.de\\\/fb07-ifeas\\\/wp-content\\\/uploads\\\/sites\\\/396\\\/2025\\\/07\\\/New-Relational-Aesthetics-scaled.jpg&quot;,\n            &quot;id&quot;: 21610,\n            &quot;width&quot;: 1810,\n            &quot;href&quot;: &quot;https:\\\/\\\/cms.zdv.uni-mainz.de\\\/fb07-ifeas\\\/wp-content\\\/uploads\\\/sites\\\/396\\\/2025\\\/07\\\/Program-GFF-Workshop_New-Relational-Aesthetics_June-2025.pdf&quot;,\n            &quot;title&quot;: &quot;New Relational Aesthetics&quot;,\n            &quot;height&quot;: 2560,\n            &quot;srcset&quot;: &quot;https:\\\/\\\/cms.zdv.uni-mainz.de\\\/fb07-ifeas\\\/wp-content\\\/uploads\\\/sites\\\/396\\\/2025\\\/07\\\/New-Relational-Aesthetics-scaled.jpg 1810w, https:\\\/\\\/cms.zdv.uni-mainz.de\\\/fb07-ifeas\\\/wp-content\\\/uploads\\\/sites\\\/396\\\/2025\\\/07\\\/New-Relational-Aesthetics-212x300.jpg 212w, https:\\\/\\\/cms.zdv.uni-mainz.de\\\/fb07-ifeas\\\/wp-content\\\/uploads\\\/sites\\\/396\\\/2025\\\/07\\\/New-Relational-Aesthetics-724x1024.jpg 724w, https:\\\/\\\/cms.zdv.uni-mainz.de\\\/fb07-ifeas\\\/wp-content\\\/uploads\\\/sites\\\/396\\\/2025\\\/07\\\/New-Relational-Aesthetics-768x1086.jpg 768w, https:\\\/\\\/cms.zdv.uni-mainz.de\\\/fb07-ifeas\\\/wp-content\\\/uploads\\\/sites\\\/396\\\/2025\\\/07\\\/New-Relational-Aesthetics-1086x1536.jpg 1086w, https:\\\/\\\/cms.zdv.uni-mainz.de\\\/fb07-ifeas\\\/wp-content\\\/uploads\\\/sites\\\/396\\\/2025\\\/07\\\/New-Relational-Aesthetics-1448x2048.jpg 1448w&quot;,\n            &quot;src&quot;: &quot;https:\\\/\\\/cms.zdv.uni-mainz.de\\\/fb07-ifeas\\\/wp-content\\\/uploads\\\/sites\\\/396\\\/2025\\\/07\\\/New-Relational-Aesthetics-scaled.jpg&quot;\n        },\n        {\n            &quot;url&quot;: &quot;https:\\\/\\\/cms.zdv.uni-mainz.de\\\/fb07-ifeas\\\/wp-content\\\/uploads\\\/sites\\\/396\\\/2025\\\/06\\\/GastvortragCheeka.jpg&quot;,\n            &quot;id&quot;: 21568,\n            &quot;width&quot;: 1240,\n            &quot;title&quot;: &quot;GastvortragCheeka&quot;,\n            &quot;height&quot;: 1754,\n            &quot;srcset&quot;: &quot;https:\\\/\\\/cms.zdv.uni-mainz.de\\\/fb07-ifeas\\\/wp-content\\\/uploads\\\/sites\\\/396\\\/2025\\\/06\\\/GastvortragCheeka.jpg 1240w, https:\\\/\\\/cms.zdv.uni-mainz.de\\\/fb07-ifeas\\\/wp-content\\\/uploads\\\/sites\\\/396\\\/2025\\\/06\\\/GastvortragCheeka-212x300.jpg 212w, https:\\\/\\\/cms.zdv.uni-mainz.de\\\/fb07-ifeas\\\/wp-content\\\/uploads\\\/sites\\\/396\\\/2025\\\/06\\\/GastvortragCheeka-724x1024.jpg 724w, https:\\\/\\\/cms.zdv.uni-mainz.de\\\/fb07-ifeas\\\/wp-content\\\/uploads\\\/sites\\\/396\\\/2025\\\/06\\\/GastvortragCheeka-768x1086.jpg 768w, https:\\\/\\\/cms.zdv.uni-mainz.de\\\/fb07-ifeas\\\/wp-content\\\/uploads\\\/sites\\\/396\\\/2025\\\/06\\\/GastvortragCheeka-1086x1536.jpg 1086w&quot;,\n            &quot;src&quot;: &quot;https:\\\/\\\/cms.zdv.uni-mainz.de\\\/fb07-ifeas\\\/wp-content\\\/uploads\\\/sites\\\/396\\\/2025\\\/06\\\/GastvortragCheeka.jpg&quot;\n        },\n        {\n            &quot;url&quot;: &quot;https:\\\/\\\/cms.zdv.uni-mainz.de\\\/fb07-ifeas\\\/wp-content\\\/uploads\\\/sites\\\/396\\\/2025\\\/06\\\/Plakat_A2_Quadrat_Entwuerfe_Pombo_2-scaled.jpg&quot;,\n            &quot;id&quot;: 21060,\n            &quot;width&quot;: 1810,\n            &quot;href&quot;: &quot;https:\\\/\\\/cms.zdv.uni-mainz.de\\\/fb07-ifeas\\\/wp-content\\\/uploads\\\/sites\\\/396\\\/2025\\\/06\\\/Abstracts_Pedro-Pombo.pdf&quot;,\n            &quot;title&quot;: &quot;Plakat_A2_Quadrat_Entw\\u00fcrfe_Pombo_2&quot;,\n            &quot;height&quot;: 2560,\n            &quot;srcset&quot;: &quot;https:\\\/\\\/cms.zdv.uni-mainz.de\\\/fb07-ifeas\\\/wp-content\\\/uploads\\\/sites\\\/396\\\/2025\\\/06\\\/Plakat_A2_Quadrat_Entwuerfe_Pombo_2-scaled.jpg 1810w, https:\\\/\\\/cms.zdv.uni-mainz.de\\\/fb07-ifeas\\\/wp-content\\\/uploads\\\/sites\\\/396\\\/2025\\\/06\\\/Plakat_A2_Quadrat_Entwuerfe_Pombo_2-212x300.jpg 212w, https:\\\/\\\/cms.zdv.uni-mainz.de\\\/fb07-ifeas\\\/wp-content\\\/uploads\\\/sites\\\/396\\\/2025\\\/06\\\/Plakat_A2_Quadrat_Entwuerfe_Pombo_2-724x1024.jpg 724w, https:\\\/\\\/cms.zdv.uni-mainz.de\\\/fb07-ifeas\\\/wp-content\\\/uploads\\\/sites\\\/396\\\/2025\\\/06\\\/Plakat_A2_Quadrat_Entwuerfe_Pombo_2-768x1086.jpg 768w, https:\\\/\\\/cms.zdv.uni-mainz.de\\\/fb07-ifeas\\\/wp-content\\\/uploads\\\/sites\\\/396\\\/2025\\\/06\\\/Plakat_A2_Quadrat_Entwuerfe_Pombo_2-1086x1536.jpg 1086w, https:\\\/\\\/cms.zdv.uni-mainz.de\\\/fb07-ifeas\\\/wp-content\\\/uploads\\\/sites\\\/396\\\/2025\\\/06\\\/Plakat_A2_Quadrat_Entwuerfe_Pombo_2-1448x2048.jpg 1448w&quot;,\n            &quot;src&quot;: &quot;https:\\\/\\\/cms.zdv.uni-mainz.de\\\/fb07-ifeas\\\/wp-content\\\/uploads\\\/sites\\\/396\\\/2025\\\/06\\\/Plakat_A2_Quadrat_Entwuerfe_Pombo_2-scaled.jpg&quot;\n        },\n        {\n            &quot;url&quot;: &quot;https:\\\/\\\/cms.zdv.uni-mainz.de\\\/fb07-ifeas\\\/wp-content\\\/uploads\\\/sites\\\/396\\\/2025\\\/05\\\/Flyer_Workshop-Lome.jpg&quot;,\n            &quot;id&quot;: 20815,\n            &quot;width&quot;: 1266,\n            &quot;href&quot;: &quot;https:\\\/\\\/cms.zdv.uni-mainz.de\\\/fb07-ifeas\\\/wp-content\\\/uploads\\\/sites\\\/396\\\/2025\\\/02\\\/Flyer_Workshop-Lome.pdf&quot;,\n            &quot;title&quot;: &quot;Flyer_Workshop-Lome&quot;,\n            &quot;height&quot;: 1641,\n            &quot;srcset&quot;: &quot;https:\\\/\\\/cms.zdv.uni-mainz.de\\\/fb07-ifeas\\\/wp-content\\\/uploads\\\/sites\\\/396\\\/2025\\\/05\\\/Flyer_Workshop-Lome.jpg 1266w, https:\\\/\\\/cms.zdv.uni-mainz.de\\\/fb07-ifeas\\\/wp-content\\\/uploads\\\/sites\\\/396\\\/2025\\\/05\\\/Flyer_Workshop-Lome-231x300.jpg 231w, https:\\\/\\\/cms.zdv.uni-mainz.de\\\/fb07-ifeas\\\/wp-content\\\/uploads\\\/sites\\\/396\\\/2025\\\/05\\\/Flyer_Workshop-Lome-790x1024.jpg 790w, https:\\\/\\\/cms.zdv.uni-mainz.de\\\/fb07-ifeas\\\/wp-content\\\/uploads\\\/sites\\\/396\\\/2025\\\/05\\\/Flyer_Workshop-Lome-768x995.jpg 768w, https:\\\/\\\/cms.zdv.uni-mainz.de\\\/fb07-ifeas\\\/wp-content\\\/uploads\\\/sites\\\/396\\\/2025\\\/05\\\/Flyer_Workshop-Lome-1185x1536.jpg 1185w&quot;,\n            &quot;src&quot;: &quot;https:\\\/\\\/cms.zdv.uni-mainz.de\\\/fb07-ifeas\\\/wp-content\\\/uploads\\\/sites\\\/396\\\/2025\\\/05\\\/Flyer_Workshop-Lome.jpg&quot;\n        },\n        {\n            &quot;url&quot;: &quot;https:\\\/\\\/cms.zdv.uni-mainz.de\\\/fb07-ifeas\\\/wp-content\\\/uploads\\\/sites\\\/396\\\/2025\\\/06\\\/POSTER_SUMMER-SCHOOL-scaled.jpg&quot;,\n            &quot;id&quot;: 21015,\n            &quot;width&quot;: 1829,\n            &quot;title&quot;: &quot;POSTER_SUMMER SCHOOL&quot;,\n            &quot;height&quot;: 2560,\n            &quot;srcset&quot;: &quot;https:\\\/\\\/cms.zdv.uni-mainz.de\\\/fb07-ifeas\\\/wp-content\\\/uploads\\\/sites\\\/396\\\/2025\\\/06\\\/POSTER_SUMMER-SCHOOL-scaled.jpg 1829w, https:\\\/\\\/cms.zdv.uni-mainz.de\\\/fb07-ifeas\\\/wp-content\\\/uploads\\\/sites\\\/396\\\/2025\\\/06\\\/POSTER_SUMMER-SCHOOL-214x300.jpg 214w, https:\\\/\\\/cms.zdv.uni-mainz.de\\\/fb07-ifeas\\\/wp-content\\\/uploads\\\/sites\\\/396\\\/2025\\\/06\\\/POSTER_SUMMER-SCHOOL-732x1024.jpg 732w, https:\\\/\\\/cms.zdv.uni-mainz.de\\\/fb07-ifeas\\\/wp-content\\\/uploads\\\/sites\\\/396\\\/2025\\\/06\\\/POSTER_SUMMER-SCHOOL-768x1075.jpg 768w, https:\\\/\\\/cms.zdv.uni-mainz.de\\\/fb07-ifeas\\\/wp-content\\\/uploads\\\/sites\\\/396\\\/2025\\\/06\\\/POSTER_SUMMER-SCHOOL-1097x1536.jpg 1097w, https:\\\/\\\/cms.zdv.uni-mainz.de\\\/fb07-ifeas\\\/wp-content\\\/uploads\\\/sites\\\/396\\\/2025\\\/06\\\/POSTER_SUMMER-SCHOOL-1463x2048.jpg 1463w&quot;,\n            &quot;src&quot;: &quot;https:\\\/\\\/cms.zdv.uni-mainz.de\\\/fb07-ifeas\\\/wp-content\\\/uploads\\\/sites\\\/396\\\/2025\\\/06\\\/POSTER_SUMMER-SCHOOL-scaled.jpg&quot;\n        },\n        {\n            &quot;url&quot;: &quot;https:\\\/\\\/cms.zdv.uni-mainz.de\\\/fb07-ifeas\\\/wp-content\\\/uploads\\\/sites\\\/396\\\/2025\\\/06\\\/Indian-Ocean2024-scaled.jpg&quot;,\n            &quot;id&quot;: 21051,\n            &quot;width&quot;: 1811,\n            &quot;href&quot;: &quot;https:\\\/\\\/cms.zdv.uni-mainz.de\\\/fb07-ifeas\\\/wp-content\\\/uploads\\\/sites\\\/396\\\/2025\\\/06\\\/Flyer_Hanna-Nieber_AMA_18.06.2024.pdf&quot;,\n            &quot;title&quot;: &quot;Indian Ocean2024&quot;,\n            &quot;height&quot;: 2560,\n            &quot;srcset&quot;: &quot;https:\\\/\\\/cms.zdv.uni-mainz.de\\\/fb07-ifeas\\\/wp-content\\\/uploads\\\/sites\\\/396\\\/2025\\\/06\\\/Indian-Ocean2024-scaled.jpg 1811w, https:\\\/\\\/cms.zdv.uni-mainz.de\\\/fb07-ifeas\\\/wp-content\\\/uploads\\\/sites\\\/396\\\/2025\\\/06\\\/Indian-Ocean2024-212x300.jpg 212w, https:\\\/\\\/cms.zdv.uni-mainz.de\\\/fb07-ifeas\\\/wp-content\\\/uploads\\\/sites\\\/396\\\/2025\\\/06\\\/Indian-Ocean2024-724x1024.jpg 724w, https:\\\/\\\/cms.zdv.uni-mainz.de\\\/fb07-ifeas\\\/wp-content\\\/uploads\\\/sites\\\/396\\\/2025\\\/06\\\/Indian-Ocean2024-768x1086.jpg 768w, https:\\\/\\\/cms.zdv.uni-mainz.de\\\/fb07-ifeas\\\/wp-content\\\/uploads\\\/sites\\\/396\\\/2025\\\/06\\\/Indian-Ocean2024-1086x1536.jpg 1086w, https:\\\/\\\/cms.zdv.uni-mainz.de\\\/fb07-ifeas\\\/wp-content\\\/uploads\\\/sites\\\/396\\\/2025\\\/06\\\/Indian-Ocean2024-1448x2048.jpg 1448w&quot;,\n            &quot;src&quot;: &quot;https:\\\/\\\/cms.zdv.uni-mainz.de\\\/fb07-ifeas\\\/wp-content\\\/uploads\\\/sites\\\/396\\\/2025\\\/06\\\/Indian-Ocean2024-scaled.jpg&quot;\n        },\n        {\n            &quot;url&quot;: &quot;https:\\\/\\\/cms.zdv.uni-mainz.de\\\/fb07-ifeas\\\/wp-content\\\/uploads\\\/sites\\\/396\\\/2025\\\/02\\\/Annes_Fest_Quadrat-300x300-1.jpg&quot;,\n            &quot;id&quot;: 13110,\n            &quot;width&quot;: 300,\n            &quot;title&quot;: &quot;Annes_Fest_Quadrat-300x300&quot;,\n            &quot;height&quot;: 300,\n            &quot;srcset&quot;: &quot;https:\\\/\\\/cms.zdv.uni-mainz.de\\\/fb07-ifeas\\\/wp-content\\\/uploads\\\/sites\\\/396\\\/2025\\\/02\\\/Annes_Fest_Quadrat-300x300-1.jpg 300w, https:\\\/\\\/cms.zdv.uni-mainz.de\\\/fb07-ifeas\\\/wp-content\\\/uploads\\\/sites\\\/396\\\/2025\\\/02\\\/Annes_Fest_Quadrat-300x300-1-150x150.jpg 150w&quot;,\n            &quot;src&quot;: &quot;https:\\\/\\\/cms.zdv.uni-mainz.de\\\/fb07-ifeas\\\/wp-content\\\/uploads\\\/sites\\\/396\\\/2025\\\/02\\\/Annes_Fest_Quadrat-300x300-1.jpg&quot;\n        },\n        {\n            &quot;url&quot;: &quot;https:\\\/\\\/cms.zdv.uni-mainz.de\\\/fb07-ifeas\\\/wp-content\\\/uploads\\\/sites\\\/396\\\/2025\\\/06\\\/Unknown.jpeg&quot;,\n            &quot;id&quot;: 21066,\n            &quot;width&quot;: 1550,\n            &quot;title&quot;: &quot;Unknown&quot;,\n            &quot;height&quot;: 2192,\n            &quot;srcset&quot;: &quot;https:\\\/\\\/cms.zdv.uni-mainz.de\\\/fb07-ifeas\\\/wp-content\\\/uploads\\\/sites\\\/396\\\/2025\\\/06\\\/Unknown.jpeg 1550w, https:\\\/\\\/cms.zdv.uni-mainz.de\\\/fb07-ifeas\\\/wp-content\\\/uploads\\\/sites\\\/396\\\/2025\\\/06\\\/Unknown-212x300.jpeg 212w, https:\\\/\\\/cms.zdv.uni-mainz.de\\\/fb07-ifeas\\\/wp-content\\\/uploads\\\/sites\\\/396\\\/2025\\\/06\\\/Unknown-724x1024.jpeg 724w, https:\\\/\\\/cms.zdv.uni-mainz.de\\\/fb07-ifeas\\\/wp-content\\\/uploads\\\/sites\\\/396\\\/2025\\\/06\\\/Unknown-768x1086.jpeg 768w, https:\\\/\\\/cms.zdv.uni-mainz.de\\\/fb07-ifeas\\\/wp-content\\\/uploads\\\/sites\\\/396\\\/2025\\\/06\\\/Unknown-1086x1536.jpeg 1086w, https:\\\/\\\/cms.zdv.uni-mainz.de\\\/fb07-ifeas\\\/wp-content\\\/uploads\\\/sites\\\/396\\\/2025\\\/06\\\/Unknown-1448x2048.jpeg 1448w&quot;,\n            &quot;src&quot;: &quot;https:\\\/\\\/cms.zdv.uni-mainz.de\\\/fb07-ifeas\\\/wp-content\\\/uploads\\\/sites\\\/396\\\/2025\\\/06\\\/Unknown.jpeg&quot;\n        },\n        {\n            &quot;url&quot;: &quot;https:\\\/\\\/cms.zdv.uni-mainz.de\\\/fb07-ifeas\\\/wp-content\\\/uploads\\\/sites\\\/396\\\/2025\\\/02\\\/Afrobeats-Conference-Kachel-150x150-1.png&quot;,\n            &quot;id&quot;: 13128,\n            &quot;width&quot;: 150,\n            &quot;title&quot;: &quot;Afrobeats-Conference-Kachel-150x150&quot;,\n            &quot;height&quot;: 150,\n            &quot;src&quot;: &quot;https:\\\/\\\/cms.zdv.uni-mainz.de\\\/fb07-ifeas\\\/wp-content\\\/uploads\\\/sites\\\/396\\\/2025\\\/02\\\/Afrobeats-Conference-Kachel-150x150-1.png&quot;\n        },\n        {\n            &quot;url&quot;: &quot;https:\\\/\\\/cms.zdv.uni-mainz.de\\\/fb07-ifeas\\\/wp-content\\\/uploads\\\/sites\\\/396\\\/2025\\\/05\\\/Rouch-Quadrat.jpg&quot;,\n            &quot;id&quot;: 20845,\n            &quot;width&quot;: 1080,\n            &quot;href&quot;: &quot;https:\\\/\\\/cms.zdv.uni-mainz.de\\\/fb07-ifeas\\\/wp-content\\\/uploads\\\/sites\\\/396\\\/2025\\\/05\\\/Plakat_Filmreihe-Jean-Rouch.pdf&quot;,\n            &quot;title&quot;: &quot;Rouch-Quadrat&quot;,\n            &quot;height&quot;: 1080,\n            &quot;srcset&quot;: &quot;https:\\\/\\\/cms.zdv.uni-mainz.de\\\/fb07-ifeas\\\/wp-content\\\/uploads\\\/sites\\\/396\\\/2025\\\/05\\\/Rouch-Quadrat.jpg 1080w, https:\\\/\\\/cms.zdv.uni-mainz.de\\\/fb07-ifeas\\\/wp-content\\\/uploads\\\/sites\\\/396\\\/2025\\\/05\\\/Rouch-Quadrat-300x300.jpg 300w, https:\\\/\\\/cms.zdv.uni-mainz.de\\\/fb07-ifeas\\\/wp-content\\\/uploads\\\/sites\\\/396\\\/2025\\\/05\\\/Rouch-Quadrat-1024x1024.jpg 1024w, https:\\\/\\\/cms.zdv.uni-mainz.de\\\/fb07-ifeas\\\/wp-content\\\/uploads\\\/sites\\\/396\\\/2025\\\/05\\\/Rouch-Quadrat-150x150.jpg 150w, https:\\\/\\\/cms.zdv.uni-mainz.de\\\/fb07-ifeas\\\/wp-content\\\/uploads\\\/sites\\\/396\\\/2025\\\/05\\\/Rouch-Quadrat-768x768.jpg 768w&quot;,\n            &quot;src&quot;: &quot;https:\\\/\\\/cms.zdv.uni-mainz.de\\\/fb07-ifeas\\\/wp-content\\\/uploads\\\/sites\\\/396\\\/2025\\\/05\\\/Rouch-Quadrat.jpg&quot;\n        },\n        {\n            &quot;url&quot;: &quot;https:\\\/\\\/cms.zdv.uni-mainz.de\\\/fb07-ifeas\\\/wp-content\\\/uploads\\\/sites\\\/396\\\/2025\\\/06\\\/Poster-Tug-of-War-A4-E3-1-scaled.jpg&quot;,\n            &quot;id&quot;: 21081,\n            &quot;width&quot;: 1810,\n            &quot;href&quot;: &quot;https:\\\/\\\/cms.zdv.uni-mainz.de\\\/fb07-ifeas\\\/wp-content\\\/uploads\\\/sites\\\/396\\\/2025\\\/06\\\/Poster-Tug-of-War-A4-E3.pdf&quot;,\n            &quot;title&quot;: &quot;Poster Tug of War (A4-E3)&quot;,\n            &quot;height&quot;: 2560,\n            &quot;srcset&quot;: &quot;https:\\\/\\\/cms.zdv.uni-mainz.de\\\/fb07-ifeas\\\/wp-content\\\/uploads\\\/sites\\\/396\\\/2025\\\/06\\\/Poster-Tug-of-War-A4-E3-1-scaled.jpg 1810w, https:\\\/\\\/cms.zdv.uni-mainz.de\\\/fb07-ifeas\\\/wp-content\\\/uploads\\\/sites\\\/396\\\/2025\\\/06\\\/Poster-Tug-of-War-A4-E3-1-212x300.jpg 212w, https:\\\/\\\/cms.zdv.uni-mainz.de\\\/fb07-ifeas\\\/wp-content\\\/uploads\\\/sites\\\/396\\\/2025\\\/06\\\/Poster-Tug-of-War-A4-E3-1-724x1024.jpg 724w, https:\\\/\\\/cms.zdv.uni-mainz.de\\\/fb07-ifeas\\\/wp-content\\\/uploads\\\/sites\\\/396\\\/2025\\\/06\\\/Poster-Tug-of-War-A4-E3-1-768x1086.jpg 768w, https:\\\/\\\/cms.zdv.uni-mainz.de\\\/fb07-ifeas\\\/wp-content\\\/uploads\\\/sites\\\/396\\\/2025\\\/06\\\/Poster-Tug-of-War-A4-E3-1-1086x1536.jpg 1086w, https:\\\/\\\/cms.zdv.uni-mainz.de\\\/fb07-ifeas\\\/wp-content\\\/uploads\\\/sites\\\/396\\\/2025\\\/06\\\/Poster-Tug-of-War-A4-E3-1-1448x2048.jpg 1448w&quot;,\n            &quot;src&quot;: &quot;https:\\\/\\\/cms.zdv.uni-mainz.de\\\/fb07-ifeas\\\/wp-content\\\/uploads\\\/sites\\\/396\\\/2025\\\/06\\\/Poster-Tug-of-War-A4-E3-1-scaled.jpg&quot;\n        },\n        {\n            &quot;url&quot;: &quot;https:\\\/\\\/cms.zdv.uni-mainz.de\\\/fb07-ifeas\\\/wp-content\\\/uploads\\\/sites\\\/396\\\/2025\\\/05\\\/Workshop-Orality-and-Cinema_Kenya.jpg&quot;,\n            &quot;id&quot;: 20857,\n            &quot;width&quot;: 1200,\n            &quot;href&quot;: &quot;https:\\\/\\\/cms.zdv.uni-mainz.de\\\/fb07-ifeas\\\/wp-content\\\/uploads\\\/sites\\\/396\\\/2025\\\/05\\\/Orality-Cinema-in-Kenya_Programme.pdf&quot;,\n            &quot;title&quot;: &quot;Workshop-Orality-and-Cinema_Kenya&quot;,\n            &quot;height&quot;: 1200,\n            &quot;srcset&quot;: &quot;https:\\\/\\\/cms.zdv.uni-mainz.de\\\/fb07-ifeas\\\/wp-content\\\/uploads\\\/sites\\\/396\\\/2025\\\/05\\\/Workshop-Orality-and-Cinema_Kenya.jpg 1200w, https:\\\/\\\/cms.zdv.uni-mainz.de\\\/fb07-ifeas\\\/wp-content\\\/uploads\\\/sites\\\/396\\\/2025\\\/05\\\/Workshop-Orality-and-Cinema_Kenya-300x300.jpg 300w, https:\\\/\\\/cms.zdv.uni-mainz.de\\\/fb07-ifeas\\\/wp-content\\\/uploads\\\/sites\\\/396\\\/2025\\\/05\\\/Workshop-Orality-and-Cinema_Kenya-1024x1024.jpg 1024w, https:\\\/\\\/cms.zdv.uni-mainz.de\\\/fb07-ifeas\\\/wp-content\\\/uploads\\\/sites\\\/396\\\/2025\\\/05\\\/Workshop-Orality-and-Cinema_Kenya-150x150.jpg 150w, https:\\\/\\\/cms.zdv.uni-mainz.de\\\/fb07-ifeas\\\/wp-content\\\/uploads\\\/sites\\\/396\\\/2025\\\/05\\\/Workshop-Orality-and-Cinema_Kenya-768x768.jpg 768w&quot;,\n            &quot;src&quot;: &quot;https:\\\/\\\/cms.zdv.uni-mainz.de\\\/fb07-ifeas\\\/wp-content\\\/uploads\\\/sites\\\/396\\\/2025\\\/05\\\/Workshop-Orality-and-Cinema_Kenya.jpg&quot;\n        },\n        {\n            &quot;url&quot;: &quot;https:\\\/\\\/cms.zdv.uni-mainz.de\\\/fb07-ifeas\\\/wp-content\\\/uploads\\\/sites\\\/396\\\/2025\\\/06\\\/Politics-of-Parenting-scaled.jpg&quot;,\n            &quot;id&quot;: 21105,\n            &quot;width&quot;: 1810,\n            &quot;href&quot;: &quot;https:\\\/\\\/cms.zdv.uni-mainz.de\\\/fb07-ifeas\\\/wp-content\\\/uploads\\\/sites\\\/396\\\/2025\\\/06\\\/2022-03-05-Workshop-Good-Parenting-DRUCK.pdf&quot;,\n            &quot;title&quot;: &quot;Politics of Parenting&quot;,\n            &quot;height&quot;: 2560,\n            &quot;srcset&quot;: &quot;https:\\\/\\\/cms.zdv.uni-mainz.de\\\/fb07-ifeas\\\/wp-content\\\/uploads\\\/sites\\\/396\\\/2025\\\/06\\\/Politics-of-Parenting-scaled.jpg 1810w, https:\\\/\\\/cms.zdv.uni-mainz.de\\\/fb07-ifeas\\\/wp-content\\\/uploads\\\/sites\\\/396\\\/2025\\\/06\\\/Politics-of-Parenting-212x300.jpg 212w, https:\\\/\\\/cms.zdv.uni-mainz.de\\\/fb07-ifeas\\\/wp-content\\\/uploads\\\/sites\\\/396\\\/2025\\\/06\\\/Politics-of-Parenting-724x1024.jpg 724w, https:\\\/\\\/cms.zdv.uni-mainz.de\\\/fb07-ifeas\\\/wp-content\\\/uploads\\\/sites\\\/396\\\/2025\\\/06\\\/Politics-of-Parenting-768x1086.jpg 768w, https:\\\/\\\/cms.zdv.uni-mainz.de\\\/fb07-ifeas\\\/wp-content\\\/uploads\\\/sites\\\/396\\\/2025\\\/06\\\/Politics-of-Parenting-1086x1536.jpg 1086w, https:\\\/\\\/cms.zdv.uni-mainz.de\\\/fb07-ifeas\\\/wp-content\\\/uploads\\\/sites\\\/396\\\/2025\\\/06\\\/Politics-of-Parenting-1448x2048.jpg 1448w&quot;,\n            &quot;src&quot;: &quot;https:\\\/\\\/cms.zdv.uni-mainz.de\\\/fb07-ifeas\\\/wp-content\\\/uploads\\\/sites\\\/396\\\/2025\\\/06\\\/Politics-of-Parenting-scaled.jpg&quot;\n        },\n        {\n            &quot;url&quot;: &quot;https:\\\/\\\/cms.zdv.uni-mainz.de\\\/fb07-ifeas\\\/wp-content\\\/uploads\\\/sites\\\/396\\\/2025\\\/06\\\/Unknown-1.jpg&quot;,\n            &quot;id&quot;: 21111,\n            &quot;width&quot;: 9933,\n            &quot;href&quot;: &quot;https:\\\/\\\/cms.zdv.uni-mainz.de\\\/fb07-ifeas\\\/wp-content\\\/uploads\\\/sites\\\/396\\\/2025\\\/06\\\/Unknown-1.pdf&quot;,\n            &quot;title&quot;: &quot;Unknown-1&quot;,\n            &quot;height&quot;: 14043,\n            &quot;src&quot;: &quot;https:\\\/\\\/cms.zdv.uni-mainz.de\\\/fb07-ifeas\\\/wp-content\\\/uploads\\\/sites\\\/396\\\/2025\\\/06\\\/Unknown-1.jpg&quot;\n        },\n        {\n            &quot;url&quot;: &quot;https:\\\/\\\/cms.zdv.uni-mainz.de\\\/fb07-ifeas\\\/wp-content\\\/uploads\\\/sites\\\/396\\\/2025\\\/05\\\/Conference-Poster-A4-scaled.jpg&quot;,\n            &quot;id&quot;: 20874,\n            &quot;width&quot;: 1810,\n            &quot;href&quot;: &quot;https:\\\/\\\/cms.zdv.uni-mainz.de\\\/fb07-ifeas\\\/wp-content\\\/uploads\\\/sites\\\/396\\\/2025\\\/05\\\/Different-Shades-2018-conference-programme.pdf&quot;,\n            &quot;title&quot;: &quot;Conference-Poster-A4&quot;,\n            &quot;height&quot;: 2560,\n            &quot;srcset&quot;: &quot;https:\\\/\\\/cms.zdv.uni-mainz.de\\\/fb07-ifeas\\\/wp-content\\\/uploads\\\/sites\\\/396\\\/2025\\\/05\\\/Conference-Poster-A4-scaled.jpg 1810w, https:\\\/\\\/cms.zdv.uni-mainz.de\\\/fb07-ifeas\\\/wp-content\\\/uploads\\\/sites\\\/396\\\/2025\\\/05\\\/Conference-Poster-A4-212x300.jpg 212w, https:\\\/\\\/cms.zdv.uni-mainz.de\\\/fb07-ifeas\\\/wp-content\\\/uploads\\\/sites\\\/396\\\/2025\\\/05\\\/Conference-Poster-A4-724x1024.jpg 724w, https:\\\/\\\/cms.zdv.uni-mainz.de\\\/fb07-ifeas\\\/wp-content\\\/uploads\\\/sites\\\/396\\\/2025\\\/05\\\/Conference-Poster-A4-768x1086.jpg 768w, https:\\\/\\\/cms.zdv.uni-mainz.de\\\/fb07-ifeas\\\/wp-content\\\/uploads\\\/sites\\\/396\\\/2025\\\/05\\\/Conference-Poster-A4-1086x1536.jpg 1086w, https:\\\/\\\/cms.zdv.uni-mainz.de\\\/fb07-ifeas\\\/wp-content\\\/uploads\\\/sites\\\/396\\\/2025\\\/05\\\/Conference-Poster-A4-1448x2048.jpg 1448w&quot;,\n            &quot;src&quot;: &quot;https:\\\/\\\/cms.zdv.uni-mainz.de\\\/fb07-ifeas\\\/wp-content\\\/uploads\\\/sites\\\/396\\\/2025\\\/05\\\/Conference-Poster-A4-scaled.jpg&quot;\n        }\n    ],\n    &quot;withThumbs&quot;: false,\n    &quot;aspectRatio&quot;: &quot;auto&quot;,\n    &quot;perPage&quot;: 2,\n    &quot;align&quot;: &quot;wide&quot;,\n    &quot;thumbsPosition&quot;: &quot;right&quot;,\n    &quot;initSlide&quot;: 1,\n    &quot;screenwidth&quot;: false,\n    &quot;width&quot;: &quot;100cqw&quot;\n}\">\n\n<\/jgu-base-imagegallery>\n<\/div><\/div>\n<\/jgu-base-section>\n\n<jgu-base-section react-props=\"{&quot;color&quot;:&quot;dark&quot;,&quot;align&quot;:&quot;wide&quot;,&quot;padding&quot;:&quot;medium&quot;}\">\n<div class=\"jgu-bgsection bg bg-dark \"><div class=\"content padding-medium\">\n<p class=\"has-big-font-size\"><strong>Annual reports <\/strong><\/p>\n\n\n\n<p class=\"has-big-font-size\">Since 1997, the Department of Anthropology and African Studies has published annual reports, since 2008 also in English.<\/p>\n\n\n\n<p class=\"has-big-font-size\">The reports provide information about the institute and its individual employees, the various institutions, degree programmes, funded research projects, doctorates and habilitations, events and conferences, publications and lectures, cooperations, scholarship students and international guests, courses, completed B.A., M.A. and Magister theses as well as current student numbers.<\/p>\n\n\n\n<p class=\"has-big-font-size\">Managing editors: Matthias Krings, Konstanze N&#8217;Guessan and Christine Weil (2025); Bianca Baumann and Christine Weil (2024); Nico Nassenstein, Franziska Reiffen and Christine Weil (2023); Franziska Reiffen (2022); Hauke Dorsch (2021); Nico Nassenstein, Friederike Vigeland and Christine Weil (2020); Tom Simmert and Christine Weil (2019); Karla D\u00fcmmler and Eva Riedke (2018); Franziska Reiffen (2017); Afra Schmitz (2016); Konstanze N&#8217;Guessan (2014-2015); Anja Oed (2002-2013)<\/p>\n\n\n<jgu-base-imagegallery react-props=\"{\n    &quot;images&quot;: [\n        {\n            &quot;url&quot;: &quot;https:\\\/\\\/cms.zdv.uni-mainz.de\\\/fb07-ifeas\\\/wp-content\\\/uploads\\\/sites\\\/396\\\/2026\\\/02\\\/Titelblatt-Jahresbericht-2025-2.png&quot;,\n            &quot;id&quot;: 27068,\n            &quot;width&quot;: 601,\n            &quot;href&quot;: &quot;https:\\\/\\\/cms.zdv.uni-mainz.de\\\/fb07-ifeas\\\/wp-content\\\/uploads\\\/sites\\\/396\\\/2026\\\/02\\\/ifEAS_Annual_Report_2025.pdf&quot;,\n            &quot;target&quot;: &quot;_blank&quot;,\n            &quot;rel&quot;: &quot;noreferrer noopener&quot;,\n            &quot;title&quot;: &quot;Titelblatt Jahresbericht 2025&quot;,\n            &quot;height&quot;: 846,\n            &quot;srcset&quot;: &quot;https:\\\/\\\/cms.zdv.uni-mainz.de\\\/fb07-ifeas\\\/wp-content\\\/uploads\\\/sites\\\/396\\\/2026\\\/02\\\/Titelblatt-Jahresbericht-2025-2.png 601w, https:\\\/\\\/cms.zdv.uni-mainz.de\\\/fb07-ifeas\\\/wp-content\\\/uploads\\\/sites\\\/396\\\/2026\\\/02\\\/Titelblatt-Jahresbericht-2025-2-213x300.png 213w&quot;,\n            &quot;src&quot;: &quot;https:\\\/\\\/cms.zdv.uni-mainz.de\\\/fb07-ifeas\\\/wp-content\\\/uploads\\\/sites\\\/396\\\/2026\\\/02\\\/Titelblatt-Jahresbericht-2025-2.png&quot;\n        },\n        {\n            &quot;url&quot;: &quot;https:\\\/\\\/cms.zdv.uni-mainz.de\\\/fb07-ifeas\\\/wp-content\\\/uploads\\\/sites\\\/396\\\/2025\\\/03\\\/Jahresbericht-2024-scaled.jpg&quot;,\n            &quot;id&quot;: 15029,\n            &quot;width&quot;: 1810,\n            &quot;href&quot;: &quot;https:\\\/\\\/cms.zdv.uni-mainz.de\\\/fb07-ifeas\\\/wp-content\\\/uploads\\\/sites\\\/396\\\/2025\\\/03\\\/ifEAS_Annual_Report_2024_2_komprimiert.pdf&quot;,\n            &quot;target&quot;: &quot;_blank&quot;,\n            &quot;rel&quot;: &quot;noreferrer noopener&quot;,\n            &quot;title&quot;: &quot;Jahresbericht 2024&quot;,\n            &quot;height&quot;: 2560,\n            &quot;srcset&quot;: &quot;https:\\\/\\\/cms.zdv.uni-mainz.de\\\/fb07-ifeas\\\/wp-content\\\/uploads\\\/sites\\\/396\\\/2025\\\/03\\\/Jahresbericht-2024-scaled.jpg 1810w, https:\\\/\\\/cms.zdv.uni-mainz.de\\\/fb07-ifeas\\\/wp-content\\\/uploads\\\/sites\\\/396\\\/2025\\\/03\\\/Jahresbericht-2024-212x300.jpg 212w, https:\\\/\\\/cms.zdv.uni-mainz.de\\\/fb07-ifeas\\\/wp-content\\\/uploads\\\/sites\\\/396\\\/2025\\\/03\\\/Jahresbericht-2024-724x1024.jpg 724w, https:\\\/\\\/cms.zdv.uni-mainz.de\\\/fb07-ifeas\\\/wp-content\\\/uploads\\\/sites\\\/396\\\/2025\\\/03\\\/Jahresbericht-2024-768x1086.jpg 768w, https:\\\/\\\/cms.zdv.uni-mainz.de\\\/fb07-ifeas\\\/wp-content\\\/uploads\\\/sites\\\/396\\\/2025\\\/03\\\/Jahresbericht-2024-1086x1536.jpg 1086w, https:\\\/\\\/cms.zdv.uni-mainz.de\\\/fb07-ifeas\\\/wp-content\\\/uploads\\\/sites\\\/396\\\/2025\\\/03\\\/Jahresbericht-2024-1448x2048.jpg 1448w&quot;,\n            &quot;src&quot;: &quot;https:\\\/\\\/cms.zdv.uni-mainz.de\\\/fb07-ifeas\\\/wp-content\\\/uploads\\\/sites\\\/396\\\/2025\\\/03\\\/Jahresbericht-2024-scaled.jpg&quot;\n        },\n        {\n            &quot;url&quot;: &quot;https:\\\/\\\/cms.zdv.uni-mainz.de\\\/fb07-ifeas\\\/wp-content\\\/uploads\\\/sites\\\/396\\\/2025\\\/03\\\/Jahresbericht-2023-scaled.jpg&quot;,\n            &quot;id&quot;: 15035,\n            &quot;width&quot;: 1810,\n            &quot;href&quot;: &quot;https:\\\/\\\/cms.zdv.uni-mainz.de\\\/fb07-ifeas\\\/wp-content\\\/uploads\\\/sites\\\/396\\\/2025\\\/03\\\/ifEAS_Annual_Report_2023-1.pdf&quot;,\n            &quot;target&quot;: &quot;_blank&quot;,\n            &quot;rel&quot;: &quot;noreferrer noopener&quot;,\n            &quot;title&quot;: &quot;Jahresbericht 2023&quot;,\n            &quot;height&quot;: 2560,\n            &quot;srcset&quot;: &quot;https:\\\/\\\/cms.zdv.uni-mainz.de\\\/fb07-ifeas\\\/wp-content\\\/uploads\\\/sites\\\/396\\\/2025\\\/03\\\/Jahresbericht-2023-scaled.jpg 1810w, https:\\\/\\\/cms.zdv.uni-mainz.de\\\/fb07-ifeas\\\/wp-content\\\/uploads\\\/sites\\\/396\\\/2025\\\/03\\\/Jahresbericht-2023-212x300.jpg 212w, https:\\\/\\\/cms.zdv.uni-mainz.de\\\/fb07-ifeas\\\/wp-content\\\/uploads\\\/sites\\\/396\\\/2025\\\/03\\\/Jahresbericht-2023-724x1024.jpg 724w, https:\\\/\\\/cms.zdv.uni-mainz.de\\\/fb07-ifeas\\\/wp-content\\\/uploads\\\/sites\\\/396\\\/2025\\\/03\\\/Jahresbericht-2023-768x1086.jpg 768w, https:\\\/\\\/cms.zdv.uni-mainz.de\\\/fb07-ifeas\\\/wp-content\\\/uploads\\\/sites\\\/396\\\/2025\\\/03\\\/Jahresbericht-2023-1086x1536.jpg 1086w, https:\\\/\\\/cms.zdv.uni-mainz.de\\\/fb07-ifeas\\\/wp-content\\\/uploads\\\/sites\\\/396\\\/2025\\\/03\\\/Jahresbericht-2023-1448x2048.jpg 1448w&quot;,\n            &quot;src&quot;: &quot;https:\\\/\\\/cms.zdv.uni-mainz.de\\\/fb07-ifeas\\\/wp-content\\\/uploads\\\/sites\\\/396\\\/2025\\\/03\\\/Jahresbericht-2023-scaled.jpg&quot;\n        },\n        {\n            &quot;url&quot;: &quot;https:\\\/\\\/cms.zdv.uni-mainz.de\\\/fb07-ifeas\\\/wp-content\\\/uploads\\\/sites\\\/396\\\/2025\\\/03\\\/Jahresbericht-2022-scaled.jpg&quot;,\n            &quot;id&quot;: 15041,\n            &quot;width&quot;: 1810,\n            &quot;href&quot;: &quot;https:\\\/\\\/cms.zdv.uni-mainz.de\\\/fb07-ifeas\\\/wp-content\\\/uploads\\\/sites\\\/396\\\/2025\\\/03\\\/ifEAS_Annual_Report_2022.pdf&quot;,\n            &quot;target&quot;: &quot;_blank&quot;,\n            &quot;rel&quot;: &quot;noreferrer noopener&quot;,\n            &quot;title&quot;: &quot;Jahresbericht 2022&quot;,\n            &quot;height&quot;: 2560,\n            &quot;srcset&quot;: &quot;https:\\\/\\\/cms.zdv.uni-mainz.de\\\/fb07-ifeas\\\/wp-content\\\/uploads\\\/sites\\\/396\\\/2025\\\/03\\\/Jahresbericht-2022-scaled.jpg 1810w, https:\\\/\\\/cms.zdv.uni-mainz.de\\\/fb07-ifeas\\\/wp-content\\\/uploads\\\/sites\\\/396\\\/2025\\\/03\\\/Jahresbericht-2022-212x300.jpg 212w, https:\\\/\\\/cms.zdv.uni-mainz.de\\\/fb07-ifeas\\\/wp-content\\\/uploads\\\/sites\\\/396\\\/2025\\\/03\\\/Jahresbericht-2022-724x1024.jpg 724w, https:\\\/\\\/cms.zdv.uni-mainz.de\\\/fb07-ifeas\\\/wp-content\\\/uploads\\\/sites\\\/396\\\/2025\\\/03\\\/Jahresbericht-2022-768x1086.jpg 768w, https:\\\/\\\/cms.zdv.uni-mainz.de\\\/fb07-ifeas\\\/wp-content\\\/uploads\\\/sites\\\/396\\\/2025\\\/03\\\/Jahresbericht-2022-1086x1536.jpg 1086w, https:\\\/\\\/cms.zdv.uni-mainz.de\\\/fb07-ifeas\\\/wp-content\\\/uploads\\\/sites\\\/396\\\/2025\\\/03\\\/Jahresbericht-2022-1448x2048.jpg 1448w&quot;,\n            &quot;src&quot;: &quot;https:\\\/\\\/cms.zdv.uni-mainz.de\\\/fb07-ifeas\\\/wp-content\\\/uploads\\\/sites\\\/396\\\/2025\\\/03\\\/Jahresbericht-2022-scaled.jpg&quot;\n        },\n        {\n            &quot;url&quot;: &quot;https:\\\/\\\/cms.zdv.uni-mainz.de\\\/fb07-ifeas\\\/wp-content\\\/uploads\\\/sites\\\/396\\\/2025\\\/03\\\/Jahresbericht-2021-scaled.jpg&quot;,\n            &quot;id&quot;: 15047,\n            &quot;width&quot;: 1810,\n            &quot;href&quot;: &quot;https:\\\/\\\/cms.zdv.uni-mainz.de\\\/fb07-ifeas\\\/wp-content\\\/uploads\\\/sites\\\/396\\\/2025\\\/03\\\/ifEAS_Annual_Report_2021-Website.pdf&quot;,\n            &quot;target&quot;: &quot;_blank&quot;,\n            &quot;rel&quot;: &quot;noreferrer noopener&quot;,\n            &quot;title&quot;: &quot;Jahresbericht 2021&quot;,\n            &quot;height&quot;: 2560,\n            &quot;srcset&quot;: &quot;https:\\\/\\\/cms.zdv.uni-mainz.de\\\/fb07-ifeas\\\/wp-content\\\/uploads\\\/sites\\\/396\\\/2025\\\/03\\\/Jahresbericht-2021-scaled.jpg 1810w, https:\\\/\\\/cms.zdv.uni-mainz.de\\\/fb07-ifeas\\\/wp-content\\\/uploads\\\/sites\\\/396\\\/2025\\\/03\\\/Jahresbericht-2021-212x300.jpg 212w, https:\\\/\\\/cms.zdv.uni-mainz.de\\\/fb07-ifeas\\\/wp-content\\\/uploads\\\/sites\\\/396\\\/2025\\\/03\\\/Jahresbericht-2021-724x1024.jpg 724w, https:\\\/\\\/cms.zdv.uni-mainz.de\\\/fb07-ifeas\\\/wp-content\\\/uploads\\\/sites\\\/396\\\/2025\\\/03\\\/Jahresbericht-2021-768x1086.jpg 768w, https:\\\/\\\/cms.zdv.uni-mainz.de\\\/fb07-ifeas\\\/wp-content\\\/uploads\\\/sites\\\/396\\\/2025\\\/03\\\/Jahresbericht-2021-1086x1536.jpg 1086w, https:\\\/\\\/cms.zdv.uni-mainz.de\\\/fb07-ifeas\\\/wp-content\\\/uploads\\\/sites\\\/396\\\/2025\\\/03\\\/Jahresbericht-2021-1448x2048.jpg 1448w&quot;,\n            &quot;src&quot;: &quot;https:\\\/\\\/cms.zdv.uni-mainz.de\\\/fb07-ifeas\\\/wp-content\\\/uploads\\\/sites\\\/396\\\/2025\\\/03\\\/Jahresbericht-2021-scaled.jpg&quot;\n        },\n        {\n            &quot;url&quot;: &quot;https:\\\/\\\/cms.zdv.uni-mainz.de\\\/fb07-ifeas\\\/wp-content\\\/uploads\\\/sites\\\/396\\\/2025\\\/03\\\/Jahresbericht-2020-scaled.jpg&quot;,\n            &quot;id&quot;: 15056,\n            &quot;width&quot;: 1810,\n            &quot;href&quot;: &quot;https:\\\/\\\/cms.zdv.uni-mainz.de\\\/fb07-ifeas\\\/wp-content\\\/uploads\\\/sites\\\/396\\\/2025\\\/03\\\/ifEAS_Annual_Report_2020.pdf&quot;,\n            &quot;target&quot;: &quot;_blank&quot;,\n            &quot;rel&quot;: &quot;noreferrer noopener&quot;,\n            &quot;title&quot;: &quot;Jahresbericht 2020&quot;,\n            &quot;height&quot;: 2560,\n            &quot;srcset&quot;: &quot;https:\\\/\\\/cms.zdv.uni-mainz.de\\\/fb07-ifeas\\\/wp-content\\\/uploads\\\/sites\\\/396\\\/2025\\\/03\\\/Jahresbericht-2020-scaled.jpg 1810w, https:\\\/\\\/cms.zdv.uni-mainz.de\\\/fb07-ifeas\\\/wp-content\\\/uploads\\\/sites\\\/396\\\/2025\\\/03\\\/Jahresbericht-2020-212x300.jpg 212w, https:\\\/\\\/cms.zdv.uni-mainz.de\\\/fb07-ifeas\\\/wp-content\\\/uploads\\\/sites\\\/396\\\/2025\\\/03\\\/Jahresbericht-2020-724x1024.jpg 724w, https:\\\/\\\/cms.zdv.uni-mainz.de\\\/fb07-ifeas\\\/wp-content\\\/uploads\\\/sites\\\/396\\\/2025\\\/03\\\/Jahresbericht-2020-768x1086.jpg 768w, https:\\\/\\\/cms.zdv.uni-mainz.de\\\/fb07-ifeas\\\/wp-content\\\/uploads\\\/sites\\\/396\\\/2025\\\/03\\\/Jahresbericht-2020-1086x1536.jpg 1086w, https:\\\/\\\/cms.zdv.uni-mainz.de\\\/fb07-ifeas\\\/wp-content\\\/uploads\\\/sites\\\/396\\\/2025\\\/03\\\/Jahresbericht-2020-1448x2048.jpg 1448w&quot;,\n            &quot;src&quot;: &quot;https:\\\/\\\/cms.zdv.uni-mainz.de\\\/fb07-ifeas\\\/wp-content\\\/uploads\\\/sites\\\/396\\\/2025\\\/03\\\/Jahresbericht-2020-scaled.jpg&quot;\n        }\n    ],\n    &quot;withThumbs&quot;: false,\n    &quot;aspectRatio&quot;: &quot;auto&quot;,\n    &quot;perPage&quot;: 5,\n    &quot;align&quot;: &quot;wide&quot;,\n    &quot;thumbsPosition&quot;: &quot;right&quot;,\n    &quot;initSlide&quot;: 1,\n    &quot;screenwidth&quot;: false,\n    &quot;width&quot;: &quot;100cqw&quot;\n}\">\n\n<\/jgu-base-imagegallery>\n\n\n<jgu-base-accordion react-props=\"{&quot;selected&quot;:1,&quot;align&quot;:&quot;wide&quot;,&quot;hasAllOpenButton&quot;:true,&quot;onlyOne&quot;:false,&quot;initAllClosed&quot;:true,&quot;enableSearch&quot;:false}\">\n    \n<jgu-base-accordionitem react-props=\"{&quot;title&quot;:&quot;Annual reports 2010 - 2019&quot;,&quot;init&quot;:false,&quot;slug&quot;:&quot;annual-reports-2010-2019&quot;,&quot;align&quot;:&quot;wide&quot;,&quot;customSlug&quot;:false}\">\n    \n\n<figure class=\"wp-block-table\"><table><tbody><tr><td><a href=\"https:\/\/www.ifeas.uni-mainz.de\/wp-content\/uploads\/sites\/396\/2025\/03\/ifEAS_Annual_Report_2019-2.pdf\" target=\"_blank\" rel=\"noreferrer noopener\">Jahresbericht 2019 \/ Annual Report for 2019<\/a><\/td><\/tr><tr><td><a href=\"https:\/\/www.ifeas.uni-mainz.de\/wp-content\/uploads\/sites\/396\/2025\/03\/ifEAS_Annual_Report_2018_2.pdf\" target=\"_blank\" rel=\"noreferrer noopener\">Jahresbericht 2018 \/ Annual Report for 2018<\/a><\/td><\/tr><tr><td><a href=\"https:\/\/www.ifeas.uni-mainz.de\/wp-content\/uploads\/sites\/396\/2025\/03\/IFEAS_Annual_Report_2017-2.pdf\" target=\"_blank\" rel=\"noreferrer noopener\">Jahresbericht 2017 \/ Annual Report for 2017<\/a><\/td><\/tr><tr><td><a href=\"https:\/\/www.ifeas.uni-mainz.de\/wp-content\/uploads\/sites\/396\/2025\/03\/IfEAS_Annual_Report_2016.pdf\" target=\"_blank\" rel=\"noreferrer noopener\">Jahresbericht 2016 \/ Annual Report for 2016<\/a><\/td><\/tr><tr><td><a href=\"https:\/\/www.ifeas.uni-mainz.de\/wp-content\/uploads\/sites\/396\/2025\/03\/IfEAS_Annual_Report_2015.pdf\" target=\"_blank\" rel=\"noreferrer noopener\">Jahresbericht 2015 \/ Annual Report for 2015<\/a><\/td><\/tr><tr><td><a href=\"https:\/\/www.ifeas.uni-mainz.de\/wp-content\/uploads\/sites\/396\/2025\/03\/IfEAs_annual_report_for_2014.pdf\">Jahresbericht 2014 \/ Annual Report for 2014<\/a><\/td><\/tr><tr><td><a href=\"https:\/\/www.ifeas.uni-mainz.de\/wp-content\/uploads\/sites\/396\/2025\/03\/IfEAs_annual_report_for_2013.pdf\" target=\"_blank\" rel=\"noreferrer noopener\">Jahresbericht 2013 \/ Annual Report for 2013<\/a><\/td><\/tr><tr><td><a href=\"https:\/\/www.ifeas.uni-mainz.de\/wp-content\/uploads\/sites\/396\/2025\/03\/Jahresbericht_2012_final.pdf\" target=\"_blank\" rel=\"noreferrer noopener\">Jahresbericht 2012 \/ Annual Report for 2012<\/a><\/td><\/tr><tr><td><a href=\"https:\/\/www.ifeas.uni-mainz.de\/wp-content\/uploads\/sites\/396\/2025\/03\/IBericht2011.pdf\" target=\"_blank\" rel=\"noreferrer noopener\">Jahresbericht 2011 \/ Annual Report for 2011<\/a><\/td><\/tr><tr><td><a href=\"https:\/\/www.ifeas.uni-mainz.de\/wp-content\/uploads\/sites\/396\/2025\/03\/IBericht2010.pdf\" target=\"_blank\" rel=\"noreferrer noopener\">Jahresbericht 2010 \/ Annual Report for 2010<\/a><\/td><\/tr><\/tbody><\/table><\/figure>\n\n\n<\/jgu-base-accordionitem>\n\n<jgu-base-accordionitem react-props=\"{&quot;title&quot;:&quot;Annual Reports 2003 - 2009&quot;,&quot;init&quot;:false,&quot;slug&quot;:&quot;annual-reports-2003-2009&quot;,&quot;align&quot;:&quot;wide&quot;,&quot;customSlug&quot;:false}\">\n    \n\n<figure class=\"wp-block-table\"><table><tbody><tr><td><a href=\"https:\/\/www.ifeas.uni-mainz.de\/wp-content\/uploads\/sites\/396\/2025\/03\/IBericht2009.pdf\" target=\"_blank\" rel=\"noreferrer noopener\">Jahresbericht 2009 \/ Annual Report for 2009<\/a><\/td><\/tr><tr><td><a href=\"https:\/\/www.ifeas.uni-mainz.de\/wp-content\/uploads\/sites\/396\/2025\/03\/IBericht2008.pdf\" target=\"_blank\" rel=\"noreferrer noopener\">Jahresbericht 2008 \/ Annual Report for 2008<\/a><\/td><\/tr><tr><td><a href=\"https:\/\/www.ifeas.uni-mainz.de\/wp-content\/uploads\/sites\/396\/2025\/03\/IBericht2007.pdf\" target=\"_blank\" rel=\"noreferrer noopener\">Jahresbericht 2007<\/a><\/td><\/tr><tr><td><a href=\"https:\/\/www.ifeas.uni-mainz.de\/wp-content\/uploads\/sites\/396\/2025\/03\/IBericht2006.pdf\" target=\"_blank\" rel=\"noreferrer noopener\">Jahresbericht 2006<\/a><\/td><\/tr><tr><td><a href=\"https:\/\/www.ifeas.uni-mainz.de\/wp-content\/uploads\/sites\/396\/2025\/03\/IBericht2005.pdf\" target=\"_blank\" rel=\"noreferrer noopener\">Jahresbericht 2005<\/a><\/td><\/tr><tr><td><a href=\"https:\/\/www.ifeas.uni-mainz.de\/wp-content\/uploads\/sites\/396\/2025\/03\/IBericht2004.pdf\" target=\"_blank\" rel=\"noreferrer noopener\">Jahresbericht 2004<\/a><\/td><\/tr><tr><td><a href=\"https:\/\/www.ifeas.uni-mainz.de\/wp-content\/uploads\/sites\/396\/2025\/03\/IBericht2003.pdf\" target=\"_blank\" rel=\"noreferrer noopener\">Jahresbericht<\/a><a href=\"https:\/\/www.ifeas.uni-mainz.de\/files\/2019\/07\/IBericht2003.pdf\"> 2003<\/a><\/td><\/tr><\/tbody><\/table><\/figure>\n\n\n<\/jgu-base-accordionitem>\n\n<\/jgu-base-accordion>\n<\/div><\/div>\n<\/jgu-base-section>\n\n<jgu-base-section react-props=\"{&quot;color&quot;:&quot;light&quot;,&quot;align&quot;:&quot;wide&quot;,&quot;padding&quot;:&quot;medium&quot;}\">\n<div class=\"jgu-bgsection bg bg-light \"><div class=\"content padding-medium\"><div\n\tclass=\"jgu-anchorpoint\"\n\tid=\"history-of-the-institute\"\n\tdata-label=\"History of the institute\"\n\tdata-hide-in-nav=\"false\"\n\ttabindex=\"0\"\n\tdata-initial-scroll=\"true\"\n><\/div>\n\n\n<jgu-base-heading react-props=\"{\n    &quot;index&quot;: &quot;History of the institute&quot;,\n    &quot;tags&quot;: {\n        &quot;htmlTag&quot;: &quot;h2&quot;,\n        &quot;classTag&quot;: &quot;&quot;,\n        &quot;tag&quot;: &quot;h2&quot;\n    },\n    &quot;heading&quot;: &quot;Anthropology and African Studies at JGU&quot;,\n    &quot;textAlign&quot;: &quot;left&quot;,\n    &quot;anchor&quot;: &quot;&quot;,\n    &quot;color&quot;: &quot;red&quot;\n}\"><\/jgu-base-heading>\n\n\n\n<div class=\"wp-block-columns is-layout-flex wp-container-core-columns-is-layout-9d6595d7 wp-block-columns-is-layout-flex\">\n<div class=\"wp-block-column is-layout-flow wp-block-column-is-layout-flow\"><jgu-base-image react-props=\"{\n    &quot;image&quot;: {\n        &quot;url&quot;: &quot;https:\\\/\\\/cms.zdv.uni-mainz.de\\\/fb07-ifeas\\\/wp-content\\\/uploads\\\/sites\\\/396\\\/2024\\\/10\\\/Jubel1.jpg&quot;,\n        &quot;id&quot;: 9231,\n        &quot;title&quot;: &quot;Jubel1&quot;,\n        &quot;width&quot;: 500,\n        &quot;height&quot;: 500,\n        &quot;srcset&quot;: &quot;https:\\\/\\\/cms.zdv.uni-mainz.de\\\/fb07-ifeas\\\/wp-content\\\/uploads\\\/sites\\\/396\\\/2024\\\/10\\\/Jubel1.jpg 500w, https:\\\/\\\/cms.zdv.uni-mainz.de\\\/fb07-ifeas\\\/wp-content\\\/uploads\\\/sites\\\/396\\\/2024\\\/10\\\/Jubel1-300x300.jpg 300w, https:\\\/\\\/cms.zdv.uni-mainz.de\\\/fb07-ifeas\\\/wp-content\\\/uploads\\\/sites\\\/396\\\/2024\\\/10\\\/Jubel1-150x150.jpg 150w&quot;\n    },\n    &quot;caption&quot;: &quot;60 years of the Institute for Cultural Anthropology and African Studies&quot;,\n    &quot;align&quot;: &quot;&quot;,\n    &quot;hasLightbox&quot;: false,\n    &quot;imgWidth&quot;: 0,\n    &quot;link&quot;: {\n        &quot;url&quot;: &quot;&quot;,\n        &quot;target&quot;: &quot;&quot;,\n        &quot;rel&quot;: &quot;&quot;\n    }\n}\" class=\"align-\">\n    \n<\/jgu-base-image><\/div>\n\n\n\n<div class=\"wp-block-column is-layout-flow wp-block-column-is-layout-flow\" style=\"flex-basis:75%\"><jgu-base-accordion react-props=\"{&quot;selected&quot;:2,&quot;align&quot;:&quot;wide&quot;,&quot;hasAllOpenButton&quot;:true,&quot;onlyOne&quot;:false,&quot;initAllClosed&quot;:true,&quot;enableSearch&quot;:false}\">\n    \n<jgu-base-accordionitem react-props=\"{&quot;title&quot;:&quot;Anthropology at ifeas&quot;,&quot;init&quot;:false,&quot;slug&quot;:&quot;anthropology-at-ifeas&quot;,&quot;align&quot;:&quot;wide&quot;,&quot;customSlug&quot;:false}\">\n    \n\n<p class=\"has-big-font-size\">The institute was founded in 1946 as the Department of Anthropology (Institute f\u00fcr Ethnologie) when the Johannes Gutenberg University was re-established . From 1947 to 1956, it was headed by <a href=\"http:\/\/de.wikipedia.org\/wiki\/Adolf_Friedrich_%28Ethnologe%29\" target=\"_blank\" rel=\"noreferrer noopener\">Adolf Friedrich<\/a>; his assistant was <a href=\"http:\/\/www.germananthropology.com\/short-portrait\/erika-sulzmann\/272\" target=\"_blank\" rel=\"noreferrer noopener\">Erika Sulzmann<\/a>. Between 1951 and 1954, Sulzmann conducted one of the first German ethnographic research trips after the Second World War, carrying out fieldwork among the Ekonda and Bolia in the Belgian Congo (today Dem. Rep. Congo). She developed both the library and the ethnographic collection and ensured the continuity in African research at the institute during the many personnel changes in the following years. After Friedrich&#8217;s death in 1956, <a href=\"http:\/\/de.wikipedia.org\/wiki\/Wilhelm_Emil_M%C3%BChlmann\" target=\"_blank\" rel=\"noreferrer noopener\">Wilhelm Emil M\u00fchlmann<\/a>, who had held an adjunct professorship (&#8220;Di\u00e4tendozentur&#8221;) for Sociology and Ethnic Psychology at the Institute since 1950, took over the management of the institute in 1957.    <\/p>\n\n\n\n<p class=\"has-big-font-size\">M\u00fchlmann left the institute in 1960 to take up a professorship in Heidelberg. His was succeeded by <a href=\"http:\/\/de.wikipedia.org\/wiki\/Karl_Jettmar\" target=\"_blank\" rel=\"noreferrer noopener\">Karl Jettmar<\/a>, whose regional focus was on Asia. Only three years later, in 1964, Jettmar followed M\u00fchlmann to Heidelberg. It was only after this that African Studies developed into a key focus in Mainz. <a href=\"http:\/\/de.wikipedia.org\/wiki\/Eike_Haberland\" target=\"_blank\" rel=\"noreferrer noopener\">Eike Haberlandinitially initially became head of<\/a>the institute, but in 1968 he accepted a professorship in cultural and ethnological studies at the University of Frankfurt am Main, along with the directorship of the Frobenius Institute. In 1969, <a href=\"https:\/\/download.uni-mainz.de\/fb07-ifeas\/Mueller\/mueller.htm\" target=\"_blank\" rel=\"noreferrer noopener\">Ernst Wilhelm M\u00fcller<\/a>, who had participated as a student in Erika Sulzmann\u2019s Congo expedition and later completed his habilitation with M\u00fchlmann in Heidelberg, was appointed to a professorship in Mainz and became head of the institute. In the same year, the \u201cChair of Comparative Cultural Studies\u201d at Johannes Gutenberg University was converted into a \u201cProfessorship for Culture and Society in Africa\u201d and integrated into the Department of Anthropology. From 1974, this professorship was held by sociologist <a href=\"https:\/\/download.uni-mainz.de\/fb07-ifeas\/Grohs\/Grohsbiographie.html\" target=\"_blank\" rel=\"noreferrer noopener\">Gerhard Grohs<\/a>, who further developed the sociological orientation initiated by M\u00fchlmann. After Grohs retired, <a href=\"https:\/\/www.ifeas.uni-mainz.de\/?page_id=171\" target=\"_blank\" rel=\"noreferrer noopener\">Thomas Bierschenk<\/a> was appointed to the professorship in 1997, now renamed \u201cProfessorship for Cultures and Societies in Africa.\u201d        <\/p>\n\n\n\n<p class=\"has-big-font-size\">Following M\u00fcller&#8217;s appointment, the institute was named the &#8220;lnstitut f\u00fcr Ethnologie&#8221;. In 1975, it was renamed the &#8220;Institut f\u00fcr Ethnologie und Afrikastudien&#8221; (Department of Anthropology and African Studies) to reflect the presence of a second discipline at the institute: African Languages and Linguistics (formerly African Philology). In 1984, the institute was expanded once more with the addition of a new professorship, to which <a href=\"https:\/\/www.ifeas.uni-mainz.de\/?page_id=971\" target=\"_blank\" rel=\"noreferrer noopener\">Ivo Strecker<\/a> was appointed. In 1987 <a href=\"http:\/\/de.wikipedia.org\/wiki\/Karl-Heinz_Kohl\" target=\"_blank\" rel=\"noreferrer noopener\">Karl-Heinz Kohl<\/a> succeeded M\u00fcller. When Kohl transferred in 1996 to the Institute of Historical Ethnology and the Frobenius Institute in Frankfurt, the position was temporarily filled until <a href=\"https:\/\/www.ifeas.uni-mainz.de\/?page_id=172\" target=\"_blank\" rel=\"noreferrer noopener\">Carola Lentz<\/a> was appointed as his successor in 2002. She held the professorship in Anthropology until her retirement in 2019. The position was then converted into a junior professorship in Anthropology with a focus on Political Anthropology (tenure track), to which <a href=\"https:\/\/www.ifeas.uni-mainz.de\/institut\/fay\/\" target=\"_blank\" rel=\"noreferrer noopener\">Franziska Fay<\/a> was appointed in 2021.    <\/p>\n\n\n\n<p class=\"has-big-font-size\">The position held by Ivo Strecker was converted into a professorship in &#8220;Anthropology and African Popular Culture&#8221;, after his retirement, and has been held by <a href=\"https:\/\/www.ifeas.uni-mainz.de\/en\/?attachment_id=11424\" target=\"_blank\" rel=\"noreferrer noopener\">Matthias Krings<\/a> since 2005. In 2016, <a href=\"https:\/\/www.ifeas.uni-mainz.de\/institut\/drotbohm\/\" target=\"_blank\" rel=\"noreferrer noopener\">Heike Drotbohm<\/a> was appointed to a Heisenberg Professorship in Anthropology with a focus on &#8220;African Diaspora and Transnationalism&#8221; and in 2019, following the retirement of Thomas Bierschenk, she succeeded him. The professorship in Anthropology with a focus on \u201cAesthetics,\u201d newly established in 2017, was filled by <a href=\"https:\/\/www.ifeas.uni-mainz.de\/institut\/verne\/\" target=\"_blank\" rel=\"noreferrer noopener\">Markus Verne.<\/a>  <\/p>\n\n\n<\/jgu-base-accordionitem>\n\n<jgu-base-accordionitem react-props=\"{&quot;title&quot;:&quot;African Languages and Linguistics at ifeas&quot;,&quot;init&quot;:false,&quot;slug&quot;:&quot;african-languages-and-linguistics-at-ifeas&quot;,&quot;align&quot;:&quot;wide&quot;,&quot;customSlug&quot;:false}\">\n    \n\n<p class=\"has-big-font-size\">The teaching of African Languages and Linguistics in Mainz began in 1946 with Eugen Ludwig Rapp, Professor of Christian Oriental Studies at the Protestant Theological Faculty. However, a separate professorship at the Department of Anthropology was only institutionalised after Rapp&#8217;s retirement in 1972 &#8211; at that time under the name &#8220;African Philology&#8221;, which was filled by the Bantuist Leo Stappers in 1974. Following his death in 1977, Paul de Wolf (Bantu and Sudanic languages, orature) succeeded him in 1978 and held the position until 1982. His successor, Norbert Cyffer, held the professorship for ten years, from 1984 to 1994, before accepting an appointment in Vienna. From 1996, the position was held by <a href=\"https:\/\/www.ifeas.uni-mainz.de\/?page_id=173\" target=\"_blank\" rel=\"noreferrer noopener\">Raimund Kastenholz<\/a> (Mande, Adamawa), who retired in 2018. The renaming of the chair to \u201cAfrican Languages and Linguistics\u201d took place with the appointment of <a href=\"https:\/\/www.ifeas.uni-mainz.de\/?page_id=3036\" target=\"_blank\" rel=\"noreferrer noopener\">Nico Nassenstein<\/a> (Bantu) in 2017. While Kastenholz focused on typology and functional grammar, Nassenstein primarily works in sociolinguistics, giving African Linguistics in Mainz a new direction.      <\/p>\n\n\n\n<p class=\"has-big-font-size\">Within the framework of the Rhine-Main Universities Alliance <a href=\"http:\/\/afrikaforschung-rheinmain.de\/\" target=\"_blank\" rel=\"noreferrer noopener\">(RMU<\/a>), which includes the African Studies institutes at Goethe University Frankfurt am Main, Johannes Gutenberg University Mainz, and Technical University Darmstadt, Nico Nassenstein, in cooperation with Axel Fleisch, who has held the professorship in African Studies at the Frankfurt institute since 2018, has developed a new B.A. programme in African Languages, Media, and Communication. By combining the courses of the two institutes, it is possible to provide a broader range of African languages and content (sociolinguistics, anthropological linguistics). However, empirical linguistics remains a core competence taught to the students.  <\/p>\n\n\n<\/jgu-base-accordionitem>\n\n<jgu-base-accordionitem react-props=\"{&quot;title&quot;:&quot;Sources on the history of the institute&quot;,&quot;init&quot;:false,&quot;slug&quot;:&quot;sources-on-the-history-of-the-institute&quot;,&quot;align&quot;:&quot;wide&quot;,&quot;customSlug&quot;:false}\">\n    \n\n<div class=\"wp-block-columns is-layout-flex wp-container-core-columns-is-layout-9d6595d7 wp-block-columns-is-layout-flex\">\n<div class=\"wp-block-column is-layout-flow wp-block-column-is-layout-flow\" style=\"flex-basis:25%\"><jgu-base-image react-props=\"{\n    &quot;image&quot;: {\n        &quot;url&quot;: &quot;https:\\\/\\\/cms.zdv.uni-mainz.de\\\/fb07-ifeas\\\/wp-content\\\/uploads\\\/sites\\\/396\\\/2025\\\/02\\\/get_illu_src.php_.jpeg&quot;,\n        &quot;id&quot;: 12828,\n        &quot;title&quot;: &quot;get_illu_src.php&quot;,\n        &quot;width&quot;: 241,\n        &quot;height&quot;: 336,\n        &quot;srcset&quot;: &quot;https:\\\/\\\/cms.zdv.uni-mainz.de\\\/fb07-ifeas\\\/wp-content\\\/uploads\\\/sites\\\/396\\\/2025\\\/02\\\/get_illu_src.php_.jpeg 241w, https:\\\/\\\/cms.zdv.uni-mainz.de\\\/fb07-ifeas\\\/wp-content\\\/uploads\\\/sites\\\/396\\\/2025\\\/02\\\/get_illu_src.php_-215x300.jpeg 215w&quot;\n    },\n    &quot;width&quot;: 208,\n    &quot;link&quot;: {\n        &quot;url&quot;: &quot;https:\\\/\\\/www.koeppe.de\\\/titel_60-jahre-institut-fuer-ethnologie-und-afrikastudien&quot;,\n        &quot;linkTarget&quot;: &quot;_blank&quot;,\n        &quot;rel&quot;: &quot;noreferrer noopener&quot;\n    },\n    &quot;align&quot;: &quot;&quot;,\n    &quot;hasLightbox&quot;: false,\n    &quot;caption&quot;: &quot;&quot;,\n    &quot;imgWidth&quot;: 0\n}\" class=\"align-\">\n    \n<\/jgu-base-image><\/div>\n\n\n\n<div class=\"wp-block-column is-layout-flow wp-block-column-is-layout-flow\" style=\"flex-basis:25%\"><jgu-base-image react-props=\"{\n    &quot;image&quot;: {\n        &quot;url&quot;: &quot;https:\\\/\\\/cms.zdv.uni-mainz.de\\\/fb07-ifeas\\\/wp-content\\\/uploads\\\/sites\\\/396\\\/2025\\\/02\\\/AP_192-Deckblatt-scaled.jpg&quot;,\n        &quot;id&quot;: 12834,\n        &quot;title&quot;: &quot;AP_192 Deckblatt&quot;,\n        &quot;width&quot;: 1810,\n        &quot;height&quot;: 2560,\n        &quot;srcset&quot;: &quot;https:\\\/\\\/cms.zdv.uni-mainz.de\\\/fb07-ifeas\\\/wp-content\\\/uploads\\\/sites\\\/396\\\/2025\\\/02\\\/AP_192-Deckblatt-scaled.jpg 1810w, https:\\\/\\\/cms.zdv.uni-mainz.de\\\/fb07-ifeas\\\/wp-content\\\/uploads\\\/sites\\\/396\\\/2025\\\/02\\\/AP_192-Deckblatt-212x300.jpg 212w, https:\\\/\\\/cms.zdv.uni-mainz.de\\\/fb07-ifeas\\\/wp-content\\\/uploads\\\/sites\\\/396\\\/2025\\\/02\\\/AP_192-Deckblatt-724x1024.jpg 724w, https:\\\/\\\/cms.zdv.uni-mainz.de\\\/fb07-ifeas\\\/wp-content\\\/uploads\\\/sites\\\/396\\\/2025\\\/02\\\/AP_192-Deckblatt-768x1086.jpg 768w, https:\\\/\\\/cms.zdv.uni-mainz.de\\\/fb07-ifeas\\\/wp-content\\\/uploads\\\/sites\\\/396\\\/2025\\\/02\\\/AP_192-Deckblatt-1086x1536.jpg 1086w, https:\\\/\\\/cms.zdv.uni-mainz.de\\\/fb07-ifeas\\\/wp-content\\\/uploads\\\/sites\\\/396\\\/2025\\\/02\\\/AP_192-Deckblatt-1448x2048.jpg 1448w&quot;\n    },\n    &quot;width&quot;: 205,\n    &quot;link&quot;: {\n        &quot;url&quot;: &quot;https:\\\/\\\/cms.zdv.uni-mainz.de\\\/fb07-ifeas\\\/wp-content\\\/uploads\\\/sites\\\/396\\\/2024\\\/10\\\/AP192.pdf&quot;,\n        &quot;linkTarget&quot;: &quot;_blank&quot;,\n        &quot;rel&quot;: &quot;noreferrer noopener&quot;\n    },\n    &quot;align&quot;: &quot;&quot;,\n    &quot;hasLightbox&quot;: false,\n    &quot;caption&quot;: &quot;&quot;,\n    &quot;imgWidth&quot;: 0\n}\" class=\"align-\">\n    \n<\/jgu-base-image><\/div>\n\n\n\n<div class=\"wp-block-column is-layout-flow wp-block-column-is-layout-flow\" style=\"flex-basis:25%\"><\/div>\n\n\n\n<div class=\"wp-block-column is-layout-flow wp-block-column-is-layout-flow\" style=\"flex-basis:25%\"><\/div>\n<\/div>\n\n\n<jgu-base-button style=\"display: flex; flex-wrap: wrap; column-gap: 30px; max-width: 100%; flex-direction: row; justify-content: right\">\n  \n<jgu-base-buttonitem react-props=\"{\n    &quot;text&quot;: &quot;Chronicle of the ifeas 1946-2006 (PDF)&quot;,\n    &quot;icon&quot;: &quot;download-solid&quot;,\n    &quot;link&quot;: {\n        &quot;url&quot;: &quot;https:\\\/\\\/cms.zdv.uni-mainz.de\\\/fb07-ifeas\\\/wp-content\\\/uploads\\\/sites\\\/396\\\/2024\\\/10\\\/60-Jahre-ifeas-2006_ChronikProfessuren.pdf&quot;,\n        &quot;linkTarget&quot;: &quot;&quot;,\n        &quot;rel&quot;: &quot;&quot;,\n        &quot;opensInNewTab&quot;: true\n    },\n    &quot;align&quot;: &quot;left&quot;,\n    &quot;styling&quot;: &quot;primary&quot;,\n    &quot;type&quot;: &quot;default&quot;,\n    &quot;iconBefore&quot;: false,\n    &quot;isSmall&quot;: false,\n    &quot;fullWidth&quot;: false,\n    &quot;className&quot;: &quot;&quot;\n}\"><\/jgu-base-buttonitem>\n\n<\/jgu-base-button>\n\n\n<div class=\"wp-block-columns is-layout-flex wp-container-core-columns-is-layout-9d6595d7 wp-block-columns-is-layout-flex\">\n<div class=\"wp-block-column is-layout-flow wp-block-column-is-layout-flow\">\n<p class=\"has-big-font-size\"><\/p>\n<\/div>\n\n\n\n<div class=\"wp-block-column is-layout-flow wp-block-column-is-layout-flow\">\n<p class=\"has-big-font-size\"><\/p>\n<\/div>\n\n\n\n<div class=\"wp-block-column is-layout-flow wp-block-column-is-layout-flow\"><\/div>\n<\/div>\n\n\n<\/jgu-base-accordionitem>\n\n<\/jgu-base-accordion>\n<\/div>\n<\/div>\n<\/div><\/div>\n<\/jgu-base-section>    <div style=\"display: none\">\n        \n    <\/div>","protected":false},"excerpt":{"rendered":"","protected":false},"author":852,"featured_media":0,"parent":0,"menu_order":0,"comment_status":"closed","ping_status":"closed","template":"","meta":{"footnotes":""},"categories":[],"tags":[],"class_list":["post-22453","page","type-page","status-publish","hentry"],"content_raw":"<!-- wp:jgu\/pageheader {\"items\":[{\"box\":{\"index\":\"ifeas\",\"title\":\"Department\",\"link\":{\"url\":\"\",\"title\":\"learn more\"}},\"color\":\"blue\",\"image\":{\"url\":null,\"id\":21199,\"credit\":\"Photo: Sophia Wimmer\"},\"imgCredit\":\"\",\"useVideo\":false,\"video\":false}],\"type\":\"default\"} \/-->\n\n<!-- wp:jgu\/anchornavigation {\"theme\":\"default\"} \/-->\n\n<!-- wp:jgu\/section {\"color\":\"white\"} -->\n<div class=\"jgu-bgsection bg bg-white \"><div class=\"content padding-medium\"><!-- wp:jgu\/anchorpoint {\"title\":\"People\",\"slug\":\"people\"} \/-->\n\n<!-- wp:jgu\/heading {\"index\":\"Team\",\"tags\":{\"htmlTag\":\"h2\",\"classTag\":\"\",\"tag\":\"h2\"},\"heading\":\"People at ifeas\"} \/-->\n\n<!-- wp:jgu\/accordion {\"selected\":8} -->\n<!-- wp:jgu\/accordion-item {\"title\":\"Managing Director\",\"init\":false,\"slug\":\"managing-director\"} -->\n<!-- wp:columns {\"className\":\"\"} -->\n<div class=\"wp-block-columns\"><!-- wp:column {\"width\":\"40%\"} -->\n<div class=\"wp-block-column\" style=\"flex-basis:40%\"><!-- wp:jgu\/contact-card {\"name\":\"\\u003cstrong\\u003e\\u003ca href=\\u0022https:\/\/www.ifeas.uni-mainz.de\/professuren\/prof-dr-matthias-krings\/\\u0022 target=\\u0022_blank\\u0022 rel=\\u0022noreferrer noopener\\u0022\\u003eProf. Dr. Markus Verne\\u003c\/a\\u003e\\u003c\/strong\\u003e\",\"avatar\":{\"id\":11706,\"url\":null}} -->\n<!-- wp:jgu\/list-item {\"title\":\"\\u003cstrong\\u003eManaging Director ifeas\\u003c\/strong\\u003e\",\"uuid\":\"1702050773117\",\"link\":{\"url\":null}} \/-->\n\n<!-- wp:jgu\/list-item {\"icon\":\"envelope-solid\",\"title\":\"\\u003ca href=\\u0022mailto:mverne@uni-mainz.de\\u0022\\u003emverne@uni-mainz.de\\u003c\/a\\u003e\",\"uuid\":\"1699214817526\",\"link\":{\"url\":\"mailto:mverne@uni-mainz.de\"}} \/-->\n\n<!-- wp:jgu\/list-item {\"icon\":\"phone-solid\",\"title\":\"\\u003ca href=\\u0022tel:+4961313920526\\u0022 target=\\u0022_blank\\u0022 rel=\\u0022noreferrer noopener\\u0022\\u003e+49 6131 39-20526\\u003c\/a\\u003e\",\"uuid\":\"1702050887439\",\"link\":{\"url\":\"tel:+4961313920526\"}} \/-->\n\n<!-- wp:jgu\/list-item {\"icon\":\"external-link-alt-solid\",\"title\":\"\\u003ca href=\\u0022https:\/\/www.ifeas.uni-mainz.de\/professuren\/prof-dr-markus-verne\/\\u0022 data-type=\\u0022page\\u0022 data-id=\\u002213166\\u0022\\u003eProfile page\\u003c\/a\\u003e\",\"uuid\":\"1728307753949\",\"link\":{\"url\":\"https:\/\/www.ifeas.uni-mainz.de\/professuren\/prof-dr-markus-verne\/\"}} \/-->\n<!-- \/wp:jgu\/contact-card --><\/div>\n<!-- \/wp:column -->\n\n<!-- wp:column -->\n<div class=\"wp-block-column\"><\/div>\n<!-- \/wp:column --><\/div>\n<!-- \/wp:columns -->\n<!-- \/wp:jgu\/accordion-item -->\n\n<!-- wp:jgu\/accordion-item {\"title\":\"Professors\",\"init\":false,\"slug\":\"professors\"} -->\n<!-- wp:jgu\/slider {\"perPage\":5,\"slidesCount\":6,\"responsiveSettings\":{\"mobile\":{\"perPage\":1,\"arrows\":true,\"pagination\":false,\"width\":\"100%\"},\"tablet\":{\"perPage\":2,\"arrows\":true,\"pagination\":false,\"width\":\"100%\"},\"desktop\":{\"perPage\":3,\"arrows\":true,\"pagination\":false,\"width\":\"100%\"},\"desktop-xl\":{\"perPage\":5,\"arrows\":true,\"pagination\":false,\"width\":\"100%\"}}} -->\n<!-- wp:jgu\/contact-card {\"name\":\"Prof. Dr. Heike Drotbohm\",\"avatar\":{\"id\":15626,\"url\":null}} -->\n<!-- wp:jgu\/list-item {\"title\":\"\\u003cstrong\\u003eProfessor of Social and Cultural Anthropology with a Focus on the African Diaspora and Transnationalism\\u003c\/strong\\u003e\",\"uuid\":\"1702050773117\",\"link\":{\"url\":null}} \/-->\n\n<!-- wp:jgu\/list-item {\"icon\":\"envelope-solid\",\"title\":\"\\u003ca href=\\u0022mailto:drotbohm@uni-mainz.de\\u0022\\u003edrotbohm@uni-mainz.de\\u003c\/a\\u003e\",\"uuid\":\"1699214817526\",\"link\":{\"url\":\"mailto:drotbohm@uni-mainz.de\"}} \/-->\n\n<!-- wp:jgu\/list-item {\"icon\":\"phone-solid\",\"title\":\"\\u003ca href=\\u0022tel:+4961313920796\\u0022 target=\\u0022_blank\\u0022 rel=\\u0022noreferrer noopener\\u0022\\u003e+49 6131 39-20796\\u003c\/a\\u003e\",\"uuid\":\"1702050887439\",\"link\":{\"url\":\"tel:+4961313920796\"}} \/-->\n\n<!-- wp:jgu\/list-item {\"icon\":\"external-link-alt-solid\",\"title\":\"\\u003ca href=\\u0022https:\/\/www.ifeas.uni-mainz.de\/professuren\/prof-dr-heike-drotbohm\/\\u0022 data-type=\\u0022page\\u0022 data-id=\\u002215437\\u0022\\u003eProfile page\\u003c\/a\\u003e\",\"uuid\":\"1728307753949\",\"link\":{\"url\":\"https:\/\/www.ifeas.uni-mainz.de\/professuren\/prof-dr-heike-drotbohm\/\"}} \/-->\n<!-- \/wp:jgu\/contact-card -->\n\n<!-- wp:jgu\/contact-card {\"align\":\"\",\"name\":\"Prof. Dr. Franziska Fay\",\"avatar\":{\"id\":15776,\"url\":null}} -->\n<!-- wp:jgu\/list-item {\"title\":\"\\u003cstrong\\u003eProfessor of Anthropology with a Focus on Political Anthropology\\u003c\/strong\\u003e\",\"uuid\":\"1738741777878\",\"link\":{\"url\":null}} \/-->\n\n<!-- wp:jgu\/list-item {\"icon\":\"envelope-solid\",\"title\":\"\\u003ca href=\\u0022mailto:franzifa@uni-mainz.de\\u0022\\u003efranzifa@uni-mainz.de\\u003c\/a\\u003e\",\"uuid\":\"1702288670976\",\"link\":{\"url\":\"mailto:franzifa@uni-mainz.de\"}} \/-->\n\n<!-- wp:jgu\/list-item {\"icon\":\"phone-solid\",\"title\":\"\\u003ca href=\\u0022tel:+4961313920065\\u0022 target=\\u0022_blank\\u0022 rel=\\u0022noreferrer noopener\\u0022\\u003e+49 6131 39-24856\\u003c\/a\\u003e\",\"uuid\":\"1738831581139\",\"link\":{\"url\":\"tel:+4961313920065\"}} \/-->\n\n<!-- wp:jgu\/list-item {\"icon\":\"external-link-alt-solid\",\"title\":\"\\u003ca href=\\u0022https:\/\/www.ifeas.uni-mainz.de\/mitarbeiterinnen-jun-prof-dr-franziska-fay\/\\u0022 data-type=\\u0022page\\u0022 data-id=\\u002215272\\u0022\\u003eProfile page\\u003c\/a\\u003e\",\"uuid\":\"1738831583019\",\"link\":{\"url\":\"https:\/\/www.ifeas.uni-mainz.de\/mitarbeiterinnen-jun-prof-dr-franziska-fay\/\"}} \/-->\n<!-- \/wp:jgu\/contact-card -->\n\n<!-- wp:jgu\/contact-card {\"name\":\"Prof. Dr. Matthias Krings\",\"avatar\":{\"id\":10527,\"url\":null}} -->\n<!-- wp:jgu\/list-item {\"title\":\"\\u003cstrong\\u003eProfessor of Anthropology and Popular Culture of Africa\\u003c\/strong\\u003e\",\"uuid\":\"1702050773117\",\"link\":{\"url\":null}} \/-->\n\n<!-- wp:jgu\/list-item {\"icon\":\"envelope-solid\",\"title\":\"\\u003ca href=\\u0022mailto:krings@uni-mainz.de\\u0022\\u003ekrings@uni-mainz.de\\u003c\/a\\u003e\",\"uuid\":\"1699214817526\",\"link\":{\"url\":\"mailto:krings@uni-mainz.de\"}} \/-->\n\n<!-- wp:jgu\/list-item {\"icon\":\"phone-solid\",\"title\":\"\\u003ca href=\\u0022tel:+4961313926800\\u0022 target=\\u0022_blank\\u0022 rel=\\u0022noreferrer noopener\\u0022\\u003e+49 6131 39-268\\u003c\/a\\u003e\\u003ca href=\\u0022tel:+4961313920065\\u0022 target=\\u0022_blank\\u0022 rel=\\u0022noreferrer noopener\\u0022\\u003e00\\u003c\/a\\u003e\",\"uuid\":\"1702050887439\",\"link\":{\"url\":\"tel:+4961313926800\"}} \/-->\n\n<!-- wp:jgu\/list-item {\"icon\":\"external-link-alt-solid\",\"title\":\"\\u003ca href=\\u0022https:\/\/www.ifeas.uni-mainz.de\/professuren\/prof-dr-matthias-krings\/\\u0022 data-type=\\u0022page\\u0022 data-id=\\u002213166\\u0022\\u003eProfile page\\u003c\/a\\u003e\",\"uuid\":\"1728307753949\",\"link\":{\"url\":\"https:\/\/www.ifeas.uni-mainz.de\/professuren\/prof-dr-matthias-krings\/\"}} \/-->\n<!-- \/wp:jgu\/contact-card -->\n\n<!-- wp:jgu\/contact-card {\"name\":\"Prof. Dr. Nico Nassenstein\",\"avatar\":{\"id\":10647,\"url\":null}} -->\n<!-- wp:jgu\/list-item {\"title\":\"\\u003cstrong\\u003eProfessor of African Languages and Linguistics\\u003c\/strong\\u003e\",\"uuid\":\"1732632794003\",\"link\":{\"url\":null}} \/-->\n\n<!-- wp:jgu\/list-item {\"icon\":\"envelope-solid\",\"title\":\"\\u003ca href=\\u0022mailto:nnassens@uni-mainz.de\\u0022\\u003ennassens@uni-mainz.de\\u003c\/a\\u003e\",\"uuid\":\"1732632994582\",\"link\":{\"url\":\"mailto:nnassens@uni-mainz.de\"}} \/-->\n\n<!-- wp:jgu\/list-item {\"icon\":\"phone-solid\",\"title\":\"\\u003ca href=\\u0022tel:+4961313920356\\u0022 target=\\u0022_blank\\u0022 rel=\\u0022noreferrer noopener\\u0022\\u003e+49 6131 39-20356\\u003c\/a\\u003e\",\"uuid\":\"1732633092473\",\"link\":{\"url\":\"tel:+4961313920356\"}} \/-->\n\n<!-- wp:jgu\/list-item {\"icon\":\"external-link-alt-solid\",\"title\":\"\\u003ca href=\\u0022https:\/\/www.ifeas.uni-mainz.de\/institut\/nassenstein\/\\u0022 data-type=\\u0022page\\u0022 data-id=\\u002220886\\u0022\\u003eProfile page\\u003c\/a\\u003e\",\"uuid\":\"1732633157993\",\"link\":{\"url\":\"https:\/\/www.ifeas.uni-mainz.de\/institut\/nassenstein\/\"}} \/-->\n<!-- \/wp:jgu\/contact-card -->\n\n<!-- wp:jgu\/contact-card {\"name\":\"Prof. Dr. Markus Verne\",\"avatar\":{\"id\":11703,\"url\":null}} -->\n<!-- wp:jgu\/list-item {\"title\":\"\\u003cstrong\\u003eProfessor of Anthropology with a Focus on Aesthetics\\u003c\/strong\\u003e\",\"uuid\":\"1732632794003\",\"link\":{\"url\":null}} \/-->\n\n<!-- wp:jgu\/list-item {\"icon\":\"envelope-solid\",\"title\":\"\\u003ca href=\\u0022mailto:mverne@uni-mainz.de\\u0022\\u003emverne@uni-mainz.de\\u003c\/a\\u003e\",\"uuid\":\"1732632994582\",\"link\":{\"url\":\"mailto:mverne@uni-mainz.de\"}} \/-->\n\n<!-- wp:jgu\/list-item {\"icon\":\"phone-solid\",\"title\":\"\\u003ca href=\\u0022tel:+4961313920526\\u0022 target=\\u0022_blank\\u0022 rel=\\u0022noreferrer noopener\\u0022\\u003e+49 6131 39-20526\\u003c\/a\\u003e\",\"uuid\":\"1732633092473\",\"link\":{\"url\":\"tel:+4961313920526\"}} \/-->\n\n<!-- wp:jgu\/list-item {\"icon\":\"external-link-alt-solid\",\"title\":\"\\u003ca href=\\u0022https:\/\/www.ifeas.uni-mainz.de\/professuren\/prof-dr-markus-verne\/\\u0022 data-type=\\u0022page\\u0022 data-id=\\u002213056\\u0022\\u003eProfile page\\u003c\/a\\u003e\",\"uuid\":\"1732633157993\",\"link\":{\"url\":\"https:\/\/www.ifeas.uni-mainz.de\/professuren\/prof-dr-markus-verne\/\"}} \/-->\n<!-- \/wp:jgu\/contact-card -->\n\n<!-- wp:jgu\/contact-card {\"name\":\"Prof. Dr. Carola Lentz\",\"avatar\":{\"id\":10653,\"url\":null}} -->\n<!-- wp:jgu\/list-item {\"title\":\"\\u003cstrong\\u003eSenior Research Professor of Anthropology\\u003c\/strong\\u003e\",\"uuid\":\"1702050773117\",\"link\":{\"url\":null}} \/-->\n\n<!-- wp:jgu\/list-item {\"icon\":\"envelope-solid\",\"title\":\"\\u003ca href=\\u0022mailto:lentz@uni-mainz.de\\u0022\\u003elentz@uni-mainz.de\\u003c\/a\\u003e\",\"uuid\":\"1699214817526\",\"link\":{\"url\":\"mailto:lentz@uni-mainz.de\"}} \/-->\n\n<!-- wp:jgu\/list-item {\"icon\":\"phone-solid\",\"title\":\"\\u003ca href=\\u0022tel:+4961313920124\\u0022 target=\\u0022_blank\\u0022 rel=\\u0022noreferrer noopener\\u0022\\u003e+49 6131 39-20124\\u003c\/a\\u003e\",\"uuid\":\"1702050887439\",\"link\":{\"url\":\"tel:+4961313920124\"}} \/-->\n\n<!-- wp:jgu\/list-item {\"icon\":\"external-link-alt-solid\",\"title\":\"\\u003ca href=\\u0022https:\/\/www.ifeas.uni-mainz.de\/professuren\/prof-dr-carola-lentz\/\\u0022 data-type=\\u0022page\\u0022 data-id=\\u002219379\\u0022\\u003eProfile page\\u003c\/a\\u003e\",\"uuid\":\"1738840561304\",\"link\":{\"url\":\"https:\/\/www.ifeas.uni-mainz.de\/professuren\/prof-dr-carola-lentz\/\"}} \/-->\n<!-- \/wp:jgu\/contact-card -->\n<!-- \/wp:jgu\/slider -->\n<!-- \/wp:jgu\/accordion-item -->\n\n<!-- wp:jgu\/accordion-item {\"title\":\"Academic Staff (with teaching duties)\",\"init\":false,\"slug\":\"academic-staff-with-teaching-duties\"} -->\n<!-- wp:jgu\/slider {\"perPage\":5,\"slidesCount\":11,\"responsiveSettings\":{\"mobile\":{\"perPage\":1,\"arrows\":true,\"pagination\":false,\"width\":\"100%\"},\"tablet\":{\"perPage\":2,\"arrows\":true,\"pagination\":false,\"width\":\"100%\"},\"desktop\":{\"perPage\":3,\"arrows\":true,\"pagination\":false,\"width\":\"100%\"},\"desktop-xl\":{\"perPage\":5,\"arrows\":true,\"pagination\":false,\"width\":\"100%\"}}} -->\n<!-- wp:jgu\/contact-card {\"align\":\"\",\"name\":\"Dr. Bianca Baumann\",\"avatar\":{\"id\":10668,\"url\":null}} -->\n<!-- wp:jgu\/list-item {\"title\":\"\\u003cstrong\\u003eDirector of the Ethnographic Collection\\u003c\/strong\\u003e\",\"uuid\":\"1738741777878\",\"link\":{\"url\":null}} \/-->\n\n<!-- wp:jgu\/list-item {\"icon\":\"envelope-solid\",\"title\":\"\\u003ca href=\\u0022mailto:bbaumann@uni-mainz.de\\u0022\\u003ebbaumann@uni-mainz.de\\u003c\/a\\u003e\",\"uuid\":\"1702288670976\",\"link\":{\"url\":\"mailto:bbaumann@uni-mainz.de\"}} \/-->\n\n<!-- wp:jgu\/list-item {\"icon\":\"phone-solid\",\"title\":\"\\u003ca href=\\u0022tel:+4961313928220\\u0022 target=\\u0022_blank\\u0022 rel=\\u0022noreferrer noopener\\u0022\\u003e+49 6131 39-28220\\u003c\/a\\u003e\",\"uuid\":\"1738831581139\",\"link\":{\"url\":\"tel:+4961313928220\"}} \/-->\n\n<!-- wp:jgu\/list-item {\"icon\":\"external-link-alt-solid\",\"title\":\"\\u003ca href=\\u0022https:\/\/www.ifeas.uni-mainz.de\/baumann\/\\u0022 data-type=\\u0022page\\u0022 data-id=\\u002220484\\u0022\\u003eProfile page\\u003c\/a\\u003e\",\"uuid\":\"1738831583019\",\"link\":{\"url\":\"https:\/\/www.ifeas.uni-mainz.de\/baumann\/\"}} \/-->\n<!-- \/wp:jgu\/contact-card -->\n\n<!-- wp:jgu\/contact-card {\"name\":\"Dr. Martin B\u00fcdel\",\"avatar\":{\"id\":10674,\"url\":null}} -->\n<!-- wp:jgu\/list-item {\"title\":\"\\u003cstrong\\u003eResearch Associate\\u003c\/strong\\u003e\",\"uuid\":\"1699374929552\",\"link\":{\"url\":null}} \/-->\n\n<!-- wp:jgu\/list-item {\"icon\":\"envelope-solid\",\"title\":\"\\u003ca href=\\u0022mailto:pruefungsamt-fb07-will@uni-mainz.de\\u0022\\u003ebuedelma@uni-mainz.de\\u003c\/a\\u003e\",\"uuid\":\"1702052810510\",\"link\":{\"url\":\"mailto:pruefungsamt-fb07-will@uni-mainz.de\"}} \/-->\n\n<!-- wp:jgu\/list-item {\"icon\":\"phone-solid\",\"title\":\"\\u003ca href=\\u0022tel:+4961313926048\\u0022 target=\\u0022_blank\\u0022 rel=\\u0022noreferrer noopener\\u0022\\u003e+49 6131 39-26048\\u003c\/a\\u003e\",\"uuid\":\"1702052873712\",\"link\":{\"url\":\"tel:+4961313926048\"}} \/-->\n\n<!-- wp:jgu\/list-item {\"icon\":\"external-link-alt-solid\",\"title\":\"\\u003ca href=\\u0022https:\/\/www.ifeas.uni-mainz.de\/dr-martin-buedel\/\\u0022 data-type=\\u0022page\\u0022 data-id=\\u002212999\\u0022\\u003eProfile page\\u003c\/a\\u003e\",\"uuid\":\"1728308756011\",\"link\":{\"url\":\"https:\/\/www.ifeas.uni-mainz.de\/dr-martin-buedel\/\"}} \/-->\n<!-- \/wp:jgu\/contact-card -->\n\n<!-- wp:jgu\/contact-card {\"align\":\"\",\"name\":\"Melda Demir, M.A.\",\"avatar\":{\"id\":24555,\"url\":null}} -->\n<!-- wp:jgu\/list-item {\"title\":\"\\u003cstrong\\u003eResearch Associate\\u003c\/strong\\u003e\",\"uuid\":\"1738741777878\",\"link\":{\"url\":null}} \/-->\n\n<!-- wp:jgu\/list-item {\"icon\":\"envelope-solid\",\"title\":\"\\u003ca href=\\u0022mailto:medemir@uni-mainz.de\\u0022\\u003emedemir@uni-mainz.de\\u003c\/a\\u003e\",\"uuid\":\"1702288670976\",\"link\":{\"url\":\"mailto:medemir@uni-mainz.de\"}} \/-->\n\n<!-- wp:jgu\/list-item {\"icon\":\"phone-solid\",\"title\":\"\\u003ca href=\\u0022tel:+496131390\\u0022 target=\\u0022_blank\\u0022 rel=\\u0022noreferrer noopener\\u0022\\u003e+49 6131 39-0\\u003c\/a\\u003e\",\"uuid\":\"1738831581139\",\"link\":{\"url\":\"tel:+496131390\"}} \/-->\n\n<!-- wp:jgu\/list-item {\"icon\":\"external-link-alt-solid\",\"title\":\"\\u003ca href=\\u0022https:\/\/www.ifeas.uni-mainz.de\/demir\/\\u0022 data-type=\\u0022link\\u0022 data-id=\\u0022https:\/\/www.ifeas.uni-mainz.de\/demir\/\\u0022\\u003eProfile page\\u003c\/a\\u003e\",\"uuid\":\"1738831583019\",\"link\":{\"url\":\"https:\/\/www.ifeas.uni-mainz.de\/demir\/\"}} \/-->\n<!-- \/wp:jgu\/contact-card -->\n\n<!-- wp:jgu\/contact-card {\"align\":\"\",\"name\":\"Dr. Hauke Dorsch\",\"avatar\":{\"id\":10686,\"url\":null}} -->\n<!-- wp:jgu\/list-item {\"title\":\"\\u003cstrong\\u003eDirector of the African Music Archive\\u003c\/strong\\u003e\",\"uuid\":\"1738741777878\",\"link\":{\"url\":null}} \/-->\n\n<!-- wp:jgu\/list-item {\"icon\":\"envelope-solid\",\"title\":\"\\u003ca href=\\u0022mailto:dorschh@uni-mainz.de\\u0022\\u003edorschh@uni-mainz.de\\u003c\/a\\u003e\",\"uuid\":\"1702288670976\",\"link\":{\"url\":\"mailto:dorschh@uni-mainz.de\"}} \/-->\n\n<!-- wp:jgu\/list-item {\"icon\":\"phone-solid\",\"title\":\"\\u003ca href=\\u0022tel:+4961313923349\\u0022 target=\\u0022_blank\\u0022 rel=\\u0022noreferrer noopener\\u0022\\u003e+49 6131 39-23349\\u003c\/a\\u003e\",\"uuid\":\"1738831581139\",\"link\":{\"url\":\"tel:+4961313923349\"}} \/-->\n\n<!-- wp:jgu\/list-item {\"icon\":\"external-link-alt-solid\",\"title\":\"\\u003ca href=\\u0022https:\/\/www.ifeas.uni-mainz.de\/dr-hauke-dorsch\/\\u0022 data-type=\\u0022page\\u0022 data-id=\\u002216517\\u0022\\u003eProfile page\\u003c\/a\\u003e\",\"uuid\":\"1738831583019\",\"link\":{\"url\":\"https:\/\/www.ifeas.uni-mainz.de\/dr-hauke-dorsch\/\"}} \/-->\n<!-- \/wp:jgu\/contact-card -->\n\n<!-- wp:jgu\/contact-card {\"name\":\"Jan Knipping, M.A.\",\"avatar\":{\"id\":16469,\"url\":null,\"credit\":\"\"}} -->\n<!-- wp:jgu\/list-item {\"title\":\"\\u003cstrong\\u003eResearch Associate\\u003c\/strong\\u003e\\u003cstrong\\u003e \\u003c\/strong\\u003e\",\"uuid\":\"1732632794003\",\"link\":{\"url\":null}} \/-->\n\n<!-- wp:jgu\/list-item {\"icon\":\"envelope-solid\",\"title\":\"\\u003ca href=\\u0022mailto:j.knipping@uni-mainz.de\\u0022\\u003ej.knipping@uni-mainz.de\\u003c\/a\\u003e\",\"uuid\":\"1732632994582\",\"link\":{\"url\":\"mailto:j.knipping@uni-mainz.de\"}} \/-->\n\n<!-- wp:jgu\/list-item {\"icon\":\"phone-solid\",\"title\":\"\\u003ca href=\\u0022tel:+4961313922779\\u0022 target=\\u0022_blank\\u0022 rel=\\u0022noreferrer noopener\\u0022\\u003e+49 6131 39-22779\\u003c\/a\\u003e\",\"uuid\":\"1732633092473\",\"link\":{\"url\":\"tel:+4961313922779\"}} \/-->\n\n<!-- wp:jgu\/list-item {\"icon\":\"external-link-alt-solid\",\"title\":\"\\u003ca href=\\u0022https:\/\/www.ifeas.uni-mainz.de\/jan-knipping-m-a\/\\u0022 data-type=\\u0022page\\u0022 data-id=\\u002216109\\u0022\\u003eProfile page\\u003c\/a\\u003e\",\"uuid\":\"1732633157993\",\"link\":{\"url\":\"https:\/\/www.ifeas.uni-mainz.de\/jan-knipping-m-a\/\"}} \/-->\n<!-- \/wp:jgu\/contact-card -->\n\n<!-- wp:jgu\/contact-card {\"name\":\"C\u00e9line Molter, M.A.\",\"avatar\":{\"id\":10608,\"url\":null}} -->\n<!-- wp:jgu\/list-item {\"title\":\"\\u003cstrong\\u003eHead of the Student Advising Office\\u003c\/strong\\u003e\",\"uuid\":\"1702050773117\",\"link\":{\"url\":null}} \/-->\n\n<!-- wp:jgu\/list-item {\"icon\":\"envelope-solid\",\"title\":\"\\u003ca href=\\u0022mailto:molterc@uni-mainz.de\\u0022\\u003emolterc@uni-mainz.de\\u003c\/a\\u003e\",\"uuid\":\"1699214817526\",\"link\":{\"url\":\"mailto:molterc@uni-mainz.de\"}} \/-->\n\n<!-- wp:jgu\/list-item {\"icon\":\"phone-solid\",\"title\":\"\\u003ca href=\\u0022tel:+4961313920065\\u0022 target=\\u0022_blank\\u0022 rel=\\u0022noreferrer noopener\\u0022\\u003e+49 6131 39-37298\\u003c\/a\\u003e\",\"uuid\":\"1702050887439\",\"link\":{\"url\":\"tel:+4961313920065\"}} \/-->\n\n<!-- wp:jgu\/list-item {\"icon\":\"external-link-alt-solid\",\"title\":\"\\u003ca href=\\u0022https:\/\/www.ifeas.uni-mainz.de\/cline-molter-m-a\/\\u0022 data-type=\\u0022page\\u0022 data-id=\\u002220638\\u0022\\u003eProfile page\\u003c\/a\\u003e\",\"uuid\":\"1728307753949\",\"link\":{\"url\":\"https:\/\/www.ifeas.uni-mainz.de\/cline-molter-m-a\/\"}} \/-->\n<!-- \/wp:jgu\/contact-card -->\n\n<!-- wp:jgu\/contact-card {\"name\":\"Dr. Konstanze N'Guessan\",\"avatar\":{\"id\":null,\"url\":null,\"credit\":\"\"}} -->\n<!-- wp:jgu\/list-item {\"title\":\"\\u003cstrong\\u003eResearch Associate\\u003c\/strong\\u003e\",\"uuid\":\"1702050773117\",\"link\":{\"url\":null}} \/-->\n\n<!-- wp:jgu\/list-item {\"icon\":\"envelope-solid\",\"title\":\"\\u003ca href=\\u0022mailto:nguessan@uni-mainz.de\\u0022\\u003enguessan@uni-mainz.de\\u003c\/a\\u003e\",\"uuid\":\"1699214817526\",\"link\":{\"url\":\"mailto:nguessan@uni-mainz.de\"}} \/-->\n\n<!-- wp:jgu\/list-item {\"icon\":\"phone-solid\",\"title\":\"\\u003ca href=\\u0022tel:+4961313926645\\u0022 target=\\u0022_blank\\u0022 rel=\\u0022noreferrer noopener\\u0022\\u003e+49 6131 39-26645\\u003c\/a\\u003e\",\"uuid\":\"1702050887439\",\"link\":{\"url\":\"tel:+4961313926645\"}} \/-->\n\n<!-- wp:jgu\/list-item {\"icon\":\"external-link-alt-solid\",\"title\":\"\\u003ca href=\\u0022https:\/\/www.ifeas.uni-mainz.de\/dr-konstanze-nguessan\/\\u0022 data-type=\\u0022page\\u0022 data-id=\\u002220348\\u0022\\u003eProfile page\\u003c\/a\\u003e\",\"uuid\":\"1728307753949\",\"link\":{\"url\":\"https:\/\/www.ifeas.uni-mainz.de\/dr-konstanze-nguessan\/\"}} \/-->\n<!-- \/wp:jgu\/contact-card -->\n\n<!-- wp:jgu\/contact-card {\"name\":\"Dr. Anja Oed\",\"avatar\":{\"id\":14591,\"url\":null}} -->\n<!-- wp:jgu\/list-item {\"title\":\"\\u003cstrong\\u003eDirector of the Jahn Library\\u003c\/strong\\u003e\",\"uuid\":\"1702050773117\",\"link\":{\"url\":null}} \/-->\n\n<!-- wp:jgu\/list-item {\"icon\":\"envelope-solid\",\"title\":\"\\u003ca href=\\u0022mailto:aoed@uni-mainz.de\\u0022\\u003eaoed@uni-mainz.de\\u003c\/a\\u003e\",\"uuid\":\"1699214817526\",\"link\":{\"url\":\"mailto:aoed@uni-mainz.de\"}} \/-->\n\n<!-- wp:jgu\/list-item {\"icon\":\"phone-solid\",\"title\":\"\\u003ca href=\\u0022tel:+4961313925933\\u0022 target=\\u0022_blank\\u0022 rel=\\u0022noreferrer noopener\\u0022\\u003e+49 6131 39-25933\\u003c\/a\\u003e\",\"uuid\":\"1702050887439\",\"link\":{\"url\":\"tel:+4961313925933\"}} \/-->\n\n<!-- wp:jgu\/list-item {\"icon\":\"external-link-alt-solid\",\"title\":\"\\u003ca href=\\u0022https:\/\/www.ifeas.uni-mainz.de\/dr-anja-oed\/\\u0022 data-type=\\u0022page\\u0022 data-id=\\u002214585\\u0022\\u003eProfile page\\u003c\/a\\u003e\",\"uuid\":\"1728307753949\",\"link\":{\"url\":\"https:\/\/www.ifeas.uni-mainz.de\/dr-anja-oed\/\"}} \/-->\n<!-- \/wp:jgu\/contact-card -->\n\n<!-- wp:jgu\/contact-card {\"align\":\"\",\"name\":\"Gis\u00e8le Oldorff, M.A.\",\"avatar\":{\"id\":10719,\"url\":null}} -->\n<!-- wp:jgu\/list-item {\"title\":\"\\u003cstrong\\u003eResearch Associate\\u003c\/strong\\u003e\",\"uuid\":\"1738741777878\",\"link\":{\"url\":null}} \/-->\n\n<!-- wp:jgu\/list-item {\"icon\":\"envelope-solid\",\"title\":\"\\u003ca href=\\u0022mailto:goldorff@uni-mainz.de\\u0022\\u003egoldorff@uni-mainz.de\\u003c\/a\\u003e\",\"uuid\":\"1702288670976\",\"link\":{\"url\":\"mailto:goldorff@uni-mainz.de\"}} \/-->\n\n<!-- wp:jgu\/list-item {\"icon\":\"phone-solid\",\"title\":\"\\u003ca href=\\u0022tel:+4961313922795\\u0022 target=\\u0022_blank\\u0022 rel=\\u0022noreferrer noopener\\u0022\\u003e+49 6131 39-22795\\u003c\/a\\u003e\",\"uuid\":\"1738831581139\",\"link\":{\"url\":\"tel:+4961313922795\"}} \/-->\n\n<!-- wp:jgu\/list-item {\"icon\":\"external-link-alt-solid\",\"title\":\"Profile page\",\"uuid\":\"1738831583019\"} \/-->\n<!-- \/wp:jgu\/contact-card -->\n\n<!-- wp:jgu\/contact-card {\"align\":\"\",\"name\":\"Lena Scheibinger, M.A.\",\"avatar\":{\"id\":10728,\"url\":null}} -->\n<!-- wp:jgu\/list-item {\"title\":\"\\u003cstrong\\u003eResearch \\u003cstrong\\u003eAssociate\\u003c\/strong\\u003e\\u003c\/strong\\u003e\",\"uuid\":\"1738741777878\",\"link\":{\"url\":null}} \/-->\n\n<!-- wp:jgu\/list-item {\"icon\":\"envelope-solid\",\"title\":\"\\u003ca href=\\u0022mailto:lscheibi@uni-mainz.de\\u0022\\u003elscheibi@uni-mainz.de\\u003c\/a\\u003e\",\"uuid\":\"1702288670976\",\"link\":{\"url\":\"mailto:lscheibi@uni-mainz.de\"}} \/-->\n\n<!-- wp:jgu\/list-item {\"icon\":\"phone-solid\",\"title\":\"\\u003ca href=\\u0022tel:+4961313922795\\u0022 target=\\u0022_blank\\u0022 rel=\\u0022noreferrer noopener\\u0022\\u003e+49 6131 39-22795\\u003c\/a\\u003e\",\"uuid\":\"1738831581139\",\"link\":{\"url\":\"tel:+4961313922795\"}} \/-->\n\n<!-- wp:jgu\/list-item {\"icon\":\"external-link-alt-solid\",\"title\":\"\\u003ca href=\\u0022https:\/\/www.ifeas.uni-mainz.de\/lena-scheibinger-m-a\/\\u0022 data-type=\\u0022page\\u0022 data-id=\\u002215635\\u0022\\u003eProfile page\\u003c\/a\\u003e\",\"uuid\":\"1738831583019\",\"link\":{\"url\":\"https:\/\/www.ifeas.uni-mainz.de\/lena-scheibinger-m-a\/\"}} \/-->\n<!-- \/wp:jgu\/contact-card -->\n\n<!-- wp:jgu\/contact-card {\"name\":\"\\u003cstrong\\u003ePD Dr. Holger Tr\u00f6bs\\u003c\/strong\\u003e\",\"avatar\":{\"id\":10596,\"url\":null}} -->\n<!-- wp:jgu\/list-item {\"title\":\"\\u003cstrong\\u003eResearch \\u003cstrong\\u003eAssociate\\u003c\/strong\\u003e\\u003c\/strong\\u003e\",\"uuid\":\"1702050773117\",\"link\":{\"url\":null}} \/-->\n\n<!-- wp:jgu\/list-item {\"icon\":\"envelope-solid\",\"title\":\"\\u003ca href=\\u0022mailto:troebs@uni-mainz.de\\u0022\\u003etroebs@uni-mainz.de\\u003c\/a\\u003e\",\"uuid\":\"1699214817526\",\"link\":{\"url\":\"mailto:troebs@uni-mainz.de\"}} \/-->\n\n<!-- wp:jgu\/list-item {\"icon\":\"phone-solid\",\"title\":\"\\u003ca href=\\u0022tel:+4961313920121\\u0022 target=\\u0022_blank\\u0022 rel=\\u0022noreferrer noopener\\u0022\\u003e+49 6131 39-20121\\u003c\/a\\u003e\",\"uuid\":\"1702050887439\",\"link\":{\"url\":\"tel:+4961313920121\"}} \/-->\n\n<!-- wp:jgu\/list-item {\"icon\":\"external-link-alt-solid\",\"title\":\"\\u003ca href=\\u0022https:\/\/www.ifeas.uni-mainz.de\/pd-dr-holger-troebs\/\\u0022 data-type=\\u0022page\\u0022 data-id=\\u002214219\\u0022\\u003eProfile page\\u003c\/a\\u003e\",\"uuid\":\"1728307753949\",\"link\":{\"url\":\"https:\/\/www.ifeas.uni-mainz.de\/pd-dr-holger-troebs\/\"}} \/-->\n<!-- \/wp:jgu\/contact-card -->\n<!-- \/wp:jgu\/slider -->\n<!-- \/wp:jgu\/accordion-item -->\n\n<!-- wp:jgu\/accordion-item {\"title\":\"Academic Staff (externally funded)\",\"init\":false,\"slug\":\"academic-staff-externally-funded\"} -->\n<!-- wp:jgu\/slider {\"perPage\":5,\"slidesCount\":16,\"responsiveSettings\":{\"mobile\":{\"perPage\":1,\"arrows\":true,\"pagination\":false,\"width\":\"100%\"},\"tablet\":{\"perPage\":2,\"arrows\":true,\"pagination\":false,\"width\":\"100%\"},\"desktop\":{\"perPage\":3,\"arrows\":true,\"pagination\":false,\"width\":\"100%\"},\"desktop-xl\":{\"perPage\":5,\"arrows\":true,\"pagination\":false,\"width\":\"100%\"}}} -->\n<!-- wp:jgu\/contact-card {\"name\":\"Dr. Jan Beek\",\"avatar\":{\"id\":10740,\"url\":null}} -->\n<!-- wp:jgu\/list-item {\"title\":\"\\u003cstrong\\u003eResearch Project: Policing as a Practice of\\u003c\/strong\\u003e \\u003cstrong\\u003eCategorisation\\u003c\/strong\\u003e\",\"uuid\":\"1702050773117\",\"link\":{\"url\":null}} \/-->\n\n<!-- wp:jgu\/list-item {\"icon\":\"envelope-solid\",\"title\":\"\\u003ca href=\\u0022mailto:beek@uni-mainz.de\\u0022\\u003ebeek@uni-mainz.de\\u003c\/a\\u003e\",\"uuid\":\"1699214817526\",\"link\":{\"url\":\"mailto:beek@uni-mainz.de\"}} \/-->\n\n<!-- wp:jgu\/list-item {\"icon\":\"phone-solid\",\"title\":\"\\u003ca href=\\u0022tel:+4961313937295\\u0022 target=\\u0022_blank\\u0022 rel=\\u0022noreferrer noopener\\u0022\\u003e+49 6131 39-37295\\u003c\/a\\u003e\",\"uuid\":\"1702050887439\",\"link\":{\"url\":\"tel:+4961313937295\"}} \/-->\n\n<!-- wp:jgu\/list-item {\"icon\":\"external-link-alt-solid\",\"title\":\"\\u003ca href=\\u0022https:\/\/www.ifeas.uni-mainz.de\/dr-jan-beek\/\\u0022 data-type=\\u0022page\\u0022 data-id=\\u002214885\\u0022\\u003eProfile page\\u003c\/a\\u003e\",\"uuid\":\"1728307753949\",\"link\":{\"url\":\"https:\/\/www.ifeas.uni-mainz.de\/dr-jan-beek\/\"}} \/-->\n<!-- \/wp:jgu\/contact-card -->\n\n<!-- wp:jgu\/contact-card {\"name\":\"Rachel Esinam Etse, M.A.\",\"avatar\":{\"id\":15785,\"url\":null}} -->\n<!-- wp:jgu\/list-item {\"title\":\"\\u003cstrong\\u003eResearch Project: Policing as a Practice of \\u003cstrong\\u003eCategorisation\\u003c\/strong\\u003e\\u003c\/strong\\u003e\",\"uuid\":\"1732632794003\",\"link\":{\"url\":null}} \/-->\n\n<!-- wp:jgu\/list-item {\"icon\":\"envelope-solid\",\"title\":\"\\u003ca href=\\u0022mailto:raetse@uni-mainz.de\\u0022\\u003eraetse@uni-mainz.de\\u003c\/a\\u003e\",\"uuid\":\"1732632994582\",\"link\":{\"url\":\"mailto:raetse@uni-mainz.de\"}} \/-->\n\n<!-- wp:jgu\/list-item {\"icon\":\"phone-solid\",\"title\":\"\\u003ca href=\\u0022tel:+4961313921986\\u0022 target=\\u0022_blank\\u0022 rel=\\u0022noreferrer noopener\\u0022\\u003e+49 6131 39-21986\\u003c\/a\\u003e\",\"uuid\":\"1732633092473\",\"link\":{\"url\":\"tel:+4961313921986\"}} \/-->\n\n<!-- wp:jgu\/list-item {\"icon\":\"external-link-alt-solid\",\"title\":\"\\u003ca href=\\u0022https:\/\/www.ifeas.uni-mainz.de\/rachel-esinam-etse-m-a\/\\u0022 data-type=\\u0022page\\u0022 data-id=\\u002215683\\u0022\\u003eProfile page\\u003c\/a\\u003e\",\"uuid\":\"1732633157993\",\"link\":{\"url\":\"https:\/\/www.ifeas.uni-mainz.de\/rachel-esinam-etse-m-a\/\"}} \/-->\n<!-- \/wp:jgu\/contact-card -->\n\n<!-- wp:jgu\/contact-card {\"name\":\"Antonia Fendt, M.A.\",\"avatar\":{\"id\":12708,\"url\":null,\"credit\":\"\"}} -->\n<!-- wp:jgu\/list-item {\"title\":\"\\u003cstrong\\u003eResearch Project: KOSTIMA\\u003c\/strong\\u003e\",\"uuid\":\"1732632794003\",\"link\":{\"url\":null}} \/-->\n\n<!-- wp:jgu\/list-item {\"icon\":\"envelope-solid\",\"title\":\"\\u003ca href=\\u0022mailto:a.fendt@ub.uni-mainz.de\\u0022\\u003ea.fendt@ub.uni-mainz.de\\u003c\/a\\u003e\",\"uuid\":\"1732632994582\",\"link\":{\"url\":\"mailto:a.fendt@ub.uni-mainz.de\"}} \/-->\n\n<!-- wp:jgu\/list-item {\"icon\":\"phone-solid\",\"title\":\"\\u003ca href=\\u0022tel:+4961313931343\\u0022 target=\\u0022_blank\\u0022 rel=\\u0022noreferrer noopener\\u0022\\u003e+49 6131 39-31343\\u003c\/a\\u003e\",\"uuid\":\"1744713121472\",\"link\":{\"url\":\"tel:+4961313931343\"}} \/-->\n\n<!-- wp:jgu\/list-item {\"icon\":\"external-link-alt-solid\",\"title\":\"\\u003ca href=\\u0022https:\/\/www.ifeas.uni-mainz.de\/fendt\/\\u0022 data-type=\\u0022page\\u0022 data-id=\\u002216361\\u0022\\u003eProfile page\\u003c\/a\\u003e\",\"uuid\":\"1732633157993\",\"link\":{\"url\":\"https:\/\/www.ifeas.uni-mainz.de\/fendt\/\"}} \/-->\n<!-- \/wp:jgu\/contact-card -->\n\n<!-- wp:jgu\/contact-card {\"name\":\"Marion Grimberg, M.A.\",\"avatar\":{\"id\":15794,\"url\":null}} -->\n<!-- wp:jgu\/list-item {\"title\":\"\\u003cstrong\\u003eResearch Project: Colour-Based Human Differentiation\\u003c\/strong\\u003e\\u003cstrong\\u003e \\u003c\/strong\\u003e\",\"uuid\":\"1732632794003\",\"link\":{\"url\":null}} \/-->\n\n<!-- wp:jgu\/list-item {\"icon\":\"envelope-solid\",\"title\":\"\\u003ca href=\\u0022mailto:mgrimber@uni-mainz.de\\u0022\\u003emgrimber@uni-mainz.de\\u003c\/a\\u003e\",\"uuid\":\"1732632994582\",\"link\":{\"url\":\"mailto:mgrimber@uni-mainz.de\"}} \/-->\n\n<!-- wp:jgu\/list-item {\"icon\":\"phone-solid\",\"title\":\"\\u003ca href=\\u0022tel:+4961313927442\\u0022 target=\\u0022_blank\\u0022 rel=\\u0022noreferrer noopener\\u0022\\u003e+49 6131 39-27442\\u003c\/a\\u003e\",\"uuid\":\"1732633092473\",\"link\":{\"url\":\"tel:+4961313927442\"}} \/-->\n\n<!-- wp:jgu\/list-item {\"icon\":\"external-link-alt-solid\",\"title\":\"\\u003ca href=\\u0022https:\/\/www.ifeas.uni-mainz.de\/marion-grimberg\/\\u0022 data-type=\\u0022page\\u0022 data-id=\\u002215518\\u0022\\u003eProfile page\\u003c\/a\\u003e\",\"uuid\":\"1732633157993\",\"link\":{\"url\":\"https:\/\/www.ifeas.uni-mainz.de\/marion-grimberg\/\"}} \/-->\n<!-- \/wp:jgu\/contact-card -->\n\n<!-- wp:jgu\/contact-card {\"name\":\"Elena Hern\u00e1ndez, M.A.\",\"avatar\":{\"id\":11721,\"url\":null}} -->\n<!-- wp:jgu\/list-item {\"title\":\"\\u003cstrong\\u003eResearch Project: Aid Providers and Recipients of Aid\\u003c\/strong\\u003e\\u003cstrong\\u003e \\u003c\/strong\\u003e\",\"uuid\":\"1732632794003\",\"link\":{\"url\":null}} \/-->\n\n<!-- wp:jgu\/list-item {\"icon\":\"envelope-solid\",\"title\":\"\\u003ca href=\\u0022mailto:ehernnde@uni-mainz.de\\u0022\\u003eehernnde@uni-mainz.de\\u003c\/a\\u003e\",\"uuid\":\"1732632994582\",\"link\":{\"url\":\"mailto:ehernnde@uni-mainz.de\"}} \/-->\n\n<!-- wp:jgu\/list-item {\"icon\":\"phone-solid\",\"title\":\"\\u003ca href=\\u0022tel:+4961313923730\\u0022 target=\\u0022_blank\\u0022 rel=\\u0022noreferrer noopener\\u0022\\u003e+49 6131 39-23730\\u003c\/a\\u003e\",\"uuid\":\"1732633092473\",\"link\":{\"url\":\"tel:+4961313923730\"}} \/-->\n\n<!-- wp:jgu\/list-item {\"icon\":\"external-link-alt-solid\",\"title\":\"\\u003ca href=\\u0022https:\/\/www.ifeas.uni-mainz.de\/hernandez\/\\u0022 data-type=\\u0022page\\u0022 data-id=\\u002216052\\u0022\\u003eProfile page\\u003c\/a\\u003e\",\"uuid\":\"1732633157993\",\"link\":{\"url\":\"https:\/\/www.ifeas.uni-mainz.de\/hernandez\/\"}} \/-->\n<!-- \/wp:jgu\/contact-card -->\n\n<!-- wp:jgu\/contact-card {\"name\":\"Christopher Hohl, M.A.\",\"avatar\":{\"id\":15800,\"url\":null}} -->\n<!-- wp:jgu\/list-item {\"title\":\"\\u003cstrong\\u003eResearch Project: Colour-Based Human Differentiation \\u003c\/strong\\u003e\",\"uuid\":\"1702050773117\",\"link\":{\"url\":null}} \/-->\n\n<!-- wp:jgu\/list-item {\"icon\":\"envelope-solid\",\"title\":\"\\u003ca href=\\u0022mailto:chohl@uni-mainz.de\\u0022\\u003echohl@uni-mainz.de\\u003c\/a\\u003e\",\"uuid\":\"1699214817526\",\"link\":{\"url\":\"mailto:chohl@uni-mainz.de\"}} \/-->\n\n<!-- wp:jgu\/list-item {\"icon\":\"phone-solid\",\"title\":\"\\u003ca href=\\u0022tel:+4961313920584\\u0022 target=\\u0022_blank\\u0022 rel=\\u0022noreferrer noopener\\u0022\\u003e+49 6131 39-20584\\u003c\/a\\u003e\",\"uuid\":\"1702050887439\",\"link\":{\"url\":\"tel:+4961313920584\"}} \/-->\n\n<!-- wp:jgu\/list-item {\"icon\":\"external-link-alt-solid\",\"title\":\"\\u003ca href=\\u0022https:\/\/www.ifeas.uni-mainz.de\/christopher-hohl-m-a\/\\u0022 data-type=\\u0022page\\u0022 data-id=\\u002215578\\u0022\\u003eProfile page\\u003c\/a\\u003e\",\"uuid\":\"1728307753949\",\"link\":{\"url\":\"https:\/\/www.ifeas.uni-mainz.de\/christopher-hohl-m-a\/\"}} \/-->\n<!-- \/wp:jgu\/contact-card -->\n\n<!-- wp:jgu\/contact-card {\"name\":\"Dr. Bakar Abdul-Rashid Jeduah\",\"avatar\":{\"id\":16448,\"url\":null}} -->\n<!-- wp:jgu\/list-item {\"title\":\"\\u003cstrong\\u003eResearch Project: CEDITRAA \\u003c\/strong\\u003e\",\"uuid\":\"1702050773117\",\"link\":{\"url\":null}} \/-->\n\n<!-- wp:jgu\/list-item {\"icon\":\"envelope-solid\",\"title\":\"\\u003ca href=\\u0022mailto:jeduahra@uni-mainz.de\\u0022\\u003ejeduahra@uni-mainz.de\\u003c\/a\\u003e\",\"uuid\":\"1699214817526\",\"link\":{\"url\":\"mailto:jeduahra@uni-mainz.de\"}} \/-->\n\n<!-- wp:jgu\/list-item {\"icon\":\"phone-solid\",\"title\":\"\\u003ca href=\\u0022tel:+4961313924976\\u0022 target=\\u0022_blank\\u0022 rel=\\u0022noreferrer noopener\\u0022\\u003e+49 6131 39-24976\\u003c\/a\\u003e\",\"uuid\":\"1702050887439\",\"link\":{\"url\":\"tel:+4961313924976\"}} \/-->\n\n<!-- wp:jgu\/list-item {\"icon\":\"external-link-alt-solid\",\"title\":\"\\u003ca href=\\u0022https:\/\/www.ifeas.uni-mainz.de\/jeduah\/\\u0022 data-type=\\u0022page\\u0022 data-id=\\u002215944\\u0022\\u003eProfile page\\u003c\/a\\u003e\",\"uuid\":\"1728307753949\",\"link\":{\"url\":\"https:\/\/www.ifeas.uni-mainz.de\/jeduah\/\"}} \/-->\n<!-- \/wp:jgu\/contact-card -->\n\n<!-- wp:jgu\/contact-card {\"name\":\"Jan Knipping, M.A.\",\"avatar\":{\"id\":16469,\"url\":null,\"credit\":\"\"}} -->\n<!-- wp:jgu\/list-item {\"title\":\"\\u003cstrong\\u003eResearch Project: KOSTIMA\\u003c\/strong\\u003e\\u003cstrong\\u003e \\u003c\/strong\\u003e\",\"uuid\":\"1732632794003\",\"link\":{\"url\":null}} \/-->\n\n<!-- wp:jgu\/list-item {\"icon\":\"envelope-solid\",\"title\":\"\\u003ca href=\\u0022mailto:j.knipping@uni-mainz.de\\u0022\\u003ej.knipping@uni-mainz.de\\u003c\/a\\u003e\",\"uuid\":\"1732632994582\",\"link\":{\"url\":\"mailto:j.knipping@uni-mainz.de\"}} \/-->\n\n<!-- wp:jgu\/list-item {\"icon\":\"phone-solid\",\"title\":\"\\u003ca href=\\u0022tel:+4961313922779\\u0022 target=\\u0022_blank\\u0022 rel=\\u0022noreferrer noopener\\u0022\\u003e+49 6131 39-22779\\u003c\/a\\u003e\",\"uuid\":\"1732633092473\",\"link\":{\"url\":\"tel:+4961313922779\"}} \/-->\n\n<!-- wp:jgu\/list-item {\"icon\":\"external-link-alt-solid\",\"title\":\"\\u003ca href=\\u0022https:\/\/www.ifeas.uni-mainz.de\/jan-knipping-m-a\/\\u0022 data-type=\\u0022page\\u0022 data-id=\\u002216109\\u0022\\u003eProfile page\\u003c\/a\\u003e\",\"uuid\":\"1732633157993\",\"link\":{\"url\":\"https:\/\/www.ifeas.uni-mainz.de\/jan-knipping-m-a\/\"}} \/-->\n<!-- \/wp:jgu\/contact-card -->\n\n<!-- wp:jgu\/contact-card {\"name\":\"Dr. Katrin Langewiesche\",\"avatar\":{\"id\":12039,\"url\":null}} -->\n<!-- wp:jgu\/list-item {\"title\":\"\\u003cstrong\\u003eResearch Project: DivTradBF\\u003c\/strong\\u003e\\u003cstrong\\u003e \\u003c\/strong\\u003e\",\"uuid\":\"1732632794003\",\"link\":{\"url\":null}} \/-->\n\n<!-- wp:jgu\/list-item {\"icon\":\"envelope-solid\",\"title\":\"\\u003ca href=\\u0022mailto:langewie@uni-mainz.de\\u0022\\u003elangewie@uni-mainz.de\\u003c\/a\\u003e\",\"uuid\":\"1732632994582\",\"link\":{\"url\":\"mailto:langewie@uni-mainz.de\"}} \/-->\n\n<!-- wp:jgu\/list-item {\"icon\":\"phone-solid\",\"title\":\"\\u003ca href=\\u0022tel:+4961313922798\\u0022 target=\\u0022_blank\\u0022 rel=\\u0022noreferrer noopener\\u0022\\u003e+49 6131 39-22798\\u003c\/a\\u003e\",\"uuid\":\"1732633092473\",\"link\":{\"url\":\"tel:+4961313922798\"}} \/-->\n\n<!-- wp:jgu\/list-item {\"icon\":\"external-link-alt-solid\",\"title\":\"\\u003ca href=\\u0022https:\/\/www.ifeas.uni-mainz.de\/langewiesche\/\\u0022 data-type=\\u0022page\\u0022 data-id=\\u002220746\\u0022\\u003eProfile page\\u003c\/a\\u003e\",\"uuid\":\"1732633157993\",\"link\":{\"url\":\"https:\/\/www.ifeas.uni-mainz.de\/langewiesche\/\"}} \/-->\n<!-- \/wp:jgu\/contact-card -->\n\n<!-- wp:jgu\/contact-card {\"name\":\"Dr. Jeanett Martin\",\"avatar\":{\"id\":19359,\"url\":null}} -->\n<!-- wp:jgu\/list-item {\"title\":\"\\u003cstrong\\u003eResearch Project: African traders' agency on global cloth markets\\u003c\/strong\\u003e\",\"uuid\":\"1732632794003\",\"link\":{\"url\":null}} \/-->\n\n<!-- wp:jgu\/list-item {\"icon\":\"envelope-solid\",\"title\":\"\\u003ca href=\\u0022mailto:jemartin@uni-mainz.de\\u0022\\u003ejemartin@uni-mainz.de\\u003c\/a\\u003e\",\"uuid\":\"1732632994582\",\"link\":{\"url\":\"mailto:jemartin@uni-mainz.de\"}} \/-->\n\n<!-- wp:jgu\/list-item {\"icon\":\"external-link-alt-solid\",\"title\":\"\\u003ca href=\\u0022https:\/\/www.ifeas.uni-mainz.de\/martin\/\\u0022 data-type=\\u0022page\\u0022 data-id=\\u002219353\\u0022\\u003eProfile page\\u003c\/a\\u003e\",\"uuid\":\"1732633157993\",\"link\":{\"url\":\"https:\/\/www.ifeas.uni-mainz.de\/martin\/\"}} \/-->\n<!-- \/wp:jgu\/contact-card -->\n\n<!-- wp:jgu\/contact-card {\"name\":\"Theresa Mentrup, M.A.\",\"avatar\":{\"id\":12051,\"url\":null}} -->\n<!-- wp:jgu\/list-item {\"title\":\"\\u003cstrong\\u003eResearch Project: The Administration of Loss\\u003c\/strong\\u003e\\u003cstrong\\u003e \\u003c\/strong\\u003e\",\"uuid\":\"1732632794003\",\"link\":{\"url\":null}} \/-->\n\n<!-- wp:jgu\/list-item {\"icon\":\"envelope-solid\",\"title\":\"\\u003ca href=\\u0022mailto:tmentrup@uni-mainz.de\\u0022\\u003etmentrup@uni-mainz.de\\u003c\/a\\u003e\",\"uuid\":\"1732632994582\",\"link\":{\"url\":\"mailto:tmentrup@uni-mainz.de\"}} \/-->\n\n<!-- wp:jgu\/list-item {\"icon\":\"phone-solid\",\"title\":\"\\u003ca href=\\u0022tel:+4961313936077\\u0022 target=\\u0022_blank\\u0022 rel=\\u0022noreferrer noopener\\u0022\\u003e+49 6131 39-36077\\u003c\/a\\u003e\",\"uuid\":\"1732633092473\",\"link\":{\"url\":\"tel:+4961313936077\"}} \/-->\n\n<!-- wp:jgu\/list-item {\"icon\":\"external-link-alt-solid\",\"title\":\"\\u003ca href=\\u0022https:\/\/www.ifeas.uni-mainz.de\/theresa-mentrup-m-a\/\\u0022 data-type=\\u0022page\\u0022 data-id=\\u002216148\\u0022\\u003eProfile page\\u003c\/a\\u003e\",\"uuid\":\"1732633157993\",\"link\":{\"url\":\"https:\/\/www.ifeas.uni-mainz.de\/theresa-mentrup-m-a\/\"}} \/-->\n<!-- \/wp:jgu\/contact-card -->\n\n<!-- wp:jgu\/contact-card {\"name\":\"Elena Reichl, M.A.\",\"avatar\":{\"id\":15806,\"url\":null}} -->\n<!-- wp:jgu\/list-item {\"title\":\"\\u003cstrong\\u003eResearch Project: Aid Providers and Recipients of Aid\\u003c\/strong\\u003e\\u003cstrong\\u003e \\u003c\/strong\\u003e\",\"uuid\":\"1732632794003\",\"link\":{\"url\":null}} \/-->\n\n<!-- wp:jgu\/list-item {\"icon\":\"envelope-solid\",\"title\":\"\\u003ca href=\\u0022mailto:elreichl@uni-mainz.de\\u0022\\u003eelreichl@uni-mainz.de\\u003c\/a\\u003e\",\"uuid\":\"1732632994582\",\"link\":{\"url\":\"mailto:elreichl@uni-mainz.de\"}} \/-->\n\n<!-- wp:jgu\/list-item {\"icon\":\"phone-solid\",\"title\":\"\\u003ca href=\\u0022tel:+4961313923730\\u0022 target=\\u0022_blank\\u0022 rel=\\u0022noreferrer noopener\\u0022\\u003e+49 6131 39-23730\\u003c\/a\\u003e\",\"uuid\":\"1732633092473\",\"link\":{\"url\":\"tel:+4961313923730\"}} \/-->\n\n<!-- wp:jgu\/list-item {\"icon\":\"external-link-alt-solid\",\"title\":\"\\u003ca href=\\u0022https:\/\/www.ifeas.uni-mainz.de\/elena-reichl-b-a\/\\u0022 data-type=\\u0022page\\u0022 data-id=\\u002215821\\u0022\\u003eProfile page\\u003c\/a\\u003e\",\"uuid\":\"1732633157993\",\"link\":{\"url\":\"https:\/\/www.ifeas.uni-mainz.de\/elena-reichl-b-a\/\"}} \/-->\n<!-- \/wp:jgu\/contact-card -->\n\n<!-- wp:jgu\/contact-card {\"name\":\"Artemis Saleh, M.A.\",\"avatar\":{\"id\":12069,\"url\":null}} -->\n<!-- wp:jgu\/list-item {\"title\":\"\\u003cstrong\\u003eResearch Project: CEDITRAA\\u003c\/strong\\u003e\",\"uuid\":\"1732632794003\",\"link\":{\"url\":null}} \/-->\n\n<!-- wp:jgu\/list-item {\"icon\":\"envelope-solid\",\"title\":\"\\u003ca href=\\u0022mailto:asaleh@uni-mainz.de\\u0022\\u003easaleh@uni-mainz.de\\u003c\/a\\u003e\",\"uuid\":\"1732632994582\",\"link\":{\"url\":\"mailto:asaleh@uni-mainz.de\"}} \/-->\n\n<!-- wp:jgu\/list-item {\"icon\":\"phone-solid\",\"title\":\"\\u003ca href=\\u0022tel:+4961313924968\\u0022 target=\\u0022_blank\\u0022 rel=\\u0022noreferrer noopener\\u0022\\u003e+49 6131 39-24968\\u003c\/a\\u003e\",\"uuid\":\"1738914877756\",\"link\":{\"url\":\"tel:+4961313924968\"}} \/-->\n\n<!-- wp:jgu\/list-item {\"icon\":\"external-link-alt-solid\",\"title\":\"\\u003ca href=\\u0022https:\/\/www.ifeas.uni-mainz.de\/artemis-saleh-m-a\/\\u0022 data-type=\\u0022page\\u0022 data-id=\\u002220605\\u0022\\u003eProfile page\\u003c\/a\\u003e\",\"uuid\":\"1732633157993\",\"link\":{\"url\":\"https:\/\/www.ifeas.uni-mainz.de\/artemis-saleh-m-a\/\"}} \/-->\n<!-- \/wp:jgu\/contact-card -->\n\n<!-- wp:jgu\/contact-card {\"name\":\"Dr. Tom Simmert\",\"avatar\":{\"id\":12075,\"url\":null}} -->\n<!-- wp:jgu\/list-item {\"title\":\"\\u003cstrong\\u003eResearch Project: CEDITRAA\\u003c\/strong\\u003e\",\"uuid\":\"1732632794003\",\"link\":{\"url\":null}} \/-->\n\n<!-- wp:jgu\/list-item {\"icon\":\"envelope-solid\",\"title\":\"\\u003ca href=\\u0022mailto:tsimmert@uni-mainz.de\\u0022\\u003etsimmert@uni-mainz.de\\u003c\/a\\u003e\",\"uuid\":\"1732632994582\",\"link\":{\"url\":\"mailto:tsimmert@uni-mainz.de\"}} \/-->\n\n<!-- wp:jgu\/list-item {\"icon\":\"phone-solid\",\"title\":\"\\u003ca href=\\u0022tel:+4961313920640\\u0022 target=\\u0022_blank\\u0022 rel=\\u0022noreferrer noopener\\u0022\\u003e+49 6131 39-20640\\u003c\/a\\u003e\",\"uuid\":\"1738914877756\",\"link\":{\"url\":\"tel:+4961313920640\"}} \/-->\n\n<!-- wp:jgu\/list-item {\"icon\":\"external-link-alt-solid\",\"title\":\"\\u003ca href=\\u0022https:\/\/www.ifeas.uni-mainz.de\/tom-simmert-m-a\/\\u0022 data-type=\\u0022page\\u0022 data-id=\\u002216010\\u0022\\u003eProfile page\\u003c\/a\\u003e\",\"uuid\":\"1732633157993\",\"link\":{\"url\":\"https:\/\/www.ifeas.uni-mainz.de\/tom-simmert-m-a\/\"}} \/-->\n<!-- \/wp:jgu\/contact-card -->\n\n<!-- wp:jgu\/contact-card {\"name\":\"Dr. Iain Walker\",\"avatar\":{\"id\":21831,\"url\":null}} -->\n<!-- wp:jgu\/list-item {\"title\":\"\\u003cstrong\\u003eResearch Project: Mila na ntsi and la d\u00e9mocratie: Custom and modernity in the Comoro Islands\\u003c\/strong\\u003e\",\"uuid\":\"1732632794003\",\"link\":{\"url\":null}} \/-->\n\n<!-- wp:jgu\/list-item {\"icon\":\"envelope-solid\",\"title\":\"\\u003ca href=\\u0022mailto:walkeria@uni-mainz.de\\u0022\\u003ewalkeria@uni-mainz.de\\u003c\/a\\u003e\",\"uuid\":\"1732632994582\",\"link\":{\"url\":\"mailto:walkeria@uni-mainz.de\"}} \/-->\n\n<!-- wp:jgu\/list-item {\"icon\":\"phone-solid\",\"title\":\"\\u003ca href=\\u0022tel:+4961313932867\\u0022 target=\\u0022_blank\\u0022 rel=\\u0022noreferrer noopener\\u0022\\u003e+49 6131 39-32867\\u003c\/a\\u003e\",\"uuid\":\"1738914877756\",\"link\":{\"url\":\"tel:+4961313932867\"}} \/-->\n\n<!-- wp:jgu\/list-item {\"icon\":\"external-link-alt-solid\",\"title\":\"\\u003ca href=\\u0022https:\/\/www.ifeas.uni-mainz.de\/profil-iain-walker\/\\u0022 data-type=\\u0022page\\u0022 data-id=\\u002216010\\u0022\\u003eProfile page\\u003c\/a\\u003e\",\"uuid\":\"1732633157993\",\"link\":{\"url\":\"https:\/\/www.ifeas.uni-mainz.de\/profil-iain-walker\/\"}} \/-->\n<!-- \/wp:jgu\/contact-card -->\n\n<!-- wp:jgu\/contact-card {\"name\":\"Deborah Wockelmann, M.A.\",\"avatar\":{\"id\":12081,\"url\":null,\"credit\":\"\"}} -->\n<!-- wp:jgu\/list-item {\"title\":\"\\u003cstrong\\u003eResearch Project: Contouring and Blurring of Linguistic Human Differentiation \\u003c\/strong\\u003e\",\"uuid\":\"1702050773117\",\"link\":{\"url\":null}} \/-->\n\n<!-- wp:jgu\/list-item {\"icon\":\"envelope-solid\",\"title\":\"\\u003ca href=\\u0022mailto:wockelmann@uni-mainz.de\\u0022\\u003ewockelmann@uni-mainz.de\\u003c\/a\\u003e\",\"uuid\":\"1699214817526\",\"link\":{\"url\":\"mailto:wockelmann@uni-mainz.de\"}} \/-->\n\n<!-- wp:jgu\/list-item {\"icon\":\"external-link-alt-solid\",\"title\":\"\\u003ca href=\\u0022https:\/\/www.ifeas.uni-mainz.de\/wockelmann\/\\u0022 data-type=\\u0022page\\u0022 data-id=\\u002220583\\u0022\\u003eProfile page\\u003c\/a\\u003e\",\"uuid\":\"1728307753949\",\"link\":{\"url\":\"https:\/\/www.ifeas.uni-mainz.de\/wockelmann\/\"}} \/-->\n<!-- \/wp:jgu\/contact-card -->\n<!-- \/wp:jgu\/slider -->\n<!-- \/wp:jgu\/accordion-item -->\n\n<!-- wp:jgu\/accordion-item {\"title\":\"Doctoral Candidates\",\"init\":false,\"slug\":\"doctoral-candidates\"} -->\n<!-- wp:jgu\/slider {\"perPage\":5,\"slidesCount\":23,\"responsiveSettings\":{\"mobile\":{\"perPage\":1,\"arrows\":true,\"pagination\":false,\"width\":\"100%\"},\"tablet\":{\"perPage\":2,\"arrows\":true,\"pagination\":false,\"width\":\"100%\"},\"desktop\":{\"perPage\":3,\"arrows\":true,\"pagination\":false,\"width\":\"100%\"},\"desktop-xl\":{\"perPage\":5,\"arrows\":true,\"pagination\":false,\"width\":\"100%\"}}} -->\n<!-- wp:jgu\/contact-card {\"name\":\"Katja Bruchh\u00e4user, M.A.\",\"avatar\":{\"id\":12207,\"url\":null,\"credit\":\"\"}} -->\n<!-- wp:jgu\/list-item {\"title\":\"\\u003cstrong\\u003eResearch Project: Clothing as an Expression of Communication\\u003c\/strong\\u003e\",\"uuid\":\"1732632794003\",\"link\":{\"url\":null}} \/-->\n\n<!-- wp:jgu\/list-item {\"icon\":\"envelope-solid\",\"title\":\"\\u003ca href=\\u0022mailto:k.bruchhaeuser@gmx.de\\u0022\\u003ek.bruchhaeuser@gmx.de\\u003c\/a\\u003e\",\"uuid\":\"1732632994582\",\"link\":{\"url\":\"mailto:k.bruchhaeuser@gmx.de\"}} \/-->\n\n<!-- wp:jgu\/list-item {\"icon\":\"external-link-alt-solid\",\"title\":\"\\u003ca href=\\u0022https:\/\/www.ifeas.uni-mainz.de\/bruchhaeuser\/\\u0022 data-type=\\u0022page\\u0022 data-id=\\u002220739\\u0022\\u003eProfile page\\u003c\/a\\u003e\",\"uuid\":\"1732633157993\",\"link\":{\"url\":\"https:\/\/www.ifeas.uni-mainz.de\/bruchhaeuser\/\"}} \/-->\n<!-- \/wp:jgu\/contact-card -->\n\n<!-- wp:jgu\/contact-card {\"align\":\"\",\"name\":\"Melda Demir, M.A.\",\"avatar\":{\"id\":24558,\"url\":null}} -->\n<!-- wp:jgu\/list-item {\"title\":\"\\u003cstrong\\u003eResearch Project: Feminist Commoning among Female Seaweed Farmers in North-Eastern Zanzibar \\u003c\/strong\\u003e\",\"uuid\":\"1738741777878\",\"link\":{\"url\":null}} \/-->\n\n<!-- wp:jgu\/list-item {\"icon\":\"envelope-solid\",\"title\":\"\\u003ca href=\\u0022mailto:medemir@uni-mainz.de\\u0022\\u003emedemir@uni-mainz.de\\u003c\/a\\u003e\",\"uuid\":\"1702288670976\",\"link\":{\"url\":\"mailto:medemir@uni-mainz.de\"}} \/-->\n\n<!-- wp:jgu\/list-item {\"icon\":\"external-link-alt-solid\",\"title\":\"\\u003ca href=\\u0022https:\/\/www.ifeas.uni-mainz.de\/demir\/\\u0022 data-type=\\u0022page\\u0022 data-id=\\u002216985\\u0022\\u003eProfile page\\u003c\/a\\u003e\",\"uuid\":\"1738831583019\",\"link\":{\"url\":\"https:\/\/www.ifeas.uni-mainz.de\/demir\/\"}} \/-->\n<!-- \/wp:jgu\/contact-card -->\n\n<!-- wp:jgu\/contact-card {\"align\":\"\",\"name\":\"Corinna Angela Di Stefano, Dipl.-Regionalwiss.\",\"avatar\":{\"id\":10680,\"url\":null}} -->\n<!-- wp:jgu\/list-item {\"title\":\"\\u003cstrong\\u003eResearch Project: Human Mobilities and EU Borders in the Lesser Antilles \\u003c\/strong\\u003e\",\"uuid\":\"1738741777878\",\"link\":{\"url\":null}} \/-->\n\n<!-- wp:jgu\/list-item {\"icon\":\"envelope-solid\",\"title\":\"\\u003ca href=\\u0022mailto:cdistefa@uni-mainz.de\\u0022\\u003ecdistefa@uni-mainz.de\\u003c\/a\\u003e\",\"uuid\":\"1702288670976\",\"link\":{\"url\":\"mailto:cdistefa@uni-mainz.de\"}} \/-->\n\n<!-- wp:jgu\/list-item {\"icon\":\"external-link-alt-solid\",\"title\":\"\\u003ca href=\\u0022https:\/\/www.ifeas.uni-mainz.de\/corinna-angela-di-stefano-m-a\/\\u0022 data-type=\\u0022page\\u0022 data-id=\\u002216985\\u0022\\u003eProfile page\\u003c\/a\\u003e\",\"uuid\":\"1738831583019\",\"link\":{\"url\":\"https:\/\/www.ifeas.uni-mainz.de\/corinna-angela-di-stefano-m-a\/\"}} \/-->\n<!-- \/wp:jgu\/contact-card -->\n\n<!-- wp:jgu\/contact-card {\"name\":\"Silvia Abru Enow, M.A.\",\"avatar\":{\"id\":14861,\"url\":null,\"credit\":\"\"}} -->\n<!-- wp:jgu\/list-item {\"title\":\"\\u003cstrong\\u003eResearch Project: The influence of the fashion industry on African hairstyles\\u003c\/strong\\u003e\",\"uuid\":\"1732632794003\",\"link\":{\"url\":null}} \/-->\n\n<!-- wp:jgu\/list-item {\"icon\":\"envelope-solid\",\"title\":\"\\u003ca href=\\u0022mailto:abrusilvi@gmail.com\\u0022\\u003eabrusilvi@gmail.com\\u003c\/a\\u003e\",\"uuid\":\"1732632994582\",\"link\":{\"url\":\"mailto:abrusilvi@gmail.com\"}} \/-->\n\n<!-- wp:jgu\/list-item {\"icon\":\"external-link-alt-solid\",\"title\":\"\\u003ca href=\\u0022https:\/\/www.ifeas.uni-mainz.de\/enow\/\\u0022 data-type=\\u0022page\\u0022 data-id=\\u002214813\\u0022\\u003eProfile page\\u003c\/a\\u003e\",\"uuid\":\"1732633157993\",\"link\":{\"url\":\"https:\/\/www.ifeas.uni-mainz.de\/enow\/\"}} \/-->\n<!-- \/wp:jgu\/contact-card -->\n\n<!-- wp:jgu\/contact-card {\"name\":\"Antonia Fendt, M.A.\",\"avatar\":{\"id\":12708,\"url\":null,\"credit\":\"\"}} -->\n<!-- wp:jgu\/list-item {\"title\":\"\\u003cstrong\\u003eResearch Project: KOSTIMA\\u003c\/strong\\u003e\",\"uuid\":\"1732632794003\",\"link\":{\"url\":null}} \/-->\n\n<!-- wp:jgu\/list-item {\"icon\":\"envelope-solid\",\"title\":\"\\u003ca href=\\u0022mailto:a.fendt@ub.uni-mainz.de\\u0022\\u003ea.fendt@ub.uni-mainz.de\\u003c\/a\\u003e\",\"uuid\":\"1732632994582\",\"link\":{\"url\":\"mailto:a.fendt@ub.uni-mainz.de\"}} \/-->\n\n<!-- wp:jgu\/list-item {\"icon\":\"phone-solid\",\"title\":\"\\u003ca href=\\u0022tel:+4961313931343\\u0022 target=\\u0022_blank\\u0022 rel=\\u0022noreferrer noopener\\u0022\\u003e+49 6131 39-31343\\u003c\/a\\u003e\",\"uuid\":\"1744713121472\",\"link\":{\"url\":\"tel:+4961313931343\"}} \/-->\n\n<!-- wp:jgu\/list-item {\"icon\":\"external-link-alt-solid\",\"title\":\"\\u003ca href=\\u0022https:\/\/www.ifeas.uni-mainz.de\/fendt\/\\u0022 data-type=\\u0022page\\u0022 data-id=\\u002216361\\u0022\\u003eProfile page\\u003c\/a\\u003e\",\"uuid\":\"1732633157993\",\"link\":{\"url\":\"https:\/\/www.ifeas.uni-mainz.de\/fendt\/\"}} \/-->\n<!-- \/wp:jgu\/contact-card -->\n\n<!-- wp:jgu\/contact-card {\"name\":\"Janis Geschke, M.Sc.\",\"avatar\":{\"id\":10689,\"url\":null}} -->\n<!-- wp:jgu\/list-item {\"title\":\"\\u003cstrong\\u003eResearch Project: On the permeability and cementation of national borders\\u003c\/strong\\u003e\",\"uuid\":\"1699374929552\",\"link\":{\"url\":null}} \/-->\n\n<!-- wp:jgu\/list-item {\"icon\":\"envelope-solid\",\"title\":\"\\u003ca href=\\u0022mailto:jgeschke@uni-mainz.de\\u0022\\u003ejgeschke@uni-mainz.de\\u003c\/a\\u003e\",\"uuid\":\"1702052810510\",\"link\":{\"url\":\"mailto:jgeschke@uni-mainz.de\"}} \/-->\n\n<!-- wp:jgu\/list-item {\"icon\":\"external-link-alt-solid\",\"title\":\"\\u003ca href=\\u0022https:\/\/www.ifeas.uni-mainz.de\/janis-geschke-m-sc\/\\u0022 data-type=\\u0022page\\u0022 data-id=\\u002220722\\u0022\\u003eProfile page\\u003c\/a\\u003e\",\"uuid\":\"1738840824468\",\"link\":{\"url\":\"https:\/\/www.ifeas.uni-mainz.de\/janis-geschke-m-sc\/\"}} \/-->\n<!-- \/wp:jgu\/contact-card -->\n\n<!-- wp:jgu\/contact-card {\"name\":\"Marion Grimberg, M.A.\",\"avatar\":{\"id\":15812,\"url\":null}} -->\n<!-- wp:jgu\/list-item {\"title\":\"\\u003cstrong\\u003eResearch Project: Melanin Matters\\u003c\/strong\\u003e\\u003cstrong\\u003e \\u003c\/strong\\u003e\",\"uuid\":\"1732632794003\",\"link\":{\"url\":null}} \/-->\n\n<!-- wp:jgu\/list-item {\"icon\":\"envelope-solid\",\"title\":\"\\u003ca href=\\u0022mailto:mgrimber@uni-mainz.de\\u0022\\u003emgrimber@uni-mainz.de\\u003c\/a\\u003e\",\"uuid\":\"1732632994582\",\"link\":{\"url\":\"mailto:mgrimber@uni-mainz.de\"}} \/-->\n\n<!-- wp:jgu\/list-item {\"icon\":\"phone-solid\",\"title\":\"\\u003ca href=\\u0022tel:+4961313927442\\u0022 target=\\u0022_blank\\u0022 rel=\\u0022noreferrer noopener\\u0022\\u003e+49 6131 39-27442\\u003c\/a\\u003e\",\"uuid\":\"1732633092473\",\"link\":{\"url\":\"tel:+4961313927442\"}} \/-->\n\n<!-- wp:jgu\/list-item {\"icon\":\"external-link-alt-solid\",\"title\":\"\\u003ca href=\\u0022https:\/\/www.ifeas.uni-mainz.de\/marion-grimberg\/\\u0022 data-type=\\u0022page\\u0022 data-id=\\u002215518\\u0022\\u003eProfile page\\u003c\/a\\u003e\",\"uuid\":\"1732633157993\",\"link\":{\"url\":\"https:\/\/www.ifeas.uni-mainz.de\/marion-grimberg\/\"}} \/-->\n<!-- \/wp:jgu\/contact-card -->\n\n<!-- wp:jgu\/contact-card {\"name\":\"Tesfahun Haddis Hailu, M.A.\",\"avatar\":{\"id\":12195,\"url\":null}} -->\n<!-- wp:jgu\/list-item {\"title\":\"\\u003cstrong\\u003eResearch Project: Farming on the Edge \\u003c\/strong\\u003e\",\"uuid\":\"1702050773117\",\"link\":{\"url\":null}} \/-->\n\n<!-- wp:jgu\/list-item {\"icon\":\"envelope-solid\",\"title\":\"\\u003ca href=\\u0022mailto:thailu@students.uni-mainz.de\\u0022\\u003ethailu@students.uni-mainz.de\\u003c\/a\\u003e\",\"uuid\":\"1699214817526\",\"link\":{\"url\":\"mailto:thailu@students.uni-mainz.de\"}} \/-->\n\n<!-- wp:jgu\/list-item {\"icon\":\"external-link-alt-solid\",\"title\":\"\\u003ca href=\\u0022https:\/\/www.ifeas.uni-mainz.de\/tesfahun\/\\u0022 data-type=\\u0022page\\u0022 data-id=\\u002220700\\u0022\\u003eProfile page\\u003c\/a\\u003e\",\"uuid\":\"1728307753949\",\"link\":{\"url\":\"https:\/\/www.ifeas.uni-mainz.de\/tesfahun\/\"}} \/-->\n<!-- \/wp:jgu\/contact-card -->\n\n<!-- wp:jgu\/contact-card {\"name\":\"Elena Hern\u00e1ndez, M.A.\",\"avatar\":{\"id\":11721,\"url\":null}} -->\n<!-- wp:jgu\/list-item {\"title\":\"\\u003cstrong\\u003eResearch Project: Aid Providers and Recipients of Aid\\u003c\/strong\\u003e\\u003cstrong\\u003e \\u003c\/strong\\u003e\",\"uuid\":\"1732632794003\",\"link\":{\"url\":null}} \/-->\n\n<!-- wp:jgu\/list-item {\"icon\":\"envelope-solid\",\"title\":\"\\u003ca href=\\u0022mailto:ehernnde@uni-mainz.de\\u0022\\u003eehernnde@uni-mainz.de\\u003c\/a\\u003e\",\"uuid\":\"1732632994582\",\"link\":{\"url\":\"mailto:ehernnde@uni-mainz.de\"}} \/-->\n\n<!-- wp:jgu\/list-item {\"icon\":\"phone-solid\",\"title\":\"\\u003ca href=\\u0022tel:+4961313923730\\u0022 target=\\u0022_blank\\u0022 rel=\\u0022noreferrer noopener\\u0022\\u003e+49 6131 39-23730\\u003c\/a\\u003e\",\"uuid\":\"1732633092473\",\"link\":{\"url\":\"tel:+4961313923730\"}} \/-->\n\n<!-- wp:jgu\/list-item {\"icon\":\"external-link-alt-solid\",\"title\":\"\\u003ca href=\\u0022https:\/\/www.ifeas.uni-mainz.de\/hernandez\/\\u0022 data-type=\\u0022page\\u0022 data-id=\\u002216052\\u0022\\u003eProfile page\\u003c\/a\\u003e\",\"uuid\":\"1732633157993\",\"link\":{\"url\":\"https:\/\/www.ifeas.uni-mainz.de\/hernandez\/\"}} \/-->\n<!-- \/wp:jgu\/contact-card -->\n\n<!-- wp:jgu\/contact-card {\"name\":\"Christopher Hohl, M.A.\",\"avatar\":{\"id\":16478,\"url\":null}} -->\n<!-- wp:jgu\/list-item {\"title\":\"\\u003cstrong\\u003eResearch Project: The Other White Body in Past and Present \\u003c\/strong\\u003e\",\"uuid\":\"1702050773117\",\"link\":{\"url\":null}} \/-->\n\n<!-- wp:jgu\/list-item {\"icon\":\"envelope-solid\",\"title\":\"\\u003ca href=\\u0022mailto:chohl@uni-mainz.de\\u0022\\u003echohl@uni-mainz.de\\u003c\/a\\u003e\",\"uuid\":\"1699214817526\",\"link\":{\"url\":\"mailto:chohl@uni-mainz.de\"}} \/-->\n\n<!-- wp:jgu\/list-item {\"icon\":\"phone-solid\",\"title\":\"\\u003ca href=\\u0022tel:+4961313920584\\u0022 target=\\u0022_blank\\u0022 rel=\\u0022noreferrer noopener\\u0022\\u003e+49 6131 39-20584\\u003c\/a\\u003e\",\"uuid\":\"1702050887439\",\"link\":{\"url\":\"tel:+4961313920584\"}} \/-->\n\n<!-- wp:jgu\/list-item {\"icon\":\"external-link-alt-solid\",\"title\":\"\\u003ca href=\\u0022https:\/\/www.ifeas.uni-mainz.de\/christopher-hohl-m-a\/\\u0022 data-type=\\u0022page\\u0022 data-id=\\u002215578\\u0022\\u003eProfile page\\u003c\/a\\u003e\",\"uuid\":\"1728307753949\",\"link\":{\"url\":\"https:\/\/www.ifeas.uni-mainz.de\/christopher-hohl-m-a\/\"}} \/-->\n<!-- \/wp:jgu\/contact-card -->\n\n<!-- wp:jgu\/contact-card {\"name\":\"Daniel J\u00e1kli, M.A.\",\"avatar\":{\"id\":12183,\"url\":null,\"credit\":\"\"}} -->\n<!-- wp:jgu\/list-item {\"title\":\"\\u003cstrong\\u003eResearch Project: The Sound of Freedom\\u003c\/strong\\u003e\\u003cstrong\\u003e \\u003c\/strong\\u003e\",\"uuid\":\"1732632794003\",\"link\":{\"url\":null}} \/-->\n\n<!-- wp:jgu\/list-item {\"icon\":\"envelope-solid\",\"title\":\"\\u003ca href=\\u0022mailto:djkli@uni-mainz.de\\u0022\\u003edjkli@uni-mainz.de\\u003c\/a\\u003e\",\"uuid\":\"1732632994582\",\"link\":{\"url\":\"mailto:djkli@uni-mainz.de\"}} \/-->\n\n<!-- wp:jgu\/list-item {\"icon\":\"phone-solid\",\"title\":\"\\u003ca href=\\u0022tel:+4961313920792\\u0022 target=\\u0022_blank\\u0022 rel=\\u0022noreferrer noopener\\u0022\\u003e+49 6131 39-20792\\u003c\/a\\u003e\",\"uuid\":\"1732633092473\",\"link\":{\"url\":\"tel:+4961313920792\"}} \/-->\n\n<!-- wp:jgu\/list-item {\"icon\":\"external-link-alt-solid\",\"title\":\"\\u003ca href=\\u0022https:\/\/www.ifeas.uni-mainz.de\/daniel-jakli-m-a\/\\u0022 data-type=\\u0022page\\u0022 data-id=\\u002220688\\u0022\\u003eProfile page\\u003c\/a\\u003e\",\"uuid\":\"1732633157993\",\"link\":{\"url\":\"https:\/\/www.ifeas.uni-mainz.de\/daniel-jakli-m-a\/\"}} \/-->\n<!-- \/wp:jgu\/contact-card -->\n\n<!-- wp:jgu\/contact-card {\"name\":\"Jan Knipping, M.A.\",\"avatar\":{\"id\":16469,\"url\":null,\"credit\":\"\"}} -->\n<!-- wp:jgu\/list-item {\"title\":\"\\u003cstrong\\u003eResearch Project: A semiotic study of drinks and drinking\\u003c\/strong\\u003e\\u003cstrong\\u003e \\u003c\/strong\\u003e\",\"uuid\":\"1732632794003\",\"link\":{\"url\":null}} \/-->\n\n<!-- wp:jgu\/list-item {\"icon\":\"envelope-solid\",\"title\":\"\\u003ca href=\\u0022mailto:j.knipping@uni-mainz.de\\u0022\\u003ej.knipping@uni-mainz.de\\u003c\/a\\u003e\",\"uuid\":\"1732632994582\",\"link\":{\"url\":\"mailto:j.knipping@uni-mainz.de\"}} \/-->\n\n<!-- wp:jgu\/list-item {\"icon\":\"phone-solid\",\"title\":\"\\u003ca href=\\u0022tel:+4961313922779\\u0022 target=\\u0022_blank\\u0022 rel=\\u0022noreferrer noopener\\u0022\\u003e+49 6131 39-22779\\u003c\/a\\u003e\",\"uuid\":\"1732633092473\",\"link\":{\"url\":\"tel:+4961313922779\"}} \/-->\n\n<!-- wp:jgu\/list-item {\"icon\":\"external-link-alt-solid\",\"title\":\"\\u003ca href=\\u0022https:\/\/www.ifeas.uni-mainz.de\/jan-knipping-m-a\/\\u0022 data-type=\\u0022page\\u0022 data-id=\\u002216109\\u0022\\u003eProfile page\\u003c\/a\\u003e\",\"uuid\":\"1732633157993\",\"link\":{\"url\":\"https:\/\/www.ifeas.uni-mainz.de\/jan-knipping-m-a\/\"}} \/-->\n<!-- \/wp:jgu\/contact-card -->\n\n<!-- wp:jgu\/contact-card {\"align\":\"\",\"name\":\"Janika Kunzmann, M.A.\",\"avatar\":{\"id\":12177,\"url\":null}} -->\n<!-- wp:jgu\/list-item {\"title\":\"\\u003cstrong\\u003eResearch Project: A grammar of Mbum\\u003c\/strong\\u003e\",\"uuid\":\"1738741777878\",\"link\":{\"url\":null}} \/-->\n\n<!-- wp:jgu\/list-item {\"icon\":\"envelope-solid\",\"title\":\"\\u003ca href=\\u0022mailto:jakunzma@uni-mainz.de\\u0022\\u003ejakunzma@uni-mainz.de\\u003c\/a\\u003e\",\"uuid\":\"1702288670976\",\"link\":{\"url\":\"mailto:jakunzma@uni-mainz.de\"}} \/-->\n\n<!-- wp:jgu\/list-item {\"icon\":\"external-link-alt-solid\",\"title\":\"\\u003ca href=\\u0022https:\/\/www.ifeas.uni-mainz.de\/kunzmann\/\\u0022 data-type=\\u0022page\\u0022 data-id=\\u002220667\\u0022\\u003eProfile page\\u003c\/a\\u003e\",\"uuid\":\"1738831583019\",\"link\":{\"url\":\"https:\/\/www.ifeas.uni-mainz.de\/kunzmann\/\"}} \/-->\n<!-- \/wp:jgu\/contact-card -->\n\n<!-- wp:jgu\/contact-card {\"name\":\"Theresa Mentrup, M.A.\",\"avatar\":{\"id\":12051,\"url\":null}} -->\n<!-- wp:jgu\/list-item {\"title\":\"\\u003cstrong\\u003eResearch Project: The Administration of Loss\\u003c\/strong\\u003e\\u003cstrong\\u003e \\u003c\/strong\\u003e\",\"uuid\":\"1732632794003\",\"link\":{\"url\":null}} \/-->\n\n<!-- wp:jgu\/list-item {\"icon\":\"envelope-solid\",\"title\":\"\\u003ca href=\\u0022mailto:tmentrup@uni-mainz.de\\u0022\\u003etmentrup@uni-mainz.de\\u003c\/a\\u003e\",\"uuid\":\"1732632994582\",\"link\":{\"url\":\"mailto:tmentrup@uni-mainz.de\"}} \/-->\n\n<!-- wp:jgu\/list-item {\"icon\":\"phone-solid\",\"title\":\"\\u003ca href=\\u0022tel:+4961313936077\\u0022 target=\\u0022_blank\\u0022 rel=\\u0022noreferrer noopener\\u0022\\u003e+49 6131 39-36077\\u003c\/a\\u003e\",\"uuid\":\"1732633092473\",\"link\":{\"url\":\"tel:+4961313936077\"}} \/-->\n\n<!-- wp:jgu\/list-item {\"icon\":\"external-link-alt-solid\",\"title\":\"\\u003ca href=\\u0022https:\/\/www.ifeas.uni-mainz.de\/theresa-mentrup-m-a\/\\u0022 data-type=\\u0022page\\u0022 data-id=\\u002216148\\u0022\\u003eProfile page\\u003c\/a\\u003e\",\"uuid\":\"1732633157993\",\"link\":{\"url\":\"https:\/\/www.ifeas.uni-mainz.de\/theresa-mentrup-m-a\/\"}} \/-->\n<!-- \/wp:jgu\/contact-card -->\n\n<!-- wp:jgu\/contact-card {\"align\":\"\",\"name\":\"Maike Meurer, M.A.\",\"avatar\":{\"id\":12171,\"url\":null}} -->\n<!-- wp:jgu\/list-item {\"title\":\"\\u003cstrong\\u003eResearch Project: Poetry in Madagascar\\u003c\/strong\\u003e\",\"uuid\":\"1738741777878\",\"link\":{\"url\":null}} \/-->\n\n<!-- wp:jgu\/list-item {\"icon\":\"envelope-solid\",\"title\":\"\\u003ca href=\\u0022mailto:meurer@uni-mainz.de\\u0022\\u003emeurer@uni-mainz.de\\u003c\/a\\u003e\",\"uuid\":\"1702288670976\",\"link\":{\"url\":\"mailto:meurer@uni-mainz.de\"}} \/-->\n\n<!-- wp:jgu\/list-item {\"icon\":\"external-link-alt-solid\",\"title\":\"\\u003ca href=\\u0022https:\/\/www.ifeas.uni-mainz.de\/meurer\/\\u0022 data-type=\\u0022page\\u0022 data-id=\\u002220655\\u0022\\u003eProfile page\\u003c\/a\\u003e\",\"uuid\":\"1738831583019\",\"link\":{\"url\":\"https:\/\/www.ifeas.uni-mainz.de\/meurer\/\"}} \/-->\n<!-- \/wp:jgu\/contact-card -->\n\n<!-- wp:jgu\/contact-card {\"name\":\"C\u00e9line Molter, M.A.\",\"avatar\":{\"id\":10608,\"url\":null}} -->\n<!-- wp:jgu\/list-item {\"title\":\"\\u003cstrong\\u003eResearch Project: Representation and Experience in Religious Theme Parks and Passion Plays\\u003c\/strong\\u003e\",\"uuid\":\"1702050773117\",\"link\":{\"url\":null}} \/-->\n\n<!-- wp:jgu\/list-item {\"icon\":\"envelope-solid\",\"title\":\"\\u003ca href=\\u0022mailto:molterc@uni-mainz.de\\u0022\\u003emolterc@uni-mainz.de\\u003c\/a\\u003e\",\"uuid\":\"1699214817526\",\"link\":{\"url\":\"mailto:molterc@uni-mainz.de\"}} \/-->\n\n<!-- wp:jgu\/list-item {\"icon\":\"phone-solid\",\"title\":\"\\u003ca href=\\u0022tel:+4961313920065\\u0022 target=\\u0022_blank\\u0022 rel=\\u0022noreferrer noopener\\u0022\\u003e+49 6131 39-37298\\u003c\/a\\u003e\",\"uuid\":\"1702050887439\",\"link\":{\"url\":\"tel:+4961313920065\"}} \/-->\n\n<!-- wp:jgu\/list-item {\"icon\":\"external-link-alt-solid\",\"title\":\"\\u003ca href=\\u0022https:\/\/www.ifeas.uni-mainz.de\/cline-molter-m-a\/\\u0022 data-type=\\u0022page\\u0022 data-id=\\u002220638\\u0022\\u003eProfile page\\u003c\/a\\u003e\",\"uuid\":\"1728307753949\",\"link\":{\"url\":\"https:\/\/www.ifeas.uni-mainz.de\/cline-molter-m-a\/\"}} \/-->\n<!-- \/wp:jgu\/contact-card -->\n\n<!-- wp:jgu\/contact-card {\"name\":\"In\u00e8s Neubauer, M.A.\",\"avatar\":{\"id\":null,\"url\":null,\"credit\":\"\"}} -->\n<!-- wp:jgu\/list-item {\"title\":\"\\u003cstrong\\u003eResearch Project: Economic Groups and Boundaries\\u003c\/strong\\u003e\",\"uuid\":\"1732632794003\",\"link\":{\"url\":null}} \/-->\n\n<!-- wp:jgu\/list-item {\"icon\":\"envelope-solid\",\"title\":\"\\u003ca href=\\u0022mailto:Ines-neubauer@gmx.de\\u0022\\u003eInes-neubauer@gmx.de\\u003c\/a\\u003e\",\"uuid\":\"1732632994582\",\"link\":{\"url\":\"mailto:Ines-neubauer@gmx.de\"}} \/-->\n\n<!-- wp:jgu\/list-item {\"icon\":\"external-link-alt-solid\",\"title\":\"\\u003ca href=\\u0022https:\/\/www.ifeas.uni-mainz.de\/neubauer\/\\u0022 data-type=\\u0022page\\u0022 data-id=\\u002220631\\u0022\\u003eProfile page\\u003c\/a\\u003e\",\"uuid\":\"1732633157993\",\"link\":{\"url\":\"https:\/\/www.ifeas.uni-mainz.de\/neubauer\/\"}} \/-->\n<!-- \/wp:jgu\/contact-card -->\n\n<!-- wp:jgu\/contact-card {\"align\":\"\",\"name\":\"Gis\u00e8le Oldorff, M.A.\",\"avatar\":{\"id\":10719,\"url\":null}} -->\n<!-- wp:jgu\/list-item {\"title\":\"\\u003cstrong\\u003eResearch Project: Negotiating Agaciro\\u003c\/strong\\u003e\",\"uuid\":\"1738741777878\",\"link\":{\"url\":null}} \/-->\n\n<!-- wp:jgu\/list-item {\"icon\":\"envelope-solid\",\"title\":\"\\u003ca href=\\u0022mailto:goldorff@uni-mainz.de\\u0022\\u003egoldorff@uni-mainz.de\\u003c\/a\\u003e\",\"uuid\":\"1702288670976\",\"link\":{\"url\":\"mailto:goldorff@uni-mainz.de\"}} \/-->\n\n<!-- wp:jgu\/list-item {\"icon\":\"phone-solid\",\"title\":\"\\u003ca href=\\u0022tel:+4961313922795\\u0022 target=\\u0022_blank\\u0022 rel=\\u0022noreferrer noopener\\u0022\\u003e+49 6131 39-22795\\u003c\/a\\u003e\",\"uuid\":\"1738831581139\",\"link\":{\"url\":\"tel:+4961313922795\"}} \/-->\n\n<!-- wp:jgu\/list-item {\"icon\":\"external-link-alt-solid\",\"title\":\"\\u003ca href=\\u0022https:\/\/www.ifeas.uni-mainz.de\/gisele-oldorff-m-a\/\\u0022 data-type=\\u0022page\\u0022 data-id=\\u002220614\\u0022\\u003eProfile page\\u003c\/a\\u003e\",\"uuid\":\"1738831583019\",\"link\":{\"url\":\"https:\/\/www.ifeas.uni-mainz.de\/gisele-oldorff-m-a\/\"}} \/-->\n<!-- \/wp:jgu\/contact-card -->\n\n<!-- wp:jgu\/contact-card {\"name\":\"Elena Reichl, M.A.\",\"avatar\":{\"id\":16487,\"url\":null}} -->\n<!-- wp:jgu\/list-item {\"title\":\"\\u003cstrong\\u003eResearch Project: Aid Providers and Recipients of Aid\\u003c\/strong\\u003e\\u003cstrong\\u003e \\u003c\/strong\\u003e\",\"uuid\":\"1732632794003\",\"link\":{\"url\":null}} \/-->\n\n<!-- wp:jgu\/list-item {\"icon\":\"envelope-solid\",\"title\":\"\\u003ca href=\\u0022mailto:elreichl@uni-mainz.de\\u0022\\u003eelreichl@uni-mainz.de\\u003c\/a\\u003e\",\"uuid\":\"1732632994582\",\"link\":{\"url\":\"mailto:elreichl@uni-mainz.de\"}} \/-->\n\n<!-- wp:jgu\/list-item {\"icon\":\"phone-solid\",\"title\":\"\\u003ca href=\\u0022tel:+4961313923730\\u0022 target=\\u0022_blank\\u0022 rel=\\u0022noreferrer noopener\\u0022\\u003e+49 6131 39-23730\\u003c\/a\\u003e\",\"uuid\":\"1732633092473\",\"link\":{\"url\":\"tel:+4961313923730\"}} \/-->\n\n<!-- wp:jgu\/list-item {\"icon\":\"external-link-alt-solid\",\"title\":\"\\u003ca href=\\u0022https:\/\/www.ifeas.uni-mainz.de\/elena-reichl-b-a\/\\u0022 data-type=\\u0022page\\u0022 data-id=\\u002215821\\u0022\\u003eProfile page\\u003c\/a\\u003e\",\"uuid\":\"1732633157993\",\"link\":{\"url\":\"https:\/\/www.ifeas.uni-mainz.de\/elena-reichl-b-a\/\"}} \/-->\n<!-- \/wp:jgu\/contact-card -->\n\n<!-- wp:jgu\/contact-card {\"name\":\"Artemis Saleh, M.A.\",\"avatar\":{\"id\":12069,\"url\":null}} -->\n<!-- wp:jgu\/list-item {\"title\":\"\\u003cstrong\\u003eResearch Project: The Re-Invention of Womxn\\u003c\/strong\\u003e\",\"uuid\":\"1732632794003\",\"link\":{\"url\":null}} \/-->\n\n<!-- wp:jgu\/list-item {\"icon\":\"envelope-solid\",\"title\":\"\\u003ca href=\\u0022mailto:asaleh@uni-mainz.de\\u0022\\u003easaleh@uni-mainz.de\\u003c\/a\\u003e\",\"uuid\":\"1732632994582\",\"link\":{\"url\":\"mailto:asaleh@uni-mainz.de\"}} \/-->\n\n<!-- wp:jgu\/list-item {\"icon\":\"phone-solid\",\"title\":\"\\u003ca href=\\u0022tel:+4961313924968\\u0022 target=\\u0022_blank\\u0022 rel=\\u0022noreferrer noopener\\u0022\\u003e+49 6131 39-24968\\u003c\/a\\u003e\",\"uuid\":\"1738914877756\",\"link\":{\"url\":\"tel:+4961313924968\"}} \/-->\n\n<!-- wp:jgu\/list-item {\"icon\":\"external-link-alt-solid\",\"title\":\"\\u003ca href=\\u0022https:\/\/www.ifeas.uni-mainz.de\/artemis-saleh-m-a\/\\u0022 data-type=\\u0022page\\u0022 data-id=\\u002220605\\u0022\\u003eProfile page\\u003c\/a\\u003e\",\"uuid\":\"1732633157993\",\"link\":{\"url\":\"https:\/\/www.ifeas.uni-mainz.de\/artemis-saleh-m-a\/\"}} \/-->\n<!-- \/wp:jgu\/contact-card -->\n\n<!-- wp:jgu\/contact-card {\"align\":\"\",\"name\":\"Lena Scheibinger, M.A.\",\"avatar\":{\"id\":10728,\"url\":null}} -->\n<!-- wp:jgu\/list-item {\"title\":\"\\u003cstrong\\u003eResearch Project: Collected Relationships\\u003c\/strong\\u003e\",\"uuid\":\"1738741777878\",\"link\":{\"url\":null}} \/-->\n\n<!-- wp:jgu\/list-item {\"icon\":\"envelope-solid\",\"title\":\"\\u003ca href=\\u0022mailto:lscheibi@uni-mainz.de\\u0022\\u003elscheibi@uni-mainz.de\\u003c\/a\\u003e\",\"uuid\":\"1702288670976\",\"link\":{\"url\":\"mailto:lscheibi@uni-mainz.de\"}} \/-->\n\n<!-- wp:jgu\/list-item {\"icon\":\"phone-solid\",\"title\":\"\\u003ca href=\\u0022tel:+4961313922795\\u0022 target=\\u0022_blank\\u0022 rel=\\u0022noreferrer noopener\\u0022\\u003e+49 6131 39-22795\\u003c\/a\\u003e\",\"uuid\":\"1738831581139\",\"link\":{\"url\":\"tel:+4961313922795\"}} \/-->\n\n<!-- wp:jgu\/list-item {\"icon\":\"external-link-alt-solid\",\"title\":\"\\u003ca href=\\u0022https:\/\/www.ifeas.uni-mainz.de\/lena-scheibinger-m-a\/\\u0022 data-type=\\u0022page\\u0022 data-id=\\u002215635\\u0022\\u003eProfile page\\u003c\/a\\u003e\",\"uuid\":\"1738831583019\",\"link\":{\"url\":\"https:\/\/www.ifeas.uni-mainz.de\/lena-scheibinger-m-a\/\"}} \/-->\n<!-- \/wp:jgu\/contact-card -->\n\n<!-- wp:jgu\/contact-card {\"name\":\"Deborah Wockelmann, M.A.\",\"avatar\":{\"id\":12081,\"url\":null,\"credit\":\"\"}} -->\n<!-- wp:jgu\/list-item {\"title\":\"\\u003cstrong\\u003eResearch Project: Socio-Linguistics of Migration \\u003c\/strong\\u003e\",\"uuid\":\"1702050773117\",\"link\":{\"url\":null}} \/-->\n\n<!-- wp:jgu\/list-item {\"icon\":\"envelope-solid\",\"title\":\"\\u003ca href=\\u0022mailto:wockelmann@uni-mainz.de\\u0022\\u003ewockelmann@uni-mainz.de\\u003c\/a\\u003e\",\"uuid\":\"1699214817526\",\"link\":{\"url\":\"mailto:wockelmann@uni-mainz.de\"}} \/-->\n\n<!-- wp:jgu\/list-item {\"icon\":\"external-link-alt-solid\",\"title\":\"\\u003ca href=\\u0022https:\/\/www.ifeas.uni-mainz.de\/wockelmann\/\\u0022 data-type=\\u0022page\\u0022 data-id=\\u002220583\\u0022\\u003eProfile page\\u003c\/a\\u003e\",\"uuid\":\"1728307753949\",\"link\":{\"url\":\"https:\/\/www.ifeas.uni-mainz.de\/wockelmann\/\"}} \/-->\n<!-- \/wp:jgu\/contact-card -->\n\n<!-- wp:paragraph -->\n<p class=\"has-big-font-size\"><\/p>\n<!-- \/wp:paragraph -->\n<!-- \/wp:jgu\/slider -->\n<!-- \/wp:jgu\/accordion-item -->\n\n<!-- wp:jgu\/accordion-item {\"title\":\"Associate Researchers\",\"init\":false,\"slug\":\"associate-researchers\"} -->\n<!-- wp:jgu\/slider {\"perPage\":3,\"slidesCount\":3} -->\n<!-- wp:jgu\/contact-card {\"name\":\"Dr. Anna-Maria Brandstetter\",\"avatar\":{\"id\":12231,\"url\":null,\"credit\":\"\"}} -->\n<!-- wp:jgu\/list-item {\"title\":\"\\u003cstrong\\u003eRetired Academic Director\\u003c\/strong\\u003e\",\"uuid\":\"1732632794003\",\"link\":{\"url\":null}} \/-->\n\n<!-- wp:jgu\/list-item {\"icon\":\"envelope-solid\",\"title\":\"\\u003ca href=\\u0022mailto:brandste@uni-mainz.de\\u0022\\u003ebrandste@uni-mainz.de\\u003c\/a\\u003e\",\"uuid\":\"1732632994582\",\"link\":{\"url\":\"mailto:brandste@uni-mainz.de\"}} \/-->\n\n<!-- wp:jgu\/list-item {\"icon\":\"external-link-alt-solid\",\"title\":\"\\u003ca href=\\u0022https:\/\/www.ifeas.uni-mainz.de\/dr-anna-maria-brandstetter\/\\u0022 data-type=\\u0022page\\u0022 data-id=\\u002220566\\u0022\\u003eProfile page\\u003c\/a\\u003e\",\"uuid\":\"1732633157993\",\"link\":{\"url\":\"https:\/\/www.ifeas.uni-mainz.de\/dr-anna-maria-brandstetter\/\"}} \/-->\n<!-- \/wp:jgu\/contact-card -->\n\n<!-- wp:jgu\/contact-card {\"name\":\"Dr. Jutta MacConnell\",\"avatar\":{\"id\":12237,\"url\":null,\"credit\":\"\"}} -->\n<!-- wp:jgu\/list-item {\"title\":\"\\u003cstrong\\u003eAssociate Researcher\\u003c\/strong\\u003e\",\"uuid\":\"1732632794003\",\"link\":{\"url\":null}} \/-->\n\n<!-- wp:jgu\/list-item {\"icon\":\"envelope-solid\",\"title\":\"\\u003ca href=\\u0022mailto:jmacconn@uni-mainz.de\\u0022\\u003ejmacconn@uni-mainz.de\\u003c\/a\\u003e\",\"uuid\":\"1732632994582\",\"link\":{\"url\":\"mailto:jmacconn@uni-mainz.de\"}} \/-->\n\n<!-- wp:jgu\/list-item {\"icon\":\"external-link-alt-solid\",\"title\":\"\\u003ca href=\\u0022https:\/\/www.ifeas.uni-mainz.de\/macconnell\/\\u0022 data-type=\\u0022page\\u0022 data-id=\\u002220547\\u0022\\u003eProfile page\\u003c\/a\\u003e\",\"uuid\":\"1732633157993\",\"link\":{\"url\":\"https:\/\/www.ifeas.uni-mainz.de\/macconnell\/\"}} \/-->\n<!-- \/wp:jgu\/contact-card -->\n\n<!-- wp:jgu\/contact-card {\"name\":\"Dr. Solomon Waliaula\",\"avatar\":{\"id\":12243,\"url\":null,\"credit\":\"\"}} -->\n<!-- wp:jgu\/list-item {\"title\":\"\\u003cstrong\\u003eAssociate Researcher\\u003c\/strong\\u003e\",\"uuid\":\"1732632794003\",\"link\":{\"url\":null}} \/-->\n\n<!-- wp:jgu\/list-item {\"icon\":\"envelope-solid\",\"title\":\"\\u003ca href=\\u0022mailto:swaliaul@uni-mainz.de\\u0022\\u003eswaliaul@uni-mainz.de\\u003c\/a\\u003e\",\"uuid\":\"1732632994582\",\"link\":{\"url\":\"mailto:swaliaul@uni-mainz.de\"}} \/-->\n\n<!-- wp:jgu\/list-item {\"icon\":\"external-link-alt-solid\",\"title\":\"\\u003ca href=\\u0022https:\/\/www.ifeas.uni-mainz.de\/waliaula\/\\u0022 data-type=\\u0022page\\u0022 data-id=\\u002220520\\u0022\\u003eProfile page\\u003c\/a\\u003e\",\"uuid\":\"1732633157993\",\"link\":{\"url\":\"https:\/\/www.ifeas.uni-mainz.de\/waliaula\/\"}} \/-->\n<!-- \/wp:jgu\/contact-card -->\n<!-- \/wp:jgu\/slider -->\n<!-- \/wp:jgu\/accordion-item -->\n\n<!-- wp:jgu\/accordion-item {\"title\":\"Retired Professors \/ Honorary Professors\",\"init\":false,\"slug\":\"retired-professors-honorary-professors\"} -->\n<!-- wp:jgu\/slider {\"perPage\":5,\"slidesCount\":5,\"responsiveSettings\":{\"mobile\":{\"perPage\":1,\"arrows\":true,\"pagination\":false,\"width\":\"100%\"},\"tablet\":{\"perPage\":2,\"arrows\":true,\"pagination\":false,\"width\":\"100%\"},\"desktop\":{\"perPage\":3,\"arrows\":true,\"pagination\":false,\"width\":\"100%\"},\"desktop-xl\":{\"perPage\":5,\"arrows\":true,\"pagination\":false,\"width\":\"100%\"}}} -->\n<!-- wp:jgu\/contact-card {\"align\":\"\",\"name\":\"Prof. Dr. Helmut Asche\",\"avatar\":{\"id\":20505,\"url\":null}} -->\n<!-- wp:jgu\/list-item {\"title\":\"\\u003cstrong\\u003eHonorary Professor (retired)\\u003c\/strong\\u003e\",\"uuid\":\"1738741777878\",\"link\":{\"url\":null}} \/-->\n\n<!-- wp:jgu\/list-item {\"icon\":\"envelope-solid\",\"title\":\"\\u003ca href=\\u0022mailto:asche@uni-mainz.de\\u0022\\u003easche@uni-mainz.de\\u003c\/a\\u003e\",\"uuid\":\"1702288670976\",\"link\":{\"url\":\"mailto:asche@uni-mainz.de\"}} \/-->\n\n<!-- wp:jgu\/list-item {\"icon\":\"external-link-alt-solid\",\"title\":\"\\u003ca href=\\u0022https:\/\/www.ifeas.uni-mainz.de\/prof-dr-helmut-asche\/\\u0022\\u003eProfile page\\u003c\/a\\u003e\",\"uuid\":\"1738831583019\",\"link\":{\"url\":\"https:\/\/www.ifeas.uni-mainz.de\/prof-dr-helmut-asche\/\"}} -->\n<!-- wp:jgu\/list-item {\"uuid\":\"1752263653280\"} \/-->\n<!-- \/wp:jgu\/list-item -->\n<!-- \/wp:jgu\/contact-card -->\n\n<!-- wp:jgu\/contact-card {\"align\":\"\",\"name\":\"Prof. Dr. Thomas Bierschenk\",\"avatar\":{\"id\":12255,\"url\":null}} -->\n<!-- wp:jgu\/list-item {\"title\":\"\\u003cstrong\\u003eProfessor of African Cultures and Societies (retired)\\u003c\/strong\\u003e\",\"uuid\":\"1738741777878\",\"link\":{\"url\":null}} \/-->\n\n<!-- wp:jgu\/list-item {\"icon\":\"envelope-solid\",\"title\":\"\\u003ca href=\\u0022mailto:biersche@uni-mainz.de\\u0022\\u003ebiersche@uni-mainz.de\\u003c\/a\\u003e\",\"uuid\":\"1702288670976\",\"link\":{\"url\":\"mailto:biersche@uni-mainz.de\"}} \/-->\n\n<!-- wp:jgu\/list-item {\"icon\":\"phone-solid\",\"title\":\"\\u003ca href=\\u0022tel:+4961313923978\\u0022 target=\\u0022_blank\\u0022 rel=\\u0022noreferrer noopener\\u0022\\u003e+49 6131 39-23978\\u003c\/a\\u003e\",\"uuid\":\"1738831581139\",\"link\":{\"url\":\"tel:+4961313923978\"}} \/-->\n\n<!-- wp:jgu\/list-item {\"icon\":\"external-link-alt-solid\",\"title\":\"\\u003ca href=\\u0022https:\/\/www.ifeas.uni-mainz.de\/prof-dr-thomas-bierschenk\/\\u0022 data-type=\\u0022page\\u0022 data-id=\\u002220440\\u0022\\u003eProfile page\\u003c\/a\\u003e\",\"uuid\":\"1738831583019\",\"link\":{\"url\":\"https:\/\/www.ifeas.uni-mainz.de\/prof-dr-thomas-bierschenk\/\"}} \/-->\n<!-- \/wp:jgu\/contact-card -->\n\n<!-- wp:jgu\/contact-card {\"align\":\"\",\"name\":\"Prof. Dr. Raimund Kastenholz\",\"avatar\":{\"id\":12261,\"url\":null}} -->\n<!-- wp:jgu\/list-item {\"title\":\"\\u003cstrong\\u003eProfessor of African Languages and Linguistics (retired)\\u003c\/strong\\u003e\",\"uuid\":\"1738741777878\",\"link\":{\"url\":null}} \/-->\n\n<!-- wp:jgu\/list-item {\"icon\":\"envelope-solid\",\"title\":\"\\u003ca href=\\u0022mailto:kastenho@uni-mainz.de\\u0022\\u003ekastenho@uni-mainz.de\\u003c\/a\\u003e\",\"uuid\":\"1702288670976\",\"link\":{\"url\":\"mailto:kastenho@uni-mainz.de\"}} \/-->\n\n<!-- wp:jgu\/list-item {\"icon\":\"external-link-alt-solid\",\"title\":\"\\u003ca href=\\u0022https:\/\/www.ifeas.uni-mainz.de\/prof-dr-raimund-kastenholz\/\\u0022 data-type=\\u0022page\\u0022 data-id=\\u002220406\\u0022\\u003eProfile page\\u003c\/a\\u003e\",\"uuid\":\"1738831583019\",\"link\":{\"url\":\"https:\/\/www.ifeas.uni-mainz.de\/prof-dr-raimund-kastenholz\/\"}} \/-->\n<!-- \/wp:jgu\/contact-card -->\n\n<!-- wp:jgu\/contact-card {\"align\":\"\",\"name\":\"Apl.-Prof. Dr. Ute R\u00f6schenthaler \u2020\",\"avatar\":{\"id\":12267,\"url\":null}} -->\n<!-- wp:jgu\/list-item {\"title\":\"\\u003cstrong\\u003eAdjunct Professor of Anthropology\\u003c\/strong\\u003e\",\"uuid\":\"1738741777878\",\"link\":{\"url\":null}} \/-->\n\n<!-- wp:jgu\/list-item {\"icon\":\"external-link-alt-solid\",\"title\":\"\\u003ca href=\\u0022https:\/\/www.ifeas.uni-mainz.de\/roeschenthaler\/\\u0022 data-type=\\u0022page\\u0022 data-id=\\u002220285\\u0022\\u003eProfile page\\u003c\/a\\u003e\",\"uuid\":\"1738831583019\",\"link\":{\"url\":\"https:\/\/www.ifeas.uni-mainz.de\/roeschenthaler\/\"}} \/-->\n<!-- \/wp:jgu\/contact-card -->\n\n<!-- wp:jgu\/contact-card {\"align\":\"\",\"name\":\"Prof. Dr. Ivo Strecker\",\"avatar\":{\"id\":12276,\"url\":null}} -->\n<!-- wp:jgu\/list-item {\"title\":\"\\u003cstrong\\u003eProfessor of Anthropology (retired) \\u003c\/strong\\u003e\",\"uuid\":\"1738741777878\",\"link\":{\"url\":null}} \/-->\n\n<!-- wp:jgu\/list-item {\"icon\":\"envelope-solid\",\"title\":\"\\u003ca href=\\u0022mailto:istreck@uni-mainz.de\\u0022\\u003eistreck@uni-mainz.de\\u003c\/a\\u003e\",\"uuid\":\"1702288670976\",\"link\":{\"url\":\"mailto:istreck@uni-mainz.de\"}} \/-->\n\n<!-- wp:jgu\/list-item {\"icon\":\"external-link-alt-solid\",\"title\":\"\\u003ca href=\\u0022https:\/\/www.ifeas.uni-mainz.de\/prof-dr-ivo-strecker\/\\u0022 data-type=\\u0022page\\u0022 data-id=\\u002220270\\u0022\\u003eProfile page\\u003c\/a\\u003e\",\"uuid\":\"1738831583019\",\"link\":{\"url\":\"https:\/\/www.ifeas.uni-mainz.de\/prof-dr-ivo-strecker\/\"}} \/-->\n<!-- \/wp:jgu\/contact-card -->\n<!-- \/wp:jgu\/slider -->\n<!-- \/wp:jgu\/accordion-item -->\n\n<!-- wp:jgu\/accordion-item {\"title\":\"Administration\",\"init\":false,\"slug\":\"administration\"} -->\n<!-- wp:jgu\/slider {\"perPage\":3,\"slidesCount\":3} -->\n<!-- wp:jgu\/contact-card {\"name\":\"Stefanie Wallen\"} -->\n<!-- wp:jgu\/list-item {\"title\":\"\\u003cstrong\\u003eOffice\\u003c\/strong\\u003e\",\"uuid\":\"1702050773117\",\"link\":{\"url\":null}} \/-->\n\n<!-- wp:jgu\/list-item {\"icon\":\"envelope-solid\",\"title\":\"\\u003ca href=\\u0022mailto:wallen@uni-mainz.de\\u0022\\u003ewallen@uni-mainz.de\\u003c\/a\\u003e\",\"uuid\":\"1699214817526\",\"link\":{\"url\":\"mailto:wallen@uni-mainz.de\"}} \/-->\n\n<!-- wp:jgu\/list-item {\"icon\":\"phone-solid\",\"title\":\"\\u003ca href=\\u0022tel:+4961313920117\\u0022 target=\\u0022_blank\\u0022 rel=\\u0022noreferrer noopener\\u0022\\u003e+49 6131 39-20\\u003c\/a\\u003e\\u003ca href=\\u0022tel:+4961313920065\\u0022 target=\\u0022_blank\\u0022 rel=\\u0022noreferrer noopener\\u0022\\u003e117\\u003c\/a\\u003e\",\"uuid\":\"1702050887439\",\"link\":{\"url\":\"tel:+4961313920117\"}} \/-->\n<!-- \/wp:jgu\/contact-card -->\n\n<!-- wp:jgu\/contact-card {\"name\":\"Christine Weil\",\"avatar\":{\"id\":21394,\"url\":null}} -->\n<!-- wp:jgu\/list-item {\"title\":\"\\u003cstrong\\u003e\\u003cstrong\\u003eOffice\\u003c\/strong\\u003e\\u003c\/strong\\u003e\",\"uuid\":\"1738748639961\",\"link\":{\"url\":null}} \/-->\n\n<!-- wp:jgu\/list-item {\"icon\":\"envelope-solid\",\"title\":\"\\u003ca href=\\u0022mailto:chweil@uni-mainz.de\\u0022\\u003echweil@uni-mainz.de\\u003c\/a\\u003e\",\"uuid\":\"1738748701550\",\"link\":{\"url\":\"mailto:chweil@uni-mainz.de\"}} \/-->\n\n<!-- wp:jgu\/list-item {\"icon\":\"phone-solid\",\"title\":\"\\u003ca href=\\u0022tel:+4961313922798\\u0022 target=\\u0022_blank\\u0022 rel=\\u0022noreferrer noopener\\u0022\\u003e+49 6131 39-22798\\u003c\/a\\u003e (mornings)\",\"uuid\":\"1738748756422\",\"link\":{\"url\":\"tel:+4961313922798\"}} \/-->\n<!-- \/wp:jgu\/contact-card -->\n\n<!-- wp:jgu\/contact-card {\"name\":\"Elke R\u00f6ssler\"} -->\n<!-- wp:jgu\/list-item {\"title\":\"\\u003cstrong\\u003eRoom Management \/ Web Page\\u003c\/strong\\u003e\",\"uuid\":\"1738748225377\",\"link\":{\"url\":null}} \/-->\n\n<!-- wp:jgu\/list-item {\"icon\":\"envelope-solid\",\"title\":\"\\u003ca href=\\u0022mailto:roessler@uni-mainz.de\\u0022\\u003eroessler@uni-mainz.de\\u003c\/a\\u003e \",\"uuid\":\"1738748297953\",\"link\":{\"url\":\"mailto:roessler@uni-mainz.de\"}} \/-->\n<!-- \/wp:jgu\/contact-card -->\n<!-- \/wp:jgu\/slider -->\n<!-- \/wp:jgu\/accordion-item -->\n\n<!-- wp:jgu\/accordion-item {\"title\":\"Student Advising Office\",\"init\":false,\"slug\":\"student-advising-office\"} -->\n<!-- wp:jgu\/slider {\"perPage\":3,\"slidesCount\":3} -->\n<!-- wp:jgu\/contact-card {\"name\":\"C\u00e9line Molter, M.A.\",\"avatar\":{\"id\":10608,\"url\":null}} -->\n<!-- wp:jgu\/list-item {\"title\":\"\\u003cstrong\\u003eStudent Advisor Anthropology\\u003c\/strong\\u003e\",\"uuid\":\"1702050773117\",\"link\":{\"url\":null}} \/-->\n\n<!-- wp:jgu\/list-item {\"icon\":\"envelope-solid\",\"title\":\"\\u003ca href=\\u0022mailto:molterc@uni-mainz.de\\u0022\\u003emolterc@uni-mainz.de\\u003c\/a\\u003e\",\"uuid\":\"1699214817526\",\"link\":{\"url\":\"mailto:molterc@uni-mainz.de\"}} \/-->\n\n<!-- wp:jgu\/list-item {\"icon\":\"phone-solid\",\"title\":\"\\u003ca href=\\u0022tel:+4961313937298\\u0022 target=\\u0022_blank\\u0022 rel=\\u0022noreferrer noopener\\u0022\\u003e+49 6131 39-37298\\u003c\/a\\u003e\",\"uuid\":\"1702050887439\",\"link\":{\"url\":\"tel:+4961313937298\"}} \/-->\n\n<!-- wp:jgu\/list-item {\"icon\":\"external-link-alt-solid\",\"title\":\"\\u003ca href=\\u0022https:\/\/www.ifeas.uni-mainz.de\/cline-molter-m-a\/\\u0022 data-type=\\u0022page\\u0022 data-id=\\u002220638\\u0022\\u003eProfile page\\u003c\/a\\u003e\",\"uuid\":\"1728307753949\",\"link\":{\"url\":\"https:\/\/www.ifeas.uni-mainz.de\/cline-molter-m-a\/\"}} \/-->\n<!-- \/wp:jgu\/contact-card -->\n\n<!-- wp:jgu\/contact-card {\"name\":\"\\u003cstrong\\u003ePD Dr. Holger Tr\u00f6bs\\u003c\/strong\\u003e\",\"avatar\":{\"id\":10596,\"url\":null}} -->\n<!-- wp:jgu\/list-item {\"title\":\"\\u003cstrong\\u003eStudent Advisor African Languages and Linguistics\\u003c\/strong\\u003e\",\"uuid\":\"1702050773117\",\"link\":{\"url\":null}} \/-->\n\n<!-- wp:jgu\/list-item {\"icon\":\"envelope-solid\",\"title\":\"\\u003ca href=\\u0022mailto:troebs@uni-mainz.de\\u0022\\u003etroebs@uni-mainz.de\\u003c\/a\\u003e\",\"uuid\":\"1699214817526\",\"link\":{\"url\":\"mailto:troebs@uni-mainz.de\"}} \/-->\n\n<!-- wp:jgu\/list-item {\"icon\":\"phone-solid\",\"title\":\"\\u003ca href=\\u0022tel:+4961313920065\\u0022 target=\\u0022_blank\\u0022 rel=\\u0022noreferrer noopener\\u0022\\u003e+49 6131 39-20121\\u003c\/a\\u003e\",\"uuid\":\"1702050887439\",\"link\":{\"url\":\"tel:+4961313920065\"}} \/-->\n\n<!-- wp:jgu\/list-item {\"icon\":\"external-link-alt-solid\",\"title\":\"\\u003ca href=\\u0022https:\/\/www.ifeas.uni-mainz.de\/pd-dr-holger-troebs\/\\u0022 data-type=\\u0022page\\u0022 data-id=\\u002214219\\u0022\\u003eProfile page\\u003c\/a\\u003e\",\"uuid\":\"1728307753949\",\"link\":{\"url\":\"https:\/\/www.ifeas.uni-mainz.de\/pd-dr-holger-troebs\/\"}} \/-->\n<!-- \/wp:jgu\/contact-card -->\n\n<!-- wp:jgu\/contact-card {\"name\":\"Britta Will\"} -->\n<!-- wp:jgu\/list-item {\"title\":\"\\u003cstrong\\u003eExamination Manager\\u003c\/strong\\u003e\",\"uuid\":\"1699374929552\",\"link\":{\"url\":null}} \/-->\n\n<!-- wp:jgu\/list-item {\"icon\":\"envelope-solid\",\"title\":\"\\u003ca href=\\u0022mailto:pruefungsamt-fb07-will@uni-mainz.de\\u0022\\u003epruefungsamt-fb07-will@uni-mainz.de\\u003c\/a\\u003e\",\"uuid\":\"1702052810510\",\"link\":{\"url\":\"mailto:pruefungsamt-fb07-will@uni-mainz.de\"}} \/-->\n\n<!-- wp:jgu\/list-item {\"icon\":\"phone-solid\",\"title\":\"\\u003ca href=\\u0022tel:+4961313926048\\u0022 target=\\u0022_blank\\u0022 rel=\\u0022noreferrer noopener\\u0022\\u003e+49 6131 39-26048\\u003c\/a\\u003e\",\"uuid\":\"1702052873712\",\"link\":{\"url\":\"tel:+4961313926048\"}} \/-->\n<!-- \/wp:jgu\/contact-card -->\n<!-- \/wp:jgu\/slider -->\n<!-- \/wp:jgu\/accordion-item -->\n<!-- \/wp:jgu\/accordion --><\/div><\/div>\n<!-- \/wp:jgu\/section -->\n\n<!-- wp:jgu\/section {\"color\":\"light\"} -->\n<div class=\"jgu-bgsection bg bg-light \"><div class=\"content padding-medium\"><!-- wp:jgu\/anchorpoint {\"title\":\"Collections and archives\",\"slug\":\"collections-and-archives\"} \/-->\n\n<!-- wp:jgu\/heading {\"index\":\"Music, Literature, Objects and Images\",\"tags\":{\"htmlTag\":\"h2\",\"classTag\":\"\",\"tag\":\"h2\"},\"heading\":\"Collections and archives\"} \/-->\n\n<!-- wp:paragraph -->\n<p class=\"has-big-font-size\">Among the approximately 30 <a href=\"https:\/\/www.ub.uni-mainz.de\/de\/universitaetssammlungen\" data-type=\"link\" data-id=\"https:\/\/www.ub.uni-mainz.de\/de\/universitaetssammlungen\" target=\"_blank\" rel=\"noreferrer noopener\">university collections at JGU Mainz<\/a>, three archives or collections are affiliated with the ifeas: the African Music Archives (AMA), the Jahn Library for African Literatures and the Ethnographic Collection. <\/p>\n<!-- \/wp:paragraph -->\n\n<!-- wp:paragraph -->\n<p class=\"has-big-font-size\">In addition, ifeas houses several smaller archives: the Leo Stappers Archive, which includes the research library of the former Professor of African Philology Leo Stappers (*June 6, 1919 - \u2020April 18, 1977); an Image Archive on African independence celebrations, and an archive on West African settlement history.<\/p>\n<!-- \/wp:paragraph -->\n\n<!-- wp:columns {\"className\":\"\"} -->\n<div class=\"wp-block-columns\"><!-- wp:column {\"width\":\"\"} -->\n<div class=\"wp-block-column\"><!-- wp:jgu\/teaserbox {\"headline\":{\"htmlTag\":\"h2\",\"classTag\":\"\",\"tag\":\"h2\"},\"image\":{\"id\":11742,\"url\":null,\"credit\":\"Sophia Wimmer\"},\"color\":\"red\",\"index\":\"\\u003cbr\\u003e\",\"title\":\"African Music Archives\",\"linkTitle\":\"learn more\",\"link\":{\"url\":\"https:\/\/www.ama.ifeas.uni-mainz.de\",\"opensInNewTab\":true},\"template\":\"red_h4\"} \/--><\/div>\n<!-- \/wp:column -->\n\n<!-- wp:column -->\n<div class=\"wp-block-column\"><!-- wp:jgu\/teaserbox {\"headline\":{\"htmlTag\":\"h2\",\"classTag\":\"\",\"tag\":\"h2\"},\"image\":{\"id\":11787,\"url\":null,\"credit\":\"Peter Pulkowski\"},\"color\":\"blue\",\"index\":\"\\u003cbr\\u003e\",\"title\":\"Jahn Library for African Literatures\",\"linkTitle\":\"learn more\",\"link\":{\"url\":\"https:\/\/www.jahn-bibliothek.ifeas.uni-mainz.de\",\"opensInNewTab\":true},\"template\":\"red_h4\"} \/--><\/div>\n<!-- \/wp:column -->\n\n<!-- wp:column -->\n<div class=\"wp-block-column\"><!-- wp:jgu\/teaserbox {\"headline\":{\"htmlTag\":\"h2\",\"classTag\":\"\",\"tag\":\"h2\"},\"image\":{\"id\":19728,\"url\":null},\"color\":\"red\",\"index\":\"\\u003cbr\\u003e\",\"title\":\"Ethnographic Collection\",\"linkTitle\":\"learn more\",\"link\":{\"url\":\"https:\/\/cms.zdv.uni-mainz.de\/fb07-ifeas\/institut\/ethnografische-studiensammlung\/\"},\"template\":\"red_h4\"} \/--><\/div>\n<!-- \/wp:column -->\n\n<!-- wp:column -->\n<div class=\"wp-block-column\"><!-- wp:jgu\/teaserbox {\"headline\":{\"htmlTag\":\"h2\",\"classTag\":\"\",\"tag\":\"h2\"},\"image\":{\"id\":11805,\"url\":null},\"color\":\"blue\",\"index\":\"\\u003cbr\\u003e\",\"title\":\"Further Archives and Collections at ifeas\",\"linkTitle\":\"learn more\",\"link\":{\"url\":\"https:\/\/cms.zdv.uni-mainz.de\/fb07-ifeas\/institut\/archive-am-ifeas\/\",\"id\":12312,\"title\":\"Archive am ifeas\",\"type\":\"page\",\"kind\":\"post-type\"},\"template\":\"red_h4\"} \/--><\/div>\n<!-- \/wp:column --><\/div>\n<!-- \/wp:columns --><\/div><\/div>\n<!-- \/wp:jgu\/section -->\n\n<!-- wp:jgu\/section {\"color\":\"dark\"} -->\n<div class=\"jgu-bgsection bg bg-dark \"><div class=\"content padding-medium\"><!-- wp:jgu\/anchorpoint {\"title\":\"Foundations\",\"slug\":\"foundations\"} \/-->\n\n<!-- wp:jgu\/heading {\"color\":\"default\",\"tags\":{\"htmlTag\":\"h2\",\"classTag\":\"\",\"tag\":\"h2\"},\"heading\":\"Foundations\"} \/-->\n\n<!-- wp:paragraph -->\n<p class=\"has-big-font-size\"><strong>Ernst Wilhelm M\u00fcller Foundation<\/strong><\/p>\n<!-- \/wp:paragraph -->\n\n<!-- wp:paragraph -->\n<p class=\"has-big-font-size\"><\/p>\n<!-- \/wp:paragraph -->\n\n<!-- wp:columns {\"className\":\"\"} -->\n<div class=\"wp-block-columns\"><!-- wp:column {\"width\":\"50%\"} -->\n<div class=\"wp-block-column\" style=\"flex-basis:50%\"><!-- wp:jgu\/image-gallery {\"images\":[{\"url\":null,\"id\":11841,\"credit\":\"Foto: Stefan Schmitt\"},{\"url\":null,\"id\":11847,\"credit\":\"Foto: unbekannt\"},{\"url\":null,\"id\":11835,\"credit\":\"Foto: unbekannt\"},{\"url\":null,\"id\":11853,\"credit\":\"Foto: unbekannt\"},{\"url\":null,\"id\":11829,\"credit\":\"Foto: unbekannt\"},{\"url\":null,\"id\":11823,\"credit\":\"Foto: Janheinz Jahn Bibliothek\"}],\"withThumbs\":false,\"initSlide\":3} \/--><\/div>\n<!-- \/wp:column -->\n\n<!-- wp:column {\"width\":\"50%\"} -->\n<div class=\"wp-block-column\" style=\"flex-basis:50%\"><!-- wp:jgu\/accordion {\"selected\":4} -->\n<!-- wp:jgu\/accordion-item {\"title\":\"Funding and Support\",\"init\":false,\"slug\":\"funding-and-support\"} -->\n<!-- wp:paragraph -->\n<p class=\"has-big-font-size\">The Ernst Wilhelm M\u00fcller Foundation supports projects of the African Music Archives, the Ethnographic Collection, and the Jahn Library for African Literatures at the ifeas, JGU Mainz.<\/p>\n<!-- \/wp:paragraph -->\n\n<!-- wp:paragraph -->\n<p class=\"has-big-font-size\">Ernst Wilhelm M\u00fcller established the foundation in his will of 15 November, 2013. His final wish was to support the three respective collections. <\/p>\n<!-- \/wp:paragraph -->\n<!-- \/wp:jgu\/accordion-item -->\n\n<!-- wp:jgu\/accordion-item {\"title\":\"Ernst Wilhelm M\u00fcller (1925-2013)\",\"init\":false,\"slug\":\"ernst-wilhelm-muller-1925-2013\"} -->\n<!-- wp:paragraph -->\n<p class=\"has-big-font-size\">Ernst Wilhelm M\u00fcller (1925-2013) was closely associated to the Johannes Gutenberg University for many years, first as a student, doctoral candidate, and research assistant (1948-1958), and later, until his retirement, as a Professor of Anthropology (1969-1986) with a strong commitment regarding higher education policy. As head of the Department of Anthropology and African Studies, he was a driving force behind the establishment of the Jahn Library for African Literatures, and the African Music Archives. <\/p>\n<!-- \/wp:paragraph -->\n\n<!-- wp:paragraph -->\n<p class=\"has-big-font-size\">After beginning his studies in Munich, Ernst Wilhelm M\u00fcller transferred to the Johannes Gutenberg University Mainz for the winter semester of 1948\/49, where he studied Anthropology and African Studies. From 1949 to 1951, he held a position as the first student assistant at the Department of Anthropology. In 1951, M\u00fcller was accepted into the German National Academic Foundation. As a student and later as a doctoral candidate, he took part in field research among the Ekonda and Bolia in what was then the Belgian Congo between 1951 and 1954. The so-called Mainz Congo Expedition, one of the first major German field research trips in the immediate post-war period, was led by Erika Sulzmann. The more than 500 objects collected during this expedition formed the foundation of today's Ethnographic Collection. Due to serious illnesses suffered during the expedition, this would remain the only field research trip of M\u00fcller\u2019s academic career. During the expedition, he was presented with the dignitary staff <em>(ensina<\/em>) pictured on the left. Among the Ekonda, such dignitary staffs were mainly used by older men. The fact that Ernst Wilhelm M\u00fcller received one despite his young age at the time was considered a particular honour.         <\/p>\n<!-- \/wp:paragraph -->\n\n<!-- wp:paragraph -->\n<p class=\"has-big-font-size\">In 1955, M\u00fcller completed his doctoral dissertation, titled \"Das F\u00fcrstentum bei den S\u00fcdwest-Mongo (Belgisch Kongo)\" under the supervision of the cultural morphologist Adolf Friedrich, who was then the director of the institute. In 1956 and again in 1958, he worked as a research assistant at the Department of Anthropology in Mainz. In 1960, he joined Wilhelm E. M\u00fchlmann as a research assistant at the Department of Sociology and Anthropology at the University of Heidelberg, where he remained until 1967 and completed his habilitation with a thesis entitled (\"Der Begriff der Verwandtschaft in der modernen Ethnosoziologie\"). In 1969, he was appointed Professor of Anthropology at JGU Mainz and became director of the institute. He became emeritus professor in 1986.    <\/p>\n<!-- \/wp:paragraph -->\n\n<!-- wp:paragraph -->\n<p class=\"has-big-font-size\">In her obituary, the Mainz-based anthropologist Carola Lentz described Ernst Wilhelm M\u00fcller as an \"important pioneer of a modern, social science-oriented, and interdisciplinarily open anthropology grounded in solid empirical fieldwork.\" Ute Luig, who was Professor of Anthropology in Berlin until her retirement, likewise noted that with the death of Ernst Wilhelm M\u00fcller, \"German Anthropology lost one of its most significant modernisers of the post-war period.\" For M\u00fcller, Anthropology was the comparative humanities discipline <em>par excellence<\/em>. This understanding of the field underpinned his consistently interdisciplinary approach, which he implemented at ifeas in exemplary fashion. He actively sought collaboration with other disciplines, such as literary studies, economics, and history, and placed particular emphasis on the connection between Anthropology and Sociology.    <\/p>\n<!-- \/wp:paragraph -->\n<!-- \/wp:jgu\/accordion-item -->\n\n<!-- wp:jgu\/accordion-item {\"title\":\"Funded Projects\",\"init\":false,\"slug\":\"funded-projects\"} -->\n<!-- wp:paragraph -->\n<p class=\"has-big-font-size\">01\/2025<br><strong>AMA Concert by the Malagasy Bands Erick Manana and Jenny Fuhr feat. Solofo \/\/ Ralah' Trio at the Institut fran\u00e7ais, Mainz  <\/strong><\/p>\n<!-- \/wp:paragraph -->\n\n<!-- wp:paragraph -->\n<p class=\"has-big-font-size\">12\/2024<br><a href=\"https:\/\/www.ifeas.uni-mainz.de\/files\/2025\/01\/Poster_Film_Soyinka.pdf\"><strong>Public screening of the film \"A Childhood in Nigeria: Wole Soyinka. A Film by Vera Botterbusch with and about Wole Soyinka\" (BR 2000) in the presence of the filmmaker, followed by a discussion<\/strong><\/a><\/p>\n<!-- \/wp:paragraph -->\n\n<!-- wp:paragraph -->\n<p class=\"has-big-font-size\">06\/2024<br>AMA concert <strong>by the Malagasy Band Ralah' Trio at Kulturclub schon sch\u00f6n, Mainz <\/strong> <\/p>\n<!-- \/wp:paragraph -->\n\n<!-- wp:paragraph -->\n<p class=\"has-big-font-size\">10\/2022 - 03\/2023<br><strong>Digitisation of objects from Colonial Contexts in the Ethnographic Collection at JGU Mainz (renewal proposal)<\/strong><\/p>\n<!-- \/wp:paragraph -->\n\n<!-- wp:paragraph -->\n<p class=\"has-big-font-size\">01\/2022 - 10\/2022<br><strong>Digitisation of objects from Colonial Contexts in the Ethnographic Collection at JGU Mainz (renewal proposal)<\/strong><\/p>\n<!-- \/wp:paragraph -->\n\n<!-- wp:paragraph -->\n<p class=\"has-big-font-size\">09\/2022<br><strong>Research on stoneware jugs from the Westerwald Region (ca. 18th century) in West and West Central Africa <\/strong><strong>(invitation of guest researchers)<\/strong><\/p>\n<!-- \/wp:paragraph -->\n\n<!-- wp:paragraph -->\n<p class=\"has-big-font-size\">09\/2022<br><a href=\"https:\/\/www.ifeas.uni-mainz.de\/files\/2022\/10\/Flyer-CCAMA-Workshop.pdf\"><strong>Funding for the participation of a guest researcher in the conference \"Copyright CARE and African Music Archives\"<\/strong><\/a><\/p>\n<!-- \/wp:paragraph -->\n\n<!-- wp:paragraph -->\n<p class=\"has-big-font-size\">07\/2022<br><strong><a href=\"https:\/\/www.ifeas.uni-mainz.de\/files\/2022\/10\/AMA-Er%C3%B6ffnung-Flyer.jpg\">\"AMA Opening\": Artists in Residence at the AMA - Opening ceremony<\/a> <\/strong> <\/p>\n<!-- \/wp:paragraph -->\n\n<!-- wp:paragraph -->\n<p class=\"has-big-font-size\">07\/2022<br><strong>Support of the special issue \"Musikethnologie\" of <em>Cargo - Journal for Cultural Anthropology<\/em><\/strong><\/p>\n<!-- \/wp:paragraph -->\n\n<!-- wp:paragraph -->\n<p class=\"has-big-font-size\">04\/2022<br><strong>Provenance research on the Cameroon collection of the Ethnographic Collection of JGU Mainz (invitation of a guest researcher)<\/strong><\/p>\n<!-- \/wp:paragraph -->\n\n<!-- wp:paragraph -->\n<p class=\"has-big-font-size\">04\/2022 - 05\/2022<br><a href=\"https:\/\/african-cassettes.uni-mainz.de\/wiki\/Welcome_to_African_Cassettes\" target=\"_blank\" rel=\"noreferrer noopener\"><strong>\"African Cassettes\": Creation of an online cassettography<\/strong><\/a><\/p>\n<!-- \/wp:paragraph -->\n\n<!-- wp:paragraph -->\n<p class=\"has-big-font-size\">11\/2021 - 03\/2023<br><a href=\"https:\/\/www.ifeas.uni-mainz.de\/ewms\/gefoerderte-projekte\/afrikanische-schriftstellerinnen-und-musikerinnen-des-20-jahrhunderts-im-o-ton\/\" target=\"_blank\" rel=\"noreferrer noopener\"><strong>African writers and musicians of the 20th century in original sound: Digitisation of historical audio tapes by the German Africa journalist Gerd Meuer (1941-2017)<\/strong><\/a><\/p>\n<!-- \/wp:paragraph -->\n\n<!-- wp:paragraph -->\n<p class=\"has-big-font-size\">06\/2021 - 12\/2021<br><strong>Digitisation of objects from the Ethnographic Collection of JGU Mainz from colonial contexts<\/strong><\/p>\n<!-- \/wp:paragraph -->\n<!-- \/wp:jgu\/accordion-item -->\n\n<!-- wp:jgu\/accordion-item {\"title\":\"Further links\",\"init\":false,\"slug\":\"further-links\"} -->\n<!-- wp:jgu\/button {\"layout\":{\"type\":\"flex\",\"flexWrap\":\"wrap\",\"justifyContent\":\"right\",\"orientation\":\"horizontal\"}} -->\n<!-- wp:jgu\/button-item {\"text\":\"Web Page in Honour of Ernst Wilhelm M\u00fcller\",\"styling\":\"default\",\"link\":{\"url\":\"https:\/\/download.uni-mainz.de\/fb07-ifeas\/Mueller\/mueller.htm\",\"linkTarget\":\"\",\"rel\":\"\"}} \/-->\n<!-- \/wp:jgu\/button -->\n\n<!-- wp:jgu\/button {\"layout\":{\"type\":\"flex\",\"flexWrap\":\"wrap\",\"justifyContent\":\"right\",\"orientation\":\"horizontal\"}} -->\n<!-- wp:jgu\/button-item {\"text\":\"Statutes of the Ernst Wilhelm M\u00fcller Foundation\",\"styling\":\"default\",\"icon\":\"download-solid\",\"link\":{\"url\":\"https:\/\/cms.zdv.uni-mainz.de\/fb07-ifeas\/wp-content\/uploads\/sites\/396\/2025\/02\/Satzung-Mueller-Stiftung.pdf\",\"linkTarget\":\"\",\"rel\":\"\",\"opensInNewTab\":true}} \/-->\n<!-- \/wp:jgu\/button -->\n\n<!-- wp:jgu\/button {\"layout\":{\"type\":\"flex\",\"flexWrap\":\"wrap\",\"justifyContent\":\"right\",\"orientation\":\"horizontal\"}} -->\n<!-- wp:jgu\/button-item {\"text\":\"Obituary by Prof. Dr. Carola Lentz\",\"styling\":\"default\",\"icon\":\"download-solid\",\"link\":{\"url\":\"https:\/\/cms.zdv.uni-mainz.de\/fb07-ifeas\/wp-content\/uploads\/sites\/396\/2025\/02\/Nachruf_Ernst_Wilhelm_Mueller_DGV_Mitteilungen.pdf\",\"linkTarget\":\"\",\"rel\":\"\",\"opensInNewTab\":true}} \/-->\n<!-- \/wp:jgu\/button -->\n\n<!-- wp:jgu\/button {\"layout\":{\"type\":\"flex\",\"flexWrap\":\"wrap\",\"justifyContent\":\"right\",\"orientation\":\"horizontal\"}} -->\n<!-- wp:jgu\/button-item {\"text\":\"Obituary by Prof. Dr. Ute Luig\",\"styling\":\"default\",\"link\":{\"url\":\"https:\/\/www.jstor.org\/stable\/44242867?seq=1\",\"linkTarget\":\"\",\"rel\":\"\",\"opensInNewTab\":true}} \/-->\n<!-- \/wp:jgu\/button -->\n<!-- \/wp:jgu\/accordion-item -->\n\n<!-- wp:jgu\/accordion-item {\"title\":\"Board and contact\",\"init\":false,\"slug\":\"board-and-contact\"} -->\n<!-- wp:jgu\/slider {\"perPage\":1,\"slidesCount\":3,\"responsiveSettings\":{\"mobile\":{\"perPage\":1,\"arrows\":true,\"pagination\":false,\"width\":\"100%\"},\"tablet\":{\"perPage\":1,\"arrows\":true,\"pagination\":false,\"width\":\"100%\"},\"desktop\":{\"perPage\":1,\"arrows\":true,\"pagination\":false,\"width\":\"100%\"},\"desktop-xl\":{\"perPage\":1,\"arrows\":true,\"pagination\":false,\"width\":\"100%\"}}} -->\n<!-- wp:jgu\/contact-card {\"name\":\"Dr. Anna-Maria Brandstetter\",\"avatar\":{\"id\":12231,\"url\":null,\"credit\":\"\"}} -->\n<!-- wp:jgu\/list-item {\"title\":\"\\u003cstrong\\u003eAcademic Director (retired)\\u003c\/strong\\u003e\",\"uuid\":\"1732632794003\",\"link\":{\"url\":null}} \/-->\n\n<!-- wp:jgu\/list-item {\"icon\":\"envelope-solid\",\"title\":\"\\u003ca href=\\u0022mailto:brandste@uni-mainz.de\\u0022\\u003ebrandste@uni-mainz.de\\u003c\/a\\u003e\",\"uuid\":\"1732632994582\",\"link\":{\"url\":\"mailto:brandste@uni-mainz.de\"}} \/-->\n\n<!-- wp:jgu\/list-item {\"icon\":\"external-link-alt-solid\",\"title\":\"\\u003ca href=\\u0022https:\/\/www.ifeas.uni-mainz.de\/dr-anna-maria-brandstetter\/\\u0022 data-type=\\u0022page\\u0022 data-id=\\u002220566\\u0022\\u003eProfile page\\u003c\/a\\u003e\",\"uuid\":\"1732633157993\",\"link\":{\"url\":\"https:\/\/www.ifeas.uni-mainz.de\/dr-anna-maria-brandstetter\/\"}} \/-->\n<!-- \/wp:jgu\/contact-card -->\n\n<!-- wp:jgu\/contact-card {\"name\":\"Dr. Anja Oed\",\"avatar\":{\"id\":10701,\"url\":null}} -->\n<!-- wp:jgu\/list-item {\"title\":\"\\u003cstrong\\u003eAcademic Director of the Jahn Library\\u003c\/strong\\u003e\",\"uuid\":\"1702050773117\",\"link\":{\"url\":null}} \/-->\n\n<!-- wp:jgu\/list-item {\"icon\":\"envelope-solid\",\"title\":\"\\u003ca href=\\u0022mailto:aoed@uni-mainz.de\\u0022\\u003eaoed@uni-mainz.de\\u003c\/a\\u003e\",\"uuid\":\"1699214817526\",\"link\":{\"url\":\"mailto:aoed@uni-mainz.de\"}} \/-->\n\n<!-- wp:jgu\/list-item {\"icon\":\"phone-solid\",\"title\":\"\\u003ca href=\\u0022tel:+4961313925933\\u0022 target=\\u0022_blank\\u0022 rel=\\u0022noreferrer noopener\\u0022\\u003e+49 6131 39-25933\\u003c\/a\\u003e\",\"uuid\":\"1702050887439\",\"link\":{\"url\":\"tel:+4961313925933\"}} \/-->\n\n<!-- wp:jgu\/list-item {\"icon\":\"external-link-alt-solid\",\"title\":\"Profile page\",\"uuid\":\"1728307753949\"} \/-->\n<!-- \/wp:jgu\/contact-card -->\n\n<!-- wp:jgu\/contact-card {\"align\":\"\",\"name\":\"Dr. Hauke Dorsch\",\"avatar\":{\"id\":10686,\"url\":null}} -->\n<!-- wp:jgu\/list-item {\"title\":\"\\u003cstrong\\u003eScientific Head of the African Music Archive\\u003c\/strong\\u003e\",\"uuid\":\"1738741777878\",\"link\":{\"url\":null}} \/-->\n\n<!-- wp:jgu\/list-item {\"icon\":\"envelope-solid\",\"title\":\"\\u003ca href=\\u0022mailto:dorschh@uni-mainz.de\\u0022\\u003edorschh@uni-mainz.de\\u003c\/a\\u003e\",\"uuid\":\"1702288670976\",\"link\":{\"url\":\"mailto:dorschh@uni-mainz.de\"}} \/-->\n\n<!-- wp:jgu\/list-item {\"icon\":\"phone-solid\",\"title\":\"\\u003ca href=\\u0022tel:+4961313923349\\u0022 target=\\u0022_blank\\u0022 rel=\\u0022noreferrer noopener\\u0022\\u003e+49 6131 39-23349\\u003c\/a\\u003e\",\"uuid\":\"1738831581139\",\"link\":{\"url\":\"tel:+4961313923349\"}} \/-->\n\n<!-- wp:jgu\/list-item {\"icon\":\"external-link-alt-solid\",\"title\":\"Profile page\",\"uuid\":\"1738831583019\"} \/-->\n<!-- \/wp:jgu\/contact-card -->\n<!-- \/wp:jgu\/slider -->\n<!-- \/wp:jgu\/accordion-item -->\n<!-- \/wp:jgu\/accordion --><\/div>\n<!-- \/wp:column --><\/div>\n<!-- \/wp:columns -->\n\n<!-- wp:spacer -->\n<div style=\"height:90px\" aria-hidden=\"true\" class=\"wp-block-spacer\"><\/div>\n<!-- \/wp:spacer -->\n\n<!-- wp:paragraph -->\n<p class=\"has-big-font-size\"><strong>Sulzmann Foundation<\/strong><\/p>\n<!-- \/wp:paragraph -->\n\n<!-- wp:paragraph -->\n<p class=\"has-big-font-size\">Founded by Dr. Erika Sulzmann, Irma Sulzmann, and Roselore Sulzmann, the Sulzmann Foundation promotes field research by young scientists in Africa; it assists in the analysis of the results of field research and supports training in the aforementioned areas. In addition, it presents awards for outstanding theses in relevant fields of research.<\/p>\n<!-- \/wp:paragraph --><\/div><\/div>\n<!-- \/wp:jgu\/section -->\n\n<!-- wp:jgu\/section {\"color\":\"light\"} -->\n<div class=\"jgu-bgsection bg bg-light \"><div class=\"content padding-medium\"><!-- wp:jgu\/anchorpoint {\"title\":\"ifeas international\",\"slug\":\"ifeas-international\"} \/-->\n\n<!-- wp:jgu\/heading {\"index\":\"Internationalisation\",\"tags\":{\"htmlTag\":\"h2\",\"classTag\":\"\",\"tag\":\"h2\"},\"heading\":\"Visiting scholars and collaborations\",\"className\":\"alignwide\"} \/-->\n\n<!-- wp:paragraph -->\n<p class=\"has-big-font-size\">The ifeas is cooperating internationally on many different levels, not only in research: alongside its <a href=\"https:\/\/www.ifeas.uni-mainz.de\/en\/?page_id=19079\" data-type=\"page\" data-id=\"9925\">research projects<\/a>, the institute regularly hosts international visiting scholars, colloquia, conferences, and other events <a href=\"https:\/\/cms.zdv.uni-mainz.de\/fb07-ifeas\/\" data-type=\"page\" data-id=\"6\">(See current events<\/a>) at the institute and its collections.<\/p>\n<!-- \/wp:paragraph -->\n\n<!-- wp:columns {\"className\":\"\"} -->\n<div class=\"wp-block-columns\"><!-- wp:column -->\n<div class=\"wp-block-column\"><!-- wp:jgu\/teaserbox {\"headline\":{\"htmlTag\":\"h2\",\"classTag\":\"\",\"tag\":\"h2\"},\"type\":\"default\",\"title\":\"Guests\",\"linkTitle\":\"learn more\",\"link\":{\"url\":\"https:\/\/cms.zdv.uni-mainz.de\/fb07-ifeas\/institut\/gaeste\/\",\"id\":\"https:\/\/cms.zdv.uni-mainz.de\/fb07-ifeas\/institut\/gaeste\",\"title\":\"https:\/\/cms.zdv.uni-mainz.de\/fb07-ifeas\/institut\/gaeste\",\"type\":\"link\",\"opensInNewTab\":true},\"template\":\"default\"} \/--><\/div>\n<!-- \/wp:column -->\n\n<!-- wp:column -->\n<div class=\"wp-block-column\"><!-- wp:jgu\/teaserbox {\"headline\":{\"htmlTag\":\"h2\",\"classTag\":\"\",\"tag\":\"h2\"},\"type\":\"default\",\"title\":\"Cooperation with the University of Rwanda\",\"linkTitle\":\"learn more\",\"link\":{\"url\":\"https:\/\/cms.zdv.uni-mainz.de\/fb07-ifeas\/institut\/rwanda\"},\"template\":\"default\"} \/--><\/div>\n<!-- \/wp:column -->\n\n<!-- wp:column -->\n<div class=\"wp-block-column\"><!-- wp:jgu\/teaserbox {\"headline\":{\"htmlTag\":\"h2\",\"classTag\":\"\",\"tag\":\"h2\"},\"type\":\"default\",\"title\":\"Further International Cooperations\",\"linkTitle\":\"learn more\",\"link\":{\"url\":\"https:\/\/www.ifeas.uni-mainz.de\/weitere-internationale-kooperationen-des-ifeas\/\"},\"template\":\"default\"} \/--><\/div>\n<!-- \/wp:column --><\/div>\n<!-- \/wp:columns --><\/div><\/div>\n<!-- \/wp:jgu\/section -->\n\n<!-- wp:jgu\/section {\"color\":\"white\"} -->\n<div class=\"jgu-bgsection bg bg-white \"><div class=\"content padding-medium\"><!-- wp:jgu\/anchorpoint {\"title\":\"News archive and annual reports\",\"slug\":\"news-archive-and-annual-reports\"} \/-->\n\n<!-- wp:jgu\/heading {\"index\":\"ifeas\",\"tags\":{\"htmlTag\":\"h2\",\"classTag\":\"\",\"tag\":\"h2\"},\"heading\":\"News archive and annual reports\"} \/-->\n\n<!-- wp:paragraph -->\n<p class=\"has-big-font-size\"><strong>News \/\/ Events<\/strong><\/p>\n<!-- \/wp:paragraph -->\n\n<!-- wp:jgu\/image-gallery {\"images\":[{\"url\":null,\"id\":21649,\"width\":null,\"href\":\"https:\/\/cms.zdv.uni-mainz.de\/fb07-ifeas\/wp-content\/uploads\/sites\/396\/2025\/07\/African-Music-Archive-Party_Final-scaled.jpg\"},{\"url\":null,\"id\":21544,\"width\":null,\"href\":\"https:\/\/cms.zdv.uni-mainz.de\/fb07-ifeas\/wp-content\/uploads\/sites\/396\/2025\/06\/Plakat-4-2.png\"},{\"url\":null,\"id\":21610,\"width\":null,\"href\":\"https:\/\/cms.zdv.uni-mainz.de\/fb07-ifeas\/wp-content\/uploads\/sites\/396\/2025\/07\/Program-GFF-Workshop_New-Relational-Aesthetics_June-2025.pdf\"},{\"url\":null,\"id\":21568,\"width\":null},{\"url\":null,\"id\":21060,\"width\":null,\"href\":\"https:\/\/cms.zdv.uni-mainz.de\/fb07-ifeas\/wp-content\/uploads\/sites\/396\/2025\/06\/Abstracts_Pedro-Pombo.pdf\"},{\"url\":null,\"id\":20815,\"width\":null,\"href\":\"https:\/\/cms.zdv.uni-mainz.de\/fb07-ifeas\/wp-content\/uploads\/sites\/396\/2025\/02\/Flyer_Workshop-Lome.pdf\"},{\"url\":null,\"id\":21015,\"width\":null},{\"url\":null,\"id\":21051,\"width\":null,\"href\":\"https:\/\/cms.zdv.uni-mainz.de\/fb07-ifeas\/wp-content\/uploads\/sites\/396\/2025\/06\/Flyer_Hanna-Nieber_AMA_18.06.2024.pdf\"},{\"url\":null,\"id\":13110,\"width\":null},{\"url\":null,\"id\":21066,\"width\":null},{\"url\":null,\"id\":13128,\"width\":null},{\"url\":null,\"id\":20845,\"width\":null,\"href\":\"https:\/\/cms.zdv.uni-mainz.de\/fb07-ifeas\/wp-content\/uploads\/sites\/396\/2025\/05\/Plakat_Filmreihe-Jean-Rouch.pdf\"},{\"url\":null,\"id\":21081,\"width\":null,\"href\":\"https:\/\/cms.zdv.uni-mainz.de\/fb07-ifeas\/wp-content\/uploads\/sites\/396\/2025\/06\/Poster-Tug-of-War-A4-E3.pdf\"},{\"url\":null,\"id\":20857,\"width\":null,\"href\":\"https:\/\/cms.zdv.uni-mainz.de\/fb07-ifeas\/wp-content\/uploads\/sites\/396\/2025\/05\/Orality-Cinema-in-Kenya_Programme.pdf\"},{\"url\":null,\"id\":21105,\"width\":null,\"href\":\"https:\/\/cms.zdv.uni-mainz.de\/fb07-ifeas\/wp-content\/uploads\/sites\/396\/2025\/06\/2022-03-05-Workshop-Good-Parenting-DRUCK.pdf\"},{\"url\":null,\"id\":21111,\"width\":null,\"href\":\"https:\/\/cms.zdv.uni-mainz.de\/fb07-ifeas\/wp-content\/uploads\/sites\/396\/2025\/06\/Unknown-1.pdf\"},{\"url\":null,\"id\":20874,\"width\":null,\"href\":\"https:\/\/cms.zdv.uni-mainz.de\/fb07-ifeas\/wp-content\/uploads\/sites\/396\/2025\/05\/Different-Shades-2018-conference-programme.pdf\"}],\"withThumbs\":false,\"aspectRatio\":\"auto\",\"perPage\":2} \/--><\/div><\/div>\n<!-- \/wp:jgu\/section -->\n\n<!-- wp:jgu\/section {\"color\":\"dark\"} -->\n<div class=\"jgu-bgsection bg bg-dark \"><div class=\"content padding-medium\"><!-- wp:paragraph -->\n<p class=\"has-big-font-size\"><strong>Annual reports <\/strong><\/p>\n<!-- \/wp:paragraph -->\n\n<!-- wp:paragraph -->\n<p class=\"has-big-font-size\">Since 1997, the Department of Anthropology and African Studies has published annual reports, since 2008 also in English.<\/p>\n<!-- \/wp:paragraph -->\n\n<!-- wp:paragraph -->\n<p class=\"has-big-font-size\">The reports provide information about the institute and its individual employees, the various institutions, degree programmes, funded research projects, doctorates and habilitations, events and conferences, publications and lectures, cooperations, scholarship students and international guests, courses, completed B.A., M.A. and Magister theses as well as current student numbers.<\/p>\n<!-- \/wp:paragraph -->\n\n<!-- wp:paragraph -->\n<p class=\"has-big-font-size\">Managing editors: Matthias Krings, Konstanze N'Guessan and Christine Weil (2025); Bianca Baumann and Christine Weil (2024); Nico Nassenstein, Franziska Reiffen and Christine Weil (2023); Franziska Reiffen (2022); Hauke Dorsch (2021); Nico Nassenstein, Friederike Vigeland and Christine Weil (2020); Tom Simmert and Christine Weil (2019); Karla D\u00fcmmler and Eva Riedke (2018); Franziska Reiffen (2017); Afra Schmitz (2016); Konstanze N'Guessan (2014-2015); Anja Oed (2002-2013)<\/p>\n<!-- \/wp:paragraph -->\n\n<!-- wp:jgu\/image-gallery {\"images\":[{\"url\":null,\"id\":27068,\"width\":null,\"href\":\"https:\/\/cms.zdv.uni-mainz.de\/fb07-ifeas\/wp-content\/uploads\/sites\/396\/2026\/02\/ifEAS_Annual_Report_2025.pdf\",\"target\":\"_blank\",\"rel\":\"noreferrer noopener\"},{\"url\":null,\"id\":15029,\"width\":null,\"href\":\"https:\/\/cms.zdv.uni-mainz.de\/fb07-ifeas\/wp-content\/uploads\/sites\/396\/2025\/03\/ifEAS_Annual_Report_2024_2_komprimiert.pdf\",\"target\":\"_blank\",\"rel\":\"noreferrer noopener\"},{\"url\":null,\"id\":15035,\"width\":null,\"href\":\"https:\/\/cms.zdv.uni-mainz.de\/fb07-ifeas\/wp-content\/uploads\/sites\/396\/2025\/03\/ifEAS_Annual_Report_2023-1.pdf\",\"target\":\"_blank\",\"rel\":\"noreferrer noopener\"},{\"url\":null,\"id\":15041,\"width\":null,\"href\":\"https:\/\/cms.zdv.uni-mainz.de\/fb07-ifeas\/wp-content\/uploads\/sites\/396\/2025\/03\/ifEAS_Annual_Report_2022.pdf\",\"target\":\"_blank\",\"rel\":\"noreferrer noopener\"},{\"url\":null,\"id\":15047,\"width\":null,\"href\":\"https:\/\/cms.zdv.uni-mainz.de\/fb07-ifeas\/wp-content\/uploads\/sites\/396\/2025\/03\/ifEAS_Annual_Report_2021-Website.pdf\",\"target\":\"_blank\",\"rel\":\"noreferrer noopener\"},{\"url\":null,\"id\":15056,\"width\":null,\"href\":\"https:\/\/cms.zdv.uni-mainz.de\/fb07-ifeas\/wp-content\/uploads\/sites\/396\/2025\/03\/ifEAS_Annual_Report_2020.pdf\",\"target\":\"_blank\",\"rel\":\"noreferrer noopener\"}],\"withThumbs\":false,\"aspectRatio\":\"auto\",\"perPage\":5} \/-->\n\n<!-- wp:jgu\/accordion {\"selected\":1} -->\n<!-- wp:jgu\/accordion-item {\"title\":\"Annual reports 2010 - 2019\",\"init\":false,\"slug\":\"annual-reports-2010-2019\"} -->\n<!-- wp:table {\"hasFixedLayout\":false} -->\n<figure class=\"wp-block-table\"><table><tbody><tr><td><a href=\"https:\/\/cms.zdv.uni-mainz.de\/fb07-ifeas\/wp-content\/uploads\/sites\/396\/2025\/03\/ifEAS_Annual_Report_2019-2.pdf\" target=\"_blank\" rel=\"noreferrer noopener\">Jahresbericht 2019 \/ Annual Report for 2019<\/a><\/td><\/tr><tr><td><a href=\"https:\/\/cms.zdv.uni-mainz.de\/fb07-ifeas\/wp-content\/uploads\/sites\/396\/2025\/03\/ifEAS_Annual_Report_2018_2.pdf\" target=\"_blank\" rel=\"noreferrer noopener\">Jahresbericht 2018 \/ Annual Report for 2018<\/a><\/td><\/tr><tr><td><a href=\"https:\/\/cms.zdv.uni-mainz.de\/fb07-ifeas\/wp-content\/uploads\/sites\/396\/2025\/03\/IFEAS_Annual_Report_2017-2.pdf\" target=\"_blank\" rel=\"noreferrer noopener\">Jahresbericht 2017 \/ Annual Report for 2017<\/a><\/td><\/tr><tr><td><a href=\"https:\/\/cms.zdv.uni-mainz.de\/fb07-ifeas\/wp-content\/uploads\/sites\/396\/2025\/03\/IfEAS_Annual_Report_2016.pdf\" target=\"_blank\" rel=\"noreferrer noopener\">Jahresbericht 2016 \/ Annual Report for 2016<\/a><\/td><\/tr><tr><td><a href=\"https:\/\/cms.zdv.uni-mainz.de\/fb07-ifeas\/wp-content\/uploads\/sites\/396\/2025\/03\/IfEAS_Annual_Report_2015.pdf\" target=\"_blank\" rel=\"noreferrer noopener\">Jahresbericht 2015 \/ Annual Report for 2015<\/a><\/td><\/tr><tr><td><a href=\"https:\/\/cms.zdv.uni-mainz.de\/fb07-ifeas\/wp-content\/uploads\/sites\/396\/2025\/03\/IfEAs_annual_report_for_2014.pdf\">Jahresbericht 2014 \/ Annual Report for 2014<\/a><\/td><\/tr><tr><td><a href=\"https:\/\/cms.zdv.uni-mainz.de\/fb07-ifeas\/wp-content\/uploads\/sites\/396\/2025\/03\/IfEAs_annual_report_for_2013.pdf\" target=\"_blank\" rel=\"noreferrer noopener\">Jahresbericht 2013 \/ Annual Report for 2013<\/a><\/td><\/tr><tr><td><a href=\"https:\/\/cms.zdv.uni-mainz.de\/fb07-ifeas\/wp-content\/uploads\/sites\/396\/2025\/03\/Jahresbericht_2012_final.pdf\" target=\"_blank\" rel=\"noreferrer noopener\">Jahresbericht 2012 \/ Annual Report for 2012<\/a><\/td><\/tr><tr><td><a href=\"https:\/\/cms.zdv.uni-mainz.de\/fb07-ifeas\/wp-content\/uploads\/sites\/396\/2025\/03\/IBericht2011.pdf\" target=\"_blank\" rel=\"noreferrer noopener\">Jahresbericht 2011 \/ Annual Report for 2011<\/a><\/td><\/tr><tr><td><a href=\"https:\/\/cms.zdv.uni-mainz.de\/fb07-ifeas\/wp-content\/uploads\/sites\/396\/2025\/03\/IBericht2010.pdf\" target=\"_blank\" rel=\"noreferrer noopener\">Jahresbericht 2010 \/ Annual Report for 2010<\/a><\/td><\/tr><\/tbody><\/table><\/figure>\n<!-- \/wp:table -->\n<!-- \/wp:jgu\/accordion-item -->\n\n<!-- wp:jgu\/accordion-item {\"title\":\"Annual Reports 2003 - 2009\",\"init\":false,\"slug\":\"annual-reports-2003-2009\"} -->\n<!-- wp:table {\"hasFixedLayout\":false} -->\n<figure class=\"wp-block-table\"><table><tbody><tr><td><a href=\"https:\/\/cms.zdv.uni-mainz.de\/fb07-ifeas\/wp-content\/uploads\/sites\/396\/2025\/03\/IBericht2009.pdf\" target=\"_blank\" rel=\"noreferrer noopener\">Jahresbericht 2009 \/ Annual Report for 2009<\/a><\/td><\/tr><tr><td><a href=\"https:\/\/cms.zdv.uni-mainz.de\/fb07-ifeas\/wp-content\/uploads\/sites\/396\/2025\/03\/IBericht2008.pdf\" target=\"_blank\" rel=\"noreferrer noopener\">Jahresbericht 2008 \/ Annual Report for 2008<\/a><\/td><\/tr><tr><td><a href=\"https:\/\/cms.zdv.uni-mainz.de\/fb07-ifeas\/wp-content\/uploads\/sites\/396\/2025\/03\/IBericht2007.pdf\" target=\"_blank\" rel=\"noreferrer noopener\">Jahresbericht 2007<\/a><\/td><\/tr><tr><td><a href=\"https:\/\/cms.zdv.uni-mainz.de\/fb07-ifeas\/wp-content\/uploads\/sites\/396\/2025\/03\/IBericht2006.pdf\" target=\"_blank\" rel=\"noreferrer noopener\">Jahresbericht 2006<\/a><\/td><\/tr><tr><td><a href=\"https:\/\/cms.zdv.uni-mainz.de\/fb07-ifeas\/wp-content\/uploads\/sites\/396\/2025\/03\/IBericht2005.pdf\" target=\"_blank\" rel=\"noreferrer noopener\">Jahresbericht 2005<\/a><\/td><\/tr><tr><td><a href=\"https:\/\/cms.zdv.uni-mainz.de\/fb07-ifeas\/wp-content\/uploads\/sites\/396\/2025\/03\/IBericht2004.pdf\" target=\"_blank\" rel=\"noreferrer noopener\">Jahresbericht 2004<\/a><\/td><\/tr><tr><td><a href=\"https:\/\/cms.zdv.uni-mainz.de\/fb07-ifeas\/wp-content\/uploads\/sites\/396\/2025\/03\/IBericht2003.pdf\" target=\"_blank\" rel=\"noreferrer noopener\">Jahresbericht<\/a><a href=\"https:\/\/www.ifeas.uni-mainz.de\/files\/2019\/07\/IBericht2003.pdf\"> 2003<\/a><\/td><\/tr><\/tbody><\/table><\/figure>\n<!-- \/wp:table -->\n<!-- \/wp:jgu\/accordion-item -->\n<!-- \/wp:jgu\/accordion --><\/div><\/div>\n<!-- \/wp:jgu\/section -->\n\n<!-- wp:jgu\/section {\"color\":\"light\"} -->\n<div class=\"jgu-bgsection bg bg-light \"><div class=\"content padding-medium\"><!-- wp:jgu\/anchorpoint {\"title\":\"History of the institute\",\"slug\":\"history-of-the-institute\"} \/-->\n\n<!-- wp:jgu\/heading {\"index\":\"History of the institute\",\"tags\":{\"htmlTag\":\"h2\",\"classTag\":\"\",\"tag\":\"h2\"},\"heading\":\"Anthropology and African Studies at JGU\"} \/-->\n\n<!-- wp:columns {\"className\":\"\"} -->\n<div class=\"wp-block-columns\"><!-- wp:column -->\n<div class=\"wp-block-column\"><!-- wp:jgu\/image {\"image\":{\"url\":null,\"id\":9231},\"caption\":\"60 years of the Institute for Cultural Anthropology and African Studies\"} \/--><\/div>\n<!-- \/wp:column -->\n\n<!-- wp:column {\"width\":\"75%\"} -->\n<div class=\"wp-block-column\" style=\"flex-basis:75%\"><!-- wp:jgu\/accordion {\"selected\":2} -->\n<!-- wp:jgu\/accordion-item {\"title\":\"Anthropology at ifeas\",\"init\":false,\"slug\":\"anthropology-at-ifeas\"} -->\n<!-- wp:paragraph -->\n<p class=\"has-big-font-size\">The institute was founded in 1946 as the Department of Anthropology (Institute f\u00fcr Ethnologie) when the Johannes Gutenberg University was re-established . From 1947 to 1956, it was headed by <a href=\"http:\/\/de.wikipedia.org\/wiki\/Adolf_Friedrich_%28Ethnologe%29\" target=\"_blank\" rel=\"noreferrer noopener\">Adolf Friedrich<\/a>; his assistant was <a href=\"http:\/\/www.germananthropology.com\/short-portrait\/erika-sulzmann\/272\" target=\"_blank\" rel=\"noreferrer noopener\">Erika Sulzmann<\/a>. Between 1951 and 1954, Sulzmann conducted one of the first German ethnographic research trips after the Second World War, carrying out fieldwork among the Ekonda and Bolia in the Belgian Congo (today Dem. Rep. Congo). She developed both the library and the ethnographic collection and ensured the continuity in African research at the institute during the many personnel changes in the following years. After Friedrich's death in 1956, <a href=\"http:\/\/de.wikipedia.org\/wiki\/Wilhelm_Emil_M%C3%BChlmann\" target=\"_blank\" rel=\"noreferrer noopener\">Wilhelm Emil M\u00fchlmann<\/a>, who had held an adjunct professorship (\"Di\u00e4tendozentur\") for Sociology and Ethnic Psychology at the Institute since 1950, took over the management of the institute in 1957.    <\/p>\n<!-- \/wp:paragraph -->\n\n<!-- wp:paragraph -->\n<p class=\"has-big-font-size\">M\u00fchlmann left the institute in 1960 to take up a professorship in Heidelberg. His was succeeded by <a href=\"http:\/\/de.wikipedia.org\/wiki\/Karl_Jettmar\" target=\"_blank\" rel=\"noreferrer noopener\">Karl Jettmar<\/a>, whose regional focus was on Asia. Only three years later, in 1964, Jettmar followed M\u00fchlmann to Heidelberg. It was only after this that African Studies developed into a key focus in Mainz. <a href=\"http:\/\/de.wikipedia.org\/wiki\/Eike_Haberland\" target=\"_blank\" rel=\"noreferrer noopener\">Eike Haberlandinitially initially became head of<\/a>the institute, but in 1968 he accepted a professorship in cultural and ethnological studies at the University of Frankfurt am Main, along with the directorship of the Frobenius Institute. In 1969, <a href=\"https:\/\/download.uni-mainz.de\/fb07-ifeas\/Mueller\/mueller.htm\" target=\"_blank\" rel=\"noreferrer noopener\">Ernst Wilhelm M\u00fcller<\/a>, who had participated as a student in Erika Sulzmann\u2019s Congo expedition and later completed his habilitation with M\u00fchlmann in Heidelberg, was appointed to a professorship in Mainz and became head of the institute. In the same year, the \u201cChair of Comparative Cultural Studies\u201d at Johannes Gutenberg University was converted into a \u201cProfessorship for Culture and Society in Africa\u201d and integrated into the Department of Anthropology. From 1974, this professorship was held by sociologist <a href=\"https:\/\/download.uni-mainz.de\/fb07-ifeas\/Grohs\/Grohsbiographie.html\" target=\"_blank\" rel=\"noreferrer noopener\">Gerhard Grohs<\/a>, who further developed the sociological orientation initiated by M\u00fchlmann. After Grohs retired, <a href=\"https:\/\/www.ifeas.uni-mainz.de\/?page_id=171\" target=\"_blank\" rel=\"noreferrer noopener\">Thomas Bierschenk<\/a> was appointed to the professorship in 1997, now renamed \u201cProfessorship for Cultures and Societies in Africa.\u201d        <\/p>\n<!-- \/wp:paragraph -->\n\n<!-- wp:paragraph -->\n<p class=\"has-big-font-size\">Following M\u00fcller's appointment, the institute was named the \"lnstitut f\u00fcr Ethnologie\". In 1975, it was renamed the \"Institut f\u00fcr Ethnologie und Afrikastudien\" (Department of Anthropology and African Studies) to reflect the presence of a second discipline at the institute: African Languages and Linguistics (formerly African Philology). In 1984, the institute was expanded once more with the addition of a new professorship, to which <a href=\"https:\/\/www.ifeas.uni-mainz.de\/?page_id=971\" target=\"_blank\" rel=\"noreferrer noopener\">Ivo Strecker<\/a> was appointed. In 1987 <a href=\"http:\/\/de.wikipedia.org\/wiki\/Karl-Heinz_Kohl\" target=\"_blank\" rel=\"noreferrer noopener\">Karl-Heinz Kohl<\/a> succeeded M\u00fcller. When Kohl transferred in 1996 to the Institute of Historical Ethnology and the Frobenius Institute in Frankfurt, the position was temporarily filled until <a href=\"https:\/\/www.ifeas.uni-mainz.de\/?page_id=172\" target=\"_blank\" rel=\"noreferrer noopener\">Carola Lentz<\/a> was appointed as his successor in 2002. She held the professorship in Anthropology until her retirement in 2019. The position was then converted into a junior professorship in Anthropology with a focus on Political Anthropology (tenure track), to which <a href=\"https:\/\/cms.zdv.uni-mainz.de\/fb07-ifeas\/institut\/fay\/\" target=\"_blank\" rel=\"noreferrer noopener\">Franziska Fay<\/a> was appointed in 2021.    <\/p>\n<!-- \/wp:paragraph -->\n\n<!-- wp:paragraph -->\n<p class=\"has-big-font-size\">The position held by Ivo Strecker was converted into a professorship in \"Anthropology and African Popular Culture\", after his retirement, and has been held by <a href=\"https:\/\/www.ifeas.uni-mainz.de\/en\/?attachment_id=11424\" target=\"_blank\" rel=\"noreferrer noopener\">Matthias Krings<\/a> since 2005. In 2016, <a href=\"https:\/\/cms.zdv.uni-mainz.de\/fb07-ifeas\/institut\/drotbohm\/\" target=\"_blank\" rel=\"noreferrer noopener\">Heike Drotbohm<\/a> was appointed to a Heisenberg Professorship in Anthropology with a focus on \"African Diaspora and Transnationalism\" and in 2019, following the retirement of Thomas Bierschenk, she succeeded him. The professorship in Anthropology with a focus on \u201cAesthetics,\u201d newly established in 2017, was filled by <a href=\"https:\/\/cms.zdv.uni-mainz.de\/fb07-ifeas\/institut\/verne\/\" target=\"_blank\" rel=\"noreferrer noopener\">Markus Verne.<\/a>  <\/p>\n<!-- \/wp:paragraph -->\n<!-- \/wp:jgu\/accordion-item -->\n\n<!-- wp:jgu\/accordion-item {\"title\":\"African Languages and Linguistics at ifeas\",\"init\":false,\"slug\":\"african-languages-and-linguistics-at-ifeas\"} -->\n<!-- wp:paragraph -->\n<p class=\"has-big-font-size\">The teaching of African Languages and Linguistics in Mainz began in 1946 with Eugen Ludwig Rapp, Professor of Christian Oriental Studies at the Protestant Theological Faculty. However, a separate professorship at the Department of Anthropology was only institutionalised after Rapp's retirement in 1972 - at that time under the name \"African Philology\", which was filled by the Bantuist Leo Stappers in 1974. Following his death in 1977, Paul de Wolf (Bantu and Sudanic languages, orature) succeeded him in 1978 and held the position until 1982. His successor, Norbert Cyffer, held the professorship for ten years, from 1984 to 1994, before accepting an appointment in Vienna. From 1996, the position was held by <a href=\"https:\/\/www.ifeas.uni-mainz.de\/?page_id=173\" target=\"_blank\" rel=\"noreferrer noopener\">Raimund Kastenholz<\/a> (Mande, Adamawa), who retired in 2018. The renaming of the chair to \u201cAfrican Languages and Linguistics\u201d took place with the appointment of <a href=\"https:\/\/www.ifeas.uni-mainz.de\/?page_id=3036\" target=\"_blank\" rel=\"noreferrer noopener\">Nico Nassenstein<\/a> (Bantu) in 2017. While Kastenholz focused on typology and functional grammar, Nassenstein primarily works in sociolinguistics, giving African Linguistics in Mainz a new direction.      <\/p>\n<!-- \/wp:paragraph -->\n\n<!-- wp:paragraph -->\n<p class=\"has-big-font-size\">Within the framework of the Rhine-Main Universities Alliance <a href=\"http:\/\/afrikaforschung-rheinmain.de\/\" target=\"_blank\" rel=\"noreferrer noopener\">(RMU<\/a>), which includes the African Studies institutes at Goethe University Frankfurt am Main, Johannes Gutenberg University Mainz, and Technical University Darmstadt, Nico Nassenstein, in cooperation with Axel Fleisch, who has held the professorship in African Studies at the Frankfurt institute since 2018, has developed a new B.A. programme in African Languages, Media, and Communication. By combining the courses of the two institutes, it is possible to provide a broader range of African languages and content (sociolinguistics, anthropological linguistics). However, empirical linguistics remains a core competence taught to the students.  <\/p>\n<!-- \/wp:paragraph -->\n<!-- \/wp:jgu\/accordion-item -->\n\n<!-- wp:jgu\/accordion-item {\"title\":\"Sources on the history of the institute\",\"init\":false,\"slug\":\"sources-on-the-history-of-the-institute\"} -->\n<!-- wp:columns {\"className\":\"\"} -->\n<div class=\"wp-block-columns\"><!-- wp:column {\"width\":\"25%\"} -->\n<div class=\"wp-block-column\" style=\"flex-basis:25%\"><!-- wp:jgu\/image {\"image\":{\"url\":null,\"id\":12828},\"width\":208,\"link\":{\"url\":\"https:\/\/www.koeppe.de\/titel_60-jahre-institut-fuer-ethnologie-und-afrikastudien\",\"linkTarget\":\"_blank\",\"rel\":\"noreferrer noopener\"}} \/--><\/div>\n<!-- \/wp:column -->\n\n<!-- wp:column {\"width\":\"25%\"} -->\n<div class=\"wp-block-column\" style=\"flex-basis:25%\"><!-- wp:jgu\/image {\"image\":{\"url\":null,\"id\":12834},\"width\":205,\"link\":{\"url\":\"https:\/\/cms.zdv.uni-mainz.de\/fb07-ifeas\/wp-content\/uploads\/sites\/396\/2024\/10\/AP192.pdf\",\"linkTarget\":\"_blank\",\"rel\":\"noreferrer noopener\"}} \/--><\/div>\n<!-- \/wp:column -->\n\n<!-- wp:column {\"width\":\"25%\"} -->\n<div class=\"wp-block-column\" style=\"flex-basis:25%\"><\/div>\n<!-- \/wp:column -->\n\n<!-- wp:column {\"width\":\"25%\"} -->\n<div class=\"wp-block-column\" style=\"flex-basis:25%\"><\/div>\n<!-- \/wp:column --><\/div>\n<!-- \/wp:columns -->\n\n<!-- wp:jgu\/button {\"layout\":{\"type\":\"flex\",\"flexWrap\":\"wrap\",\"justifyContent\":\"right\",\"orientation\":\"horizontal\"}} -->\n<!-- wp:jgu\/button-item {\"text\":\"Chronicle of the ifeas 1946-2006 (PDF)\",\"icon\":\"download-solid\",\"link\":{\"url\":\"https:\/\/cms.zdv.uni-mainz.de\/fb07-ifeas\/wp-content\/uploads\/sites\/396\/2024\/10\/60-Jahre-ifeas-2006_ChronikProfessuren.pdf\",\"linkTarget\":\"\",\"rel\":\"\",\"opensInNewTab\":true}} \/-->\n<!-- \/wp:jgu\/button -->\n\n<!-- wp:columns {\"className\":\"\"} -->\n<div class=\"wp-block-columns\"><!-- wp:column -->\n<div class=\"wp-block-column\"><!-- wp:paragraph -->\n<p class=\"has-big-font-size\"><\/p>\n<!-- \/wp:paragraph --><\/div>\n<!-- \/wp:column -->\n\n<!-- wp:column -->\n<div class=\"wp-block-column\"><!-- wp:paragraph -->\n<p class=\"has-big-font-size\"><\/p>\n<!-- \/wp:paragraph --><\/div>\n<!-- \/wp:column -->\n\n<!-- wp:column -->\n<div class=\"wp-block-column\"><\/div>\n<!-- \/wp:column --><\/div>\n<!-- \/wp:columns -->\n<!-- \/wp:jgu\/accordion-item -->\n<!-- \/wp:jgu\/accordion --><\/div>\n<!-- \/wp:column --><\/div>\n<!-- \/wp:columns --><\/div><\/div>\n<!-- \/wp:jgu\/section -->","_links":{"self":[{"href":"https:\/\/www.ifeas.uni-mainz.de\/en\/wp-json\/wp\/v2\/pages\/22453","targetHints":{"allow":["GET"]}}],"collection":[{"href":"https:\/\/www.ifeas.uni-mainz.de\/en\/wp-json\/wp\/v2\/pages"}],"about":[{"href":"https:\/\/www.ifeas.uni-mainz.de\/en\/wp-json\/wp\/v2\/types\/page"}],"author":[{"embeddable":true,"href":"https:\/\/www.ifeas.uni-mainz.de\/en\/wp-json\/wp\/v2\/users\/852"}],"replies":[{"embeddable":true,"href":"https:\/\/www.ifeas.uni-mainz.de\/en\/wp-json\/wp\/v2\/comments?post=22453"}],"version-history":[{"count":14,"href":"https:\/\/www.ifeas.uni-mainz.de\/en\/wp-json\/wp\/v2\/pages\/22453\/revisions"}],"predecessor-version":[{"id":27660,"href":"https:\/\/www.ifeas.uni-mainz.de\/en\/wp-json\/wp\/v2\/pages\/22453\/revisions\/27660"}],"wp:attachment":[{"href":"https:\/\/www.ifeas.uni-mainz.de\/en\/wp-json\/wp\/v2\/media?parent=22453"}],"wp:term":[{"taxonomy":"category","embeddable":true,"href":"https:\/\/www.ifeas.uni-mainz.de\/en\/wp-json\/wp\/v2\/categories?post=22453"},{"taxonomy":"post_tag","embeddable":true,"href":"https:\/\/www.ifeas.uni-mainz.de\/en\/wp-json\/wp\/v2\/tags?post=22453"}],"curies":[{"name":"wp","href":"https:\/\/api.w.org\/{rel}","templated":true}]}}